{"id":69449,"date":"2025-02-12T20:14:05","date_gmt":"2025-02-12T17:14:05","guid":{"rendered":"https:\/\/ekol.dev\/?page_id=69449"},"modified":"2025-09-29T17:42:36","modified_gmt":"2025-09-29T14:42:36","slug":"kisisel-verilerin-islenmesi","status":"publish","type":"page","link":"https:\/\/mezonlogistics.com\/uk\/\u043e\u0431\u0440\u043e\u0431\u043a\u0430-\u043f\u0435\u0440\u0441\u043e\u043d\u0430\u043b\u044c\u043d\u0438\u0445-\u0434\u0430\u043d\u0438\u0445\/","title":{"rendered":"\u041e\u0431\u0440\u043e\u0431\u043a\u0430 \u043f\u0435\u0440\u0441\u043e\u043d\u0430\u043b\u044c\u043d\u0438\u0445 \u0434\u0430\u043d\u0438\u0445"},"content":{"rendered":"\n\t\t<div id=\"fws_69ee3889534a4\"  data-column-margin=\"default\" data-midnight=\"dark\"  class=\"wpb_row vc_row-fluid vc_row\"  style=\"padding-top: 0px; padding-bottom: 0px; \"><div class=\"row-bg-wrap\" data-bg-animation=\"none\" data-bg-animation-delay=\"\" data-bg-overlay=\"false\"><div class=\"inner-wrap row-bg-layer\" ><div class=\"row-bg viewport-desktop\"  style=\"\"><\/div><\/div><\/div><div class=\"row_col_wrap_12 col span_12 dark left\">\n\t<div  class=\"vc_col-sm-12 wpb_column column_container vc_column_container col no-extra-padding inherit_tablet inherit_phone \"  data-padding-pos=\"all\" data-has-bg-color=\"false\" data-bg-color=\"\" data-bg-opacity=\"1\" data-animation=\"\" data-delay=\"0\" >\n\t\t<div class=\"vc_column-inner\" >\n\t\t\t<div class=\"wpb_wrapper\">\n\t\t\t\t<div class=\"nectar-split-heading \" data-align=\"default\" data-m-align=\"inherit\" data-text-effect=\"letter-reveal-bottom\" data-animation-type=\"line-reveal-by-space\" data-animation-delay=\"0\" data-animation-offset=\"\" data-m-rm-animation=\"\" data-stagger=\"\" data-custom-font-size=\"false\" ><h1 style=\" color: #55565a;\">Ki\u015fisel Verilerin \u0130\u015flenmesi<\/h1><\/div>\n<div class=\"wpb_text_column wpb_content_element  vc_custom_1745924421195\" >\n\t<p>Veri Sorumlusu: MEZON LOJ\u0130ST\u0130K A.\u015e. Tatl\u0131su, Pakdil Sk. No:21 D:7 34774 \u00dcmraniye\/\u0130stanbul<\/p>\n<p>MEZON Lojistik A.\u015e. (bundan sonra &#8220;Mezon Lojistik&#8221; olarak an\u0131lacakt\u0131r.) olarak 6698 say\u0131l\u0131 Ki\u015fisel Verilerin Korunmas\u0131 Kanunu (bundan sonra &#8220;KVKK&#8221; olarak an\u0131lacakt\u0131r.) ile ilgili mevzuat ve yasal d\u00fczenlemelerden kaynaklanan faaliyetleri \u00e7er\u00e7evesinde ki\u015fisel verilerinizin i\u015flenmesi, saklanmas\u0131 ve aktar\u0131lmas\u0131 ile ilgili veri sahiplerini bilgilendirmek amac\u0131yla Ayd\u0131nlatma Metinlerini haz\u0131rlad\u0131k.<\/p>\n<p>Ki\u015fisel verileriniz ile ilgili ba\u015fvuru ve taleplerinizi; dilerseniz <a href=\"https:\/\/drive.google.com\/file\/d\/13kfIIT1cLCG1M-kSDrpjFzAFh5W0vyco\/preview\" target=\"_blank\" rel=\"noopener noreferrer\">\u0130lgili Ki\u015fi Ba\u015fvuru Formu<\/a> ile iletebilirsiniz.<\/p>\n<p>\u00c7erezlerle ilgili kullan\u0131m \u015fartlar\u0131 hakk\u0131nda detayl\u0131 bilgi i\u00e7in <a href=\"https:\/\/drive.google.com\/file\/d\/11q0Y71AEG-afwRk9SxSi_rYIcRzXHvMQ\/preview\">\u00c7erez Politikas\u0131na<\/a> ula\u015fabilirsiniz.<\/p>\n<\/div>\n\n\n\n\n\t\t\t<\/div> \n\t\t<\/div>\n\t<\/div> \n<\/div><\/div>\n\t\t<div id=\"fws_69ee388954826\"  data-column-margin=\"default\" data-midnight=\"dark\"  class=\"wpb_row vc_row-fluid vc_row\"  style=\"padding-top: 0px; padding-bottom: 0px; \"><div class=\"row-bg-wrap\" data-bg-animation=\"none\" data-bg-animation-delay=\"\" data-bg-overlay=\"false\"><div class=\"inner-wrap row-bg-layer\" ><div class=\"row-bg viewport-desktop\"  style=\"\"><\/div><\/div><\/div><div class=\"row_col_wrap_12 col span_12 dark left\">\n\t<div  class=\"vc_col-sm-12 wpb_column column_container vc_column_container col no-extra-padding inherit_tablet inherit_phone \"  data-padding-pos=\"all\" data-has-bg-color=\"false\" data-bg-color=\"\" data-bg-opacity=\"1\" data-animation=\"\" data-delay=\"0\" >\n\t\t<div class=\"vc_column-inner\" >\n\t\t\t<div class=\"wpb_wrapper\">\n\t\t\t\t\n\t<div class=\"wpb_raw_code wpb_raw_html wpb_content_element vc_custom_1739429285898\" >\n\t\t<div class=\"wpb_wrapper\">\n\t\t\t<style>\n.accordion {list-style-type: none; padding:0;margin:0 0 30px;border-top: none; border-left: none;}\n.accordion li > ul {padding-left: 25px; padding-right: 25px; margin: 0; float: left; display: block; width: auto; background-color: #f9f9f9;}\n.accordion li {list-style-type: none; padding: 0; margin: 0; float: left; display: block; width:100%;}\n.accordion li div{background-color:transparent}\n.accordion li a{background:#fff;color:#282828;font-size:16px;cursor:pointer;}\n.accordion li li a{font-size:18px;cursor:pointer;background-color:transparent;color:#414141;font-weight:bold;border-bottom:0}\n.accordion li div {padding: 20px; display: block; clear: both; float: left;}\n.accordion a {text-decoration: none; border-bottom: 1px solid #fff; padding: 10px 20px; display: block; cursor: pointer; border-bottom: 1px solid #f0f0f0;}\n.accordion li.active div a{display:inline;font-weight:normal;text-decoration:underline !important;color:#00aeef;padding:0;}\n\n.kvkkTablo {border:solid 1px #666}\n.kvkkTablo thead{background-color:#bbb}\n.kvkkTablo th, .kvkkTablo td{text-transform:none;text-align:left;border-right:solid 1px #666;border-bottom:solid 1px #666;vertical-align:top}\n.kvkkTablo th {font-size:17px;}\n.kvkkTablo .renk{background-color:#cacaca}\n.kvkkTablo ul, .accordion li div ul{padding-left:25px}\n.kvkkTablo ul li, .accordion li div ul li{text-align:left;display:list-item;list-style-position:outside;list-style-type:disc;}\n.kvkkTablo ul[style], .accordion li div ul[style]{display:block !important}\n.kvkkTablo td:first-child{padding-right:25px;}\n\n.aydinlatma-baslik{margin-bottom:0;padding-bottom:0}\n@media only screen and (min-width: 1141px) {\n  .kvkkTablo td:first-child{min-width:225px;}\n}\n\n<\/style>\n\t\t<\/div>\n\t<\/div>\n\n\t<div class=\"wpb_raw_code wpb_raw_html wpb_content_element vc_custom_1739381314746\" >\n\t\t<div class=\"wpb_wrapper\">\n\t\t\t<ul class=\"accordion\">\n\t\t\t\t\t\t\t\t<li>\n\t\t\t\t\t\t\t\t\t<a href=\"#aydinlatma\">Ekol Lojistik A.\u015e. Ziyaret\u00e7i Ayd\u0131nlatma Metni<\/a>\n\t\t\t\t\t\t\t\t\t<ul>\n\t\t\t\t\t\t\t\t\t<p style=\"font-weight:bold;padding-top:10px;text-align:center\">K\u0130\u015e\u0130SEL VER\u0130LER\u0130N \u0130\u015eLENMES\u0130NE \u0130L\u0130\u015eK\u0130N<br \/>Z\u0130YARET\u00c7\u0130 AYDINLATMA METN\u0130<\/p>\n\t\t\t\t\t\t\t\t\t<p><strong>Veri Sorumlusu: Ekol Lojistik A.\u015e.<\/strong><br \/>Ey\u00fcp Sultan, Mehmet Akif Cd. No:3\/A 34885 Sancaktepe\/\u0130stanbul<\/p>\n\t\t\t\t\t\t\t\t\t<p>Ekol Lojistik A.\u015e. (bundan sonra \u201cEkol\u201d olarak an\u0131lacakt\u0131r.) olarak; ki\u015fisel verilerinizi 6698 say\u0131l\u0131 Ki\u015fisel Verilerin Korunmas\u0131 Kanunu (\u201cKVKK\u201d) ve ilgili mevzuat ve yasal d\u00fczenlemelerden kaynaklanan faaliyetleri \u00e7er\u00e7evesinde ki\u015fisel verilerinizin i\u015flenmesi, saklanmas\u0131 ve aktar\u0131lmas\u0131 ile ilgili siz ziyaret\u00e7ilerimizi bilgilendirmek amac\u0131yla i\u015fbu ayd\u0131nlatma metnini haz\u0131rlad\u0131k.<\/p>\n\t\t\t\t\t\t\t\t\t\t<li>\n\t\t\t\t\t\t\t\t\t\t\t<a href=\"#aydinlatma-amac\">Hangi Ki\u015fisel Verileriniz \u0130\u015flenmekte ve Ki\u015fisel Verilerinizin \u0130\u015flenme Ama\u00e7lar\u0131 Nelerdir?<\/a>\n\t\t\t\t\t\t\t\t\t\t\t<div>\n<p>Faaliyetlerimiz ve istihdam ama\u00e7lar\u0131m\u0131z kapsam\u0131nda siz ziyaret\u00e7ilerimizi a\u015fa\u011f\u0131da yer alan verilerini toplamaktay\u0131z:<\/p>\n<table class=\"kvkkTablo\">\n\t\t\t\t<thead>\n\t\t\t\t<th colspan=\"2\">Kimlik Bilgileri<\/th>\n\t\t\t\t<\/thead>\n\t\t\t\t<tbody>\n\t\t\t\t<tr>\n\t\t\t\t<td class=\"renk\">\u0130\u015flenen Ki\u015fisel Veriler<\/td>\n\t\t\t\t<td class=\"renk\">Ki\u015fisel Veri \u0130\u015fleme Ama\u00e7lar\u0131<\/td>\n\t\t\t\t<\/tr>\n\t\t\t\t<tr>\n\t\t\t\t<td>\n\t\t\t\t\t<ul>\n\t\t\t\t\t<li>Ad<\/li>\n\t\t\t\t\t<li>Soyad<\/li>\n\t\t\t\t\t<li>T.C. Kimlik Numaras\u0131<\/li>\n\t\t\t\t\t<li>Yabanc\u0131 Kimlik Numaras\u0131<\/li>\n\t\t\t\t\t<li>Ara\u00e7 Plaka Bilgisi<\/li>\n                                        <li>Telefon Numaras\u0131<\/li>\n\t\t\t\t\t<li>Pasaport Numaras\u0131<\/li>\n\t\t\t\t\t<li>Ehliyet Numaras\u0131<\/li>\n\t\t\t\t\t<li>Ruhsat Numaras\u0131<\/li>\n\t\t\t\t\t<li>Uyruk<\/li>\n\t\t\t\t\t<li>Foto\u011fraf<\/li>\n\t\t\t\t\t<li>\u0130mza<\/li>\n\t\t\t\t\t<\/ul>\n\t\t\t\t<\/td>\n\t\t\t\t<td>Fiziksel Mekan G\u00fcvenli\u011finin Temini, Ta\u015f\u0131n\u0131r Mal Ve Kaynaklar\u0131n G\u00fcvenli\u011finin Temini, Veri Sorumlusu Operasyonlar\u0131n\u0131n G\u00fcvenli\u011finin Temini, Ziyaret\u00e7i Kay\u0131tlar\u0131n\u0131n Olu\u015fturulmas\u0131 Ve Takibi, Bilgi G\u00fcvenli\u011fi S\u00fcre\u00e7lerinin Y\u00fcr\u00fct\u00fclmesi, Faaliyetlerin Mevzuata Uygun Y\u00fcr\u00fct\u00fclmesi, Yetkili Ki\u015fi, Kurum ve Kurulu\u015flara Bilgi Verilmesi<\/td>\n\t\t\t\t<\/tr>\n\t\t\t\t<tr>\n\t\t\t\t<td class=\"renk\">Ki\u015fisel Verilerin \u0130\u015flenmesinin Hukuki Sebepleri<\/td>\n\t\t\t\t<td>\n\t\t\t\t\tKi\u015fisel verileriniz, Ekol taraf\u0131ndan yukar\u0131da say\u0131lan ama\u00e7lar\u0131n ger\u00e7ekle\u015ftirilmesi do\u011frultusunda, ba\u015fta KVKK\u2019n\u0131n 5\u2019inci maddesinde belirtilen; \n\t\t\t\t\t<ul>\n\t\t\t\t\t<li>Kanunlarda a\u00e7\u0131k\u00e7a \u00f6ng\u00f6r\u00fclmesi,<\/li>\n\t\t\t\t\t<li>Veri sorumlusunun hukuki y\u00fck\u00fcml\u00fcl\u00fc\u011f\u00fcn\u00fc yerine getirebilmesi i\u00e7in zorunlu olmas\u0131<\/li>\n\t\t\t\t\t<li>\u0130lgili ki\u015finin temel hak ve \u00f6zg\u00fcrl\u00fcklerine zarar vermemek kayd\u0131yla, veri sorumlusunun me\u015fru menfaatleri i\u00e7in veri i\u015flenmesinin zorunlu olmas\u0131<\/li>\n\t\t\t\t\t<\/ul>\n\t\t\t\t\thukuki sebeplerine dayan\u0131larak i\u015flenmektedir.\n\t\t\t\t<\/td>\n\t\t\t\t<\/tr>\n\t\t\t\t<tr>\n\t\t\t\t<td class=\"renk\">Ki\u015fisel Verileri Toplama Y\u00f6ntemleri<\/td>\n\t\t\t\t<td>Yukar\u0131da belirtilen ki\u015fisel verileriniz bas\u0131l\u0131 ve elektronik formlar, elektronik sistemler vas\u0131tas\u0131yla toplanmaktad\u0131r.<\/td>\n\t\t\t\t<\/tr>\n\t\t\t\t<\/tbody>\n\t\t\t\t<\/table>\n\t\t\t\t\n\t\t\t\t<table class=\"kvkkTablo\">\n\t\t\t\t<thead>\n\t\t\t\t<th colspan=\"2\">\u0130leti\u015fim Bilgileri<\/th>\n\t\t\t\t<\/thead>\n\t\t\t\t<tbody>\n\t\t\t\t<tr>\n\t\t\t\t<td class=\"renk\">\u0130\u015flenen Ki\u015fisel Veriler<\/td>\n\t\t\t\t<td class=\"renk\">Ki\u015fisel Veri \u0130\u015fleme Ama\u00e7lar\u0131<\/td>\n\t\t\t\t<\/tr>\n\t\t\t\t<tr>\n\t\t\t\t<td>\n\t\t\t\t<ul>\n\t\t\t\t<li>\u0130\u015f Yeri \u0130smi\/Unvan\u0131<\/li>\n\t\t\t\t<\/ul>\n\t\t\t\t<\/td>\n\t\t\t\t<td>Fiziksel Mekan G\u00fcvenli\u011finin Temini, Ta\u015f\u0131n\u0131r Mal Ve Kaynaklar\u0131n G\u00fcvenli\u011finin Temini, Veri Sorumlusu Operasyonlar\u0131n\u0131n G\u00fcvenli\u011finin Temini, Ziyaret\u00e7i Kay\u0131tlar\u0131n\u0131n Olu\u015fturulmas\u0131 Ve Takibi, Bilgi G\u00fcvenli\u011fi S\u00fcre\u00e7lerinin Y\u00fcr\u00fct\u00fclmesi, Faaliyetlerin Mevzuata Uygun Y\u00fcr\u00fct\u00fclmesi, Yetkili Ki\u015fi, Kurum ve Kurulu\u015flara Bilgi Verilmesi<\/td>\n\t\t\t\t<\/tr>\n\t\t\t\t<tr>\n\t\t\t\t<td class=\"renk\">Ki\u015fisel Verilerin \u0130\u015flenmesinin Hukuki Sebepleri<\/td>\n\t\t\t\t<td>\n\t\t\t\tKi\u015fisel verileriniz, Ekol taraf\u0131ndan yukar\u0131da say\u0131lan ama\u00e7lar\u0131n ger\u00e7ekle\u015ftirilmesi do\u011frultusunda, ba\u015fta KVKK\u2019n\u0131n 5\u2019inci maddesinde belirtilen; \n\t\t\t\t<ul>\n\t\t\t\t<li>Kanunlarda a\u00e7\u0131k\u00e7a \u00f6ng\u00f6r\u00fclmesi,<\/li>\n\t\t\t\t<li>Veri sorumlusunun hukuki y\u00fck\u00fcml\u00fcl\u00fc\u011f\u00fcn\u00fc yerine getirebilmesi i\u00e7in zorunlu olmas\u0131<\/li>\n\t\t\t\t<li>\u0130lgili ki\u015finin temel hak ve \u00f6zg\u00fcrl\u00fcklerine zarar vermemek kayd\u0131yla, veri sorumlusunun me\u015fru menfaatleri i\u00e7in veri i\u015flenmesinin zorunlu olmas\u0131<\/li>\n\t\t\t\t<\/ul>\n\t\t\t\thukuki sebeplerine dayan\u0131larak i\u015flenmektedir.\n\t\t\t\t<\/td>\n\t\t\t\t<\/tr>\n\t\t\t\t<tr>\n\t\t\t\t<td class=\"renk\">Ki\u015fisel Verileri Toplama Y\u00f6ntemleri<\/td>\n\t\t\t\t<td>Yukar\u0131da belirtilen ki\u015fisel verileriniz bas\u0131l\u0131 ve elektronik formlar, elektronik sistemler vas\u0131tas\u0131yla toplanmaktad\u0131r.<\/td>\n\t\t\t\t<\/tr>\n\t\t\t\t<\/tbody>\n\t\t\t\t<\/table>\n\t\t\t\t\n\t\t\t\t<table class=\"kvkkTablo\">\n\t\t\t\t<thead>\n\t\t\t\t<th colspan=\"2\">Fiziksel Mekan G\u00fcvenli\u011fi<\/th>\n\t\t\t\t<\/thead>\n\t\t\t\t<tbody>\n\t\t\t\t<tr>\n\t\t\t\t<td class=\"renk\">\u0130\u015flenen Ki\u015fisel Veriler<\/td>\n\t\t\t\t<td class=\"renk\">Ki\u015fisel Veri \u0130\u015fleme Ama\u00e7lar\u0131<\/td>\n\t\t\t\t<\/tr>\n\t\t\t\t<tr>\n\t\t\t\t<td>\n\t\t\t\t<ul>\n\t\t\t\t<li>Giri\u015f-\u00c7\u0131k\u0131\u015f Kay\u0131t Bilgileri<\/li>\n\t\t\t\t<li>CCTV Kay\u0131t Bilgileri<\/li>\n\t\t\t\t<\/ul>\n\t\t\t\t<\/td>\n\t\t\t\t<td>Fiziksel Mekan G\u00fcvenli\u011finin Temini, Ta\u015f\u0131n\u0131r Mal Ve Kaynaklar\u0131n G\u00fcvenli\u011finin Temini, Veri Sorumlusu Operasyonlar\u0131n\u0131n G\u00fcvenli\u011finin Temini, Ziyaret\u00e7i Kay\u0131tlar\u0131n\u0131n Olu\u015fturulmas\u0131 Ve Takibi<\/td>\n\t\t\t\t<\/tr>\n\t\t\t\t<tr>\n\t\t\t\t<td class=\"renk\">Ki\u015fisel Verilerin \u0130\u015flenmesinin Hukuki Sebepleri<\/td>\n\t\t\t\t<td>\n\t\t\t\tKi\u015fisel verileriniz, Ekol taraf\u0131ndan yukar\u0131da say\u0131lan ama\u00e7lar\u0131n ger\u00e7ekle\u015ftirilmesi do\u011frultusunda, ba\u015fta KVKK\u2019n\u0131n 5\u2019inci maddesinde belirtilen;\n\t\t\t\t<ul>\n\t\t\t\t<li>Veri sorumlusunun hukuki y\u00fck\u00fcml\u00fcl\u00fc\u011f\u00fcn\u00fc yerine getirebilmesi i\u00e7in zorunlu olmas\u0131<\/li>\n\t\t\t\t<li>\u0130lgili ki\u015finin temel hak ve \u00f6zg\u00fcrl\u00fcklerine zarar vermemek kayd\u0131yla, veri sorumlusunun me\u015fru menfaatleri i\u00e7in veri i\u015flenmesinin zorunlu olmas\u0131<\/li>\n\t\t\t\t<\/ul>\n\t\t\t\thukuki sebeplerine dayan\u0131larak i\u015flenmektedir.\n\t\t\t\t<\/td>\n\t\t\t\t<\/tr>\n\t\t\t\t<tr>\n\t\t\t\t<td class=\"renk\">Ki\u015fisel Verileri Toplama Y\u00f6ntemleri<\/td>\n\t\t\t\t<td>Yukar\u0131da belirtilen ki\u015fisel verileriniz bas\u0131l\u0131 ve elektronik formlar ile CCTV Kay\u0131tlar\u0131 vas\u0131tas\u0131yla toplanmaktad\u0131r.<\/td>\n\t\t\t\t<\/tr>\n\t\t\t\t<\/tbody>\n\t\t\t\t<\/table>\n\t\t\t\t\n\t\t\t\t<table class=\"kvkkTablo\">\n\t\t\t\t<thead>\n\t\t\t\t<th colspan=\"2\">G\u00f6rsel ve \u0130\u015fitsel Kay\u0131tlar<\/th>\n\t\t\t\t<\/thead>\n\t\t\t\t<tbody>\n\t\t\t\t<tr>\n\t\t\t\t<td class=\"renk\">\u0130\u015flenen Ki\u015fisel Veriler<\/td>\n\t\t\t\t<td class=\"renk\">Ki\u015fisel Veri \u0130\u015fleme Ama\u00e7lar\u0131<\/td>\n\t\t\t\t<\/tr>\n\t\t\t\t<tr>\n\t\t\t\t<td>\n\t\t\t\t<ul>\n\t\t\t\t<li>G\u00f6rsel Kay\u0131tlar<\/li>\n\t\t\t\t<\/ul>\n\t\t\t\t<\/td>\n\t\t\t\t<td>Fiziksel Mekan G\u00fcvenli\u011finin Temini, Ta\u015f\u0131n\u0131r Mal Ve Kaynaklar\u0131n G\u00fcvenli\u011finin Temini, Veri Sorumlusu Operasyonlar\u0131n\u0131n G\u00fcvenli\u011finin Temini, Ziyaret\u00e7i Kay\u0131tlar\u0131n\u0131n Olu\u015fturulmas\u0131 Ve Takibi<\/td>\n\t\t\t\t<\/tr>\n\t\t\t\t<tr>\n\t\t\t\t<td class=\"renk\">Ki\u015fisel Verilerin \u0130\u015flenmesinin Hukuki Sebepleri<\/td>\n\t\t\t\t<td>\n\t\t\t\tKi\u015fisel verileriniz, Ekol taraf\u0131ndan yukar\u0131da say\u0131lan ama\u00e7lar\u0131n ger\u00e7ekle\u015ftirilmesi do\u011frultusunda, ba\u015fta KVKK\u2019n\u0131n 5\u2019inci maddesinde belirtilen;\n\t\t\t\t<ul>\n\t\t\t\t<li>Veri sorumlusunun hukuki y\u00fck\u00fcml\u00fcl\u00fc\u011f\u00fcn\u00fc yerine getirebilmesi i\u00e7in zorunlu olmas\u0131<\/li>\n\t\t\t\t<li>\u0130lgili ki\u015finin temel hak ve \u00f6zg\u00fcrl\u00fcklerine zarar vermemek kayd\u0131yla, veri sorumlusunun me\u015fru menfaatleri i\u00e7in veri i\u015flenmesinin zorunlu olmas\u0131<\/li>\n\t\t\t\t<\/ul>\n\t\t\t\thukuki sebeplerine dayan\u0131larak i\u015flenmektedir.\n\t\t\t\t<\/td>\n\t\t\t\t<\/tr>\n\t\t\t\t<tr>\n\t\t\t\t<td class=\"renk\">Ki\u015fisel Verileri Toplama Y\u00f6ntemleri<\/td>\n\t\t\t\t<td>Yukar\u0131da belirtilen ki\u015fisel verileriniz bas\u0131l\u0131 ve elektronik formlar ile CCTV Kay\u0131tlar\u0131 vas\u0131tas\u0131yla toplanmaktad\u0131r.<\/td>\n\t\t\t\t<\/tr>\n\t\t\t\t<\/tbody>\n\t\t\t\t<\/table>\n\t\t\t\t\n\t\t\t\t<table class=\"kvkkTablo\">\n\t\t\t\t<thead>\n\t\t\t\t<th colspan=\"2\">\u0130\u015flem G\u00fcvenli\u011fi Bilgileri<\/th>\n\t\t\t\t<\/thead>\n\t\t\t\t<tbody>\n\t\t\t\t<tr>\n\t\t\t\t<td class=\"renk\">\u0130\u015flenen Ki\u015fisel Veriler<\/td>\n\t\t\t\t<td class=\"renk\">Ki\u015fisel Veri \u0130\u015fleme Ama\u00e7lar\u0131<\/td>\n\t\t\t\t<\/tr>\n\t\t\t\t<tr>\n\t\t\t\t<td>\n\t\t\t\t<ul>\n\t\t\t\t<li>\u00c7\u0131k\u0131\u015f IP<\/li>\n\t\t\t\t<li>Var\u0131\u015f IP<\/li>\n\t\t\t\t<li>\u0130nternet Sitesi \u0130smi<\/li>\n\t\t\t\t<li>Tarih\/Saat<\/li>\n\t\t\t\t<li>Trafik Bilgisi<\/li>\n\t\t\t\t<li>Port Numaras\u0131<\/li>\n\t\t\t\t<li>MAC Adresi<\/li>\n\t\t\t\t<\/ul>\n\t\t\t\t<\/td>\n\t\t\t\t<td>Bilgi G\u00fcvenli\u011fi S\u00fcre\u00e7lerinin Y\u00fcr\u00fct\u00fclmesi, Faaliyetlerin Mevzuata Uygun Y\u00fcr\u00fct\u00fclmesi, Yetkili Ki\u015fi, Kurum ve Kurulu\u015flara Bilgi Verilmesi<\/td>\n\t\t\t\t<\/tr>\n\t\t\t\t<tr>\n\t\t\t\t<td class=\"renk\">Ki\u015fisel Verilerin \u0130\u015flenmesinin Hukuki Sebepleri<\/td>\n\t\t\t\t<td>\n\t\t\t\tKi\u015fisel verileriniz, Ekol taraf\u0131ndan yukar\u0131da say\u0131lan ama\u00e7lar\u0131n ger\u00e7ekle\u015ftirilmesi do\u011frultusunda, ba\u015fta KVKK\u2019n\u0131n 5\u2019inci maddesinde belirtilen;\n\t\t\t\t<ul>\n\t\t\t\t<li>Kanunlarda a\u00e7\u0131k\u00e7a \u00f6ng\u00f6r\u00fclmesi,<\/li>\n\t\t\t\t<\/ul>\n\t\t\t\thukuki sebeplerine dayan\u0131larak i\u015flenmektedir.\n\t\t\t\t<\/td>\n\t\t\t\t<\/tr>\n\t\t\t\t<tr>\n\t\t\t\t<td class=\"renk\">Ki\u015fisel Verileri Toplama Y\u00f6ntemleri<\/td>\n\t\t\t\t<td>Yukar\u0131da belirtilen ki\u015fisel verileriniz elektronik sistemler vas\u0131tas\u0131yla toplanmaktad\u0131r.<\/td>\n\t\t\t\t<\/tr>\n\t\t\t\t<\/tbody>\n\t\t\t\t<\/table>\n\t\t\t\t\n\t\t\t\t<\/div>\n\t\t\t\t\t\t\t\t\t\t<\/li>\n\t\t\t\t\t\t\t\t\t\t<li>\n\t\t\t\t\t\t\t\t\t\t\t<a href=\"#aydinlatma-amac\">Ki\u015fisel Verileriniz Kimlere ve Hangi Ama\u00e7larla Aktar\u0131labilecektir?<\/a>\n\t\t\t\t\t\t\t\t\t\t\t<div><span>\n\t\t\t\t\t\t\t\t\t\t\t<p>Ki\u015fisel verileriniz,<\/p>\n\t\t\t\t\t\t\t\t\t\t\t<ul>\n\t\t\t\t\t\t\t\t\t\t\t<li>Faaliyetlerin mevzuata uygun y\u00fcr\u00fct\u00fclmesi, yetkili ki\u015fi kurum ve kurulu\u015flara bilgi verilmesi amac\u0131yla <strong>Yetkili Kamu Kurum ve Kurulu\u015flar\u0131\u2019na<\/strong><\/li>\n\t\t\t\t\t\t\t\t\t\t\t<li>Ziyaret\u00e7i kay\u0131tlar\u0131n\u0131n olu\u015fturulmas\u0131 ve takibi, fiziksel mekan g\u00fcvenli\u011finin temini amac\u0131yla <strong>\u0130\u015ftirakler ve Ba\u011fl\u0131 Ortakl\u0131klar\u2019\u0131m\u0131z ile Tedarik\u00e7iler\u2019imize,<\/strong><\/li>\n\t\t\t\t\t\t\t\t\t\t\t<\/ul>\n\t\t\t\t\t\t\t\t\t\t\t<p>aktar\u0131labilecektir.<\/p>\n\t\t\t\t\t\t\t\t\t\t\t<p>EKOL Lojistik A.\u015e. olarak, faaliyetimizin yurtd\u0131\u015f\u0131 dahil lojistik hizmetlerini kapsamas\u0131 nedeniyle verinizin i\u015flendi\u011fi s\u00fcre\u00e7 yurt d\u0131\u015f\u0131 ba\u011flant\u0131l\u0131 ise i\u015f faaliyetlerimizin ve personelimizin yurt d\u0131\u015f\u0131 g\u00f6revlendirmeleri ve e\u011fitim faaliyetlerinin y\u00fcr\u00fct\u00fclmesi amac\u0131 ile gerekli teknik ve idari tedbirleri alarak, bu ki\u015filerle ve s\u00fcre\u00e7lerle s\u0131n\u0131rl\u0131 veriler Kanun\u2019daki kurallara uygun olarak yurtd\u0131\u015f\u0131ndaki i\u015ftirakler, ba\u011fl\u0131 ortakl\u0131klar, alt y\u00fckleniciler ve tedarik\u00e7iler ile ilgili \u00fclkedeki mevzuat zorunluluklar\u0131 durumunda yabanc\u0131 kamu kurum ve kurulu\u015flar\u0131 ile payla\u015f\u0131labilecektir.<\/p>\n\t\t\t\t\t\t\t\t\t\t\t<\/span><\/div>\n\n\t\t\t\t\t\t\t\t\t\t<\/li>\n\t\t\t\t\t\t\t\t\t\t<li>\n\t\t\t\t\t\t\t\t\t\t\t<a href=\"#aydinlatma-sure\">Ki\u015fisel Verileriniz Ne Kadar S\u00fcre ile Saklan\u0131r?<\/a>\n\t\t\t\t\t\t\t\t\t\t\t<div><span><p>Ki\u015fisel verileriniz, kanunda veya ilgili mevzuatta verinin saklanmas\u0131 i\u00e7in bir s\u00fcre belirlenmi\u015fse, s\u00f6z konusu veri en az bu s\u00fcre kadar saklanmak zorundad\u0131r. Kanunda veya ilgili mevzuatta bir s\u00fcre \u00f6ng\u00f6r\u00fclmemi\u015fse; i\u015flenme ama\u00e7lar\u0131yla ba\u011flant\u0131l\u0131, s\u0131n\u0131rl\u0131 ve \u00f6l\u00e7\u00fcl\u00fc olmak kayd\u0131yla belirlenen makul s\u00fcrelerce saklanmaktad\u0131r.\n<\/p><\/span><\/div>\n\t\t\t\t\t\t\t\t\t\t<\/li>\n\t\t\t\t\t\t\t\t\t\t<li>\n\t\t\t\t\t\t\t\t\t\t\t<a href=\"#aydinlatma-haklar\">\u0130lgili Ki\u015fi Olarak Haklar\u0131n\u0131z Nelerdir?<\/a>\n\t\t\t\t\t\t\t\t\t\t\t<div><span>\n\t\t\t\t\t\t\t\t\t\t\t<p>KVKK ve ilgili mevzuat kapsam\u0131nda ki\u015fisel verilerinize ili\u015fkin olarak;<\/p>\n\t\t\t\t\t\t\t\t\t\t\t<ul>\n\t\t\t\t\t\t\t\t\t\t\t<li>Ki\u015fisel verilerinizin i\u015flenip i\u015flenmedi\u011fini \u00f6\u011frenme,<\/li>\n\t\t\t\t\t\t\t\t\t\t\t<li>Ki\u015fisel verileriniz i\u015flenmi\u015fse buna ili\u015fkin bilgi talep etme,<\/li>\n\t\t\t\t\t\t\t\t\t\t\t<li>Ki\u015fisel verilerin i\u015flenme amac\u0131n\u0131 ve bunlar\u0131n amac\u0131na uygun kullan\u0131l\u0131p kullan\u0131lmad\u0131\u011f\u0131n\u0131 \u00f6\u011frenme,<\/li>\n\t\t\t\t\t\t\t\t\t\t\t<li>Yurt i\u00e7inde veya yurt d\u0131\u015f\u0131nda ki\u015fisel verilerinizin aktar\u0131ld\u0131\u011f\u0131 \u00fc\u00e7\u00fcnc\u00fc ki\u015fileri bilme,<\/li>\n\t\t\t\t\t\t\t\t\t\t\t<li>Ki\u015fisel verilerinizin eksik veya yanl\u0131\u015f i\u015flenmi\u015f olmas\u0131 halinde bunlar\u0131n d\u00fczeltilmesini isteme,<\/li>\n\t\t\t\t\t\t\t\t\t\t\t<li>KVKK mevzuat\u0131nda \u00f6ng\u00f6r\u00fclen \u015fartlar \u00e7er\u00e7evesinde ki\u015fisel verilerinizin silinmesini veya yok edilmesini isteme,<\/li>\n\t\t\t\t\t\t\t\t\t\t\t<li>Eksik veya yanl\u0131\u015f verilerin d\u00fczeltilmesi ile ki\u015fisel verilerinizin silinmesi veya yok edilmesini talep etti\u011finizde, bu durumun ki\u015fisel verilerinizi aktard\u0131\u011f\u0131m\u0131z \u00fc\u00e7\u00fcnc\u00fc ki\u015filere bildirilmesini isteme,<\/li>\n\t\t\t\t\t\t\t\t\t\t\t<li>Ki\u015fisel verilerin kanuna ayk\u0131r\u0131 olarak i\u015flenmesi sebebiyle zarara u\u011framan\u0131z halinde bu zarar\u0131n giderilmesini talep etme<\/li>\n\t\t\t\t\t\t\t\t\t\t\t<\/ul>\n\t\t\t\t\t\t\t\t\t\t\t<p>haklar\u0131na sahipsiniz.<\/p>\n\t\t\t\t\t\t\t\t\t\t\t<\/span><\/div>\n\t\t\t\t\t\t\t\t\t\t<\/li>\n\t\t\t\t\t\t\t\t\t\t<li>\n\t\t\t\t\t\t\t\t\t\t\t<a href=\"#aydinlatma-hak-kullanim\">Haklar\u0131n\u0131z\u0131 Nas\u0131l Kullanabilirsiniz?<\/a>\n\t\t\t\t\t\t\t\t\t\t\t<div><span>\n\t\t\t\t\t\t\t\t\t\t\t<p>Ki\u015fisel verileriniz ile ilgili ba\u015fvuru ve taleplerinizi dilerseniz <a href=\"https:\/\/drive.google.com\/file\/d\/13kfIIT1cLCG1M-kSDrpjFzAFh5W0vyco\/preview\" target=\"_blank\">\u0130lgili Ki\u015fi Ba\u015fvuru Formu<\/a> arac\u0131l\u0131\u011f\u0131yla;<\/p>\n\t\t\t\t\t\t\t\t\t\t\t<ul>\n\t\t\t\t\t\t\t\t\t\t\t<li>Islak imzal\u0131 ve kimlik fotokopisi ile  Ey\u00fcp Sultan, Mehmet Akif Cd. No:3\/A 34885 Sancaktepe\/\u0130stanbul adresine g\u00f6ndererek,<\/li>\n\t\t\t\t\t\t\t\t\t\t\t<li>Ge\u00e7erli bir kimlik belgesi ile birlikte Ekol Lojistik A.\u015e.\u2019ye bizzat ba\u015fvurarak,<\/li>\n\t\t\t\t\t\t\t\t\t\t\t<li>Mobil imza veya g\u00fcvenli elektronik imza ile imzalay\u0131p <a href=\"mailto:kvkk@ekol.com\">kvkk@ekol.com<\/a> adresine e-posta g\u00f6nderilerek,<\/li>\n\t\t\t\t\t\t\t\t\t\t\t<li>Kay\u0131tl\u0131 elektronik posta (KEP) adresi ve g\u00fcvenli elektronik imza ya da mobil imza kullanmak suretiyle <a href=\"mailto:ekol@hs03.kep.tr\">ekol@hs03.kep.tr<\/a> kay\u0131tl\u0131 elektronik posta adresimize g\u00f6ndererek,<\/li>\n\t\t\t\t\t\t\t\t\t\t\t<\/ul>\n\t\t\t\t\t\t\t\t\t\t\t<p>Ekol Lojistik A.\u015e.\u2019ye iletebilirsiniz.<\/p>\n\t\t\t\t\t\t\t\t\t\t\t<p>Veri Sorumlusuna Ba\u015fvuru Usul ve Esaslar\u0131 Hakk\u0131nda Tebli\u011f uyar\u0131nca, \u0130lgili Ki\u015fi\u2019nin, ba\u015fvurusunda isim, soyisim, ba\u015fvuru yaz\u0131l\u0131 ise imza, T.C. kimlik numaras\u0131 (ba\u015fvuruda bulunan ki\u015finin yabanc\u0131 olmas\u0131 halinde uyru\u011fu, pasaport numaras\u0131 veya varsa kimlik numaras\u0131), tebligata esas yerle\u015fim yeri veya i\u015f yeri adresi, varsa bildirime esas elektronik posta adresi, telefon numaras\u0131 ve faks numaras\u0131 ile talep konusuna dair bilgilerin bulunmas\u0131 zorunludur.<\/p>\n\t\t\t\t\t\t\t\t\t\t\t<p>\u0130lgili Ki\u015fi, yukar\u0131da belirtilen haklar\u0131 kullanmak i\u00e7in yapaca\u011f\u0131 ve kullanmay\u0131 talep etti\u011fi hakka ili\u015fkin a\u00e7\u0131klamalar\u0131 i\u00e7eren ba\u015fvuruda talep edilen hususu a\u00e7\u0131k ve anla\u015f\u0131l\u0131r \u015fekilde belirtmelidir. Ba\u015fvuruya ili\u015fkin bilgi ve belgelerin ba\u015fvuruya eklenmesi gerekmektedir.<\/p>\n\t\t\t\t\t\t\t\t\t\t\t<p>Talep konusunun ba\u015fvuran\u0131n \u015fahs\u0131 ile ilgili olmas\u0131 gerekmekle birlikte, ba\u015fkas\u0131 ad\u0131na hareket ediliyor ise ba\u015fvuruyu yapan\u0131n bu konuda \u00f6zel olarak yetkili olmas\u0131 ve bu yetkinin belgelendirilmesi (vek\u00e2letname) gerekmektedir. Ayr\u0131ca ba\u015fvurunun kimlik ve adres bilgilerini i\u00e7ermesi ve ba\u015fvuruya kimli\u011fi do\u011frulay\u0131c\u0131 belgelerin eklenmesi gerekmektedir.<\/p>\n\t\t\t\t\t\t\t\t\t\t\t<p>Yetkisiz \u00fc\u00e7\u00fcnc\u00fc ki\u015filerin ba\u015fkas\u0131 ad\u0131na yapt\u0131\u011f\u0131 talepler de\u011ferlendirmeye al\u0131nmayacakt\u0131r.<\/p>\n\t\t\t\t\t\t\t\t\t\t\t<\/span><\/div>\n\t\t\t\t\t\t\t\t\t\t<\/li>\n\t\t\t\t\t\t\t\t\t\t<li>\n\t\t\t\t\t\t\t\t\t\t\t<a href=\"#aydinlatma-cevap\">Ki\u015fisel Verilerinizin \u0130\u015flenmesine \u0130li\u015fkin Talepleriniz Ne Kadar S\u00fcrede Cevaplan\u0131r?<\/a>\n\t\t\t\t\t\t\t\t\t\t\t<div><span><p>Ki\u015fisel verilerinize ili\u015fkin hak talepleriniz de\u011ferlendirilerek, bize ula\u015ft\u0131\u011f\u0131 tarihten itibaren en ge\u00e7 30 g\u00fcn i\u00e7erisinde cevaplan\u0131r. Ba\u015fvurunuzun olumsuz de\u011ferlendirilmesi halinde gerek\u00e7eli ret sebepleri ba\u015fvuruda belirtti\u011finiz adrese elektronik posta veya posta yolu ba\u015fta olmak \u00fczere \u0130lgili Ki\u015fi Ba\u015fvuru Formu\u2019nda se\u00e7ilen usullerinden biri ile g\u00f6nderilir.<\/p><\/span><\/div>\n\t\t\t\t\t\t\t\t\t\t<\/li>\n\t\t\t\t\t\t\t\t\t<\/ul>\n\t\t\t\t\t\t\t\t<\/li>\n\t\t\t\t\t\t\t\t<li>\n\n\t\t\t\t\t\t\t\t\t<a href=\"#calisan\">Ekol Lojistik A.\u015e. \u00c7al\u0131\u015fan Aday\u0131 Ayd\u0131nlatma Metni<\/a>\n\t\t\t\t\t\t\t\t\t<ul>\n\t\t\t\t\t\t\t\t\t<p style=\"text-align:center;font-weight:bold;padding-top:10px;\">K\u0130\u015e\u0130SEL VER\u0130LER\u0130N \u0130\u015eLENMES\u0130NE \u0130L\u0130\u015eK\u0130N<br \/>\u00c7ALI\u015eAN ADAYI AYDINLATMA METN\u0130<\/p>\n\t\t\t\t\t\t\t\t\t<p><strong>Veri Sorumlusu:<\/strong> Ekol Lojistik A.\u015e.<br \/>Ey\u00fcp Sultan, Mehmet Akif Cd. No:3\/A 34885 Sancaktepe\/\u0130stanbul<\/p>\n\t\t\t\t\t\t\t\t\t<p>Ekol Lojistik A.\u015e. (bundan sonra \u201cEkol\u201d olarak an\u0131lacakt\u0131r.) olarak; ki\u015fisel verilerinizi 6698 say\u0131l\u0131 Ki\u015fisel Verilerin Korunmas\u0131 Kanunu (\u201cKVKK\u201d) ve ilgili mevzuat ve yasal d\u00fczenlemelerden kaynaklanan faaliyetleri \u00e7er\u00e7evesinde ki\u015fisel verilerinizin i\u015flenmesi, saklanmas\u0131 ve aktar\u0131lmas\u0131 ile ilgili siz \u00e7al\u0131\u015fan adaylar\u0131m\u0131z\u0131 bilgilendirmek amac\u0131yla i\u015fbu ayd\u0131nlatma metnini haz\u0131rlad\u0131k.<\/p>\n\t\t\t\t\t\t\t\t\t<li>\n\t\t\t\t\t\t\t\t\t<a href=\"#amac\">Hangi Ki\u015fisel Verileriniz \u0130\u015flenmekte ve Ki\u015fisel Verilerinizin \u0130\u015flenme Ama\u00e7lar\u0131 Nelerdir?<\/a>\n\t\t\t\t\t\t\t\t\t<div>\n\t\t\t\t\t\t\t\t\t<p>Faaliyetlerimiz ve istihdam ama\u00e7lar\u0131m\u0131z kapsam\u0131nda siz \u00e7al\u0131\u015fan adaylar\u0131m\u0131zdan a\u015fa\u011f\u0131da yer alan verilerini toplamaktay\u0131z:<\/p>\n\t\t\t\t\t\t\t\t\t\n\t\t\t\t\t\t\t\t\t<table class=\"kvkkTablo\">\n\t\t\t\t\t\t\t\t\t<thead>\n\t\t\t\t\t\t\t\t\t<th colspan=\"2\">Kimlik Bilgileri<\/th>\n\t\t\t\t\t\t\t\t\t<\/thead>\n\t\t\t\t\t\t\t\t\t<tbody>\n\t\t\t\t\t\t\t\t\t<tr>\n\t\t\t\t\t\t\t\t\t<td class=\"renk\">\u0130\u015flenen Ki\u015fisel Veriler<\/td>\n\t\t\t\t\t\t\t\t\t<td class=\"renk\">Ki\u015fisel Veri \u0130\u015fleme Ama\u00e7lar\u0131<\/td>\n\t\t\t\t\t\t\t\t\t<\/tr>\n\t\t\t\t\t\t\t\t\t<tr>\n\t\t\t\t\t\t\t\t\t<td>\n\t\t\t\t\t\t\t\t\t<ul>\n\t\t\t\t\t\t\t\t\t<li>Ad<\/li>\n\t\t\t\t\t\t\t\t\t<li>Soyad<\/li>\n\t\t\t\t\t\t\t\t\t<li>Do\u011fum Tarihi<\/li>\n\t\t\t\t\t\t\t\t\t<li>Uyruk<\/li>\n\t\t\t\t\t\t\t\t\t<li>Ehliyet Mevcudiyeti\/ Tipi<\/li>\n\t\t\t\t\t\t\t\t\t<li>\u0130mza<\/li>\n\t\t\t\t\t\t\t\t\t<\/ul>\n\t\t\t\t\t\t\t\t\t<\/td>\n\t\t\t\t\t\t\t\t\t<td>\u00c7al\u0131\u015fan Aday\u0131\/Stajyer\/\u00d6\u011frenci Se\u00e7me ve Yerle\u015ftirme S\u00fcre\u00e7lerinin Y\u00fcr\u00fct\u00fclmesi, \u00c7al\u0131\u015fan Adaylar\u0131n\u0131n Ba\u015fvuru S\u00fcre\u00e7lerinin Y\u00fcr\u00fct\u00fclmesi, Faaliyetlerin Mevzuata Uygun Y\u00fcr\u00fct\u00fclmesi, \u0130nsan Kaynaklar\u0131 S\u00fcre\u00e7lerinin Planlanmas\u0131, S\u00f6zle\u015fme S\u00fcre\u00e7lerinin Y\u00fcr\u00fct\u00fclmesi<\/td>\n\t\t\t\t\t\t\t\t\t<\/tr>\n\t\t\t\t\t\t\t\t\t<tr>\n\t\t\t\t\t\t\t\t\t<td class=\"renk\">Ki\u015fisel Verilerin \u0130\u015flenmesinin Hukuki Sebepleri<\/td>\n\t\t\t\t\t\t\t\t\t<td>\n\t\t\t\t\t\t\t\t\t<p>Ki\u015fisel verileriniz, Ekol taraf\u0131ndan yukar\u0131da say\u0131lan ama\u00e7lar\u0131n ger\u00e7ekle\u015ftirilmesi do\u011frultusunda, ba\u015fta KVKK\u2019n\u0131n 5\u2019inci maddesinde belirtilen;<\/p>\n\t\t\t\t\t\t\t\t\t<ul>\n\t\t\t\t\t\t\t\t\t<li>Bir s\u00f6zle\u015fmenin kurulmas\u0131 veya ifas\u0131yla do\u011frudan do\u011fruya ilgili olmas\u0131 kayd\u0131yla, s\u00f6zle\u015fmenin taraflar\u0131na ait ki\u015fisel verilerin i\u015flenmesinin gerekli olmas\u0131,<\/li>\n\t\t\t\t\t\t\t\t\t<li>\u0130lgili ki\u015finin temel hak ve \u00f6zg\u00fcrl\u00fcklerine zarar vermemek kayd\u0131yla, veri sorumlusunun me\u015fru menfaatleri i\u00e7in veri i\u015flenmesinin zorunlu olmas\u0131<\/li>\n\t\t\t\t\t\t\t\t\t<\/ul>\n\t\t\t\t\t\t\t\t\t<p>hukuki sebeplerine dayan\u0131larak i\u015flenmektedir.<\/p>\n\t\t\t\t\t\t\t\t\t<\/td>\n\t\t\t\t\t\t\t\t\t<\/tr>\n\t\t\t\t\t\t\t\t\t<tr>\n\t\t\t\t\t\t\t\t\t<td class=\"renk\">Ki\u015fisel Verileri Toplama Y\u00f6ntemleri<\/td>\n\t\t\t\t\t\t\t\t\t<td>Yukar\u0131da belirtilen ki\u015fisel verileriniz bas\u0131l\u0131 ve elektronik formlar vas\u0131tas\u0131yla toplanmaktad\u0131r.<\/td>\n\t\t\t\t\t\t\t\t\t<\/tr>\n\t\t\t\t\t\t\t\t\t<\/tbody>\n\t\t\t\t\t\t\t\t\t<\/table>\n\t\t\t\t\t\t\t\t\t\n\t\t\t\t\t\t\t\t\t<table class=\"kvkkTablo\">\n\t\t\t\t\t\t\t\t\t<thead>\n\t\t\t\t\t\t\t\t\t<th colspan=\"2\">\u0130leti\u015fim Bilgileri<\/th>\n\t\t\t\t\t\t\t\t\t<\/thead>\n\t\t\t\t\t\t\t\t\t<tbody>\n\t\t\t\t\t\t\t\t\t<tr>\n\t\t\t\t\t\t\t\t\t<td class=\"renk\">\u0130\u015flenen Ki\u015fisel Veriler<\/td>\n\t\t\t\t\t\t\t\t\t<td class=\"renk\">Ki\u015fisel Veri \u0130\u015fleme Ama\u00e7lar\u0131<\/td>\n\t\t\t\t\t\t\t\t\t<\/tr>\n\t\t\t\t\t\t\t\t\t<tr>\n\t\t\t\t\t\t\t\t\t<td>\n\t\t\t\t\t\t\t\t\t<ul>\n\t\t\t\t\t\t\t\t\t<li>E-Posta<\/li>\n\t\t\t\t\t\t\t\t\t<li>\u0130kametgah Adresi<\/li>\n\t\t\t\t\t\t\t\t\t<li>Ev Telefonu Numaras\u0131<\/li>\n\t\t\t\t\t\t\t\t\t<li>Cep Telefonu Numaras\u0131<\/li>\n\t\t\t\t\t\t\t\t\t<li>\u0130\u015f Yeri Adresi<\/li>\n\t\t\t\t\t\t\t\t\t<li>\u0130\u015f Yeri \u0130smi\/Unvan\u0131<\/li>\n\t\t\t\t\t\t\t\t\t<\/ul>\n\t\t\t\t\t\t\t\t\t<\/td>\n\t\t\t\t\t\t\t\t\t<td>\u00c7al\u0131\u015fan Aday\u0131\/Stajyer\/\u00d6\u011frenci Se\u00e7me ve Yerle\u015ftirme S\u00fcre\u00e7lerinin Y\u00fcr\u00fct\u00fclmesi, \u00c7al\u0131\u015fan Adaylar\u0131n\u0131n Ba\u015fvuru S\u00fcre\u00e7lerinin Y\u00fcr\u00fct\u00fclmesi, Faaliyetlerin Mevzuata Uygun Y\u00fcr\u00fct\u00fclmesi, \u0130nsan Kaynaklar\u0131 S\u00fcre\u00e7lerinin Planlanmas\u0131, S\u00f6zle\u015fme S\u00fcre\u00e7lerinin Y\u00fcr\u00fct\u00fclmesi<\/td>\n\t\t\t\t\t\t\t\t\t<\/tr>\n\t\t\t\t\t\t\t\t\t<tr>\n\t\t\t\t\t\t\t\t\t<td class=\"renk\">Ki\u015fisel Verilerin \u0130\u015flenmesinin Hukuki Sebepleri<\/td>\n\t\t\t\t\t\t\t\t\t<td>\n\t\t\t\t\t\t\t\t\t<p>Ki\u015fisel verileriniz, Ekol taraf\u0131ndan yukar\u0131da say\u0131lan ama\u00e7lar\u0131n ger\u00e7ekle\u015ftirilmesi do\u011frultusunda, ba\u015fta KVKK\u2019n\u0131n 5\u2019inci maddesinde belirtilen; <\/p>\n\t\t\t\t\t\t\t\t\t<ul>\n\t\t\t\t\t\t\t\t\t<li>Bir s\u00f6zle\u015fmenin kurulmas\u0131 veya ifas\u0131yla do\u011frudan do\u011fruya ilgili olmas\u0131 kayd\u0131yla, s\u00f6zle\u015fmenin taraflar\u0131na ait ki\u015fisel verilerin i\u015flenmesinin gerekli olmas\u0131,<\/li>\n\t\t\t\t\t\t\t\t\t<li>\u0130lgili ki\u015finin temel hak ve \u00f6zg\u00fcrl\u00fcklerine zarar vermemek kayd\u0131yla, veri sorumlusunun me\u015fru menfaatleri i\u00e7in veri i\u015flenmesinin zorunlu olmas\u0131<\/li>\n\t\t\t\t\t\t\t\t\t<\/ul>\n\t\t\t\t\t\t\t\t\t<p>hukuki sebeplerine dayan\u0131larak i\u015flenmektedir.<\/p>\n\t\t\t\t\t\t\t\t\t<\/td>\n\t\t\t\t\t\t\t\t\t<\/tr>\n\t\t\t\t\t\t\t\t\t<tr>\n\t\t\t\t\t\t\t\t\t<td class=\"renk\">Ki\u015fisel Verileri Toplama Y\u00f6ntemleri<\/td>\n\t\t\t\t\t\t\t\t\t<td>Yukar\u0131da belirtilen ki\u015fisel verileriniz bas\u0131l\u0131 ve elektronik formlar vas\u0131tas\u0131yla toplanmaktad\u0131r.<\/td>\n\t\t\t\t\t\t\t\t\t<\/tbody>\n\t\t\t\t\t\t\t\t\t<\/table>\n\t\t\t\t\t\t\t\t\t\n\t\t\t\t\t\t\t\t\t<table class=\"kvkkTablo\">\n\t\t\t\t\t\t\t\t\t<thead>\n\t\t\t\t\t\t\t\t\t<th colspan=\"2\">\u00d6zl\u00fck Bilgileri<\/th>\n\t\t\t\t\t\t\t\t\t<\/thead>\n\t\t\t\t\t\t\t\t\t<tbody>\n\t\t\t\t\t\t\t\t\t<tr>\n\t\t\t\t\t\t\t\t\t<td class=\"renk\">\u0130\u015flenen Ki\u015fisel Veriler<\/td>\n\t\t\t\t\t\t\t\t\t<td class=\"renk\">Ki\u015fisel Veri \u0130\u015fleme Ama\u00e7lar\u0131<\/td>\n\t\t\t\t\t\t\t\t\t<\/tr>\n\t\t\t\t\t\t\t\t\t<tr>\n\t\t\t\t\t\t\t\t\t<td>\n\t\t\t\t\t\t\t\t\t<ul>\n\t\t\t\t\t\t\t\t\t<li>\u00d6zge\u00e7mi\u015f Bilgileri<\/li>\n\t\t\t\t\t\t\t\t\t<li>Pozisyon\/Unvan Bilgileri<\/li>\n\t\t\t\t\t\t\t\t\t<li>Askerlik Durum Bilgisi<\/li>\n\t\t\t\t\t\t\t\t\t<li>Bonservis\/Hizmet\/\u00c7al\u0131\u015fma Belgesi<\/li>\n\t\t\t\t\t\t\t\t\t<li>\u00c7al\u0131\u015fmaya Uygunluk Raporu<\/li>\n\t\t\t\t\t\t\t\t\t<li>Referans Bilgisi<\/li>\n\t\t\t\t\t\t\t\t\t<li>\u015eehir d\u0131\u015f\u0131\/Yurt d\u0131\u015f\u0131 \u00c7al\u0131\u015fabilme Bilgisi<\/li>\n\t\t\t\t\t\t\t\t\t<li>Fazla Mesai Yapabilme Bilgisi<\/li>\n\t\t\t\t\t\t\t\t\t<li>Vardiyal\u0131 \u00c7al\u0131\u015fabilme Bilgisi<\/li>\n\t\t\t\t\t\t\t\t\t<li>Seyahat Engeli Bilgisi<\/li>\n\t\t\t\t\t\t\t\t\t<li>Ba\u015fvurulan Pozisyon Bilgisi<\/li>\n\t\t\t\t\t\t\t\t\t<\/ul>\n\t\t\t\t\t\t\t\t\t<\/td>\n\t\t\t\t\t\t\t\t\t<td>\u00c7al\u0131\u015fan Aday\u0131\/Stajyer\/\u00d6\u011frenci Se\u00e7me ve Yerle\u015ftirme S\u00fcre\u00e7lerinin Y\u00fcr\u00fct\u00fclmesi, \u00c7al\u0131\u015fan Adaylar\u0131n\u0131n Ba\u015fvuru S\u00fcre\u00e7lerinin Y\u00fcr\u00fct\u00fclmesi, Faaliyetlerin Mevzuata Uygun Y\u00fcr\u00fct\u00fclmesi, \u0130nsan Kaynaklar\u0131 S\u00fcre\u00e7lerinin Planlanmas\u0131, S\u00f6zle\u015fme S\u00fcre\u00e7lerinin Y\u00fcr\u00fct\u00fclmesi<\/td>\n\t\t\t\t\t\t\t\t\t<\/tr>\n\t\t\t\t\t\t\t\t\t<tr>\n\t\t\t\t\t\t\t\t\t<td class=\"renk\">Ki\u015fisel Verilerin \u0130\u015flenmesinin Hukuki Sebepleri<\/td>\n\t\t\t\t\t\t\t\t\t<td>\n\t\t\t\t\t\t\t\t\t<p>Ki\u015fisel verileriniz, Ekol taraf\u0131ndan yukar\u0131da say\u0131lan ama\u00e7lar\u0131n ger\u00e7ekle\u015ftirilmesi do\u011frultusunda, ba\u015fta KVKK\u2019n\u0131n 5\u2019inci maddesinde belirtilen;<\/p>\n\t\t\t\t\t\t\t\t\t<ul>\n\t\t\t\t\t\t\t\t\t<li>Bir s\u00f6zle\u015fmenin kurulmas\u0131 veya ifas\u0131yla do\u011frudan do\u011fruya ilgili olmas\u0131 kayd\u0131yla, s\u00f6zle\u015fmenin taraflar\u0131na ait ki\u015fisel verilerin i\u015flenmesinin gerekli olmas\u0131,<\/li>\n\t\t\t\t\t\t\t\t\t<li>\u0130lgili ki\u015finin temel hak ve \u00f6zg\u00fcrl\u00fcklerine zarar vermemek kayd\u0131yla, veri sorumlusunun me\u015fru menfaatleri i\u00e7in veri i\u015flenmesinin zorunlu olmas\u0131<\/li>\n\t\t\t\t\t\t\t\t\t<\/ul>\n\t\t\t\t\t\t\t\t\t<p>hukuki sebeplerine dayan\u0131larak i\u015flenmektedir.<\/p>\n\t\t\t\t\t\t\t\t\t<\/td>\n\t\t\t\t\t\t\t\t\t<\/tr>\n\t\t\t\t\t\t\t\t\t<tr>\n\t\t\t\t\t\t\t\t\t<td class=\"renk\">Ki\u015fisel Verileri Toplama Y\u00f6ntemleri<\/td>\n\t\t\t\t\t\t\t\t\t<td>Yukar\u0131da belirtilen ki\u015fisel verileriniz bas\u0131l\u0131 ve elektronik formlar vas\u0131tas\u0131yla toplanmaktad\u0131r.<\/td>\n\t\t\t\t\t\t\t\t\t<\/tr>\n\t\t\t\t\t\t\t\t\t<\/tbody>\n\t\t\t\t\t\t\t\t\t<\/table>\n\t\t\t\t\t\t\t\t\t\n\t\t\t\t\t\t\t\t\t<table class=\"kvkkTablo\">\n\t\t\t\t\t\t\t\t\t<thead>\n\t\t\t\t\t\t\t\t\t<th colspan=\"2\">Finans Bilgileri<\/th>\n\t\t\t\t\t\t\t\t\t<\/thead>\n\t\t\t\t\t\t\t\t\t<tbody>\n\t\t\t\t\t\t\t\t\t<tr>\n\t\t\t\t\t\t\t\t\t<td class=\"renk\">\u0130\u015flenen Ki\u015fisel Veriler<\/td>\n\t\t\t\t\t\t\t\t\t<td class=\"renk\">Ki\u015fisel Veri \u0130\u015fleme Ama\u00e7lar\u0131<\/td>\n\t\t\t\t\t\t\t\t\t<\/tr>\n\t\t\t\t\t\t\t\t\t<tr>\n\t\t\t\t\t\t\t\t\t<td><ul><li>\u00dccret Beklentisi<\/li><\/ul><\/td>\n\t\t\t\t\t\t\t\t\t<td>\u00c7al\u0131\u015fan Aday\u0131\/Stajyer\/\u00d6\u011frenci Se\u00e7me ve Yerle\u015ftirme S\u00fcre\u00e7lerinin Y\u00fcr\u00fct\u00fclmesi, \u00c7al\u0131\u015fan Adaylar\u0131n\u0131n Ba\u015fvuru S\u00fcre\u00e7lerinin Y\u00fcr\u00fct\u00fclmesi, Faaliyetlerin Mevzuata Uygun Y\u00fcr\u00fct\u00fclmesi, \u0130nsan Kaynaklar\u0131 S\u00fcre\u00e7lerinin Planlanmas\u0131, S\u00f6zle\u015fme S\u00fcre\u00e7lerinin Y\u00fcr\u00fct\u00fclmesi<\/td>\n\t\t\t\t\t\t\t\t\t<\/tr>\n\t\t\t\t\t\t\t\t\t<tr>\n\t\t\t\t\t\t\t\t\t<td class=\"renk\">Ki\u015fisel Verilerin \u0130\u015flenmesinin Hukuki Sebepleri<\/td>\n\t\t\t\t\t\t\t\t\t<td>\n\t\t\t\t\t\t\t\t\t<p>Ki\u015fisel verileriniz, Ekol taraf\u0131ndan yukar\u0131da say\u0131lan ama\u00e7lar\u0131n ger\u00e7ekle\u015ftirilmesi do\u011frultusunda, ba\u015fta KVKK\u2019n\u0131n 5\u2019inci maddesinde belirtilen;<\/p>\n\t\t\t\t\t\t\t\t\t<ul>\n\t\t\t\t\t\t\t\t\t<li>Bir s\u00f6zle\u015fmenin kurulmas\u0131 veya ifas\u0131yla do\u011frudan do\u011fruya ilgili olmas\u0131 kayd\u0131yla, s\u00f6zle\u015fmenin taraflar\u0131na ait ki\u015fisel verilerin i\u015flenmesinin gerekli olmas\u0131,<\/li>\n\t\t\t\t\t\t\t\t\t<li>\u0130lgili ki\u015finin temel hak ve \u00f6zg\u00fcrl\u00fcklerine zarar vermemek kayd\u0131yla, veri sorumlusunun me\u015fru menfaatleri i\u00e7in veri i\u015flenmesinin zorunlu olmas\u0131<\/li>\n\t\t\t\t\t\t\t\t\t<\/ul>\n\t\t\t\t\t\t\t\t\t<p>hukuki sebeplerine dayan\u0131larak i\u015flenmektedir.<\/p>\n\t\t\t\t\t\t\t\t\t<\/tr>\n\t\t\t\t\t\t\t\t\t<tr>\n\t\t\t\t\t\t\t\t\t<td class=\"renk\">Ki\u015fisel Verileri Toplama Y\u00f6ntemleri<\/td>\n\t\t\t\t\t\t\t\t\t<td>Yukar\u0131da belirtilen ki\u015fisel verileriniz bas\u0131l\u0131 ve elektronik formlar vas\u0131tas\u0131yla toplanmaktad\u0131r.<\/td>\n\t\t\t\t\t\t\t\t\t<\/tbody>\n\t\t\t\t\t\t\t\t\t<\/table>\n\t\t\t\t\t\t\t\t\t\n\t\t\t\t\t\t\t\t\t<table class=\"kvkkTablo\">\n\t\t\t\t\t\t\t\t\t<thead>\n\t\t\t\t\t\t\t\t\t<th colspan=\"2\">Mesleki Deneyim Bilgileri<\/th>\n\t\t\t\t\t\t\t\t\t<\/thead>\n\t\t\t\t\t\t\t\t\t<tbody>\n\t\t\t\t\t\t\t\t\t<tr>\n\t\t\t\t\t\t\t\t\t<td class=\"renk\">\u0130\u015flenen Ki\u015fisel Veriler<\/td>\n\t\t\t\t\t\t\t\t\t<td class=\"renk\">Ki\u015fisel Veri \u0130\u015fleme Ama\u00e7lar\u0131<\/td>\n\t\t\t\t\t\t\t\t\t<\/tr>\n\t\t\t\t\t\t\t\t\t<tr>\n\t\t\t\t\t\t\t\t\t<td>\n\t\t\t\t\t\t\t\t\t<ul>\n\t\t\t\t\t\t\t\t\t<li>Diploma Bilgileri<\/li>\n\t\t\t\t\t\t\t\t\t<li>Gidilen Kurs Bilgileri<\/li>\n\t\t\t\t\t\t\t\t\t<li>Meslek \u0130\u00e7i E\u011fitim Bilgileri<\/li>\n\t\t\t\t\t\t\t\t\t<li>Sertifikalar<\/li>\n\t\t\t\t\t\t\t\t\t<li>Yabanc\u0131 Dil Bilgisi<\/li>\n\t\t\t\t\t\t\t\t\t<li>Bilgisayar Kullan\u0131m\u0131 Bilgisi<\/li>\n\t\t\t\t\t\t\t\t\t<\/ul>\n\t\t\t\t\t\t\t\t\t<\/td>\n\t\t\t\t\t\t\t\t\t<td>\u00c7al\u0131\u015fan Aday\u0131\/Stajyer\/\u00d6\u011frenci Se\u00e7me ve Yerle\u015ftirme S\u00fcre\u00e7lerinin Y\u00fcr\u00fct\u00fclmesi, \u00c7al\u0131\u015fan Adaylar\u0131n\u0131n Ba\u015fvuru S\u00fcre\u00e7lerinin Y\u00fcr\u00fct\u00fclmesi, Faaliyetlerin Mevzuata Uygun Y\u00fcr\u00fct\u00fclmesi, \u0130nsan Kaynaklar\u0131 S\u00fcre\u00e7lerinin Planlanmas\u0131, S\u00f6zle\u015fme S\u00fcre\u00e7lerinin Y\u00fcr\u00fct\u00fclmesi<\/td>\n\t\t\t\t\t\t\t\t\t<\/tr>\n\t\t\t\t\t\t\t\t\t<tr>\n\t\t\t\t\t\t\t\t\t<td class=\"renk\">Ki\u015fisel Verilerin \u0130\u015flenmesinin Hukuki Sebepleri<\/td>\n\t\t\t\t\t\t\t\t\t<td>\n\t\t\t\t\t\t\t\t\t<p>Ki\u015fisel verileriniz, Ekol taraf\u0131ndan yukar\u0131da say\u0131lan ama\u00e7lar\u0131n ger\u00e7ekle\u015ftirilmesi do\u011frultusunda, ba\u015fta KVKK\u2019n\u0131n 5\u2019inci maddesinde belirtilen;<\/p>\n\t\t\t\t\t\t\t\t\t<ul>\n\t\t\t\t\t\t\t\t\t<li>Bir s\u00f6zle\u015fmenin kurulmas\u0131 veya ifas\u0131yla do\u011frudan do\u011fruya ilgili olmas\u0131 kayd\u0131yla, s\u00f6zle\u015fmenin taraflar\u0131na ait ki\u015fisel verilerin i\u015flenmesinin gerekli olmas\u0131,<\/li>\n\t\t\t\t\t\t\t\t\t<li>\u0130lgili ki\u015finin temel hak ve \u00f6zg\u00fcrl\u00fcklerine zarar vermemek kayd\u0131yla, veri sorumlusunun me\u015fru menfaatleri i\u00e7in veri i\u015flenmesinin zorunlu olmas\u0131<\/li>\n\t\t\t\t\t\t\t\t\t<\/ul>\n\t\t\t\t\t\t\t\t\t<p>hukuki sebeplerine dayan\u0131larak i\u015flenmektedir.<\/p>\n\t\t\t\t\t\t\t\t\t<\/td>\n\t\t\t\t\t\t\t\t\t<\/tr>\n\t\t\t\t\t\t\t\t\t<tr>\n\t\t\t\t\t\t\t\t\t<td class=\"renk\">Ki\u015fisel Verileri Toplama Y\u00f6ntemleri<\/td>\n\t\t\t\t\t\t\t\t\t<td>Yukar\u0131da belirtilen ki\u015fisel verileriniz bas\u0131l\u0131 ve elektronik formlar vas\u0131tas\u0131yla toplanmaktad\u0131r.<\/td>\n\t\t\t\t\t\t\t\t\t<\/tr>\n\t\t\t\t\t\t\t\t\t<\/tbody>\n\t\t\t\t\t\t\t\t\t<\/table>\n\t\t\t\t\t\t\t\t\t\n\t\t\t\t\t\t\t\t\t<\/div>\n\t\t\t\t\t\t\t\t\t<\/li>\n\t\t\t\t\t\t\t\t\t<li><a href=\"#aday-amac\">Ki\u015fisel Verileriniz Kimlere ve Hangi Ama\u00e7larla Aktar\u0131labilecektir?<\/a>\n\t\t\t\t\t\t\t\t\t<div>\n\t\t\t\t\t\t\t\t\t<p>Ki\u015fisel verileriniz,<\/p>\n\t\t\t\t\t\t\t\t\t<ul><li>\u0130nsan Kaynaklar\u0131 S\u00fcre\u00e7lerinin Planlanmas\u0131 ama\u00e7lar\u0131yla <strong>\u0130\u015ftirakler ve Ba\u011fl\u0131 Ortakl\u0131klar\u2019\u0131m\u0131za,<\/strong><\/li><\/ul>\n\t\t\t\t\t\t\t\t\t<p>aktar\u0131labilecektir.<\/p>\n\t\t\t\t\t\t\t\t\t<\/div>\n\t\t\t\t\t\t\t\t\t<\/li>\n\t\t\t\t\t\t\t\t\t<li><a href=\"#aday-sure\">Ki\u015fisel Verileriniz Ne Kadar S\u00fcre ile Saklan\u0131r?<\/a>\n\t\t\t\t\t\t\t\t\t<div>\n\t\t\t\t\t\t\t\t\t<p>Ki\u015fisel verileriniz, kanunda veya ilgili mevzuatta verinin saklanmas\u0131 i\u00e7in bir s\u00fcre belirlenmi\u015fse, s\u00f6z konusu veri en az bu s\u00fcre kadar saklanmak zorundad\u0131r. Kanunda veya ilgili mevzuatta bir s\u00fcre \u00f6ng\u00f6r\u00fclmemi\u015fse; i\u015flenme ama\u00e7lar\u0131yla ba\u011flant\u0131l\u0131, s\u0131n\u0131rl\u0131 ve \u00f6l\u00e7\u00fcl\u00fc olmak kayd\u0131yla belirlenen makul s\u00fcrelerce saklanmaktad\u0131r.<\/p>\n\t\t\t\t\t\t\t\t\t<\/div>\n\t\t\t\t\t\t\t\t\t<\/li>\n\t\t\t\t\t\t\t\t\t<li><a href=\"#aday-haklar\">\u0130lgili Ki\u015fi Olarak Haklar\u0131n\u0131z Nelerdir?<\/a>\n\t\t\t\t\t\t\t\t\t<div>\n\t\t\t\t\t\t\t\t\t<p>KVKK ve ilgili mevzuat kapsam\u0131nda ki\u015fisel verilerinize ili\u015fkin olarak;<\/p>\n\t\t\t\t\t\t\t\t\t<ul>\n\t\t\t\t\t\t\t\t\t<li>Ki\u015fisel verilerinizin i\u015flenip i\u015flenmedi\u011fini \u00f6\u011frenme,<\/li>\n\t\t\t\t\t\t\t\t\t<li>Ki\u015fisel verileriniz i\u015flenmi\u015fse buna ili\u015fkin bilgi talep etme,<\/li>\n\t\t\t\t\t\t\t\t\t<li>Ki\u015fisel verilerin i\u015flenme amac\u0131n\u0131 ve bunlar\u0131n amac\u0131na uygun kullan\u0131l\u0131p kullan\u0131lmad\u0131\u011f\u0131n\u0131 \u00f6\u011frenme,<\/li>\n\t\t\t\t\t\t\t\t\t<li>Yurt i\u00e7inde veya yurt d\u0131\u015f\u0131nda ki\u015fisel verilerinizin aktar\u0131ld\u0131\u011f\u0131 \u00fc\u00e7\u00fcnc\u00fc ki\u015fileri bilme,<\/li>\n\t\t\t\t\t\t\t\t\t<li>Ki\u015fisel verilerinizin eksik veya yanl\u0131\u015f i\u015flenmi\u015f olmas\u0131 halinde bunlar\u0131n d\u00fczeltilmesini isteme,<\/li>\n\t\t\t\t\t\t\t\t\t<li>KVKK mevzuat\u0131nda \u00f6ng\u00f6r\u00fclen \u015fartlar \u00e7er\u00e7evesinde ki\u015fisel verilerinizin silinmesini veya yok edilmesini isteme,<\/li>\n\t\t\t\t\t\t\t\t\t<li>Eksik veya yanl\u0131\u015f verilerin d\u00fczeltilmesi ile ki\u015fisel verilerinizin silinmesi veya yok edilmesini talep etti\u011finizde, bu durumun ki\u015fisel verilerinizi aktard\u0131\u011f\u0131m\u0131z \u00fc\u00e7\u00fcnc\u00fc ki\u015filere bildirilmesini isteme,<\/li>\n\t\t\t\t\t\t\t\t\t<li>Ki\u015fisel verilerin kanuna ayk\u0131r\u0131 olarak i\u015flenmesi sebebiyle zarara u\u011framan\u0131z halinde bu zarar\u0131n giderilmesini talep etme<\/li>\n\t\t\t\t\t\t\t\t\t<\/ul>\n\t\t\t\t\t\t\t\t\t<p>haklar\u0131na sahipsiniz.<\/p>\n\t\t\t\t\t\t\t\t\t<\/div>\n\t\t\t\t\t\t\t\t\t<\/li>\n\t\t\t\t\t\t\t\t\t<li><a href=\"#aday-kullanim\">Haklar\u0131n\u0131z\u0131 Nas\u0131l Kullanabilirsiniz?<\/a>\n\t\t\t\t\t\t\t\t\t<div>\n\t\t\t\t\t\t\t\t\t<p>Ki\u015fisel verileriniz ile ilgili ba\u015fvuru ve taleplerinizi dilerseniz <a href=\"https:\/\/drive.google.com\/file\/d\/13kfIIT1cLCG1M-kSDrpjFzAFh5W0vyco\/preview\" target=\"_blank\">\u0130lgili Ki\u015fi Ba\u015fvuru Formu<\/a> arac\u0131l\u0131\u011f\u0131yla;<\/p>\n\t\t\t\t\t\t\t\t\t<ul>\n\t\t\t\t\t\t\t\t\t<li>Islak imzal\u0131 ve kimlik fotokopisi ile Ey\u00fcp Sultan, Mehmet Akif Cd. No:3\/A 34885 Sancaktepe\/\u0130stanbul adresine g\u00f6ndererek,<\/li>\n\t\t\t\t\t\t\t\t\t<li>Ge\u00e7erli bir kimlik belgesi ile birlikte Ekol Lojistik A.\u015e.\u2019ye bizzat ba\u015fvurarak, <\/li>\n\t\t\t\t\t\t\t\t\t<li>Mobil imza veya g\u00fcvenli elektronik imza ile imzalay\u0131p <a href=\"mailto:kvkk@ekol.com\">kvkk@ekol.com<\/a> adresine e-posta g\u00f6nderilerek,<\/li>\n\t\t\t\t\t\t\t\t\t<li>Kay\u0131tl\u0131 elektronik posta (KEP) adresi ve g\u00fcvenli elektronik imza ya da mobil imza kullanmak suretiyle <a href=\"mailto:ekol@hs03.kep.tr\">ekol@hs03.kep.tr<\/a> kay\u0131tl\u0131 elektronik posta adresimize g\u00f6ndererek,<\/li>\n\t\t\t\t\t\t\t\t\t<\/ul>\n\t\t\t\t\t\t\t\t\t<p>Ekol Lojistik A.\u015e.\u2019ye iletebilirsiniz.<\/p>\n\t\t\t\t\t\t\t\t\t<p>Veri Sorumlusuna Ba\u015fvuru Usul ve Esaslar\u0131 Hakk\u0131nda Tebli\u011f uyar\u0131nca, \u0130lgili Ki\u015fi\u2019nin, ba\u015fvurusunda isim, soyisim, ba\u015fvuru yaz\u0131l\u0131 ise imza, T.C. kimlik numaras\u0131 (ba\u015fvuruda bulunan ki\u015finin yabanc\u0131 olmas\u0131 halinde uyru\u011fu, pasaport numaras\u0131 veya varsa kimlik numaras\u0131), tebligata esas yerle\u015fim yeri veya i\u015f yeri adresi, varsa bildirime esas elektronik posta adresi, telefon numaras\u0131 ve faks numaras\u0131 ile talep konusuna dair bilgilerin bulunmas\u0131 zorunludur.<\/p>\n\t\t\t\t\t\t\t\t\t<p>\u0130lgili Ki\u015fi, yukar\u0131da belirtilen haklar\u0131 kullanmak i\u00e7in yapaca\u011f\u0131 ve kullanmay\u0131 talep etti\u011fi hakka ili\u015fkin a\u00e7\u0131klamalar\u0131 i\u00e7eren ba\u015fvuruda talep edilen hususu a\u00e7\u0131k ve anla\u015f\u0131l\u0131r \u015fekilde belirtmelidir. Ba\u015fvuruya ili\u015fkin bilgi ve belgelerin ba\u015fvuruya eklenmesi gerekmektedir.<\/p>\n\t\t\t\t\t\t\t\t\t<p>Talep konusunun ba\u015fvuran\u0131n \u015fahs\u0131 ile ilgili olmas\u0131 gerekmekle birlikte, ba\u015fkas\u0131 ad\u0131na hareket ediliyor ise ba\u015fvuruyu yapan\u0131n bu konuda \u00f6zel olarak yetkili olmas\u0131 ve bu yetkinin belgelendirilmesi (vek\u00e2letname) gerekmektedir. Ayr\u0131ca ba\u015fvurunun kimlik ve adres bilgilerini i\u00e7ermesi ve ba\u015fvuruya kimli\u011fi do\u011frulay\u0131c\u0131 belgelerin eklenmesi gerekmektedir.<\/p>\n\t\t\t\t\t\t\t\t\t<p>Yetkisiz \u00fc\u00e7\u00fcnc\u00fc ki\u015filerin ba\u015fkas\u0131 ad\u0131na yapt\u0131\u011f\u0131 talepler de\u011ferlendirmeye al\u0131nmayacakt\u0131r.<\/p>\n\t\t\t\t\t\t\t\t\t<\/div>\n\t\t\t\t\t\t\t\t\t<\/li>\n\t\t\t\t\t\t\t\t\t<li>\n\t\t\t\t\t\t\t\t\t<a href=\"#aday-cevap\">Ki\u015fisel Verilerinizin \u0130\u015flenmesine \u0130li\u015fkin Talepleriniz Ne Kadar S\u00fcrede Cevaplan\u0131r?<\/a>\n\t\t\t\t\t\t\t\t\t<div>\n\t\t\t\t\t\t\t\t\t<p>Ki\u015fisel verilerinize ili\u015fkin hak talepleriniz de\u011ferlendirilerek, bize ula\u015ft\u0131\u011f\u0131 tarihten itibaren en ge\u00e7 30 g\u00fcn i\u00e7erisinde cevaplan\u0131r. Ba\u015fvurunuzun olumsuz de\u011ferlendirilmesi halinde gerek\u00e7eli ret sebepleri ba\u015fvuruda belirtti\u011finiz adrese elektronik posta veya posta yolu ba\u015fta olmak \u00fczere <a href=\"<a href=\"https:\/\/drive.google.com\/file\/d\/13kfIIT1cLCG1M-kSDrpjFzAFh5W0vyco\/preview\" target=\"_blank\">\u0130lgili Ki\u015fi Ba\u015fvuru Formu<\/a>\u2019nda se\u00e7ilen usullerinden biri ile g\u00f6nderilir.<\/p>\n\t\t\t\t\t\t\t\t\t<\/div>\n\t\t\t\t\t\t\t\t\t<\/li>\n\t\t\t\t\t\t\t\t\t<\/ul>\n\t\t\t\t\t\t\t\t<\/li>\n\t\t\t\t\t\t\t\t<li>\n\t\t\t\t\t\t\t\t\t<a href=\"#musteriaday\">Ekol Lojistik A.\u015e. M\u00fc\u015fteri Ayd\u0131nlatma Metni<\/a>\n\t\t\t\t\t\t\t\t\t<ul>\n\t\t\t\t\t\t\t\t\t<p style=\"text-align:center;font-weight:bold;padding-top:10px;\">K\u0130\u015e\u0130SEL VER\u0130LER\u0130N \u0130\u015eLENMES\u0130NE \u0130L\u0130\u015eK\u0130N<br\/>M\u00dc\u015eTER\u0130 AYDINLATMA METN\u0130<\/p>\n\t\t\t\t\t\t\t\t\t<p><strong>Veri Sorumlusu: Ekol Lojistik A.\u015e.<\/strong><br \/>Ey\u00fcp Sultan, Mehmet Akif Cd. No:3\/A 34885 Sancaktepe\/\u0130stanbul<\/p>\n\t\t\t\t\t\t\t\t\t<p>Ekol Lojistik A.\u015e. (bundan sonra \u201cEkol\u201d olarak an\u0131lacakt\u0131r.) olarak; ki\u015fisel verilerinizi 6698 say\u0131l\u0131 Ki\u015fisel Verilerin Korunmas\u0131 Kanunu (\u201cKVKK\u201d) ve ilgili mevzuat ve yasal d\u00fczenlemelerden kaynaklanan faaliyetleri \u00e7er\u00e7evesinde ki\u015fisel verilerinizin i\u015flenmesi, saklanmas\u0131 ve aktar\u0131lmas\u0131 ile ilgili siz m\u00fc\u015fterilerimizi bilgilendirmek amac\u0131yla i\u015fbu ayd\u0131nlatma metnini haz\u0131rlad\u0131k.<\/p>\n\t\t\t\t\t\t\t\t\t<li><a href=\"#musteriaday-amac\">Hangi Ki\u015fisel Verileriniz \u0130\u015flenmekte ve Ki\u015fisel Verilerinizin \u0130\u015flenme Ama\u00e7lar\u0131 Nelerdir?<\/a>\n\t\t\t\t\t\t\t\t\t<div>\n\t\t\t\t\t\t\t\t\t<p>Faaliyetlerimiz ve istihdam ama\u00e7lar\u0131m\u0131z kapsam\u0131nda siz m\u00fc\u015fterilerimizi  a\u015fa\u011f\u0131da yer alan verilerini toplamaktay\u0131z:<\/p>\n\t\t\t\t\t\t\t\t\t\n\t\t\t\t\t\t\t\t\t<table class=\"kvkkTablo\">\n\t\t\t\t\t\t\t\t\t<thead>\n\t\t\t\t\t\t\t\t\t<th colspan=\"2\">Kimlik Bilgileri<\/th>\n\t\t\t\t\t\t\t\t\t<\/thead>\n\t\t\t\t\t\t\t\t\t<tbody>\n\t\t\t\t\t\t\t\t\t<tr>\n\t\t\t\t\t\t\t\t\t<td class=\"renk\">\u0130\u015flenen Ki\u015fisel Veriler<\/td>\n\t\t\t\t\t\t\t\t\t<td class=\"renk\">Ki\u015fisel Veri \u0130\u015fleme Ama\u00e7lar\u0131<\/td>\n\t\t\t\t\t\t\t\t\t<\/tr>\n\t\t\t\t\t\t\t\t\t<tr>\n\t\t\t\t\t\t\t\t\t<td>\n\t\t\t\t\t\t\t\t\t<ul>\n\t\t\t\t\t\t\t\t\t<li>Ad<\/li>\n\t\t\t\t\t\t\t\t\t<li>Soyad<\/li>\n\t\t\t\t\t\t\t\t\t<li>\u0130mza<\/li>\n\t\t\t\t\t\t\t\t\t<li>Ehliyet Fotokopisi<\/li>\n\t\t\t\t\t\t\t\t\t<li>Kimlik Fotokopisi<\/li>\n\t\t\t\t\t\t\t\t\t<li>T.C. Kimlik Numaras\u0131<\/li>\n\t\t\t\t\t\t\t\t\t<li>Vergi Kimlik Numaras\u0131<\/li>\n\t\t\t\t\t\t\t\t\t<li>Ara\u00e7 Plaka Numaras\u0131<\/li>\n\t\t\t\t\t\t\t\t\t<li>Vekaletname Asl\u0131 ve Fotokopisi<\/li>\n\t\t\t\t\t\t\t\t\t<li>\u0130mza Sirk\u00fcleri<\/li>\n\t\t\t\t\t\t\t\t\t<\/ul>\n\t\t\t\t\t\t\t\t\t<\/td>\n\t\t\t\t\t\t\t\t\t<td>Denetim\/Etik Faaliyetlerinin Y\u00fcr\u00fct\u00fclmesi, \u0130\u015f Faaliyetlerinin Y\u00fcr\u00fct\u00fclmesi\/Denetimi, \u0130\u015f S\u00fcreklili\u011finin Sa\u011flanmas\u0131 Faaliyetlerinin Y\u00fcr\u00fct\u00fclmesi, \u0130\u00e7 Denetim\/Soru\u015fturma\/\u0130stihbarat Faaliyetlerinin Y\u00fcr\u00fct\u00fclmesi, \u0130\u015f Sa\u011fl\u0131\u011f\u0131\/G\u00fcvenli\u011fi Faaliyetlerinin Y\u00fcr\u00fct\u00fclmesi, Faaliyetlerin Mevzuata Uygun Y\u00fcr\u00fct\u00fclmesi, Fiziksel Mekan G\u00fcvenli\u011finin Temini, Yetkili Ki\u015fi, Kurum ve Kurulu\u015flara Bilgi Verilmesi, Talep ve \u015eikayetlerin Takibi, M\u00fc\u015fteri \u0130li\u015fkileri Y\u00f6netimi S\u00fcre\u00e7lerinin Y\u00fcr\u00fct\u00fclmesi, M\u00fc\u015fteri Memnuniyetine Y\u00f6nelik Aktivitelerin Y\u00fcr\u00fct\u00fclmesi, Mal\/Hizmet \u00dcretim Ve Operasyon S\u00fcre\u00e7lerinin Y\u00fcr\u00fct\u00fclmesi, \u0130\u015f S\u00fcre\u00e7lerinin \u0130yile\u015ftirilmesine Y\u00f6nelik \u00d6nerilerin Al\u0131nmas\u0131 ve De\u011ferlendirilmesi, Mal\/Hizmet Sat\u0131\u015f S\u00fcre\u00e7lerinin Y\u00fcr\u00fct\u00fclmesi, S\u00f6zle\u015fme S\u00fcre\u00e7lerinin Y\u00fcr\u00fct\u00fclmes\u0130, Mal\/Hizmet Sat\u0131\u015f Sonras\u0131 Destek Hizmetlerinin Y\u00fcr\u00fct\u00fclmesi, Firma\/\u00dcr\u00fcn\/Hizmetlere Ba\u011fl\u0131l\u0131k S\u00fcre\u00e7lerinin Y\u00fcr\u00fct\u00fclmesi, \u0130leti\u015fim Faaliyetlerinin Y\u00fcr\u00fct\u00fclmesi, Mal\/Hizmet Sat\u0131n Al\u0131m S\u00fcre\u00e7lerinin Y\u00fcr\u00fct\u00fclmesi, Organizasyon Ve Etkinlik Y\u00f6netimi, Finans Ve Muhasebe \u0130\u015flerinin Y\u00fcr\u00fct\u00fclmesi, Yat\u0131r\u0131m S\u00fcre\u00e7lerinin Y\u00fcr\u00fct\u00fclmesi, Stratejik Planlama Faaliyetlerin Y\u00fcr\u00fct\u00fclmesi, Lojistik Faaliyetlerinin Y\u00fcr\u00fct\u00fclmesi, Tedarik Zinciri Y\u00f6netimi S\u00fcre\u00e7lerinin Y\u00fcr\u00fct\u00fclmesi, Risk Y\u00f6netimi S\u00fcre\u00e7lerinin Y\u00fcr\u00fct\u00fclmesi, Bilgi G\u00fcvenli\u011fi S\u00fcre\u00e7lerinin Y\u00fcr\u00fct\u00fclmesi, Hukuk \u0130\u015flerinin Takibi Ve Y\u00fcr\u00fct\u00fclmesi, Saklama Ve Ar\u015fiv Faaliyetlerinin Y\u00fcr\u00fct\u00fclmesi, Veri Sorumlusu Operasyonlar\u0131n\u0131n G\u00fcvenli\u011finin Temini<\/td>\n\t\t\t\t\t\t\t\t\t<\/tr>\n\t\t\t\t\t\t\t\t\t<tr>\n\t\t\t\t\t\t\t\t\t<td class=\"renk\">Ki\u015fisel Verilerin \u0130\u015flenmesinin Hukuki Sebepleri<\/td>\n\t\t\t\t\t\t\t\t\t<td>\n\t\t\t\t\t\t\t\t\t<p>Ki\u015fisel verileriniz, Ekol taraf\u0131ndan yukar\u0131da say\u0131lan ama\u00e7lar\u0131n ger\u00e7ekle\u015ftirilmesi do\u011frultusunda, ba\u015fta KVKK\u2019n\u0131n 5\u2019inci maddesinde belirtilen; <\/p>\n\t\t\t\t\t\t\t\t\t<ul>\n\t\t\t\t\t\t\t\t\t<li>Kanunlarda a\u00e7\u0131k\u00e7a \u00f6ng\u00f6r\u00fclmesi,<\/li>\n\t\t\t\t\t\t\t\t\t<li>Bir s\u00f6zle\u015fmenin kurulmas\u0131 veya ifas\u0131yla do\u011frudan do\u011fruya ilgili olmas\u0131 kayd\u0131yla, s\u00f6zle\u015fmenin taraflar\u0131na ait ki\u015fisel verilerin i\u015flenmesinin gerekli olmas\u0131,<\/li>\n\t\t\t\t\t\t\t\t\t<li>Veri sorumlusunun hukuki y\u00fck\u00fcml\u00fcl\u00fc\u011f\u00fcn\u00fc yerine getirebilmesi i\u00e7in zorunlu olmas\u0131,<\/li>\n\t\t\t\t\t\t\t\t\t<li>\u0130lgili ki\u015finin temel hak ve \u00f6zg\u00fcrl\u00fcklerine zarar vermemek kayd\u0131yla, veri sorumlusunun me\u015fru menfaatleri i\u00e7in veri i\u015flenmesinin zorunlu olmas\u0131<\/li>\n\t\t\t\t\t\t\t\t\t<\/ul>\n\t\t\t\t\t\t\t\t\t<p>hukuki sebeplerine dayan\u0131larak i\u015flenmektedir.<\/p>\n\t\t\t\t\t\t\t\t\t<\/td>\n\t\t\t\t\t\t\t\t\t<\/tr>\n\t\t\t\t\t\t\t\t\t<tr>\n\t\t\t\t\t\t\t\t\t<td class=\"renk\">Ki\u015fisel Verileri Toplama Y\u00f6ntemleri<\/td>\n\t\t\t\t\t\t\t\t\t<td>Yukar\u0131da belirtilen ki\u015fisel verileriniz bas\u0131l\u0131 ve elektronik formlar, vekaletnameler, s\u00f6zle\u015fmeler vas\u0131tas\u0131yla veya bir toplant\u0131ya veya etkinli\u011fe kat\u0131l\u0131m s\u0131ras\u0131nda veya sosyal medya hesaplar\u0131 \u00fczerinden toplanmaktad\u0131r.<\/td>\n\t\t\t\t\t\t\t\t\t<\/tr>\n\t\t\t\t\t\t\t\t\t<\/tbody>\n\t\t\t\t\t\t\t\t\t<\/table>\n\t\t\t\t\t\t\t\t\t\n\t\t\t\t\t\t\t\t\t<table class=\"kvkkTablo\">\n\t\t\t\t\t\t\t\t\t<thead>\n\t\t\t\t\t\t\t\t\t<th colspan=\"2\">\u0130leti\u015fim Bilgileri<\/th>\n\t\t\t\t\t\t\t\t\t<\/thead>\n\t\t\t\t\t\t\t\t\t<tbody>\n\t\t\t\t\t\t\t\t\t<tr>\n\t\t\t\t\t\t\t\t\t<td class=\"renk\">\u0130\u015flenen Ki\u015fisel Veriler<\/td>\n\t\t\t\t\t\t\t\t\t<td class=\"renk\">Ki\u015fisel Veri \u0130\u015fleme Ama\u00e7lar\u0131<\/td>\n\t\t\t\t\t\t\t\t\t<\/tr>\n\t\t\t\t\t\t\t\t\t<tr>\n\t\t\t\t\t\t\t\t\t<td>\n\t\t\t\t\t\t\t\t\t<ul>\n\t\t\t\t\t\t\t\t\t<li>\u0130\u015f Yeri \u0130smi\/Unvan\u0131<\/li>\n\t\t\t\t\t\t\t\t\t<li>\u0130kametgah Adresi<\/li>\n\t\t\t\t\t\t\t\t\t<li>E-Posta Adresi<\/li>\n\t\t\t\t\t\t\t\t\t<li>Cep Telefonu Numaras\u0131<\/li>\n\t\t\t\t\t\t\t\t\t<li>\u0130\u015f Telefonu Numaras\u0131<\/li>\n\t\t\t\t\t\t\t\t\t<li>KEP Adresi<\/li>\n\t\t\t\t\t\t\t\t\t<li>Faks Numaras\u0131<\/li>\n\t\t\t\t\t\t\t\t\t<li>\u0130\u015f Yeri Adresi<\/li>\n\t\t\t\t\t\t\t\t\t<\/ul>\n\t\t\t\t\t\t\t\t\t<\/td>\n\t\t\t\t\t\t\t\t\t<td>\u0130\u015f Sa\u011fl\u0131\u011f\u0131\/G\u00fcvenli\u011fi Faaliyetlerinin Y\u00fcr\u00fct\u00fclmesi, Denetim\/Etik Faaliyetlerinin Y\u00fcr\u00fct\u00fclmesi, Faaliyetlerin Mevzuata Uygun Y\u00fcr\u00fct\u00fclmesi, Fiziksel Mekan G\u00fcvenli\u011finin Temini, Yetkili Ki\u015fi, Kurum ve Kurulu\u015flara Bilgi Verilmesi, Talep ve \u015eikayetlerin Takibi, M\u00fc\u015fteri \u0130li\u015fkileri Y\u00f6netimi S\u00fcre\u00e7lerinin Y\u00fcr\u00fct\u00fclmesi, M\u00fc\u015fteri Memnuniyetine Y\u00f6nelik Aktivitelerin Y\u00fcr\u00fct\u00fclmesi, Mal\/Hizmet \u00dcretim Ve Operasyon S\u00fcre\u00e7lerinin Y\u00fcr\u00fct\u00fclmesi, \u0130\u015f S\u00fcreklili\u011finin Sa\u011flanmas\u0131 Faaliyetlerinin Y\u00fcr\u00fct\u00fclmesi, \u0130\u015f S\u00fcre\u00e7lerinin \u0130yile\u015ftirilmesine Y\u00f6nelik \u00d6nerilerin Al\u0131nmas\u0131 ve De\u011ferlendirilmesi, \u0130\u015f Faaliyetlerinin Y\u00fcr\u00fct\u00fclmesi\/Denetimi, Mal\/Hizmet Sat\u0131\u015f S\u00fcre\u00e7lerinin Y\u00fcr\u00fct\u00fclmesi, \u0130leti\u015fim Faaliyetlerinin Y\u00fcr\u00fct\u00fclmesi, Mal\/Hizmet Sat\u0131\u015f Sonras\u0131 Destek Hizmetlerinin Y\u00fcr\u00fct\u00fclmesi, Firma\/\u00dcr\u00fcn\/Hizmetlere Ba\u011fl\u0131l\u0131k S\u00fcre\u00e7lerinin Y\u00fcr\u00fct\u00fclmesi,  Mal\/Hizmet Sat\u0131n Al\u0131m S\u00fcre\u00e7lerinin Y\u00fcr\u00fct\u00fclmesi, Organizasyon Ve Etkinlik Y\u00f6netimi, Finans Ve Muhasebe \u0130\u015flerinin Y\u00fcr\u00fct\u00fclmesi, Yat\u0131r\u0131m S\u00fcre\u00e7lerinin Y\u00fcr\u00fct\u00fclmesi, Lojistik Faaliyetlerinin Y\u00fcr\u00fct\u00fclmesi, Tedarik Zinciri Y\u00f6netimi S\u00fcre\u00e7lerinin Y\u00fcr\u00fct\u00fclmesi, Stratejik Planlama Faaliyetlerin Y\u00fcr\u00fct\u00fclmesi, Risk Y\u00f6netimi S\u00fcre\u00e7lerinin Y\u00fcr\u00fct\u00fclmesi, Bilgi G\u00fcvenli\u011fi S\u00fcre\u00e7lerinin Y\u00fcr\u00fct\u00fclmesi, Saklama ve Ar\u015fiv Faaliyetlerinin Y\u00fcr\u00fct\u00fclmesi<\/td>\n\t\t\t\t\t\t\t\t\t<\/tr>\n\t\t\t\t\t\t\t\t\t<tr>\n\t\t\t\t\t\t\t\t\t<td class=\"renk\">Ki\u015fisel Verilerin \u0130\u015flenmesinin Hukuki Sebepleri<\/td>\n\t\t\t\t\t\t\t\t\t<td>\n\t\t\t\t\t\t\t\t\t<p>Ki\u015fisel verileriniz, Ekol taraf\u0131ndan yukar\u0131da say\u0131lan ama\u00e7lar\u0131n ger\u00e7ekle\u015ftirilmesi do\u011frultusunda, ba\u015fta KVKK\u2019n\u0131n 5\u2019inci maddesinde belirtilen;<\/p>\n\t\t\t\t\t\t\t\t\t<ul>\n\t\t\t\t\t\t\t\t\t<li>Kanunlarda a\u00e7\u0131k\u00e7a \u00f6ng\u00f6r\u00fclmesi,<\/li>\n\t\t\t\t\t\t\t\t\t<li>Bir s\u00f6zle\u015fmenin kurulmas\u0131 veya ifas\u0131yla do\u011frudan do\u011fruya ilgili olmas\u0131 kayd\u0131yla, s\u00f6zle\u015fmenin taraflar\u0131na ait ki\u015fisel verilerin i\u015flenmesinin gerekli olmas\u0131,<\/li>\n\t\t\t\t\t\t\t\t\t<li>Veri sorumlusunun hukuki y\u00fck\u00fcml\u00fcl\u00fc\u011f\u00fcn\u00fc yerine getirebilmesi i\u00e7in zorunlu olmas\u0131,<\/li>\n\t\t\t\t\t\t\t\t\t<li>\u0130lgili ki\u015finin temel hak ve \u00f6zg\u00fcrl\u00fcklerine zarar vermemek kayd\u0131yla, veri sorumlusunun me\u015fru menfaatleri i\u00e7in veri i\u015flenmesinin zorunlu olmas\u0131<\/li>\n\t\t\t\t\t\t\t\t\t<\/ul>\n\t\t\t\t\t\t\t\t\t<p>hukuki sebeplerine dayan\u0131larak i\u015flenmektedir.<\/p>\n\t\t\t\t\t\t\t\t\t<\/td>\n\t\t\t\t\t\t\t\t\t<\/tr>\n\t\t\t\t\t\t\t\t\t<tr>\n\t\t\t\t\t\t\t\t\t<td class=\"renk\">Ki\u015fisel Verileri Toplama Y\u00f6ntemleri<\/td>\n\t\t\t\t\t\t\t\t\t<td>Yukar\u0131da belirtilen ki\u015fisel verileriniz bas\u0131l\u0131 ve elektronik formlar, vekaletnameler, s\u00f6zle\u015fmeler vas\u0131tas\u0131yla veya bir toplant\u0131ya veya etkinli\u011fe kat\u0131l\u0131m s\u0131ras\u0131nda veya sosyal medya hesaplar\u0131 \u00fczerinden toplanmaktad\u0131r.<\/td>\n\t\t\t\t\t\t\t\t\t<\/tr>\n\t\t\t\t\t\t\t\t\t<\/tbody>\n\t\t\t\t\t\t\t\t\t\n\t\t\t\t\t\t\t\t\t<table class=\"kvkkTablo\">\n\t\t\t\t\t\t\t\t\t<thead>\n\t\t\t\t\t\t\t\t\t<th colspan=\"2\">\u00d6zl\u00fck Bilgileri<\/th>\n\t\t\t\t\t\t\t\t\t<\/thead>\n\t\t\t\t\t\t\t\t\t<tbody>\n\t\t\t\t\t\t\t\t\t<tr>\n\t\t\t\t\t\t\t\t\t<td class=\"renk\">\u0130\u015flenen Ki\u015fisel Veriler<\/td>\n\t\t\t\t\t\t\t\t\t<td class=\"renk\">Ki\u015fisel Veri \u0130\u015fleme Ama\u00e7lar\u0131<\/td>\n\t\t\t\t\t\t\t\t\t<\/tr>\n\t\t\t\t\t\t\t\t\t<tr>\n\t\t\t\t\t\t\t\t\t<td>\n\t\t\t\t\t\t\t\t\t<ul>\n\t\t\t\t\t\t\t\t\t<li>Pozisyon\/Unvan Bilgileri<\/li>\n\t\t\t\t\t\t\t\t\t<li>Ge\u00e7ici G\u00f6revlendirme Belgesi<\/li>\n\t\t\t\t\t\t\t\t\t<li>SGK \u0130\u015fe Giri\u015f Bildirgesi<\/li>\n\t\t\t\t\t\t\t\t\t<li>Ki\u015fisel Koruyucu Donan\u0131m Zimmet Formu<\/li>\n\t\t\t\t\t\t\t\t\t<li>\u00c7al\u0131\u015fmaya Uygunluk Belgesi<\/li>\n\t\t\t\t\t\t\t\t\t<li>\u00d6zge\u00e7mi\u015f Bilgileri<\/li>\n\t\t\t\t\t\t\t\t\t<\/ul>\n\t\t\t\t\t\t\t\t\t<\/td>\n\t\t\t\t\t\t\t\t\t<td>Denetim\/Etik Faaliyetlerinin Y\u00fcr\u00fct\u00fclmesi, \u0130\u015f Faaliyetlerinin Y\u00fcr\u00fct\u00fclmesi\/Denetimi, \u0130\u015f S\u00fcreklili\u011finin Sa\u011flanmas\u0131 Faaliyetlerinin Y\u00fcr\u00fct\u00fclmesi, \u0130\u00e7 Denetim\/Soru\u015fturma\/\u0130stihbarat Faaliyetlerinin Y\u00fcr\u00fct\u00fclmesi, \u0130\u015f Sa\u011fl\u0131\u011f\u0131\/G\u00fcvenli\u011fi Faaliyetlerinin Y\u00fcr\u00fct\u00fclmesi, Faaliyetlerin Mevzuata Uygun Y\u00fcr\u00fct\u00fclmesi, Fiziksel Mekan G\u00fcvenli\u011finin Temini, Yetkili Ki\u015fi, Kurum ve Kurulu\u015flara Bilgi Verilmesi, M\u00fc\u015fteri \u0130li\u015fkileri Y\u00f6netimi S\u00fcre\u00e7lerinin Y\u00fcr\u00fct\u00fclmesi, M\u00fc\u015fteri Memnuniyetine Y\u00f6nelik Aktivitelerin Y\u00fcr\u00fct\u00fclmesi, S\u00f6zle\u015fme S\u00fcre\u00e7lerinin Y\u00fcr\u00fct\u00fclmesi, Talep\/\u015eikayetlerin Takibi, Hukuk \u0130\u015flerinin Takibi Ve Y\u00fcr\u00fct\u00fclmesi, \u0130leti\u015fim Faaliyetlerinin Y\u00fcr\u00fct\u00fclmesi, Mal\/Hizmet Sat\u0131\u015f Sonras\u0131 Destek Hizmetlerinin Y\u00fcr\u00fct\u00fclmesi, Firma\/\u00dcr\u00fcn\/Hizmetlere Ba\u011fl\u0131l\u0131k S\u00fcre\u00e7lerinin Y\u00fcr\u00fct\u00fclmesi, Mal\/Hizmet Sat\u0131n Al\u0131m S\u00fcre\u00e7lerinin Y\u00fcr\u00fct\u00fclmesi, Organizasyon Ve Etkinlik Y\u00f6netimi, Mal\/Hizmet \u00dcretim ve Operasyon S\u00fcre\u00e7lerinin Y\u00fcr\u00fct\u00fclmesi, Finans Ve Muhasebe \u0130\u015flerinin Y\u00fcr\u00fct\u00fclmesi, Yat\u0131r\u0131m S\u00fcre\u00e7lerinin Y\u00fcr\u00fct\u00fclmesi, Mal\/Hizmet Sat\u0131\u015f S\u00fcre\u00e7lerinin Y\u00fcr\u00fct\u00fclmesi, Lojistik Faaliyetlerinin Y\u00fcr\u00fct\u00fclmesi, Tedarik Zinciri Y\u00f6netimi S\u00fcre\u00e7lerinin Y\u00fcr\u00fct\u00fclmesi, Stratejik Planlama Faaliyetlerin Y\u00fcr\u00fct\u00fclmesi, Risk Y\u00f6netimi S\u00fcre\u00e7lerinin Y\u00fcr\u00fct\u00fclmesi, Bilgi G\u00fcvenli\u011fi S\u00fcre\u00e7lerinin Y\u00fcr\u00fct\u00fclmesi, Saklama ve Ar\u015fiv Faaliyetlerinin Y\u00fcr\u00fct\u00fclmesi<\/td>\n\t\t\t\t\t\t\t\t\t<\/tr>\n\t\t\t\t\t\t\t\t\t<tr>\n\t\t\t\t\t\t\t\t\t<td class=\"renk\">Ki\u015fisel Verilerin \u0130\u015flenmesinin Hukuki Sebepleri<\/td>\n\t\t\t\t\t\t\t\t\t<td>\n\t\t\t\t\t\t\t\t\t<p>Ki\u015fisel verileriniz, Ekol taraf\u0131ndan yukar\u0131da say\u0131lan ama\u00e7lar\u0131n ger\u00e7ekle\u015ftirilmesi do\u011frultusunda, ba\u015fta KVKK\u2019n\u0131n 5\u2019inci maddesinde belirtilen;<\/p>\n\t\t\t\t\t\t\t\t\t<ul>\n\t\t\t\t\t\t\t\t\t<li>Kanunlarda a\u00e7\u0131k\u00e7a \u00f6ng\u00f6r\u00fclmesi,<\/li>\n\t\t\t\t\t\t\t\t\t<li>Bir s\u00f6zle\u015fmenin kurulmas\u0131 veya ifas\u0131yla do\u011frudan do\u011fruya ilgili olmas\u0131 kayd\u0131yla, s\u00f6zle\u015fmenin taraflar\u0131na ait ki\u015fisel verilerin i\u015flenmesinin gerekli olmas\u0131,<\/li>\n\t\t\t\t\t\t\t\t\t<li>Veri sorumlusunun hukuki y\u00fck\u00fcml\u00fcl\u00fc\u011f\u00fcn\u00fc yerine getirebilmesi i\u00e7in zorunlu olmas\u0131,<\/li>\n\t\t\t\t\t\t\t\t\t<li>\u0130lgili ki\u015finin temel hak ve \u00f6zg\u00fcrl\u00fcklerine zarar vermemek kayd\u0131yla, veri sorumlusunun me\u015fru menfaatleri i\u00e7in veri i\u015flenmesinin zorunlu olmas\u0131<\/li>\n\t\t\t\t\t\t\t\t\t<\/ul>\n\t\t\t\t\t\t\t\t\t<p>hukuki sebeplerine dayan\u0131larak i\u015flenmektedir.<\/p>\n\t\t\t\t\t\t\t\t\t<\/td>\n\t\t\t\t\t\t\t\t\t<\/tr>\n\t\t\t\t\t\t\t\t\t<tr>\n\t\t\t\t\t\t\t\t\t<td class=\"renk\">Ki\u015fisel Verileri Toplama Y\u00f6ntemleri<\/td>\n\t\t\t\t\t\t\t\t\t<td>Yukar\u0131da belirtilen ki\u015fisel verileriniz bas\u0131l\u0131 ve elektronik formlar, vekaletnameler, s\u00f6zle\u015fmeler vas\u0131tas\u0131yla veya bir toplant\u0131ya veya etkinli\u011fe kat\u0131l\u0131m s\u0131ras\u0131nda veya sosyal medya hesaplar\u0131 \u00fczerinden toplanmaktad\u0131r.<\/td>\n\t\t\t\t\t\t\t\t\t<\/tr>\n\t\t\t\t\t\t\t\t\t<\/tbody>\n\t\t\t\t\t\t\t\t\t<\/table>\n\t\t\t\t\t\t\t\t\t\n\t\t\t\t\t\t\t\t\t<table class=\"kvkkTablo\">\n\t\t\t\t\t\t\t\t\t<thead>\n\t\t\t\t\t\t\t\t\t<th colspan=\"2\">Finans Bilgileri<\/th>\n\t\t\t\t\t\t\t\t\t<\/thead>\n\t\t\t\t\t\t\t\t\t<tbody>\n\t\t\t\t\t\t\t\t\t<tr>\n\t\t\t\t\t\t\t\t\t<td class=\"renk\">\u0130\u015flenen Ki\u015fisel Veriler<\/td>\n\t\t\t\t\t\t\t\t\t<td class=\"renk\">Ki\u015fisel Veri \u0130\u015fleme Ama\u00e7lar\u0131<\/td>\n\t\t\t\t\t\t\t\t\t<\/tr>\n\t\t\t\t\t\t\t\t\t<tr>\n\t\t\t\t\t\t\t\t\t<td>\n\t\t\t\t\t\t\t\t\t<ul>\n\t\t\t\t\t\t\t\t\t<li>Banka Hesap Bilgileri<\/li>\n\t\t\t\t\t\t\t\t\t<li>Kredi Kart\u0131 Bilgileri<\/li>\n\t\t\t\t\t\t\t\t\t<\/ul>\n\t\t\t\t\t\t\t\t\t<\/td>\n\t\t\t\t\t\t\t\t\t<td>\u0130\u015f Faaliyetlerinin Y\u00fcr\u00fct\u00fclmesi\/Denetimi, Mal\/Hizmet Sat\u0131\u015f S\u00fcre\u00e7lerinin Y\u00fcr\u00fct\u00fclmesi, Mal\/Hizmet Sat\u0131\u015f Sonras\u0131 Destek Hizmetlerinin Y\u00fcr\u00fct\u00fclmesi, M\u00fc\u015fteri \u0130li\u015fkileri Y\u00f6netimi S\u00fcre\u00e7lerinin Y\u00fcr\u00fct\u00fclmesi, M\u00fc\u015fteri Memnuniyetine Y\u00f6nelik Aktivitelerin Y\u00fcr\u00fct\u00fclmesi, S\u00f6zle\u015fme S\u00fcre\u00e7lerinin Y\u00fcr\u00fct\u00fclmesi, Talep\/\u015eikayetlerin Takibi, \u0130leti\u015fim Faaliyetlerinin Y\u00fcr\u00fct\u00fclmesi, Firma\/\u00dcr\u00fcn\/Hizmetlere Ba\u011fl\u0131l\u0131k S\u00fcre\u00e7lerinin Y\u00fcr\u00fct\u00fclmesi, Faaliyetlerin Mevzuata Uygun Y\u00fcr\u00fct\u00fclmesi, Finans Ve Muhasebe \u0130\u015flerinin Y\u00fcr\u00fct\u00fclmesi, Yat\u0131r\u0131m S\u00fcre\u00e7lerinin Y\u00fcr\u00fct\u00fclmesi<\/td>\n\t\t\t\t\t\t\t\t\t<\/tr>\n\t\t\t\t\t\t\t\t\t<tr>\n\t\t\t\t\t\t\t\t\t<td class=\"renk\">Ki\u015fisel Verilerin \u0130\u015flenmesinin Hukuki Sebepleri<\/td>\n\t\t\t\t\t\t\t\t\t<td>\n\t\t\t\t\t\t\t\t\t<p>Ki\u015fisel verileriniz, Ekol taraf\u0131ndan yukar\u0131da say\u0131lan ama\u00e7lar\u0131n ger\u00e7ekle\u015ftirilmesi do\u011frultusunda, ba\u015fta KVKK\u2019n\u0131n 5\u2019inci maddesinde belirtilen;<\/p>\n\t\t\t\t\t\t\t\t\t<ul>\n\t\t\t\t\t\t\t\t\t<li>Kanunlarda a\u00e7\u0131k\u00e7a \u00f6ng\u00f6r\u00fclmesi,<\/li>\n\t\t\t\t\t\t\t\t\t<li>Bir s\u00f6zle\u015fmenin kurulmas\u0131 veya ifas\u0131yla do\u011frudan do\u011fruya ilgili olmas\u0131 kayd\u0131yla, s\u00f6zle\u015fmenin taraflar\u0131na ait ki\u015fisel verilerin i\u015flenmesinin gerekli olmas\u0131,<\/li>\n\t\t\t\t\t\t\t\t\t<li>Veri sorumlusunun hukuki y\u00fck\u00fcml\u00fcl\u00fc\u011f\u00fcn\u00fc yerine getirebilmesi i\u00e7in zorunlu olmas\u0131,<\/li>\n\t\t\t\t\t\t\t\t\t<li>\u0130lgili ki\u015finin temel hak ve \u00f6zg\u00fcrl\u00fcklerine zarar vermemek kayd\u0131yla, veri sorumlusunun me\u015fru menfaatleri i\u00e7in veri i\u015flenmesinin zorunlu olmas\u0131<\/li>\n\t\t\t\t\t\t\t\t\t<\/ul>\n\t\t\t\t\t\t\t\t\t<p>hukuki sebeplerine dayan\u0131larak i\u015flenmektedir.<\/p>\n\t\t\t\t\t\t\t\t\t<\/td>\n\t\t\t\t\t\t\t\t\t<\/tr>\n\t\t\t\t\t\t\t\t\t<tr>\n\t\t\t\t\t\t\t\t\t<td class=\"renk\">Ki\u015fisel Verileri Toplama Y\u00f6ntemleri<\/td>\n\t\t\t\t\t\t\t\t\t<td>Yukar\u0131da belirtilen ki\u015fisel verileriniz bas\u0131l\u0131 ve elektronik formlar vas\u0131tas\u0131yla toplanmaktad\u0131r.<\/td>\n\t\t\t\t\t\t\t\t\t<\/tbody>\n\t\t\t\t\t\t\t\t\t<\/table>\n\t\t\t\t\t\t\t\t\t\n\t\t\t\t\t\t\t\t\t<table class=\"kvkkTablo\">\n\t\t\t\t\t\t\t\t\t<thead>\n\t\t\t\t\t\t\t\t\t<th colspan=\"2\">M\u00fc\u015fteri \u0130\u015flem Bilgileri<\/th>\n\t\t\t\t\t\t\t\t\t<\/thead>\n\t\t\t\t\t\t\t\t\t<tbody>\n\t\t\t\t\t\t\t\t\t<tr>\n\t\t\t\t\t\t\t\t\t<td class=\"renk\">\u0130\u015flenen Ki\u015fisel Veriler<\/td>\n\t\t\t\t\t\t\t\t\t<td class=\"renk\">Ki\u015fisel Veri \u0130\u015fleme Ama\u00e7lar\u0131<\/td>\n\t\t\t\t\t\t\t\t\t<\/tr>\n\t\t\t\t\t\t\t\t\t<tr>\n\t\t\t\t\t\t\t\t\t<td>\n\t\t\t\t\t\t\t\t\t<ul>\n\t\t\t\t\t\t\t\t\t<li>Fatura, Senet, \u00c7ek Bilgileri<\/li>\n\t\t\t\t\t\t\t\t\t<li>Sipari\u015f Bilgisi<\/li>\n\t\t\t\t\t\t\t\t\t<li>Talep Bilgisi<\/li>\n\t\t\t\t\t\t\t\t\t<li>\u0130\u015flem Bilgisi (\u0130ade, Sipari\u015f, De\u011fi\u015fiklik, \u0130ptal)<\/li>\n\t\t\t\t\t\t\t\t\t<li>M\u00fc\u015fteri Numaras\u0131<\/li>\n\t\t\t\t\t\t\t\t\t<\/ul>\n\t\t\t\t\t\t\t\t\t<\/td>\n\t\t\t\t\t\t\t\t\t<td>\u0130\u015f Faaliyetlerinin Y\u00fcr\u00fct\u00fclmesi\/Denetimi, Mal\/Hizmet Sat\u0131\u015f S\u00fcre\u00e7lerinin Y\u00fcr\u00fct\u00fclmesi, Mal\/Hizmet Sat\u0131\u015f Sonras\u0131 Destek Hizmetlerinin Y\u00fcr\u00fct\u00fclmesi, M\u00fc\u015fteri \u0130li\u015fkileri Y\u00f6netimi S\u00fcre\u00e7lerinin Y\u00fcr\u00fct\u00fclmesi, M\u00fc\u015fteri Memnuniyetine Y\u00f6nelik Aktivitelerin Y\u00fcr\u00fct\u00fclmesi, S\u00f6zle\u015fme S\u00fcre\u00e7lerinin Y\u00fcr\u00fct\u00fclmesi, Talep\/\u015eikayetlerin Takibi, \u0130leti\u015fim Faaliyetlerinin Y\u00fcr\u00fct\u00fclmesi, Mal\/Hizmet \u00dcretim ve Operasyon S\u00fcre\u00e7lerinin Y\u00fcr\u00fct\u00fclmesi, Firma\/\u00dcr\u00fcn\/Hizmetlere Ba\u011fl\u0131l\u0131k S\u00fcre\u00e7lerinin Y\u00fcr\u00fct\u00fclmesi, Saklama Ve Ar\u015fiv Faaliyetlerinin Y\u00fcr\u00fct\u00fclmesi, Veri Sorumlusu Operasyonlar\u0131n\u0131n G\u00fcvenli\u011finin Temini, Faaliyetlerin Mevzuata Uygun Y\u00fcr\u00fct\u00fclmesi, Finans Ve Muhasebe \u0130\u015flerinin Y\u00fcr\u00fct\u00fclmesi, Yat\u0131r\u0131m S\u00fcre\u00e7lerinin Y\u00fcr\u00fct\u00fclmesi, Bilgi G\u00fcvenli\u011fi S\u00fcre\u00e7lerinin Y\u00fcr\u00fct\u00fclmesi, Lojistik Faaliyetlerinin Y\u00fcr\u00fct\u00fclmesi, Tedarik Zinciri Y\u00f6netimi S\u00fcre\u00e7lerinin Y\u00fcr\u00fct\u00fclmesi, Yetkili Ki\u015fi, Kurum Ve Kurulu\u015flara Bilgi Verilmesi<\/td>\n\t\t\t\t\t\t\t\t\t<\/tr>\n\t\t\t\t\t\t\t\t\t<tr>\n\t\t\t\t\t\t\t\t\t<td class=\"renk\">Ki\u015fisel Verilerin \u0130\u015flenmesinin Hukuki Sebepleri<\/td>\n\t\t\t\t\t\t\t\t\t<td>\n\t\t\t\t\t\t\t\t\t<p>Ki\u015fisel verileriniz, Ekol taraf\u0131ndan yukar\u0131da say\u0131lan ama\u00e7lar\u0131n ger\u00e7ekle\u015ftirilmesi do\u011frultusunda, ba\u015fta KVKK\u2019n\u0131n 5\u2019inci maddesinde belirtilen;<\/p>\n\t\t\t\t\t\t\t\t\t<ul>\n\t\t\t\t\t\t\t\t\t<li>Kanunlarda a\u00e7\u0131k\u00e7a \u00f6ng\u00f6r\u00fclmesi,<\/li>\n\t\t\t\t\t\t\t\t\t<li>Bir s\u00f6zle\u015fmenin kurulmas\u0131 veya ifas\u0131yla do\u011frudan do\u011fruya ilgili olmas\u0131 kayd\u0131yla, s\u00f6zle\u015fmenin taraflar\u0131na ait ki\u015fisel verilerin i\u015flenmesinin gerekli olmas\u0131,<\/li>\n\t\t\t\t\t\t\t\t\t<li>Veri sorumlusunun hukuki y\u00fck\u00fcml\u00fcl\u00fc\u011f\u00fcn\u00fc yerine getirebilmesi i\u00e7in zorunlu olmas\u0131,<\/li>\n\t\t\t\t\t\t\t\t\t<li>\u0130lgili ki\u015finin temel hak ve \u00f6zg\u00fcrl\u00fcklerine zarar vermemek kayd\u0131yla, veri sorumlusunun me\u015fru menfaatleri i\u00e7in veri i\u015flenmesinin zorunlu olmas\u0131<\/li>\n\t\t\t\t\t\t\t\t\t<\/ul>\n\t\t\t\t\t\t\t\t\t<p>hukuki sebeplerine dayan\u0131larak i\u015flenmektedir.<\/p>\n\t\t\t\t\t\t\t\t\t<\/td>\n\t\t\t\t\t\t\t\t\t<\/tr>\n\t\t\t\t\t\t\t\t\t<tr>\n\t\t\t\t\t\t\t\t\t<td class=\"renk\">Ki\u015fisel Verileri Toplama Y\u00f6ntemleri<\/td>\n\t\t\t\t\t\t\t\t\t<td>Yukar\u0131da belirtilen ki\u015fisel verileriniz bas\u0131l\u0131 ve elektronik formlar, vekaletnameler, s\u00f6zle\u015fmeler vas\u0131tas\u0131yla veya bir toplant\u0131ya veya etkinli\u011fe kat\u0131l\u0131m s\u0131ras\u0131nda veya sosyal medya hesaplar\u0131 \u00fczerinden toplanmaktad\u0131r.<\/td>\n\t\t\t\t\t\t\t\t\t<\/tr>\n\t\t\t\t\t\t\t\t\t<\/tbody>\n\t\t\t\t\t\t\t\t\t<\/table>\n\t\t\t\t\t\t\t\t\t\n\t\t\t\t\t\t\t\t\t<table class=\"kvkkTablo\">\n\t\t\t\t\t\t\t\t\t<thead>\n\t\t\t\t\t\t\t\t\t<th colspan=\"2\">Hukuki \u0130\u015flem Bilgileri<\/th>\n\t\t\t\t\t\t\t\t\t<\/thead>\n\t\t\t\t\t\t\t\t\t<tbody>\n\t\t\t\t\t\t\t\t\t<tr>\n\t\t\t\t\t\t\t\t\t<td class=\"renk\">\u0130\u015flenen Ki\u015fisel Veriler<\/td>\n\t\t\t\t\t\t\t\t\t<td class=\"renk\">Ki\u015fisel Veri \u0130\u015fleme Ama\u00e7lar\u0131<\/td>\n\t\t\t\t\t\t\t\t\t<\/tr>\n\t\t\t\t\t\t\t\t\t<tr>\n\t\t\t\t\t\t\t\t\t<td>\n\t\t\t\t\t\t\t\t\t<ul>\n\t\t\t\t\t\t\t\t\t<li>Adli Makamlarla Yaz\u0131\u015fmalardaki Bilgiler<\/li>\n\t\t\t\t\t\t\t\t\t<li>\u0130dari Makamlarla Yaz\u0131\u015fmalardaki Bilgiler<\/li>\n\t\t\t\t\t\t\t\t\t<li>\u0130htarname\/\u0130hbarname Kapsam\u0131ndaki Bilgiler<\/li>\n\t\t\t\t\t\t\t\t\t<li>Haciz vb. \u0130lgili Kay\u0131tlar<\/li>\n\t\t\t\t\t\t\t\t\t<li>S\u00f6zle\u015fme Bilgisi<\/li>\n\t\t\t\t\t\t\t\t\t<li>Dava Dosyas\u0131ndaki Bilgiler<\/li>\n\t\t\t\t\t\t\t\t\t<\/ul>\n\t\t\t\t\t\t\t\t\t<\/td>\n\t\t\t\t\t\t\t\t\t<td>Faaliyetlerin Mevzuata Uygun Y\u00fcr\u00fct\u00fclmesi, Lojistik Faaliyetlerinin Y\u00fcr\u00fct\u00fclmesi, Mal\/Hizmet Sat\u0131\u015f S\u00fcre\u00e7lerinin Y\u00fcr\u00fct\u00fclmesi, Mal\/Hizmet \u00dcretim Ve Operasyon S\u00fcre\u00e7lerinin Y\u00fcr\u00fct\u00fclmesi, S\u00f6zle\u015fme S\u00fcre\u00e7lerinin Y\u00fcr\u00fct\u00fclmesi, Yetkili Ki\u015fi, Kurum Ve Kurulu\u015flara Bilgi Verilmesi, Hukuk \u0130\u015flerinin Takibi Ve Y\u00fcr\u00fct\u00fclmesi<\/td>\n\t\t\t\t\t\t\t\t\t<\/tr>\n\t\t\t\t\t\t\t\t\t<tr>\n\t\t\t\t\t\t\t\t\t<td class=\"renk\">Ki\u015fisel Verilerin \u0130\u015flenmesinin Hukuki Sebepleri<\/td>\n\t\t\t\t\t\t\t\t\t<td>\n\t\t\t\t\t\t\t\t\t<p>Ki\u015fisel verileriniz, Ekol taraf\u0131ndan yukar\u0131da say\u0131lan ama\u00e7lar\u0131n ger\u00e7ekle\u015ftirilmesi do\u011frultusunda, ba\u015fta KVKK\u2019n\u0131n 5\u2019inci maddesinde belirtilen;<\/p>\n\t\t\t\t\t\t\t\t\t<ul>\n\t\t\t\t\t\t\t\t\t<li>Kanunlarda a\u00e7\u0131k\u00e7a \u00f6ng\u00f6r\u00fclmesi,<\/li>\n\t\t\t\t\t\t\t\t\t<li>Veri sorumlusunun hukuki y\u00fck\u00fcml\u00fcl\u00fc\u011f\u00fcn\u00fc yerine getirebilmesi i\u00e7in zorunlu olmas\u0131,<\/li>\n\t\t\t\t\t\t\t\t\t<li>\u0130lgili ki\u015finin temel hak ve \u00f6zg\u00fcrl\u00fcklerine zarar vermemek kayd\u0131yla, veri sorumlusunun me\u015fru menfaatleri i\u00e7in veri i\u015flenmesinin zorunlu olmas\u0131<\/li>\n\t\t\t\t\t\t\t\t\t<\/ul>\n\t\t\t\t\t\t\t\t\t<p>hukuki sebeplerine dayan\u0131larak i\u015flenmektedir.<\/p>\n\t\t\t\t\t\t\t\t\t<\/td>\n\t\t\t\t\t\t\t\t\t<\/tr>\n\t\t\t\t\t\t\t\t\t<tr>\n\t\t\t\t\t\t\t\t\t<td class=\"renk\">Ki\u015fisel Verileri Toplama Y\u00f6ntemleri<\/td>\n\t\t\t\t\t\t\t\t\t<td>Yukar\u0131da belirtilen ki\u015fisel verileriniz vekaletnameler, s\u00f6zle\u015fmeler, bas\u0131l\u0131 ve elektronik formlar vas\u0131tas\u0131yla toplanmaktad\u0131r.<\/td>\n\t\t\t\t\t\t\t\t\t<\/tr>\n\t\t\t\t\t\t\t\t\t<\/tbody>\n\t\t\t\t\t\t\t\t\t<\/table>\n\t\t\t\t\t\t\t\t\t\n\t\t\t\t\t\t\t\t\t<table class=\"kvkkTablo\">\n\t\t\t\t\t\t\t\t\t<thead>\n\t\t\t\t\t\t\t\t\t<th colspan=\"2\">Mesleki Deneyim Bilgileri<\/th>\n\t\t\t\t\t\t\t\t\t<\/thead>\n\t\t\t\t\t\t\t\t\t<tbody>\n\t\t\t\t\t\t\t\t\t<tr>\n\t\t\t\t\t\t\t\t\t<td class=\"renk\">\u0130\u015flenen Ki\u015fisel Veriler<\/td>\n\t\t\t\t\t\t\t\t\t<td class=\"renk\">Ki\u015fisel Veri \u0130\u015fleme Ama\u00e7lar\u0131<\/td>\n\t\t\t\t\t\t\t\t\t<\/tr>\n\t\t\t\t\t\t\t\t\t<tr>\n\t\t\t\t\t\t\t\t\t<td>\n\t\t\t\t\t\t\t\t\t<ul>\n\t\t\t\t\t\t\t\t\t<li>Mesleki Yeterlilik Belgesi<\/li>\n\t\t\t\t\t\t\t\t\t<li>\u0130SG E\u011fitim Belgesi<\/li>\n\t\t\t\t\t\t\t\t\t<li>Meslek \u0130\u00e7i E\u011fitim Bilgileri<\/li>\n\t\t\t\t\t\t\t\t\t<\/ul>\n\t\t\t\t\t\t\t\t\t<\/td>\n\t\t\t\t\t\t\t\t\t<td>\u0130\u015f Sa\u011fl\u0131\u011f\u0131\/G\u00fcvenli\u011fi Faaliyetlerinin Y\u00fcr\u00fct\u00fclmesi, Denetim\/Etik Faaliyetlerinin Y\u00fcr\u00fct\u00fclmesi, Faaliyetlerin Mevzuata Uygun Y\u00fcr\u00fct\u00fclmesi, Fiziksel Mekan G\u00fcvenli\u011finin Temini, Yetkili Ki\u015fi, Kurum ve Kurulu\u015flara Bilgi Verilmesi<\/td>\n\t\t\t\t\t\t\t\t\t<\/tr>\n\t\t\t\t\t\t\t\t\t<tr>\n\t\t\t\t\t\t\t\t\t<td class=\"renk\">Ki\u015fisel Verilerin \u0130\u015flenmesinin Hukuki Sebepleri<\/td>\n\t\t\t\t\t\t\t\t\t<td>\n\t\t\t\t\t\t\t\t\t<p>Ki\u015fisel verileriniz, Ekol taraf\u0131ndan yukar\u0131da say\u0131lan ama\u00e7lar\u0131n ger\u00e7ekle\u015ftirilmesi do\u011frultusunda, ba\u015fta KVKK\u2019n\u0131n 5\u2019inci maddesinde belirtilen;<\/p>\n\t\t\t\t\t\t\t\t\t<ul>\n\t\t\t\t\t\t\t\t\t<li>Veri sorumlusunun hukuki y\u00fck\u00fcml\u00fcl\u00fc\u011f\u00fcn\u00fc yerine getirebilmesi i\u00e7in zorunlu olmas\u0131,<\/li>\n\t\t\t\t\t\t\t\t\t<li>\u0130lgili ki\u015finin temel hak ve \u00f6zg\u00fcrl\u00fcklerine zarar vermemek kayd\u0131yla, veri sorumlusunun me\u015fru menfaatleri i\u00e7in veri i\u015flenmesinin zorunlu olmas\u0131<\/li>\n\t\t\t\t\t\t\t\t\t<\/ul>\n\t\t\t\t\t\t\t\t\t<p>hukuki sebeplerine dayan\u0131larak i\u015flenmektedir.<\/p>\n\t\t\t\t\t\t\t\t\t<\/td>\n\t\t\t\t\t\t\t\t\t<\/tr>\n\t\t\t\t\t\t\t\t\t<tr>\n\t\t\t\t\t\t\t\t\t<td class=\"renk\">Ki\u015fisel Verileri Toplama Y\u00f6ntemleri<\/td>\n\t\t\t\t\t\t\t\t\t<td>Yukar\u0131da belirtilen ki\u015fisel verileriniz bas\u0131l\u0131 ve elektronik formlar vas\u0131tas\u0131yla toplanmaktad\u0131r.<\/td>\n\t\t\t\t\t\t\t\t\t<\/tbody>\n\t\t\t\t\t\t\t\t\t<\/table>\n\t\t\t\t\t\t\t\t\t\n\t\t\t\t\t\t\t\t\t<table class=\"kvkkTablo\">\n\t\t\t\t\t\t\t\t\t<thead>\n\t\t\t\t\t\t\t\t\t<th colspan=\"2\">G\u00f6rsel ve \u0130\u015fitsel Kay\u0131t Bilgileri<\/th>\n\t\t\t\t\t\t\t\t\t<\/thead>\n\t\t\t\t\t\t\t\t\t<tbody>\n\t\t\t\t\t\t\t\t\t<tr>\n\t\t\t\t\t\t\t\t\t<td class=\"renk\">\u0130\u015flenen Ki\u015fisel Veriler<\/td>\n\t\t\t\t\t\t\t\t\t<td class=\"renk\">Ki\u015fisel Veri \u0130\u015fleme Ama\u00e7lar\u0131<\/td>\n\t\t\t\t\t\t\t\t\t<\/tr>\n\t\t\t\t\t\t\t\t\t<tr>\n\t\t\t\t\t\t\t\t\t<td>\n\t\t\t\t\t\t\t\t\t<ul>\n\t\t\t\t\t\t\t\t\t<li>G\u00f6rsel Kay\u0131tlar<\/li>\n\t\t\t\t\t\t\t\t\t<li>\u0130\u015fitsel Kay\u0131tlar<\/li>\n\t\t\t\t\t\t\t\t\t<\/td>\n\t\t\t\t\t\t\t\t\t<td>Firma\/\u00dcr\u00fcn\/Hizmetlere Ba\u011fl\u0131l\u0131k S\u00fcre\u00e7lerinin Y\u00fcr\u00fct\u00fclmesi, \u0130leti\u015fim Faaliyetlerinin Y\u00fcr\u00fct\u00fclmesi, M\u00fc\u015fteri \u0130li\u015fkileri Y\u00f6netimi S\u00fcre\u00e7lerinin Y\u00fcr\u00fct\u00fclmesi, M\u00fc\u015fteri Memnuniyetine Y\u00f6nelik Aktivitelerin Y\u00fcr\u00fct\u00fclmesi, Talep\/\u015eikayetlerin Takibi<\/td>\n\t\t\t\t\t\t\t\t\t<\/tr>\n\t\t\t\t\t\t\t\t\t<tr>\n\t\t\t\t\t\t\t\t\t<td class=\"renk\">Ki\u015fisel Verilerin \u0130\u015flenmesinin Hukuki Sebepleri<\/td>\n\t\t\t\t\t\t\t\t\t<td>\n\t\t\t\t\t\t\t\t\t<p>Ki\u015fisel verileriniz, Ekol taraf\u0131ndan yukar\u0131da say\u0131lan ama\u00e7lar\u0131n ger\u00e7ekle\u015ftirilmesi do\u011frultusunda, ba\u015fta KVKK\u2019n\u0131n 5\u2019inci maddesinde belirtilen;<\/p>\n\t\t\t\t\t\t\t\t\t<ul>\n\t\t\t\t\t\t\t\t\t<li>Bir s\u00f6zle\u015fmenin kurulmas\u0131 veya ifas\u0131yla do\u011frudan do\u011fruya ilgili olmas\u0131 kayd\u0131yla, s\u00f6zle\u015fmenin taraflar\u0131na ait ki\u015fisel verilerin i\u015flenmesinin gerekli olmas\u0131,<\/li>\n\t\t\t\t\t\t\t\t\t<li>\u0130lgili ki\u015finin temel hak ve \u00f6zg\u00fcrl\u00fcklerine zarar vermemek kayd\u0131yla, veri sorumlusunun me\u015fru menfaatleri i\u00e7in veri i\u015flenmesinin zorunlu olmas\u0131<\/li>\n\t\t\t\t\t\t\t\t\t<\/ul>\n\t\t\t\t\t\t\t\t\t<p>hukuki sebeplerine dayan\u0131larak i\u015flenmektedir.<\/p>\n\t\t\t\t\t\t\t\t\t<\/td>\n\t\t\t\t\t\t\t\t\t<\/tr>\n\t\t\t\t\t\t\t\t\t<tr>\n\t\t\t\t\t\t\t\t\t<td class=\"renk\">Ki\u015fisel Verileri Toplama Y\u00f6ntemleri<\/td>\n\t\t\t\t\t\t\t\t\t<td>Yukar\u0131da belirtilen ki\u015fisel verileriniz bas\u0131l\u0131 ve elektronik formlar ve CCTV Kay\u0131tlar\u0131 vas\u0131tas\u0131yla toplanmaktad\u0131r.<\/td>\n\t\t\t\t\t\t\t\t\t<\/tr>\n\t\t\t\t\t\t\t\t\t<\/tbody>\n\t\t\t\t\t\t\t\t\t<\/table>\n\t\t\t\t\t\t\t\t\t\n\t\t\t\t\t\t\t\t\t<table class=\"kvkkTablo\">\n\t\t\t\t\t\t\t\t\t<thead>\n\t\t\t\t\t\t\t\t\t<th colspan=\"2\">Fiziksel Mekan G\u00fcvenli\u011fi Bilgileri<\/th>\n\t\t\t\t\t\t\t\t\t<\/thead>\n\t\t\t\t\t\t\t\t\t<tbody>\n\t\t\t\t\t\t\t\t\t<tr>\n\t\t\t\t\t\t\t\t\t<td class=\"renk\">\u0130\u015flenen Ki\u015fisel Veriler<\/td>\n\t\t\t\t\t\t\t\t\t<td class=\"renk\">Ki\u015fisel Veri \u0130\u015fleme Ama\u00e7lar\u0131<\/td>\n\t\t\t\t\t\t\t\t\t<\/tr>\n\t\t\t\t\t\t\t\t\t<tr>\n\t\t\t\t\t\t\t\t\t<td><ul><li>CCTV Kay\u0131tlar\u0131<\/li><\/ul><\/td>\n\t\t\t\t\t\t\t\t\t<td>\u0130\u015f Faaliyetlerinin Y\u00fcr\u00fct\u00fclmesi\/Denetimi, Mal\/Hizmet \u00dcretim ve Operasyon S\u00fcre\u00e7lerinin Y\u00fcr\u00fct\u00fclmesi, Lojistik Faaliyetlerinin Y\u00fcr\u00fct\u00fclmesi<\/td>\n\t\t\t\t\t\t\t\t\t<\/tr>\n\t\t\t\t\t\t\t\t\t<tr>\n\t\t\t\t\t\t\t\t\t<td class=\"renk\">Ki\u015fisel Verilerin \u0130\u015flenmesinin Hukuki Sebepleri<\/td>\n\t\t\t\t\t\t\t\t\t<td>\n\t\t\t\t\t\t\t\t\t<p>Ki\u015fisel verileriniz, Ekol taraf\u0131ndan yukar\u0131da say\u0131lan ama\u00e7lar\u0131n ger\u00e7ekle\u015ftirilmesi do\u011frultusunda, ba\u015fta KVKK\u2019n\u0131n 5\u2019inci maddesinde belirtilen;<\/p>\n\t\t\t\t\t\t\t\t\t<ul>\n\t\t\t\t\t\t\t\t\t<li>Kanunlarda a\u00e7\u0131k\u00e7a \u00f6ng\u00f6r\u00fclmesi,<\/li>\n\t\t\t\t\t\t\t\t\t<li>Veri sorumlusunun hukuki y\u00fck\u00fcml\u00fcl\u00fc\u011f\u00fcn\u00fc yerine getirebilmesi i\u00e7in zorunlu olmas\u0131,<\/li>\n\t\t\t\t\t\t\t\t\t<\/ul>\n\t\t\t\t\t\t\t\t\t<p>hukuki sebeplerine dayan\u0131larak i\u015flenmektedir.<\/p>\n\t\t\t\t\t\t\t\t\t<\/td>\n\t\t\t\t\t\t\t\t\t<\/tr>\n\t\t\t\t\t\t\t\t\t<tr>\n\t\t\t\t\t\t\t\t\t<td class=\"renk\">Ki\u015fisel Verileri Toplama Y\u00f6ntemleri<\/td>\n\t\t\t\t\t\t\t\t\t<td>Yukar\u0131da belirtilen ki\u015fisel verileriniz ile CCTV Kay\u0131tlar\u0131 vas\u0131tas\u0131yla toplanmaktad\u0131r.<\/td>\n\t\t\t\t\t\t\t\t\t<\/tr>\n\t\t\t\t\t\t\t\t\t<\/tbody>\n\t\t\t\t\t\t\t\t\t<\/table>\n\t\t\t\t\t\t\t\t\t\n\t\t\t\t\t\t\t\t\t<table class=\"kvkkTablo\">\n\t\t\t\t\t\t\t\t\t<thead>\n\t\t\t\t\t\t\t\t\t<th colspan=\"2\">\u0130\u015flem G\u00fcvenli\u011fi Bilgileri<\/th>\n\t\t\t\t\t\t\t\t\t<\/thead>\n\t\t\t\t\t\t\t\t\t<tbody>\n\t\t\t\t\t\t\t\t\t<tr>\n\t\t\t\t\t\t\t\t\t<td class=\"renk\">\u0130\u015flenen Ki\u015fisel Veriler<\/td>\n\t\t\t\t\t\t\t\t\t<td class=\"renk\">Ki\u015fisel Veri \u0130\u015fleme Ama\u00e7lar\u0131<\/td>\n\t\t\t\t\t\t\t\t\t<\/tr>\n\t\t\t\t\t\t\t\t\t<td>\n\t\t\t\t\t\t\t\t\t<ul>\n\t\t\t\t\t\t\t\t\t<li>IP Bilgisi<\/li>\n\t\t\t\t\t\t\t\t\t<li>Browser Bilgisi<\/li>\n\t\t\t\t\t\t\t\t\t<\/ul>\n\t\t\t\t\t\t\t\t\t<\/td>\n\t\t\t\t\t\t\t\t\t<td>Firma\/\u00dcr\u00fcn\/Hizmetlere Ba\u011fl\u0131l\u0131k S\u00fcre\u00e7lerinin Y\u00fcr\u00fct\u00fclmesi, \u0130leti\u015fim Faaliyetlerinin Y\u00fcr\u00fct\u00fclmesi, M\u00fc\u015fteri \u0130li\u015fkileri Y\u00f6netimi S\u00fcre\u00e7lerinin Y\u00fcr\u00fct\u00fclmesi, M\u00fc\u015fteri Memnuniyetine Y\u00f6nelik Aktivitelerin Y\u00fcr\u00fct\u00fclmesi, Talep\/\u015eikayetlerin Takibi<\/td>\n\t\t\t\t\t\t\t\t\t<\/tr>\n\t\t\t\t\t\t\t\t\t<tr>\n\t\t\t\t\t\t\t\t\t<td class=\"renk\">Ki\u015fisel Verilerin \u0130\u015flenmesinin Hukuki Sebepleri<\/td>\n\t\t\t\t\t\t\t\t\t<td>\n\t\t\t\t\t\t\t\t\t<p>Ki\u015fisel verileriniz, Ekol taraf\u0131ndan yukar\u0131da say\u0131lan ama\u00e7lar\u0131n ger\u00e7ekle\u015ftirilmesi do\u011frultusunda, ba\u015fta KVKK\u2019n\u0131n 5\u2019inci maddesinde belirtilen;<p>\n\t\t\t\t\t\t\t\t\t<ul>\n\t\t\t\t\t\t\t\t\t<li>Bir s\u00f6zle\u015fmenin kurulmas\u0131 veya ifas\u0131yla do\u011frudan do\u011fruya ilgili olmas\u0131 kayd\u0131yla, s\u00f6zle\u015fmenin taraflar\u0131na ait ki\u015fisel verilerin i\u015flenmesinin gerekli olmas\u0131,<\/li>\n\t\t\t\t\t\t\t\t\t<li>\u0130lgili ki\u015finin temel hak ve \u00f6zg\u00fcrl\u00fcklerine zarar vermemek kayd\u0131yla, veri sorumlusunun me\u015fru menfaatleri i\u00e7in veri i\u015flenmesinin zorunlu olmas\u0131,<\/li>\n\t\t\t\t\t\t\t\t\t<\/ul>\n\t\t\t\t\t\t\t\t\t<p>hukuki sebeplerine dayan\u0131larak i\u015flenmektedir.<\/p>\n\t\t\t\t\t\t\t\t\t<\/td>\n\t\t\t\t\t\t\t\t\t<\/tr>\n\t\t\t\t\t\t\t\t\t<tr>\n\t\t\t\t\t\t\t\t\t<td class=\"renk\">Ki\u015fisel Verileri Toplama Y\u00f6ntemleri<\/td>\n\t\t\t\t\t\t\t\t\t<td>Verileriniz elektronik formlar vas\u0131tas\u0131yla toplanmaktad\u0131r.<\/td>\n\t\t\t\t\t\t\t\t\t<\/tr>\n\t\t\t\t\t\t\t\t\t<\/tbody>\n\t\t\t\t\t\t\t\t\t<\/table>\n\t\t\t\t\t\t\t\t\t\n\t\t\t\t\t\t\t\t\t<\/div>\n\t\t\t\t\t\t\t\t\t<\/li>\n\t\t\t\t\t\t\t\t\t<li>\n\t\t\t\t\t\t\t\t\t<a href=\"#musteri-amackullanim\">Ki\u015fisel Verileriniz Kimlere ve Hangi Ama\u00e7larla Aktar\u0131labilecektir?<\/a>\n\t\t\t\t\t\t\t\t\t<div>\n\t\t\t\t\t\t\t\t\t<p>Ki\u015fisel verileriniz,<\/p>\n\t\t\t\t\t\t\t\t\t<ul>\n\t\t\t\t\t\t\t\t\t<li>Stratejik planlama faaliyetlerin y\u00fcr\u00fct\u00fclmesi, mal\/hizmet \u00fcretim ve operasyon s\u00fcre\u00e7lerinin y\u00fcr\u00fct\u00fclmesi, m\u00fc\u015fteri ili\u015fkileri y\u00f6netimi s\u00fcre\u00e7lerinin y\u00fcr\u00fct\u00fclmesi ama\u00e7lar\u0131yla <strong>\u0130\u015ftirakler ve Ba\u011fl\u0131 Ortakl\u0131klar<\/strong>\u2019\u0131m\u0131za, <\/li>\n\t\t\t\t\t\t\t\t\t<li>Yasal d\u00fczenlemenin \u00f6ng\u00f6rd\u00fc\u011f\u00fc kapsamda, faaliyetlerin mevzuata uygun y\u00fcr\u00fct\u00fclmesi, yetkili ki\u015fi, kurum ve kurulu\u015flara bilgi verilmesi ve i\u015f sa\u011fl\u0131\u011f\u0131\/g\u00fcvenli\u011fi faaliyetlerinin y\u00fcr\u00fct\u00fclmesi ama\u00e7lar\u0131yla <strong>Yetkili Kamu Kurum ve Kurulu\u015flar\u0131<\/strong>\u2019na<\/li>\n\t\t\t\t\t\t\t\t\t<li>Mal\/hizmet \u00fcretim ve operasyon s\u00fcre\u00e7lerinin y\u00fcr\u00fct\u00fclmesi amac\u0131yla <strong>Tedarik\u00e7iler<\/strong>\u2019imize,<\/li>\n\t\t\t\t\t\t\t\t\t<li>\u0130\u015f faaliyetlerinin y\u00fcr\u00fct\u00fclmesi, firma\/\u00fcr\u00fcn\/hizmetlere ba\u011fl\u0131l\u0131k s\u00fcre\u00e7lerinin y\u00fcr\u00fct\u00fclmesi ama\u00e7lar\u0131yla <strong>Ger\u00e7ek Ki\u015filer veya \u00d6zel Hukuk T\u00fczel Ki\u015fileri<\/strong>\u2019ne,<\/li>\n\t\t\t\t\t\t\t\t\t<li>Mal\/hizmet \u00fcretim ve operasyon s\u00fcre\u00e7lerinin y\u00fcr\u00fct\u00fclmesi amac\u0131yla <strong>Alt Y\u00fckleniciler<\/strong>\u2019e<\/li>\n\t\t\t\t\t\t\t\t\t<\/ul>\n\t\t\t\t\t\t\t\t\t<p>aktar\u0131labilecektir.<\/p>\n\t\t\t\t\t\t\t\t\t<p>EKOL Lojistik A.\u015e. olarak, faaliyetimizin yurt d\u0131\u015f\u0131 dahil lojistik hizmetlerini kapsamas\u0131 nedeniyle verinizin i\u015flendi\u011fi s\u00fcre\u00e7 yurt d\u0131\u015f\u0131 ba\u011flant\u0131l\u0131 ise i\u015f faaliyetlerimizin ve personelimizin yurt d\u0131\u015f\u0131 g\u00f6revlendirmeleri ve e\u011fitim faaliyetlerinin y\u00fcr\u00fct\u00fclmesi amac\u0131 ile gerekli teknik ve idari tedbirleri alarak, bu ki\u015filerle ve s\u00fcre\u00e7lerle s\u0131n\u0131rl\u0131 veriler Kanun\u2019daki kurallara uygun olarak yurt d\u0131\u015f\u0131ndaki i\u015ftirakler, ba\u011fl\u0131 ortakl\u0131klar, alt y\u00fckleniciler ve tedarik\u00e7iler ile ilgili \u00fclkedeki mevzuat zorunluluklar\u0131 durumunda yabanc\u0131 kamu kurum ve kurulu\u015flar\u0131 ile payla\u015f\u0131labilecektir.<\/p>\n\t\t\t\t\t\t\t\t\t<\/div>\n\t\t\t\t\t\t\t\t\t<\/li>\n\t\t\t\t\t\t\t\t\t<li>\n\t\t\t\t\t\t\t\t\t<a href=\"#musteri-sure\">Ki\u015fisel Verileriniz Ne Kadar S\u00fcre ile Saklan\u0131r?<\/a>\n\t\t\t\t\t\t\t\t\t<div>\n\t\t\t\t\t\t\t\t\t<p>Ki\u015fisel verileriniz, kanunda veya ilgili mevzuatta verinin saklanmas\u0131 i\u00e7in bir s\u00fcre belirlenmi\u015fse, s\u00f6z konusu veri en az bu s\u00fcre kadar saklanmak zorundad\u0131r. Kanunda veya ilgili mevzuatta bir s\u00fcre \u00f6ng\u00f6r\u00fclmemi\u015fse; i\u015flenme ama\u00e7lar\u0131yla ba\u011flant\u0131l\u0131, s\u0131n\u0131rl\u0131 ve \u00f6l\u00e7\u00fcl\u00fc olmak kayd\u0131yla belirlenen makul s\u00fcrelerce saklanmaktad\u0131r.<\/p>\n\t\t\t\t\t\t\t\t\t<\/div>\n\t\t\t\t\t\t\t\t\t<\/li>\n\t\t\t\t\t\t\t\t\t<li>\n\t\t\t\t\t\t\t\t\t<a href=\"#musteri-haklar\">\u0130lgili Ki\u015fi Olarak Haklar\u0131n\u0131z Nelerdir?<\/a>\n\t\t\t\t\t\t\t\t\t<div>\n\t\t\t\t\t\t\t\t\t<p>KVKK ve ilgili mevzuat kapsam\u0131nda ki\u015fisel verilerinize ili\u015fkin olarak;<\/p>\n\t\t\t\t\t\t\t\t\t<ul>\n\t\t\t\t\t\t\t\t\t<li>Ki\u015fisel verilerinizin i\u015flenip i\u015flenmedi\u011fini \u00f6\u011frenme,<\/li>\n\t\t\t\t\t\t\t\t\t<li>Ki\u015fisel verileriniz i\u015flenmi\u015fse buna ili\u015fkin bilgi talep etme,<\/li>\n\t\t\t\t\t\t\t\t\t<li>Ki\u015fisel verilerin i\u015flenme amac\u0131n\u0131 ve bunlar\u0131n amac\u0131na uygun kullan\u0131l\u0131p kullan\u0131lmad\u0131\u011f\u0131n\u0131 \u00f6\u011frenme,<\/li>\n\t\t\t\t\t\t\t\t\t<li>Yurt i\u00e7inde veya yurt d\u0131\u015f\u0131nda ki\u015fisel verilerinizin aktar\u0131ld\u0131\u011f\u0131 \u00fc\u00e7\u00fcnc\u00fc ki\u015fileri bilme,<\/li>\n\t\t\t\t\t\t\t\t\t<li>Ki\u015fisel verilerinizin eksik veya yanl\u0131\u015f i\u015flenmi\u015f olmas\u0131 halinde bunlar\u0131n d\u00fczeltilmesini isteme,<\/li>\n\t\t\t\t\t\t\t\t\t<li>KVKK mevzuat\u0131nda \u00f6ng\u00f6r\u00fclen \u015fartlar \u00e7er\u00e7evesinde ki\u015fisel verilerinizin silinmesini veya yok edilmesini isteme,<\/li>\n\t\t\t\t\t\t\t\t\t<li>Eksik veya yanl\u0131\u015f verilerin d\u00fczeltilmesi ile ki\u015fisel verilerinizin silinmesi veya yok edilmesini talep etti\u011finizde, bu durumun ki\u015fisel verilerinizi aktard\u0131\u011f\u0131m\u0131z \u00fc\u00e7\u00fcnc\u00fc ki\u015filere bildirilmesini isteme,<\/li>\n\t\t\t\t\t\t\t\t\t<li>Ki\u015fisel verilerin kanuna ayk\u0131r\u0131 olarak i\u015flenmesi sebebiyle zarara u\u011framan\u0131z halinde bu zarar\u0131n giderilmesini talep etme<\/li>\n\t\t\t\t\t\t\t\t\t<\/ul>\n\t\t\t\t\t\t\t\t\t<p>haklar\u0131na sahipsiniz.<\/p>\n\t\t\t\t\t\t\t\t\t<\/div>\n\t\t\t\t\t\t\t\t\t<\/li>\n\t\t\t\t\t\t\t\t\t<li>\n\t\t\t\t\t\t\t\t\t<a href=\"#musteri-hak-kullanim\">Haklar\u0131n\u0131z\u0131 Nas\u0131l Kullanabilirsiniz?<\/a>\n\t\t\t\t\t\t\t\t\t<div>\n\t\t\t\t\t\t\t\t\t<p>Ki\u015fisel verileriniz ile ilgili ba\u015fvuru ve taleplerinizi dilerseniz <a href=\"https:\/\/drive.google.com\/file\/d\/13kfIIT1cLCG1M-kSDrpjFzAFh5W0vyco\/preview\" target=\"_blank\">\u0130lgili Ki\u015fi Ba\u015fvuru Formu<\/a> arac\u0131l\u0131\u011f\u0131yla;<\/p>\n\t\t\t\t\t\t\t\t\t<ul>\n\t\t\t\t\t\t\t\t\t<li>Islak imzal\u0131 ve kimlik fotokopisi ile  Ey\u00fcp Sultan, Mehmet Akif Cd. No:3\/A 34885 Sancaktepe\/\u0130stanbul adresine g\u00f6ndererek,<\/li>\n\t\t\t\t\t\t\t\t\t<li>Ge\u00e7erli bir kimlik belgesi ile birlikte Ekol Lojistik A.\u015e.\u2019ye bizzat ba\u015fvurarak, <\/li>\n\t\t\t\t\t\t\t\t\t<li>Mobil imza veya g\u00fcvenli elektronik imza ile imzalay\u0131p <a href=\"mailto:kvkk@ekol.com\">kvkk@ekol.com<\/a> adresine e-posta g\u00f6nderilerek,<\/li>\n\t\t\t\t\t\t\t\t\t<li>Kay\u0131tl\u0131 elektronik posta (KEP) adresi ve g\u00fcvenli elektronik imza ya da mobil imza kullanmak suretiyle <a href=\"mailto:\">ekol@hs03.kep.tr<\/a> kay\u0131tl\u0131 elektronik posta adresimize g\u00f6ndererek,<\/li>\n\t\t\t\t\t\t\t\t\t<\/ul>\n\t\t\t\t\t\t\t\t\t<p>Ekol Lojistik A.\u015e.\u2019ye iletebilirsiniz.<\/p>\n\t\t\t\t\t\t\t\t\t<p>Veri Sorumlusuna Ba\u015fvuru Usul ve Esaslar\u0131 Hakk\u0131nda Tebli\u011f uyar\u0131nca, \u0130lgili Ki\u015fi\u2019nin, ba\u015fvurusunda isim, soyisim, ba\u015fvuru yaz\u0131l\u0131 ise imza, T.C. kimlik numaras\u0131 (ba\u015fvuruda bulunan ki\u015finin yabanc\u0131 olmas\u0131 halinde uyru\u011fu, pasaport numaras\u0131 veya varsa kimlik numaras\u0131), tebligata esas yerle\u015fim yeri veya i\u015f yeri adresi, varsa bildirime esas elektronik posta adresi, telefon numaras\u0131 ve faks numaras\u0131 ile talep konusuna dair bilgilerin bulunmas\u0131 zorunludur.<\/p>\n\t\t\t\t\t\t\t\t\t<p>\u0130lgili Ki\u015fi, yukar\u0131da belirtilen haklar\u0131 kullanmak i\u00e7in yapaca\u011f\u0131 ve kullanmay\u0131 talep etti\u011fi hakka ili\u015fkin a\u00e7\u0131klamalar\u0131 i\u00e7eren ba\u015fvuruda talep edilen hususu a\u00e7\u0131k ve anla\u015f\u0131l\u0131r \u015fekilde belirtmelidir. Ba\u015fvuruya ili\u015fkin bilgi ve belgelerin ba\u015fvuruya eklenmesi gerekmektedir.<\/p>\n\t\t\t\t\t\t\t\t\t<p>Talep konusunun ba\u015fvuran\u0131n \u015fahs\u0131 ile ilgili olmas\u0131 gerekmekle birlikte, ba\u015fkas\u0131 ad\u0131na hareket ediliyor ise ba\u015fvuruyu yapan\u0131n bu konuda \u00f6zel olarak yetkili olmas\u0131 ve bu yetkinin belgelendirilmesi (vek\u00e2letname) gerekmektedir. Ayr\u0131ca ba\u015fvurunun kimlik ve adres bilgilerini i\u00e7ermesi ve ba\u015fvuruya kimli\u011fi do\u011frulay\u0131c\u0131 belgelerin eklenmesi gerekmektedir.<\/p>\n\t\t\t\t\t\t\t\t\t<p>Yetkisiz \u00fc\u00e7\u00fcnc\u00fc ki\u015filerin ba\u015fkas\u0131 ad\u0131na yapt\u0131\u011f\u0131 talepler de\u011ferlendirmeye al\u0131nmayacakt\u0131r.<\/p>\n\t\t\t\t\t\t\t\t\t<\/div>\n\t\t\t\t\t\t\t\t\t<\/li>\n\t\t\t\t\t\t\t\t\t<li>\n\t\t\t\t\t\t\t\t\t<a href=\"#musteri-cevap\">Ki\u015fisel Verilerinizin \u0130\u015flenmesine \u0130li\u015fkin Talepleriniz Ne Kadar S\u00fcrede Cevaplan\u0131r?<\/a>\n\t\t\t\t\t\t\t\t\t<div>\n\t\t\t\t\t\t\t\t\t<p>Ki\u015fisel verilerinize ili\u015fkin hak talepleriniz de\u011ferlendirilerek, bize ula\u015ft\u0131\u011f\u0131 tarihten itibaren en ge\u00e7 30 g\u00fcn i\u00e7erisinde cevaplan\u0131r. Ba\u015fvurunuzun olumsuz de\u011ferlendirilmesi halinde gerek\u00e7eli ret sebepleri ba\u015fvuruda belirtti\u011finiz adrese elektronik posta veya posta yolu ba\u015fta olmak \u00fczere <a href=\"https:\/\/drive.google.com\/file\/d\/13kfIIT1cLCG1M-kSDrpjFzAFh5W0vyco\/preview\" target=\"_blank\">\u0130lgili Ki\u015fi Ba\u015fvuru Formu<\/a>\u2019nda se\u00e7ilen usullerinden biri ile g\u00f6nderilir.<\/p>\n\t\t\t\t\t\t\t\t\t<\/div>\n\t\t\t\t\t\t\t\t\t<\/li>\n\t\t\t\t\t\t\t\t\t<\/ul>\n\t\t\t\t\t\t\t\t<\/li>\n\n\t\t\t\t\t\t\t\t<li>\n\t\t\t\t\t\t\t\t\t<a href=\"#stajyer\">Ekol Lojistik A.\u015e. Stajyer Aday\u0131 Ayd\u0131nlatma Metni<\/a>\n\t\t\t\t\t\t\t\t\t<ul>\n\t\t\t\t\t\t\t\t\t<p style=\"text-align:center;font-weight:bold;padding-top:10px;\">K\u0130\u015e\u0130SEL VER\u0130LER\u0130N \u0130\u015eLENMES\u0130NE \u0130L\u0130\u015eK\u0130N<br \/>STAJYER ADAYI AYDINLATMA METN\u0130<\/p>\n\t\t\t\t\t\t\t\t\t<p><strong>Veri Sorumlusu: Ekol Lojistik A.\u015e.<\/strong><br \/>Ey\u00fcp Sultan, Mehmet Akif Cd. No:3\/A 34885 Sancaktepe\/\u0130stanbul<\/p>\n\t\t\t\t\t\t\t\t\t<p>Ekol Lojistik A.\u015e. (bundan sonra \u201cEkol\u201d olarak an\u0131lacakt\u0131r.) olarak; ki\u015fisel verilerinizi 6698 say\u0131l\u0131 Ki\u015fisel Verilerin Korunmas\u0131 Kanunu (\u201cKVKK\u201d) ve ilgili mevzuat ve yasal d\u00fczenlemelerden kaynaklanan faaliyetleri \u00e7er\u00e7evesinde ki\u015fisel verilerinizin i\u015flenmesi, saklanmas\u0131 ve aktar\u0131lmas\u0131 ile ilgili siz stajyer adaylar\u0131m\u0131z\u0131 bilgilendirmek amac\u0131yla i\u015fbu ayd\u0131nlatma metnini haz\u0131rlad\u0131k.<\/p>\n\t\t\t\t\t\t\t\t\t<li><a href=\"#stajyeradayi-amac\">Hangi Ki\u015fisel Verileriniz \u0130\u015flenmekte ve Ki\u015fisel Verilerinizin \u0130\u015flenme Ama\u00e7lar\u0131 Nelerdir?<\/a>\n\t\t\t\t\t\t\t\t\t<div>\n\t\t\t\t\t\t\t\t\t<p>Faaliyetlerimiz ve istihdam ama\u00e7lar\u0131m\u0131z kapsam\u0131nda siz stajyerler adaylar\u0131m\u0131z\u0131n a\u015fa\u011f\u0131da yer alan verilerini toplamaktay\u0131z:<\/p>\n\t\t\t\t\t\t\t\t\t\n\t\t\t\t\t\t\t\t\t<table class=\"kvkkTablo\">\n\t\t\t\t\t\t\t\t\t<thead>\n\t\t\t\t\t\t\t\t\t<th colspan=\"2\">Kimlik Bilgileri<\/th>\n\t\t\t\t\t\t\t\t\t<\/thead>\n\t\t\t\t\t\t\t\t\t<tbody>\n\t\t\t\t\t\t\t\t\t<tr>\n\t\t\t\t\t\t\t\t\t<td class=\"renk\">\u0130\u015flenen Ki\u015fisel Veriler<\/td>\n\t\t\t\t\t\t\t\t\t<td class=\"renk\">Ki\u015fisel Veri \u0130\u015fleme Ama\u00e7lar\u0131<\/td>\n\t\t\t\t\t\t\t\t\t<\/tr>\n\t\t\t\t\t\t\t\t\t<tr>\n\t\t\t\t\t\t\t\t\t<td>\n\t\t\t\t\t\t\t\t\t<ul>\n\t\t\t\t\t\t\t\t\t<li>Ad<\/li>\n\t\t\t\t\t\t\t\t\t<li>Soyad<\/li>\n\t\t\t\t\t\t\t\t\t<li>Do\u011fum Tarihi<\/li>\n\t\t\t\t\t\t\t\t\t<li>\u0130mza<\/li>\n\t\t\t\t\t\t\t\t\t<\/ul>\n\t\t\t\t\t\t\t\t\t<\/td>\n\t\t\t\t\t\t\t\t\t<td>\u00c7al\u0131\u015fan Aday\u0131\/Stajyer\/\u00d6\u011frenci Se\u00e7me ve Yerle\u015ftirme S\u00fcre\u00e7lerinin Y\u00fcr\u00fct\u00fclmesi, \u00c7al\u0131\u015fan Adaylar\u0131n\u0131n Ba\u015fvuru S\u00fcre\u00e7lerinin Y\u00fcr\u00fct\u00fclmesi, Faaliyetlerin Mevzuata Uygun Y\u00fcr\u00fct\u00fclmesi, \u0130nsan Kaynaklar\u0131 S\u00fcre\u00e7lerinin Planlanmas\u0131, S\u00f6zle\u015fme S\u00fcre\u00e7lerinin Y\u00fcr\u00fct\u00fclmesi<\/td>\n\t\t\t\t\t\t\t\t\t<\/tr>\n\t\t\t\t\t\t\t\t\t<tr>\n\t\t\t\t\t\t\t\t\t<td class=\"renk\">Ki\u015fisel Verilerin \u0130\u015flenmesinin Hukuki Sebepleri<\/td>\n\t\t\t\t\t\t\t\t\t<td>\n\t\t\t\t\t\t\t\t\t<p>Ki\u015fisel verileriniz, Ekol taraf\u0131ndan yukar\u0131da say\u0131lan ama\u00e7lar\u0131n ger\u00e7ekle\u015ftirilmesi do\u011frultusunda, ba\u015fta KVKK\u2019n\u0131n 5\u2019inci maddesinde belirtilen;<\/p>\n\t\t\t\t\t\t\t\t\t<ul>\n\t\t\t\t\t\t\t\t\t<li>Bir s\u00f6zle\u015fmenin kurulmas\u0131 veya ifas\u0131yla do\u011frudan do\u011fruya ilgili olmas\u0131 kayd\u0131yla, s\u00f6zle\u015fmenin taraflar\u0131na ait ki\u015fisel verilerin i\u015flenmesinin gerekli olmas\u0131,<\/li>\n\t\t\t\t\t\t\t\t\t<li>\u0130lgili ki\u015finin temel hak ve \u00f6zg\u00fcrl\u00fcklerine zarar vermemek kayd\u0131yla, veri sorumlusunun me\u015fru menfaatleri i\u00e7in veri i\u015flenmesinin zorunlu olmas\u0131<\/li>\n\t\t\t\t\t\t\t\t\t<\/ul>\n\t\t\t\t\t\t\t\t\t<p>hukuki sebeplerine dayan\u0131larak i\u015flenmektedir.<\/p>\n\t\t\t\t\t\t\t\t\t<\/td>\n\t\t\t\t\t\t\t\t\t<\/tr>\n\t\t\t\t\t\t\t\t\t<tr>\n\t\t\t\t\t\t\t\t\t<td class=\"renk\">Ki\u015fisel Verileri Toplama Y\u00f6ntemleri<\/td>\n\t\t\t\t\t\t\t\t\t<td>Yukar\u0131da belirtilen ki\u015fisel verileriniz bas\u0131l\u0131 ve elektronik formlar ile elektronik sistemler vas\u0131tas\u0131yla toplanmaktad\u0131r.<\/td>\n\t\t\t\t\t\t\t\t\t<\/tr>\n\t\t\t\t\t\t\t\t\t<\/tbody>\n\t\t\t\t\t\t\t\t\t<\/table>\n\t\t\t\t\t\t\t\t\t\n\t\t\t\t\t\t\t\t\t<table class=\"kvkkTablo\">\n\t\t\t\t\t\t\t\t\t<thead>\n\t\t\t\t\t\t\t\t\t<th colspan=\"2\">\u0130leti\u015fim Bilgileri<\/th>\n\t\t\t\t\t\t\t\t\t<\/thead>\n\t\t\t\t\t\t\t\t\t<tbody>\n\t\t\t\t\t\t\t\t\t<tr>\n\t\t\t\t\t\t\t\t\t<td class=\"renk\">\u0130\u015flenen Ki\u015fisel Veriler<\/td>\n\t\t\t\t\t\t\t\t\t<td class=\"renk\">Ki\u015fisel Veri \u0130\u015fleme Ama\u00e7lar\u0131<\/td>\n\t\t\t\t\t\t\t\t\t<\/tr>\n\t\t\t\t\t\t\t\t\t<tr>\n\t\t\t\t\t\t\t\t\t<td>\n\t\t\t\t\t\t\t\t\t<ul>\n\t\t\t\t\t\t\t\t\t<li>E-Posta<\/li>\n\t\t\t\t\t\t\t\t\t<li>\u0130kametgah Adresi<\/li>\n\t\t\t\t\t\t\t\t\t<li>Cep Telefonu Numaras\u0131<\/li>\n\t\t\t\t\t\t\t\t\t<\/ul>\n\t\t\t\t\t\t\t\t\t<\/td>\n\t\t\t\t\t\t\t\t\t<td>\u00c7al\u0131\u015fan Aday\u0131\/Stajyer\/\u00d6\u011frenci Se\u00e7me ve Yerle\u015ftirme S\u00fcre\u00e7lerinin Y\u00fcr\u00fct\u00fclmesi, \u00c7al\u0131\u015fan Adaylar\u0131n\u0131n Ba\u015fvuru S\u00fcre\u00e7lerinin Y\u00fcr\u00fct\u00fclmesi, Faaliyetlerin Mevzuata Uygun Y\u00fcr\u00fct\u00fclmesi, \u0130nsan Kaynaklar\u0131 S\u00fcre\u00e7lerinin Planlanmas\u0131, S\u00f6zle\u015fme S\u00fcre\u00e7lerinin Y\u00fcr\u00fct\u00fclmesi<\/td>\n\t\t\t\t\t\t\t\t\t<\/tr>\n\t\t\t\t\t\t\t\t\t<tr>\n\t\t\t\t\t\t\t\t\t<td class=\"renk\">Ki\u015fisel Verilerin \u0130\u015flenmesinin Hukuki Sebepleri<\/td>\n\t\t\t\t\t\t\t\t\t<td>\n\t\t\t\t\t\t\t\t\t<p>Ki\u015fisel verileriniz, Ekol taraf\u0131ndan yukar\u0131da say\u0131lan ama\u00e7lar\u0131n ger\u00e7ekle\u015ftirilmesi do\u011frultusunda, ba\u015fta KVKK\u2019n\u0131n 5\u2019inci maddesinde belirtilen;<\/p>\n\t\t\t\t\t\t\t\t\t<ul>\n\t\t\t\t\t\t\t\t\t<li>Bir s\u00f6zle\u015fmenin kurulmas\u0131 veya ifas\u0131yla do\u011frudan do\u011fruya ilgili olmas\u0131 kayd\u0131yla, s\u00f6zle\u015fmenin taraflar\u0131na ait ki\u015fisel verilerin i\u015flenmesinin gerekli olmas\u0131,<\/li>\n\t\t\t\t\t\t\t\t\t<li>\u0130lgili ki\u015finin temel hak ve \u00f6zg\u00fcrl\u00fcklerine zarar vermemek kayd\u0131yla, veri sorumlusunun me\u015fru menfaatleri i\u00e7in veri i\u015flenmesinin zorunlu olmas\u0131<\/li>\t\n\t\t\t\t\t\t\t\t\t<\/ul>\n\t\t\t\t\t\t\t\t\t<p>hukuki sebeplerine dayan\u0131larak i\u015flenmektedir.<\/p>\n\t\t\t\t\t\t\t\t\t<\/td>\n\t\t\t\t\t\t\t\t\t<\/tr>\n\t\t\t\t\t\t\t\t\t<tr>\n\t\t\t\t\t\t\t\t\t<td class=\"renk\">Ki\u015fisel Verileri Toplama Y\u00f6ntemleri<\/td>\n\t\t\t\t\t\t\t\t\t<td>Yukar\u0131da belirtilen ki\u015fisel verileriniz bas\u0131l\u0131 ve elektronik formlar ile elektronik sistemler vas\u0131tas\u0131yla toplanmaktad\u0131r.<\/td>\n\t\t\t\t\t\t\t\t\t<\/tr>\n\t\t\t\t\t\t\t\t\t<\/tbody>\n\t\t\t\t\t\t\t\t\t<\/table>\n\t\t\t\t\t\t\t\t\t\n\t\t\t\t\t\t\t\t\t<table class=\"kvkkTablo\">\n\t\t\t\t\t\t\t\t\t<thead>\n\t\t\t\t\t\t\t\t\t<th colspan=\"2\">\u00d6zl\u00fck Bilgileri<\/th>\n\t\t\t\t\t\t\t\t\t<\/thead>\n\t\t\t\t\t\t\t\t\t<tbody>\n\t\t\t\t\t\t\t\t\t<tr>\n\t\t\t\t\t\t\t\t\t<td class=\"renk\">\u0130\u015flenen Ki\u015fisel Veriler<\/td>\n\t\t\t\t\t\t\t\t\t<td class=\"renk\">Ki\u015fisel Veri \u0130\u015fleme Ama\u00e7lar\u0131<\/td>\n\t\t\t\t\t\t\t\t\t<\/tr>\n\t\t\t\t\t\t\t\t\t<tr>\n\t\t\t\t\t\t\t\t\t<td>\n\t\t\t\t\t\t\t\t\t<ul>\n\t\t\t\t\t\t\t\t\t<li>\u00d6zge\u00e7mi\u015f Bilgileri<\/li>\n\t\t\t\t\t\t\t\t\t<li>Ba\u015fvurulan Pozisyon Bilgisi<\/li>\n\t\t\t\t\t\t\t\t\t<\/ul>\n\t\t\t\t\t\t\t\t\t<\/td>\n\t\t\t\t\t\t\t\t\t<td>\u00c7al\u0131\u015fan Aday\u0131\/Stajyer\/\u00d6\u011frenci Se\u00e7me ve Yerle\u015ftirme S\u00fcre\u00e7lerinin Y\u00fcr\u00fct\u00fclmesi, \u00c7al\u0131\u015fan Adaylar\u0131n\u0131n Ba\u015fvuru S\u00fcre\u00e7lerinin Y\u00fcr\u00fct\u00fclmesi, Faaliyetlerin Mevzuata Uygun Y\u00fcr\u00fct\u00fclmesi, \u0130nsan Kaynaklar\u0131 S\u00fcre\u00e7lerinin Planlanmas\u0131, S\u00f6zle\u015fme S\u00fcre\u00e7lerinin Y\u00fcr\u00fct\u00fclmesi<\/td>\n\t\t\t\t\t\t\t\t\t<\/tr>\n\t\t\t\t\t\t\t\t\t<tr>\n\t\t\t\t\t\t\t\t\t<td class=\"renk\">Ki\u015fisel Verilerin \u0130\u015flenmesinin Hukuki Sebepleri<\/td>\n\t\t\t\t\t\t\t\t\t<td>\n\t\t\t\t\t\t\t\t\t<p>Ki\u015fisel verileriniz, Ekol taraf\u0131ndan yukar\u0131da say\u0131lan ama\u00e7lar\u0131n ger\u00e7ekle\u015ftirilmesi do\u011frultusunda, ba\u015fta KVKK\u2019n\u0131n 5\u2019inci maddesinde belirtilen;<\/p>\n\t\t\t\t\t\t\t\t\t<ul>\n\t\t\t\t\t\t\t\t\t<li>Bir s\u00f6zle\u015fmenin kurulmas\u0131 veya ifas\u0131yla do\u011frudan do\u011fruya ilgili olmas\u0131 kayd\u0131yla, s\u00f6zle\u015fmenin taraflar\u0131na ait ki\u015fisel verilerin i\u015flenmesinin gerekli olmas\u0131,<\/li>\n\t\t\t\t\t\t\t\t\t<li>\u0130lgili ki\u015finin temel hak ve \u00f6zg\u00fcrl\u00fcklerine zarar vermemek kayd\u0131yla, veri sorumlusunun me\u015fru menfaatleri i\u00e7in veri i\u015flenmesinin zorunlu olmas\u0131<\/li>\n\t\t\t\t\t\t\t\t\t<\/ul>\n\t\t\t\t\t\t\t\t\t<p>hukuki sebeplerine dayan\u0131larak i\u015flenmektedir.<\/p>\n\t\t\t\t\t\t\t\t\t<\/td>\n\t\t\t\t\t\t\t\t\t<\/tr>\n\t\t\t\t\t\t\t\t\t<tr>\n\t\t\t\t\t\t\t\t\t<td class=\"renk\">Ki\u015fisel Verileri Toplama Y\u00f6ntemleri<\/td>\n\t\t\t\t\t\t\t\t\t<td>Yukar\u0131da belirtilen ki\u015fisel verileriniz bas\u0131l\u0131 ve elektronik formlar vas\u0131tas\u0131yla toplanmaktad\u0131r.  <\/td>\n\t\t\t\t\t\t\t\t\t<\/tr>\n\t\t\t\t\t\t\t\t\t<\/tbody>\n\t\t\t\t\t\t\t\t\t<\/table>\n\t\t\t\t\t\t\t\t\t\n\t\t\t\t\t\t\t\t\t<table class=\"kvkkTablo\">\n\t\t\t\t\t\t\t\t\t<thead>\n\t\t\t\t\t\t\t\t\t<th colspan=\"2\">Mesleki Deneyim Bilgileri<\/th>\n\t\t\t\t\t\t\t\t\t<\/thead>\n\t\t\t\t\t\t\t\t\t<tbody>\n\t\t\t\t\t\t\t\t\t<tr>\n\t\t\t\t\t\t\t\t\t<td class=\"renk\">\u0130\u015flenen Ki\u015fisel Veriler<\/td>\n\t\t\t\t\t\t\t\t\t<td class=\"renk\">Ki\u015fisel Veri \u0130\u015fleme Ama\u00e7lar\u0131<\/td>\n\t\t\t\t\t\t\t\t\t<\/tr>\n\t\t\t\t\t\t\t\t\t<tr>\n\t\t\t\t\t\t\t\t\t<td>\n\t\t\t\t\t\t\t\t\t<ul>\n\t\t\t\t\t\t\t\t\t<li>Diploma Bilgileri<\/li>\n\t\t\t\t\t\t\t\t\t<li>Yabanc\u0131 Dil Bilgisi<\/li>\n\t\t\t\t\t\t\t\t\t<li>Bilgisayar Kullan\u0131m\u0131 Bilgisi<\/li>\n\t\t\t\t\t\t\t\t\t<\/td>\n\t\t\t\t\t\t\t\t\t<td>\u00c7al\u0131\u015fan Aday\u0131\/Stajyer\/\u00d6\u011frenci Se\u00e7me ve Yerle\u015ftirme S\u00fcre\u00e7lerinin Y\u00fcr\u00fct\u00fclmesi, \u00c7al\u0131\u015fan Adaylar\u0131n\u0131n Ba\u015fvuru S\u00fcre\u00e7lerinin Y\u00fcr\u00fct\u00fclmesi, Faaliyetlerin Mevzuata Uygun Y\u00fcr\u00fct\u00fclmesi, \u0130nsan Kaynaklar\u0131 S\u00fcre\u00e7lerinin Planlanmas\u0131, S\u00f6zle\u015fme S\u00fcre\u00e7lerinin Y\u00fcr\u00fct\u00fclmesi<\/td>\n\t\t\t\t\t\t\t\t\t<\/tr>\n\t\t\t\t\t\t\t\t\t<tr>\n\t\t\t\t\t\t\t\t\t<td class=\"renk\">Ki\u015fisel Verilerin \u0130\u015flenmesinin Hukuki Sebepleri<\/td>\n\t\t\t\t\t\t\t\t\t<td>\n\t\t\t\t\t\t\t\t\t<p>Ki\u015fisel verileriniz, Ekol taraf\u0131ndan yukar\u0131da say\u0131lan ama\u00e7lar\u0131n ger\u00e7ekle\u015ftirilmesi do\u011frultusunda, ba\u015fta KVKK\u2019n\u0131n 5\u2019inci maddesinde belirtilen;<\/p>\n\t\t\t\t\t\t\t\t\t<ul>\n\t\t\t\t\t\t\t\t\t<li>Bir s\u00f6zle\u015fmenin kurulmas\u0131 veya ifas\u0131yla do\u011frudan do\u011fruya ilgili olmas\u0131 kayd\u0131yla, s\u00f6zle\u015fmenin taraflar\u0131na ait ki\u015fisel verilerin i\u015flenmesinin gerekli olmas\u0131,<\/li>\n\t\t\t\t\t\t\t\t\t<li>\u0130lgili ki\u015finin temel hak ve \u00f6zg\u00fcrl\u00fcklerine zarar vermemek kayd\u0131yla, veri sorumlusunun me\u015fru menfaatleri i\u00e7in veri i\u015flenmesinin zorunlu olmas\u0131<\/li>\n\t\t\t\t\t\t\t\t\t<\/ul>\n\t\t\t\t\t\t\t\t\t<p>hukuki sebeplerine dayan\u0131larak i\u015flenmektedir.<\/p>\n\t\t\t\t\t\t\t\t\t<\/td>\n\t\t\t\t\t\t\t\t\t<\/tr>\n\t\t\t\t\t\t\t\t\t<tr>\n\t\t\t\t\t\t\t\t\t<td class=\"renk\">Ki\u015fisel Verileri Toplama Y\u00f6ntemleri<\/td>\n\t\t\t\t\t\t\t\t\t<td>Yukar\u0131da belirtilen ki\u015fisel verileriniz bas\u0131l\u0131 ve elektronik formlar vas\u0131tas\u0131yla toplanmaktad\u0131r.<\/td>\n\t\t\t\t\t\t\t\t\t<\/td>\n\t\t\t\t\t\t\t\t\t<\/tbody>\n\t\t\t\t\t\t\t\t\t<\/table>\n\t\t\t\t\t\t\t\t\t\n\t\t\t\t\t\t\t\t\t\n\t\t\t\t\t\t\t\t\t<\/div>\n\t\t\t\t\t\t\t\t\t<\/li>\n\t\t\t\t\t\t\t\t\t<li><a href=\"#stajyer-adayi-amacs\">Ki\u015fisel Verileriniz Kimlere ve Hangi Ama\u00e7larla Aktar\u0131labilecektir?<\/a>\n\t\t\t\t\t\t\t\t\t<div>\n\t\t\t\t\t\t\t\t\t<p>Ki\u015fisel verileriniz,<\/p>\n\t\t\t\t\t\t\t\t\t<ul>\n\t\t\t\t\t\t\t\t\t<li>\u0130nsan kaynaklar\u0131 s\u00fcre\u00e7lerinin planlanmas\u0131, \u00e7al\u0131\u015fan aday\u0131\/stajyer\/\u00f6\u011frenci se\u00e7me ve yerle\u015ftirme s\u00fcre\u00e7lerinin y\u00fcr\u00fct\u00fclmesi ama\u00e7lar\u0131yla <strong>\u0130\u015ftirakler ve Ba\u011fl\u0131 Ortakl\u0131klar<\/strong>\u2019\u0131m\u0131za,<\/li>\n\t\t\t\t\t\t\t\t\t<\/ul>\n\t\t\t\t\t\t\t\t\t<p>aktar\u0131labilecektir.<\/p>\n\t\t\t\t\t\t\t\t\t<\/div>\n\t\t\t\t\t\t\t\t\t<\/li>\n\t\t\t\t\t\t\t\t\t<li><a href=\"#stajyeradayi-sure\">Ki\u015fisel Verileriniz Ne Kadar S\u00fcre ile Saklan\u0131r?<\/a>\n\t\t\t\t\t\t\t\t\t<div>\n\t\t\t\t\t\t\t\t\t<p>Ki\u015fisel verileriniz, kanunda veya ilgili mevzuatta verinin saklanmas\u0131 i\u00e7in bir s\u00fcre belirlenmi\u015fse, s\u00f6z konusu veri en az bu s\u00fcre kadar saklanmak zorundad\u0131r. Kanunda veya ilgili mevzuatta bir s\u00fcre \u00f6ng\u00f6r\u00fclmemi\u015fse; i\u015flenme ama\u00e7lar\u0131yla ba\u011flant\u0131l\u0131, s\u0131n\u0131rl\u0131 ve \u00f6l\u00e7\u00fcl\u00fc olmak kayd\u0131yla belirlenen makul s\u00fcrelerce saklanmaktad\u0131r.<\/p>\n\t\t\t\t\t\t\t\t\t<\/div>\n\t\t\t\t\t\t\t\t\t<\/li>\n\t\t\t\t\t\t\t\t\t<li>\n\t\t\t\t\t\t\t\t\t<a href=\"#stajyer-adayi-haklar\">\u0130lgili Ki\u015fi Olarak Haklar\u0131n\u0131z Nelerdir?<\/a>\n\t\t\t\t\t\t\t\t\t<div>\n\t\t\t\t\t\t\t\t\t<p>KVKK ve ilgili mevzuat kapsam\u0131nda ki\u015fisel verilerinize ili\u015fkin olarak<\/p>\n\t\t\t\t\t\t\t\t\t<ul>\n\t\t\t\t\t\t\t\t\t<li>Ki\u015fisel verilerinizin i\u015flenip i\u015flenmedi\u011fini \u00f6\u011frenme,<\/li>\n\t\t\t\t\t\t\t\t\t<li>Ki\u015fisel verileriniz i\u015flenmi\u015fse buna ili\u015fkin bilgi talep etme,<\/li>\n\t\t\t\t\t\t\t\t\t<li>Ki\u015fisel verilerin i\u015flenme amac\u0131n\u0131 ve bunlar\u0131n amac\u0131na uygun kullan\u0131l\u0131p kullan\u0131lmad\u0131\u011f\u0131n\u0131 \u00f6\u011frenme,<\/li>\n\t\t\t\t\t\t\t\t\t<li>Yurt i\u00e7inde veya yurt d\u0131\u015f\u0131nda ki\u015fisel verilerinizin aktar\u0131ld\u0131\u011f\u0131 \u00fc\u00e7\u00fcnc\u00fc ki\u015fileri bilme,<\/li>\n\t\t\t\t\t\t\t\t\t<li>Ki\u015fisel verilerinizin eksik veya yanl\u0131\u015f i\u015flenmi\u015f olmas\u0131 halinde bunlar\u0131n d\u00fczeltilmesini isteme,<\/li>\n\t\t\t\t\t\t\t\t\t<li>KVKK mevzuat\u0131nda \u00f6ng\u00f6r\u00fclen \u015fartlar \u00e7er\u00e7evesinde ki\u015fisel verilerinizin silinmesini veya yok edilmesini isteme,<\/li>\n\t\t\t\t\t\t\t\t\t<li>Eksik veya yanl\u0131\u015f verilerin d\u00fczeltilmesi ile ki\u015fisel verilerinizin silinmesi veya yok edilmesini talep etti\u011finizde, bu durumun ki\u015fisel verilerinizi aktard\u0131\u011f\u0131m\u0131z \u00fc\u00e7\u00fcnc\u00fc ki\u015filere bildirilmesini isteme,<\/li>\n\t\t\t\t\t\t\t\t\t<li>Ki\u015fisel verilerin kanuna ayk\u0131r\u0131 olarak i\u015flenmesi sebebiyle zarara u\u011framan\u0131z halinde bu zarar\u0131n giderilmesini talep etme<\/li>\n\t\t\t\t\t\t\t\t\t<\/ul>\n\t\t\t\t\t\t\t\t\t<p>haklar\u0131na sahipsiniz.<\/p>\n\t\t\t\t\t\t\t\t\t<\/div>\n\t\t\t\t\t\t\t\t\t<\/li>\n\t\t\t\t\t\t\t\t\t<li>\n\t\t\t\t\t\t\t\t\t<a href=\"#stajyer-adayi-haklar\">Haklar\u0131n\u0131z\u0131 Nas\u0131l Kullanabilirsiniz?<\/a>\n\t\t\t\t\t\t\t\t\t<div>\n\t\t\t\t\t\t\t\t\t<p>Ki\u015fisel verileriniz ile ilgili ba\u015fvuru ve taleplerinizi dilerseniz <a href=\"https:\/\/drive.google.com\/file\/d\/13kfIIT1cLCG1M-kSDrpjFzAFh5W0vyco\/preview\" target=\"_blank\">\u0130lgili\u0130lgili Ki\u015fi Ba\u015fvuru Formu<\/a> arac\u0131l\u0131\u011f\u0131yla;<\/p>\n\t\t\t\t\t\t\t\t\t<ul>\n\t\t\t\t\t\t\t\t\t<li>Islak imzal\u0131 ve kimlik fotokopisi ile  Ey\u00fcp Sultan, Mehmet Akif Cd. No:3\/A 34885 Sancaktepe\/\u0130stanbul adresine g\u00f6ndererek,<\/li>\n\t\t\t\t\t\t\t\t\t<li>Ge\u00e7erli bir kimlik belgesi ile birlikte Ekol Lojistik A.\u015e.\u2019ye bizzat ba\u015fvurarak, <\/li>\n\t\t\t\t\t\t\t\t\t<li>Mobil imza veya g\u00fcvenli elektronik imza ile imzalay\u0131p <a href=\"mailto:kvkk@ekol.com\">kvkk@ekol.com<\/a> adresine e-posta g\u00f6nderilerek,<\/li>\n\t\t\t\t\t\t\t\t\t<li>Kay\u0131tl\u0131 elektronik posta (KEP) adresi ve g\u00fcvenli elektronik imza ya da mobil imza kullanmak suretiyle <a href=\"mailto:ekol@hs03.kep.tr\">ekol@hs03.kep.tr<\/a> kay\u0131tl\u0131 elektronik posta adresimize g\u00f6ndererek,<\/li>\n\t\t\t\t\t\t\t\t\t<\/ul>\n\t\t\t\t\t\t\t\t\t<p>Ekol Lojistik A.\u015e.\u2019ye iletebilirsiniz.<\/p>\n\t\t\t\t\t\t\t\t\t<p>Veri Sorumlusuna Ba\u015fvuru Usul ve Esaslar\u0131 Hakk\u0131nda Tebli\u011f uyar\u0131nca, \u0130lgili Ki\u015fi\u2019nin, ba\u015fvurusunda isim, soyisim, ba\u015fvuru yaz\u0131l\u0131 ise imza, T.C. kimlik numaras\u0131 (ba\u015fvuruda bulunan ki\u015finin yabanc\u0131 olmas\u0131 halinde uyru\u011fu, pasaport numaras\u0131 veya varsa kimlik numaras\u0131), tebligata esas yerle\u015fim yeri veya i\u015f yeri adresi, varsa bildirime esas elektronik posta adresi, telefon numaras\u0131 ve faks numaras\u0131 ile talep konusuna dair bilgilerin bulunmas\u0131 zorunludur.<\/p>\n\t\t\t\t\t\t\t\t\t<p>\u0130lgili Ki\u015fi, yukar\u0131da belirtilen haklar\u0131 kullanmak i\u00e7in yapaca\u011f\u0131 ve kullanmay\u0131 talep etti\u011fi hakka ili\u015fkin a\u00e7\u0131klamalar\u0131 i\u00e7eren ba\u015fvuruda talep edilen hususu a\u00e7\u0131k ve anla\u015f\u0131l\u0131r \u015fekilde belirtmelidir. Ba\u015fvuruya ili\u015fkin bilgi ve belgelerin ba\u015fvuruya eklenmesi gerekmektedir.<\/p>\n\t\t\t\t\t\t\t\t\t<p>Talep konusunun ba\u015fvuran\u0131n \u015fahs\u0131 ile ilgili olmas\u0131 gerekmekle birlikte, ba\u015fkas\u0131 ad\u0131na hareket ediliyor ise ba\u015fvuruyu yapan\u0131n bu konuda \u00f6zel olarak yetkili olmas\u0131 ve bu yetkinin belgelendirilmesi (vek\u00e2letname) gerekmektedir. Ayr\u0131ca ba\u015fvurunun kimlik ve adres bilgilerini i\u00e7ermesi ve ba\u015fvuruya kimli\u011fi do\u011frulay\u0131c\u0131 belgelerin eklenmesi gerekmektedir.<\/p>\n\t\t\t\t\t\t\t\t\t<p>Yetkisiz \u00fc\u00e7\u00fcnc\u00fc ki\u015filerin ba\u015fkas\u0131 ad\u0131na yapt\u0131\u011f\u0131 talepler de\u011ferlendirmeye al\u0131nmayacakt\u0131r.<\/p>\n\t\t\t\t\t\t\t\t\t<\/div>\n\t\t\t\t\t\t\t\t\t<\/li>\n\t\t\t\t\t\t\t\t\t<li>\n\t\t\t\t\t\t\t\t\t<a href=\"#stajyer-adayi-cevap\">Ki\u015fisel Verilerinizin \u0130\u015flenmesine \u0130li\u015fkin Talepleriniz Ne Kadar S\u00fcrede Cevaplan\u0131r?<\/a>\n\t\t\t\t\t\t\t\t\t<div>\n\t\t\t\t\t\t\t\t\t<p>Ki\u015fisel verilerinize ili\u015fkin hak talepleriniz de\u011ferlendirilerek, bize ula\u015ft\u0131\u011f\u0131 tarihten itibaren en ge\u00e7 30 g\u00fcn i\u00e7erisinde cevaplan\u0131r. Ba\u015fvurunuzun olumsuz de\u011ferlendirilmesi halinde gerek\u00e7eli ret sebepleri ba\u015fvuruda belirtti\u011finiz adrese elektronik posta veya posta yolu ba\u015fta olmak \u00fczere <a href=\"https:\/\/drive.google.com\/file\/d\/13kfIIT1cLCG1M-kSDrpjFzAFh5W0vyco\/preview\" target=\"_blank\">\u0130lgili Ki\u015fi Ba\u015fvuru Formu<\/a>\u2019nda se\u00e7ilen usullerinden biri ile g\u00f6nderilir.<\/p>\n\t\t\t\t\t\t\t\t\t<\/div>\n\t\t\t\t\t\t\t\t\t<\/li>\n\t\t\t\t\t\t\t\t\t<\/ul>\n\t\t\t\t\t\t\t\t<\/li>\n\t\t\t\t\t\t\t\t<li>\n\t\t\t\t\t\t\t\t\t<a href=\"#musteri-tedarikcisi\">Ekol Lojistik A.\u015e. M\u00fc\u015fteri Tedarik\u00e7isi Ayd\u0131nlatma Metni<\/a>\n\t\t\t\t\t\t\t\t\t<ul>\n\t\t\t\t\t\t\t\t\t<p style=\"text-align:center;font-weight:bold;padding-top:10px;\">K\u0130\u015e\u0130SEL VER\u0130LER\u0130N \u0130\u015eLENMES\u0130NE \u0130L\u0130\u015eK\u0130N<br \/>M\u00dc\u015eTER\u0130 TEDAR\u0130K\u00c7\u0130S\u0130 AYDINLATMA METN\u0130<\/p>\n\t\t\t\t\t\t\t\t\t<p><strong>Veri Sorumlusu: Ekol Lojistik A.\u015e.<\/strong><br \/>Ey\u00fcp Sultan, Mehmet Akif Cd. No:3\/A 34885 Sancaktepe\/\u0130stanbul<\/p>\n\t\t\t\t\t\t\t\t\t<p>Ekol Lojistik A.\u015e. (bundan sonra \u201cEkol\u201d olarak an\u0131lacakt\u0131r.) olarak; ki\u015fisel verilerinizi 6698 say\u0131l\u0131 Ki\u015fisel Verilerin Korunmas\u0131 Kanunu (\u201cKVKK\u201d) ve ilgili mevzuat ve yasal d\u00fczenlemelerden kaynaklanan faaliyetleri \u00e7er\u00e7evesinde ki\u015fisel verilerinizin i\u015flenmesi, saklanmas\u0131 ve aktar\u0131lmas\u0131 ile ilgili siz  m\u00fc\u015fteri tedarik\u00e7ilerini bilgilendirmek amac\u0131yla i\u015fbu ayd\u0131nlatma metnini haz\u0131rlad\u0131k.<\/p>\n\t\t\t\t\t\t\t\t\t<li>\n\t\t\t\t\t\t\t\t\t<a href=\"#musteri-tedarikcisi-amac\">Hangi Ki\u015fisel Verileriniz \u0130\u015flenmekte ve Ki\u015fisel Verilerinizin \u0130\u015flenme Ama\u00e7lar\u0131 Nelerdir?<\/a>\n\t\t\t\t\t\t\t\t\t<div>\n\t\t\t\t\t\t\t\t\t<p>Faaliyetlerimiz ve istihdam ama\u00e7lar\u0131m\u0131z kapsam\u0131nda siz m\u00fc\u015fteri tedarik\u00e7ilerini a\u015fa\u011f\u0131da yer alan verilerini toplamaktay\u0131z:<\/p>\n\t\t\t\t\t\t\t\t\t\n\t\t\t\t\t\t\t\t\t<table class=\"kvkkTablo\">\n\t\t\t\t\t\t\t\t\t<thead>\n\t\t\t\t\t\t\t\t\t<th colspan=\"2\">Kimlik Bilgileri<\/th>\n\t\t\t\t\t\t\t\t\t<\/thead>\n\t\t\t\t\t\t\t\t\t<tbody>\n\t\t\t\t\t\t\t\t\t<tr>\n\t\t\t\t\t\t\t\t\t<td class=\"renk\">\u0130\u015flenen Ki\u015fisel Veriler<\/td>\n\t\t\t\t\t\t\t\t\t<td class=\"renk\">Ki\u015fisel Veri \u0130\u015fleme Ama\u00e7lar\u0131<\/td>\n\t\t\t\t\t\t\t\t\t<\/tr>\n\t\t\t\t\t\t\t\t\t<tr>\n\t\t\t\t\t\t\t\t\t<td>\n\t\t\t\t\t\t\t\t\t<ul>\n\t\t\t\t\t\t\t\t\t<li>Ad<\/li>\n\t\t\t\t\t\t\t\t\t<li>Soyad<\/li>\n\t\t\t\t\t\t\t\t\t<li>Ehliyet Fotokopisi<\/li>\n\t\t\t\t\t\t\t\t\t<li>Kimlik Fotokopisi<\/li>\n\t\t\t\t\t\t\t\t\t<li>\u0130mza<\/li>\n\t\t\t\t\t\t\t\t\t<\/ul>\n\t\t\t\t\t\t\t\t\t<\/td>\n\t\t\t\t\t\t\t\t\t<td>\u0130\u015f Sa\u011fl\u0131\u011f\u0131\/G\u00fcvenli\u011fi Faaliyetlerinin Y\u00fcr\u00fct\u00fclmesi, Denetim\/Etik Faaliyetlerinin Y\u00fcr\u00fct\u00fclmesi, Faaliyetlerin Mevzuata Uygun Y\u00fcr\u00fct\u00fclmesi, Fiziksel Mekan G\u00fcvenli\u011finin Temini, Yetkili Ki\u015fi, Kurum ve Kurulu\u015flara Bilgi Verilmesi<\/td>\n\t\t\t\t\t\t\t\t\t<\/tr>\n\t\t\t\t\t\t\t\t\t<tr>\n\t\t\t\t\t\t\t\t\t<td class=\"renk\">Ki\u015fisel Verilerin \u0130\u015flenmesinin Hukuki Sebepleri<\/td>\n\t\t\t\t\t\t\t\t\t<td>\n\t\t\t\t\t\t\t\t\t<p>Ki\u015fisel verileriniz, Ekol taraf\u0131ndan yukar\u0131da say\u0131lan ama\u00e7lar\u0131n ger\u00e7ekle\u015ftirilmesi do\u011frultusunda, ba\u015fta KVKK\u2019n\u0131n 5\u2019inci maddesinde belirtilen;<\/p>\n\t\t\t\t\t\t\t\t\t<ul>\n\t\t\t\t\t\t\t\t\t<li>Veri sorumlusunun hukuki y\u00fck\u00fcml\u00fcl\u00fc\u011f\u00fcn\u00fc yerine getirebilmesi i\u00e7in zorunlu olmas\u0131<\/li>\n\t\t\t\t\t\t\t\t\t<li>\u0130lgili ki\u015finin temel hak ve \u00f6zg\u00fcrl\u00fcklerine zarar vermemek kayd\u0131yla, veri sorumlusunun me\u015fru menfaatleri i\u00e7in veri i\u015flenmesinin zorunlu olmas\u0131<\/li>\n\t\t\t\t\t\t\t\t\t<\/ul>\n\t\t\t\t\t\t\t\t\t<p>hukuki sebeplerine dayan\u0131larak i\u015flenmektedir.<\/p>\n\t\t\t\t\t\t\t\t\t<\/td>\n\t\t\t\t\t\t\t\t\t<\/tr>\n\t\t\t\t\t\t\t\t\t<tr>\n\t\t\t\t\t\t\t\t\t<td class=\"renk\">Ki\u015fisel Verileri Toplama Y\u00f6ntemleri<\/td>\n\t\t\t\t\t\t\t\t\t<td>Yukar\u0131da belirtilen ki\u015fisel verileriniz bas\u0131l\u0131 ve elektronik formlar vas\u0131tas\u0131yla toplanmaktad\u0131r.<\/td>\n\t\t\t\t\t\t\t\t\t<\/tr>\n\t\t\t\t\t\t\t\t\t<\/tbody>\n\t\t\t\t\t\t\t\t\t<\/table>\n\t\t\t\t\t\t\t\t\t\n\t\t\t\t\t\t\t\t\t<table class=\"kvkkTablo\">\n\t\t\t\t\t\t\t\t\t<thead>\n\t\t\t\t\t\t\t\t\t<th colspan=\"2\">\u0130leti\u015fim Bilgileri<\/th>\n\t\t\t\t\t\t\t\t\t<\/thead>\n\t\t\t\t\t\t\t\t\t<tbody>\n\t\t\t\t\t\t\t\t\t<tr>\n\t\t\t\t\t\t\t\t\t<td class=\"renk\">\u0130\u015flenen Ki\u015fisel Veriler<\/td>\n\t\t\t\t\t\t\t\t\t<td class=\"renk\">Ki\u015fisel Veri \u0130\u015fleme Ama\u00e7lar\u0131<\/td>\n\t\t\t\t\t\t\t\t\t<\/tr>\n\t\t\t\t\t\t\t\t\t<tr>\n\t\t\t\t\t\t\t\t\t<td><ul><li>\u0130\u015f Yeri \u0130smi\/Unvan\u0131<\/li><\/ul><\/td>\n\t\t\t\t\t\t\t\t\t<td>\u0130\u015f Sa\u011fl\u0131\u011f\u0131\/G\u00fcvenli\u011fi Faaliyetlerinin Y\u00fcr\u00fct\u00fclmesi, Denetim\/Etik Faaliyetlerinin Y\u00fcr\u00fct\u00fclmesi, Faaliyetlerin Mevzuata Uygun Y\u00fcr\u00fct\u00fclmesi, Fiziksel Mekan G\u00fcvenli\u011finin Temini, Yetkili Ki\u015fi, Kurum ve Kurulu\u015flara Bilgi Verilmesi<\/td>\n\t\t\t\t\t\t\t\t\t<\/tr>\n\t\t\t\t\t\t\t\t\t<tr>\n\t\t\t\t\t\t\t\t\t<td class=\"renk\">Ki\u015fisel Verilerin \u0130\u015flenmesinin Hukuki Sebepleri<\/td>\n\t\t\t\t\t\t\t\t\t<td>\n\t\t\t\t\t\t\t\t\t<p>Ki\u015fisel verileriniz, Ekol taraf\u0131ndan yukar\u0131da say\u0131lan ama\u00e7lar\u0131n ger\u00e7ekle\u015ftirilmesi do\u011frultusunda, ba\u015fta KVKK\u2019n\u0131n 5\u2019inci maddesinde belirtilen; <\/p>\n\t\t\t\t\t\t\t\t\t<ul>\n\t\t\t\t\t\t\t\t\t<li>Veri sorumlusunun hukuki y\u00fck\u00fcml\u00fcl\u00fc\u011f\u00fcn\u00fc yerine getirebilmesi i\u00e7in zorunlu olmas\u0131<\/li>\n\t\t\t\t\t\t\t\t\t<li>\u0130lgili ki\u015finin temel hak ve \u00f6zg\u00fcrl\u00fcklerine zarar vermemek kayd\u0131yla, veri sorumlusunun me\u015fru menfaatleri i\u00e7in veri i\u015flenmesinin zorunlu olmas\u0131<\/li>\n\t\t\t\t\t\t\t\t\t<\/ul>\n\t\t\t\t\t\t\t\t\t<p>hukuki sebeplerine dayan\u0131larak i\u015flenmektedir.<\/p>\n\t\t\t\t\t\t\t\t\t<\/td>\n\t\t\t\t\t\t\t\t\t<\/tr>\n\t\t\t\t\t\t\t\t\t<tr>\n\t\t\t\t\t\t\t\t\t<td class=\"renk\">Ki\u015fisel Verileri Toplama Y\u00f6ntemleri<\/td>\n\t\t\t\t\t\t\t\t\t<td>Yukar\u0131da belirtilen ki\u015fisel verileriniz bas\u0131l\u0131 ve elektronik formlar vas\u0131tas\u0131yla toplanmaktad\u0131r.<\/td>\n\t\t\t\t\t\t\t\t\t<\/tr>\n\t\t\t\t\t\t\t\t\t<\/body>\n\t\t\t\t\t\t\t\t\t<\/table>\n\t\t\t\t\t\t\t\t\t\n\t\t\t\t\t\t\t\t\t<table class=\"kvkkTablo\">\n\t\t\t\t\t\t\t\t\t<thead>\n\t\t\t\t\t\t\t\t\t<th colspan=\"2\">\u00d6zl\u00fck Bilgileri<\/th>\n\t\t\t\t\t\t\t\t\t<\/thead>\n\t\t\t\t\t\t\t\t\t<tbody>\n\t\t\t\t\t\t\t\t\t<tr>\n\t\t\t\t\t\t\t\t\t<td class=\"renk\">\u0130\u015flenen Ki\u015fisel Veriler<\/td>\n\t\t\t\t\t\t\t\t\t<td class=\"renk\">Ki\u015fisel Veri \u0130\u015fleme Ama\u00e7lar\u0131<\/td>\n\t\t\t\t\t\t\t\t\t<\/tr>\n\t\t\t\t\t\t\t\t\t<tr>\n\t\t\t\t\t\t\t\t\t<td>\n\t\t\t\t\t\t\t\t\t<ul>\n\t\t\t\t\t\t\t\t\t<li>Pozisyon\/Unvan Bilgileri<\/li>\n\t\t\t\t\t\t\t\t\t<li>Ge\u00e7ici G\u00f6revlendirme Belgesi<\/li>\n\t\t\t\t\t\t\t\t\t<li>SGK \u0130\u015fe Giri\u015f Bildirgesi<\/li>\n\t\t\t\t\t\t\t\t\t<li>Ki\u015fisel Koruyucu Donan\u0131m Zimmet Formu<\/li>\n\t\t\t\t\t\t\t\t\t<li>\u00c7al\u0131\u015fmaya Uygunluk Belgesi<\/li>\n\t\t\t\t\t\t\t\t\t<\/ul>\n\t\t\t\t\t\t\t\t\t<\/td>\n\t\t\t\t\t\t\t\t\t<td>\u0130\u015f Sa\u011fl\u0131\u011f\u0131\/G\u00fcvenli\u011fi Faaliyetlerinin Y\u00fcr\u00fct\u00fclmesi, Denetim\/Etik Faaliyetlerinin Y\u00fcr\u00fct\u00fclmesi, Faaliyetlerin Mevzuata Uygun Y\u00fcr\u00fct\u00fclmesi, Fiziksel Mekan G\u00fcvenli\u011finin Temini, Yetkili Ki\u015fi, Kurum ve Kurulu\u015flara Bilgi Verilmesi<\/td>\n\t\t\t\t\t\t\t\t\t<\/tr>\n\t\t\t\t\t\t\t\t\t<tr>\n\t\t\t\t\t\t\t\t\t<td class=\"renk\">Ki\u015fisel Verilerin \u0130\u015flenmesinin Hukuki Sebepleri<\/td>\n\t\t\t\t\t\t\t\t\t<td>\n\t\t\t\t\t\t\t\t\t<p>Ki\u015fisel verileriniz, Ekol taraf\u0131ndan yukar\u0131da say\u0131lan ama\u00e7lar\u0131n ger\u00e7ekle\u015ftirilmesi do\u011frultusunda, ba\u015fta KVKK\u2019n\u0131n 5\u2019inci maddesinde belirtilen;<\/p>\n\t\t\t\t\t\t\t\t\t<ul>\n\t\t\t\t\t\t\t\t\t<li>Veri sorumlusunun hukuki y\u00fck\u00fcml\u00fcl\u00fc\u011f\u00fcn\u00fc yerine getirebilmesi i\u00e7in zorunlu olmas\u0131<\/li>\n\t\t\t\t\t\t\t\t\t<li>\u0130lgili ki\u015finin temel hak ve \u00f6zg\u00fcrl\u00fcklerine zarar vermemek kayd\u0131yla, veri sorumlusunun me\u015fru menfaatleri i\u00e7in veri i\u015flenmesinin zorunlu olmas\u0131<\/li>\n\t\t\t\t\t\t\t\t\t<\/ul>\n\t\t\t\t\t\t\t\t\t<p>hukuki sebeplerine dayan\u0131larak i\u015flenmektedir.<\/p>\n\t\t\t\t\t\t\t\t\t<\/td>\n\t\t\t\t\t\t\t\t\t<\/tr>\n\t\t\t\t\t\t\t\t\t<tr>\n\t\t\t\t\t\t\t\t\t<td class=\"renk\">Ki\u015fisel Verileri Toplama Y\u00f6ntemleri<\/td>\n\t\t\t\t\t\t\t\t\t<td>Yukar\u0131da belirtilen ki\u015fisel verileriniz bas\u0131l\u0131 ve elektronik formlar vas\u0131tas\u0131yla toplanmaktad\u0131r.<\/td>\n\t\t\t\t\t\t\t\t\t<\/tr>\n\t\t\t\t\t\t\t\t\t<\/tbody>\n\t\t\t\t\t\t\t\t\t<\/table>\n\t\t\t\t\t\t\t\t\t\n\t\t\t\t\t\t\t\t\t<table class=\"kvkkTablo\">\n\t\t\t\t\t\t\t\t\t<thead>\n\t\t\t\t\t\t\t\t\t<th colspan=\"2\">Mesleki Deneyim Bilgisi<\/th>\n\t\t\t\t\t\t\t\t\t<\/thead>\n\t\t\t\t\t\t\t\t\t<tbody>\n\t\t\t\t\t\t\t\t\t<tr>\n\t\t\t\t\t\t\t\t\t<td class=\"renk\">\u0130\u015flenen Ki\u015fisel Veriler<\/td>\n\t\t\t\t\t\t\t\t\t<td class=\"renk\">Ki\u015fisel Veri \u0130\u015fleme Ama\u00e7lar\u0131<\/td>\n\t\t\t\t\t\t\t\t\t<\/tr>\n\t\t\t\t\t\t\t\t\t<tr>\n\t\t\t\t\t\t\t\t\t<td>\n\t\t\t\t\t\t\t\t\t<ul>\n\t\t\t\t\t\t\t\t\t<li>Mesleki Yeterlilik Belgesi<\/li>\n\t\t\t\t\t\t\t\t\t<li>\u0130SG E\u011fitim Belgesi<\/li>\n\t\t\t\t\t\t\t\t\t<li>Meslek \u0130\u00e7i E\u011fitim Bilgileri<\/li>\n\t\t\t\t\t\t\t\t\t<\/ul>\n\t\t\t\t\t\t\t\t\t<\/td>\n\t\t\t\t\t\t\t\t\t<td>\u0130\u015f Sa\u011fl\u0131\u011f\u0131\/G\u00fcvenli\u011fi Faaliyetlerinin Y\u00fcr\u00fct\u00fclmesi, Denetim\/Etik Faaliyetlerinin Y\u00fcr\u00fct\u00fclmesi, Faaliyetlerin Mevzuata Uygun Y\u00fcr\u00fct\u00fclmesi, Fiziksel Mekan G\u00fcvenli\u011finin Temini, Yetkili Ki\u015fi, Kurum ve Kurulu\u015flara Bilgi Verilmesi<\/td>\n\t\t\t\t\t\t\t\t\t<\/tr>\n\t\t\t\t\t\t\t\t\t<tr>\n\t\t\t\t\t\t\t\t\t<td class=\"renk\">Ki\u015fisel Verilerin \u0130\u015flenmesinin Hukuki Sebepleri<\/td>\n\t\t\t\t\t\t\t\t\t<td>\n\t\t\t\t\t\t\t\t\t<p>Ki\u015fisel verileriniz, Ekol taraf\u0131ndan yukar\u0131da say\u0131lan ama\u00e7lar\u0131n ger\u00e7ekle\u015ftirilmesi do\u011frultusunda, ba\u015fta KVKK\u2019n\u0131n 5\u2019inci maddesinde belirtilen;<\/p>\n\t\t\t\t\t\t\t\t\t<ul>\n\t\t\t\t\t\t\t\t\t<li>Veri sorumlusunun hukuki y\u00fck\u00fcml\u00fcl\u00fc\u011f\u00fcn\u00fc yerine getirebilmesi i\u00e7in zorunlu olmas\u0131<\/li>\n\t\t\t\t\t\t\t\t\t<li>\u0130lgili ki\u015finin temel hak ve \u00f6zg\u00fcrl\u00fcklerine zarar vermemek kayd\u0131yla, veri sorumlusunun me\u015fru menfaatleri i\u00e7in veri i\u015flenmesinin zorunlu olmas\u0131<\/li>\n\t\t\t\t\t\t\t\t\t<\/ul>\n\t\t\t\t\t\t\t\t\t<p>hukuki sebeplerine dayan\u0131larak i\u015flenmektedir.<\/p>\n\t\t\t\t\t\t\t\t\t<\/td>\n\t\t\t\t\t\t\t\t\t<\/tr>\n\t\t\t\t\t\t\t\t\t<tr>\n\t\t\t\t\t\t\t\t\t<td class=\"renk\">Ki\u015fisel Verileri Toplama Y\u00f6ntemleri<\/td>\n\t\t\t\t\t\t\t\t\t<td>Yukar\u0131da belirtilen ki\u015fisel verileriniz bas\u0131l\u0131 ve elektronik formlar vas\u0131tas\u0131yla toplanmaktad\u0131r. <\/td>\n\t\t\t\t\t\t\t\t\t<\/tbody>\n\t\t\t\t\t\t\t\t\t<\/table>\n\t\t\t\t\t\t\t\t\t\n\t\t\t\t\t\t\t\t\t\n\t\t\t\t\t\t\t\t\t<\/div>\n\t\t\t\t\t\t\t\t\t<\/li>\n\t\t\t\t\t\t\t\t\t<li>\n\t\t\t\t\t\t\t\t\t<a href=\"#musteri-tedarikcisi-hukiki-sebep\">\u00d6zel Nitelikli Ki\u015fisel Verilerinizin Toplanmas\u0131n\u0131n Hukuki Sebebi Nedir?<\/a>\n\t\t\t\t\t\t\t\t\t<div>\n\t\t\t\t\t\t\t\t\t<p>\u00d6zel nitelikli ki\u015fisel veriler; ki\u015finin \u0131rk\u0131, etnik k\u00f6keni, siyasi d\u00fc\u015f\u00fcncesi, felsefi inanc\u0131, dini, mezhebi veya di\u011fer inan\u00e7lar\u0131, k\u0131l\u0131k ve k\u0131yafeti, dernek, vak\u0131f ya da sendika \u00fcyeli\u011fi, sa\u011fl\u0131\u011f\u0131, cinsel hayat\u0131, ceza mahk\u00fbmiyeti ve g\u00fcvenlik tedbirleriyle ilgili verileri ile biyometrik ve genetik verileridir.<\/p>\n\t\t\t\t\t\t\t\t\t<p>\u00d6zel nitelikli ki\u015fisel veriler, di\u011fer veri kategorilerine oranla daha y\u00fcksek koruma gerektirirler. Bu t\u00fcr verileri i\u015flemek i\u00e7in ayr\u0131ca bilgilendirme yap\u0131lmas\u0131 gerekti\u011fi KVKK uyar\u0131nca d\u00fczenlenmi\u015ftir.<\/p>\n\t\t\t\t\t\t\t\t\t\n\t\t\t\t\t\t\t\t\t<table class=\"kvkkTablo\">\n\t\t\t\t\t\t\t\t\t<thead>\n\t\t\t\t\t\t\t\t\t<th colspan=\"2\">\u00d6zel Nitelikli Ki\u015fisel Veriler<br \/>Sa\u011fl\u0131k Bilgileri<\/th>\n\t\t\t\t\t\t\t\t\t<\/thead>\n\t\t\t\t\t\t\t\t\t<tbody>\n\t\t\t\t\t\t\t\t\t<tr>\n\t\t\t\t\t\t\t\t\t<td class=\"renk\">\u0130\u015flenen Ki\u015fisel Veriler<\/td>\n\t\t\t\t\t\t\t\t\t<td class=\"renk\">Ki\u015fisel Veri \u0130\u015fleme Ama\u00e7lar\u0131<\/td>\n\t\t\t\t\t\t\t\t\t<\/tr>\n\t\t\t\t\t\t\t\t\t<tr>\n\t\t\t\t\t\t\t\t\t<td><ul><li>Sa\u011fl\u0131k Raporu<\/li><\/ul><\/td>\n\t\t\t\t\t\t\t\t\t<td>\u0130\u015f Sa\u011fl\u0131\u011f\u0131\/G\u00fcvenli\u011fi Faaliyetlerinin Y\u00fcr\u00fct\u00fclmesi, Denetim\/Etik Faaliyetlerinin Y\u00fcr\u00fct\u00fclmesi, Faaliyetlerin Mevzuata Uygun Y\u00fcr\u00fct\u00fclmesi, Fiziksel Mekan G\u00fcvenli\u011finin Temini, Yetkili Ki\u015fi, Kurum ve Kurulu\u015flara Bilgi Verilmesi<\/td>\n\t\t\t\t\t\t\t\t\t<\/tr>\n\t\t\t\t\t\t\t\t\t<tr>\n\t\t\t\t\t\t\t\t\t<td class=\"renk\">Ki\u015fisel Verilerin \u0130\u015flenmesinin Hukuki Sebepleri<\/td>\n\t\t\t\t\t\t\t\t\t<td>\n\t\t\t\t\t\t\t\t\t<p>Ekol olarak sa\u011fl\u0131k verilerinizi, yukar\u0131da yer alan ama\u00e7lar do\u011frultusunda, KVKK\u2019n\u0131n 6. maddesinde belirtilen \u201c<i>Sa\u011fl\u0131k ve cinsel hayata ili\u015fkin ki\u015fisel verilerin ancak kamu sa\u011fl\u0131\u011f\u0131n\u0131n korunmas\u0131, koruyucu hekimlik, t\u0131bb\u00ee te\u015fhis, tedavi ve bak\u0131m hizmetlerinin y\u00fcr\u00fct\u00fclmesi, sa\u011fl\u0131k hizmetleri ile finansman\u0131n\u0131n planlanmas\u0131 ve y\u00f6netimi amac\u0131yla, s\u0131r saklama y\u00fck\u00fcml\u00fcl\u00fc\u011f\u00fc alt\u0131nda bulunan ki\u015filer veya yetkili kurum ve kurulu\u015flar taraf\u0131ndan ilgilinin a\u00e7\u0131k r\u0131zas\u0131 aranmaks\u0131z\u0131n i\u015flenebilece\u011fi<\/i>\u201d hukuki sebebine dayanarak i\u015flemekteyiz.<\/p>\n\t\t\t\t\t\t\t\t\t<p>Sa\u011fl\u0131k verilerinizin KVKK\u2019n\u0131n 6. maddesinde belirlenen s\u0131n\u0131rlamalar haricinde i\u015flenmesi ancak a\u00e7\u0131k r\u0131zan\u0131za ba\u011fl\u0131 olarak ger\u00e7ekle\u015fecektir.<\/p>\n\t\t\t\t\t\t\t\t\t<\/td>\n\t\t\t\t\t\t\t\t\t<\/tr>\n\t\t\t\t\t\t\t\t\t<tr>\n\t\t\t\t\t\t\t\t\t<td class=\"renk\">Ki\u015fisel Verileri Toplama Y\u00f6ntemleri<\/td>\n\t\t\t\t\t\t\t\t\t<td>Yukar\u0131da belirtilen ki\u015fisel veriniz bas\u0131l\u0131 ve elektronik formlar vas\u0131tas\u0131yla toplanmaktad\u0131r.<\/td>\n\t\t\t\t\t\t\t\t\t<\/tr>\n\t\t\t\t\t\t\t\t\t<\/tbody>\n\t\t\t\t\t\t\t\t\t<\/table>\n\t\t\t\t\t\t\t\t\t\n\t\t\t\t\t\t\t\t\t<\/div>\n\t\t\t\t\t\t\t\t\t<\/li>\n\t\t\t\t\t\t\t\t\t<li>\n\t\t\t\t\t\t\t\t\t<a href=\"#musteri-tedariksici-amac\">Ki\u015fisel Verileriniz Kimlere ve Hangi Ama\u00e7larla Aktar\u0131labilecektir?<\/a>\n\t\t\t\t\t\t\t\t\t<div>\n\t\t\t\t\t\t\t\t\t<p>Ki\u015fisel verileriniz,<\/p>\n\t\t\t\t\t\t\t\t\t<ul><li>Faaliyetlerin mevzuata uygun y\u00fcr\u00fct\u00fclmesi, yetkili ki\u015fi kurum ve kurulu\u015flara bilgi verilmesi amac\u0131yla <strong>Yetkili Kamu Kurum ve Kurulu\u015flar\u0131<\/strong>\u2019na<\/li><\/ul>\n\t\t\t\t\t\t\t\t\t<p>aktar\u0131labilecektir.<\/p>\n\t\t\t\t\t\t\t\t\t<\/div>\n\t\t\t\t\t\t\t\t\t<\/li>\n\t\t\t\t\t\t\t\t\t<li>\n\t\t\t\t\t\t\t\t\t<a href=\"#musteri-tedariksici-sure\">Ki\u015fisel Verileriniz Ne Kadar S\u00fcre ile Saklan\u0131r?<\/a>\n\t\t\t\t\t\t\t\t\t<div>\n\t\t\t\t\t\t\t\t\t<p>Ki\u015fisel verileriniz, kanunda veya ilgili mevzuatta verinin saklanmas\u0131 i\u00e7in bir s\u00fcre belirlenmi\u015fse, s\u00f6z konusu veri en az bu s\u00fcre kadar saklanmak zorundad\u0131r. Kanunda veya ilgili mevzuatta bir s\u00fcre \u00f6ng\u00f6r\u00fclmemi\u015fse; i\u015flenme ama\u00e7lar\u0131yla ba\u011flant\u0131l\u0131, s\u0131n\u0131rl\u0131 ve \u00f6l\u00e7\u00fcl\u00fc olmak kayd\u0131yla belirlenen makul s\u00fcrelerce saklanmaktad\u0131r.<\/p>\n\t\t\t\t\t\t\t\t\t<\/div>\n\t\t\t\t\t\t\t\t\t<\/li>\n\t\t\t\t\t\t\t\t\t<li>\n\t\t\t\t\t\t\t\t\t<a href=\"#musteri-tedarikcisi-haklar\">\u0130lgili Ki\u015fi Olarak Haklar\u0131n\u0131z Nelerdir?<\/a>\n\t\t\t\t\t\t\t\t\t<div>\n\t\t\t\t\t\t\t\t\t<p>KVKK ve ilgili mevzuat kapsam\u0131nda ki\u015fisel verilerinize ili\u015fkin olarak;<\/p>\n\t\t\t\t\t\t\t\t\t<ul>\n\t\t\t\t\t\t\t\t\t<li>Ki\u015fisel verilerinizin i\u015flenip i\u015flenmedi\u011fini \u00f6\u011frenme,<\/li>\n\t\t\t\t\t\t\t\t\t<li>Ki\u015fisel verileriniz i\u015flenmi\u015fse buna ili\u015fkin bilgi talep etme,<\/li>\n\t\t\t\t\t\t\t\t\t<li>Ki\u015fisel verilerin i\u015flenme amac\u0131n\u0131 ve bunlar\u0131n amac\u0131na uygun kullan\u0131l\u0131p kullan\u0131lmad\u0131\u011f\u0131n\u0131 \u00f6\u011frenme,<\/li>\n\t\t\t\t\t\t\t\t\t<li>Yurt i\u00e7inde veya yurt d\u0131\u015f\u0131nda ki\u015fisel verilerinizin aktar\u0131ld\u0131\u011f\u0131 \u00fc\u00e7\u00fcnc\u00fc ki\u015fileri bilme,<\/li>\n\t\t\t\t\t\t\t\t\t<li>Ki\u015fisel verilerinizin eksik veya yanl\u0131\u015f i\u015flenmi\u015f olmas\u0131 halinde bunlar\u0131n d\u00fczeltilmesini isteme,<\/li>\n\t\t\t\t\t\t\t\t\t<li>KVKK mevzuat\u0131nda \u00f6ng\u00f6r\u00fclen \u015fartlar \u00e7er\u00e7evesinde ki\u015fisel verilerinizin silinmesini veya yok edilmesini isteme,<\/li>\n\t\t\t\t\t\t\t\t\t<li>Eksik veya yanl\u0131\u015f verilerin d\u00fczeltilmesi ile ki\u015fisel verilerinizin silinmesi veya yok edilmesini talep etti\u011finizde, bu durumun ki\u015fisel verilerinizi aktard\u0131\u011f\u0131m\u0131z \u00fc\u00e7\u00fcnc\u00fc ki\u015filere bildirilmesini isteme,<\/li>\n\t\t\t\t\t\t\t\t\t<li>Ki\u015fisel verilerin kanuna ayk\u0131r\u0131 olarak i\u015flenmesi sebebiyle zarara u\u011framan\u0131z halinde bu zarar\u0131n giderilmesini talep etme<\/li>\n\t\t\t\t\t\t\t\t\t<\/ul>\n\t\t\t\t\t\t\t\t\t<p>haklar\u0131na sahipsiniz.<\/p>\n\t\t\t\t\t\t\t\t\t<\/div>\n\t\t\t\t\t\t\t\t\t<\/li>\n\t\t\t\t\t\t\t\t\t<li><a href=\"#musteri-tedarikcisi-hak-kullanimi\">Haklar\u0131n\u0131z\u0131 Nas\u0131l Kullanabilirsiniz?<\/a>\n\t\t\t\t\t\t\t\t\t<div>\n\t\t\t\t\t\t\t\t\t<p>Ki\u015fisel verileriniz ile ilgili ba\u015fvuru ve taleplerinizi dilerseniz <a href=\"https:\/\/drive.google.com\/file\/d\/13kfIIT1cLCG1M-kSDrpjFzAFh5W0vyco\/preview\" target=\"_blank\">\u0130lgili Ki\u015fi Ba\u015fvuru Formu<\/a> arac\u0131l\u0131\u011f\u0131yla;<\/p>\n\t\t\t\t\t\t\t\t\t<ul>\n\t\t\t\t\t\t\t\t\t<li>Islak imzal\u0131 ve kimlik fotokopisi ile  Ey\u00fcp Sultan, Mehmet Akif Cd. No:3\/A 34885 Sancaktepe\/\u0130stanbul adresine g\u00f6ndererek,<\/li>\n\t\t\t\t\t\t\t\t\t<li>Ge\u00e7erli bir kimlik belgesi ile birlikte Ekol Lojistik A.\u015e.\u2019ye bizzat ba\u015fvurarak,<\/li>\n\t\t\t\t\t\t\t\t\t<li>Mobil imza veya g\u00fcvenli elektronik imza ile imzalay\u0131p <a href=\"mailto:kvkk@ekol.com\">kvkk@ekol.com<\/a> adresine e-posta g\u00f6nderilerek,<\/li>\n\t\t\t\t\t\t\t\t\t<li>Kay\u0131tl\u0131 elektronik posta (KEP) adresi ve g\u00fcvenli elektronik imza ya da mobil imza kullanmak suretiyle <a href=\"mailto:ekol@hs03.kep.tr\">ekol@hs03.kep.tr<\/a> kay\u0131tl\u0131 elektronik posta adresimize g\u00f6ndererek,<\/li>\n\t\t\t\t\t\t\t\t\t<\/ul>\n\t\t\t\t\t\t\t\t\t<p>Ekol Lojistik A.\u015e.\u2019ye iletebilirsiniz.<\/p>\n\t\t\t\t\t\t\t\t\t<p>Veri Sorumlusuna Ba\u015fvuru Usul ve Esaslar\u0131 Hakk\u0131nda Tebli\u011f uyar\u0131nca, \u0130lgili Ki\u015fi\u2019nin, ba\u015fvurusunda isim, soyisim, ba\u015fvuru yaz\u0131l\u0131 ise imza, T.C. kimlik numaras\u0131 (ba\u015fvuruda bulunan ki\u015finin yabanc\u0131 olmas\u0131 halinde uyru\u011fu, pasaport numaras\u0131 veya varsa kimlik numaras\u0131), tebligata esas yerle\u015fim yeri veya i\u015f yeri adresi, varsa bildirime esas elektronik posta adresi, telefon numaras\u0131 ve faks numaras\u0131 ile talep konusuna dair bilgilerin bulunmas\u0131 zorunludur.<\/p>\n\t\t\t\t\t\t\t\t\t<p>\u0130lgili Ki\u015fi, yukar\u0131da belirtilen haklar\u0131 kullanmak i\u00e7in yapaca\u011f\u0131 ve kullanmay\u0131 talep etti\u011fi hakka ili\u015fkin a\u00e7\u0131klamalar\u0131 i\u00e7eren ba\u015fvuruda talep edilen hususu a\u00e7\u0131k ve anla\u015f\u0131l\u0131r \u015fekilde belirtmelidir. Ba\u015fvuruya ili\u015fkin bilgi ve belgelerin ba\u015fvuruya eklenmesi gerekmektedir.<\/p>\n\t\t\t\t\t\t\t\t\t<p>Talep konusunun ba\u015fvuran\u0131n \u015fahs\u0131 ile ilgili olmas\u0131 gerekmekle birlikte, ba\u015fkas\u0131 ad\u0131na hareket ediliyor ise ba\u015fvuruyu yapan\u0131n bu konuda \u00f6zel olarak yetkili olmas\u0131 ve bu yetkinin belgelendirilmesi (vek\u00e2letname) gerekmektedir. Ayr\u0131ca ba\u015fvurunun kimlik ve adres bilgilerini i\u00e7ermesi ve ba\u015fvuruya kimli\u011fi do\u011frulay\u0131c\u0131 belgelerin eklenmesi gerekmektedir.<\/p>\n\t\t\t\t\t\t\t\t\t<p>Yetkisiz \u00fc\u00e7\u00fcnc\u00fc ki\u015filerin ba\u015fkas\u0131 ad\u0131na yapt\u0131\u011f\u0131 talepler de\u011ferlendirmeye al\u0131nmayacakt\u0131r.<\/p>\n\t\t\t\t\t\t\t\t\t<\/div>\n\t\t\t\t\t\t\t\t\t<\/li>\n\t\t\t\t\t\t\t\t\t<li><a href=\"#musteri-tedarikcisi-cevap\">Ki\u015fisel Verilerinizin \u0130\u015flenmesine \u0130li\u015fkin Talepleriniz Ne Kadar S\u00fcrede Cevaplan\u0131r?<\/a>\n\t\t\t\t\t\t\t\t\t<div>\n\t\t\t\t\t\t\t\t\t<p>Ki\u015fisel verilerinize ili\u015fkin hak talepleriniz de\u011ferlendirilerek, bize ula\u015ft\u0131\u011f\u0131 tarihten itibaren en ge\u00e7 30 g\u00fcn i\u00e7erisinde cevaplan\u0131r. Ba\u015fvurunuzun olumsuz de\u011ferlendirilmesi halinde gerek\u00e7eli ret sebepleri ba\u015fvuruda belirtti\u011finiz adrese elektronik posta veya posta yolu ba\u015fta olmak \u00fczere <a href=\"https:\/\/drive.google.com\/file\/d\/13kfIIT1cLCG1M-kSDrpjFzAFh5W0vyco\/preview\" target=\"_blank\">\u0130lgili Ki\u015fi Ba\u015fvuru Formu<\/a>\u2019nda se\u00e7ilen usullerinden biri ile g\u00f6nderilir.<\/p>\n\t\t\t\t\t\t\t\t\t<\/div>\n\t\t\t\t\t\t\t\t\t<\/li>\n\t\t\t\t\t\t\t\t\t<\/ul>\n\t\t\t\t\t\t\t\t<\/li>\n\t\t\t\t\t\t\t\t<li>\n\t\t\t\t\t\t\t\t\n\t\t\t\t\t\t\t\t\t<a href=\"#potansiyel-musteri\">Ekol Lojistik A.\u015e. Potansiyel M\u00fc\u015fteri Ayd\u0131nlatma Metni<\/a>\n\t\t\t\t\t\t\t\t\t<ul>\n\t\t\t\t\t\t\t\t\t<p style=\"text-align:center;font-weight:bold;padding-top:10px;\">K\u0130\u015e\u0130SEL VER\u0130LER\u0130N \u0130\u015eLENMES\u0130NE \u0130L\u0130\u015eK\u0130N<br \/>POTANS\u0130YEL M\u00dc\u015eTER\u0130 AYDINLATMA METN\u0130<\/p>\n\t\t\t\t\t\t\t\t\t<p><strong>Veri Sorumlusu: Ekol Lojistik A.\u015e.<\/strong><br \/>Ey\u00fcp Sultan, Mehmet Akif Cd. No:3\/A 34885 Sancaktepe\/\u0130stanbul<\/p>\n\t\t\t\t\t\t\t\t\t<p>Ekol Lojistik A.\u015e. (bundan sonra \u201cEkol\u201d olarak an\u0131lacakt\u0131r.) olarak; ki\u015fisel verilerinizi 6698 say\u0131l\u0131 Ki\u015fisel Verilerin Korunmas\u0131 Kanunu (\u201cKVKK\u201d) ve ilgili mevzuat ve yasal d\u00fczenlemelerden kaynaklanan faaliyetleri \u00e7er\u00e7evesinde ki\u015fisel verilerinizin i\u015flenmesi, saklanmas\u0131 ve aktar\u0131lmas\u0131 ile ilgili siz potansiyel m\u00fc\u015fterilerimizi bilgilendirmek amac\u0131yla i\u015fbu ayd\u0131nlatma metnini haz\u0131rlad\u0131k.<\/p>\n\t\t\t\t\t\t\t\t\t<li><a href=\"#postansiyel-musteri-amac\">Hangi Ki\u015fisel Verileriniz \u0130\u015flenmekte ve Ki\u015fisel Verilerinizin \u0130\u015flenme Ama\u00e7lar\u0131 Nelerdir?<\/a>\n\t\t\t\t\t\t\t\t\t<div>\n\t\t\t\t\t\t\t\t\t<p>Faaliyetlerimiz ve istihdam ama\u00e7lar\u0131m\u0131z kapsam\u0131nda siz potansiyel m\u00fc\u015fterilerimizi  a\u015fa\u011f\u0131da yer alan verilerini toplamaktay\u0131z:<\/p>\n\t\t\t\t\t\t\t\t\t\n\t\t\t\t\t\t\t\t\t<table class=\"kvkkTablo\">\n\t\t\t\t\t\t\t\t\t<thead>\n\t\t\t\t\t\t\t\t\t<th colspan=\"2\">Kimlik Bilgileri<\/th>\n\t\t\t\t\t\t\t\t\t<\/thead>\n\t\t\t\t\t\t\t\t\t<tbody>\n\t\t\t\t\t\t\t\t\t<tr>\n\t\t\t\t\t\t\t\t\t<td class=\"renk\">\u0130\u015flenen Ki\u015fisel Veriler<\/td>\n\t\t\t\t\t\t\t\t\t<td class=\"renk\">Ki\u015fisel Veri \u0130\u015fleme Ama\u00e7lar\u0131<\/td>\n\t\t\t\t\t\t\t\t\t<\/tr>\n\t\t\t\t\t\t\t\t\t<tr>\n\t\t\t\t\t\t\t\t\t<td>\n\t\t\t\t\t\t\t\t\t<ul>\n\t\t\t\t\t\t\t\t\t<li>Ad<\/li>\n\t\t\t\t\t\t\t\t\t<li>Soyad<\/li>\n\t\t\t\t\t\t\t\t\t<li>\u0130mza<\/li>\n\t\t\t\t\t\t\t\t\t<\/ul>\n\t\t\t\t\t\t\t\t\t<\/td>\n\t\t\t\t\t\t\t\t\t<td>Faaliyetlerin Mevzuata Uygun Y\u00fcr\u00fct\u00fclmesi, \u0130\u015f S\u00fcreklili\u011finin Sa\u011flanmas\u0131 Faaliyetlerinin Y\u00fcr\u00fct\u00fclmesi, \u0130\u015f Faaliyetlerinin Y\u00fcr\u00fct\u00fclmesi\/Denetimi, Firma\/\u00dcr\u00fcn\/Hizmetlere Ba\u011fl\u0131l\u0131k S\u00fcre\u00e7lerinin Y\u00fcr\u00fct\u00fclmesi, \u0130leti\u015fim Faaliyetlerinin Y\u00fcr\u00fct\u00fclmesi, M\u00fc\u015fteri \u0130li\u015fkileri Y\u00f6netimi S\u00fcre\u00e7lerinin Y\u00fcr\u00fct\u00fclmesi, M\u00fc\u015fteri Memnuniyetine Y\u00f6nelik Aktivitelerin Y\u00fcr\u00fct\u00fclmesi, Organizasyon Ve Etkinlik Y\u00f6netimi, Talep\/\u015eikayetlerin Takibi, Mal\/Hizmet Sat\u0131\u015f S\u00fcre\u00e7lerinin Y\u00fcr\u00fct\u00fclmesi, S\u00f6zle\u015fme S\u00fcre\u00e7lerinin Y\u00fcr\u00fct\u00fclmesi, Yetkili Ki\u015fi, Kurum Ve Kurulu\u015flara Bilgi Verilmesi<\/td>\n\t\t\t\t\t\t\t\t\t<\/tr>\n\t\t\t\t\t\t\t\t\t<tr>\n\t\t\t\t\t\t\t\t\t<td class=\"renk\">Ki\u015fisel Verilerin \u0130\u015flenmesinin Hukuki Sebepleri<\/td>\n\t\t\t\t\t\t\t\t\t<td>\n\t\t\t\t\t\t\t\t\t<p>Ki\u015fisel verileriniz, Ekol taraf\u0131ndan yukar\u0131da say\u0131lan ama\u00e7lar\u0131n ger\u00e7ekle\u015ftirilmesi do\u011frultusunda, ba\u015fta KVKK\u2019n\u0131n 5\u2019inci maddesinde belirtilen;<\/p>\n\t\t\t\t\t\t\t\t\t<ul><li>\u0130lgili ki\u015finin temel hak ve \u00f6zg\u00fcrl\u00fcklerine zarar vermemek kayd\u0131yla, veri sorumlusunun me\u015fru menfaatleri i\u00e7in veri i\u015flenmesinin zorunlu olmas\u0131<\/li><\/ul>\n\t\t\t\t\t\t\t\t\t<p>hukuki sebeplerine dayan\u0131larak i\u015flenmektedir.<\/p>\n\t\t\t\t\t\t\t\t\t<\/td>\n\t\t\t\t\t\t\t\t\t<\/tr>\n\t\t\t\t\t\t\t\t\t<tr>\n\t\t\t\t\t\t\t\t\t<td class=\"renk\">Ki\u015fisel Verileri Toplama Y\u00f6ntemleri<\/td>\n\t\t\t\t\t\t\t\t\t<td>Yukar\u0131da belirtilen ki\u015fisel verileriniz bas\u0131l\u0131 ve elektronik formlar vas\u0131tas\u0131yla veya bir toplant\u0131ya veya etkinli\u011fe kat\u0131l\u0131m s\u0131ras\u0131nda veya sosyal medya hesaplar\u0131 \u00fczerinden toplanmaktad\u0131r.<\/td>\n\t\t\t\t\t\t\t\t\t<\/tr>\n\t\t\t\t\t\t\t\t\t<\/tbody>\n\t\t\t\t\t\t\t\t\t<\/table>\n\t\t\t\t\t\t\t\t\t\n\t\t\t\t\t\t\t\t\t<table class=\"kvkkTablo\">\n\t\t\t\t\t\t\t\t\t<thead>\n\t\t\t\t\t\t\t\t\t<th colspan=\"2\">\u0130leti\u015fim Bilgileri<\/th>\n\t\t\t\t\t\t\t\t\t<\/thead>\n\t\t\t\t\t\t\t\t\t<tbody>\n\t\t\t\t\t\t\t\t\t<tr>\n\t\t\t\t\t\t\t\t\t<td class=\"renk\">\u0130\u015flenen Ki\u015fisel Veriler<\/td>\n\t\t\t\t\t\t\t\t\t<td class=\"renk\">Ki\u015fisel Veri \u0130\u015fleme Ama\u00e7lar\u0131<\/td>\n\t\t\t\t\t\t\t\t\t<\/tr>\n\t\t\t\t\t\t\t\t\t<tr>\n\t\t\t\t\t\t\t\t\t<td>\n\t\t\t\t\t\t\t\t\t<ul>\n\t\t\t\t\t\t\t\t\t<li>E-Posta Adresi<\/li>\n\t\t\t\t\t\t\t\t\t<li>\u0130\u015f Telefonu Numaras\u0131<\/li>\n\t\t\t\t\t\t\t\t\t<li>Cep Telefonu Numaras\u0131<\/li>\n\t\t\t\t\t\t\t\t\t<li>\u0130\u015f Yeri Adresi<\/li>\n\t\t\t\t\t\t\t\t\t<li>\u0130\u015f Yeri \u0130smi\/Unvan\u0131<\/li>\n\t\t\t\t\t\t\t\t\t<\/ul>\n\t\t\t\t\t\t\t\t\t<\/td>\n\t\t\t\t\t\t\t\t\t<td>Firma\/\u00dcr\u00fcn\/Hizmetlere Ba\u011fl\u0131l\u0131k S\u00fcre\u00e7lerinin Y\u00fcr\u00fct\u00fclmesi, \u0130leti\u015fim Faaliyetlerinin Y\u00fcr\u00fct\u00fclmesi, M\u00fc\u015fteri \u0130li\u015fkileri Y\u00f6netimi S\u00fcre\u00e7lerinin Y\u00fcr\u00fct\u00fclmesi, M\u00fc\u015fteri Memnuniyetine Y\u00f6nelik Aktivitelerin Y\u00fcr\u00fct\u00fclmesi, Organizasyon Ve Etkinlik Y\u00f6netimi, Talep\/\u015eikayetlerin Takibi, Mal\/Hizmet Sat\u0131\u015f S\u00fcre\u00e7lerinin Y\u00fcr\u00fct\u00fclmesi, Faaliyetlerin Mevzuata Uygun Y\u00fcr\u00fct\u00fclmesi, S\u00f6zle\u015fme S\u00fcre\u00e7lerinin Y\u00fcr\u00fct\u00fclmesi, Yetkili Ki\u015fi, Kurum Ve Kurulu\u015flara Bilgi Verilmesi<\/td>\n\t\t\t\t\t\t\t\t\t<\/tr>\n\t\t\t\t\t\t\t\t\t<tr>\n\t\t\t\t\t\t\t\t\t<td class=\"renk\">Ki\u015fisel Verilerin \u0130\u015flenmesinin Hukuki Sebepleri<\/td>\n\t\t\t\t\t\t\t\t\t<td>\n\t\t\t\t\t\t\t\t\t<p>Ki\u015fisel verileriniz, Ekol taraf\u0131ndan yukar\u0131da say\u0131lan ama\u00e7lar\u0131n ger\u00e7ekle\u015ftirilmesi do\u011frultusunda, ba\u015fta KVKK\u2019n\u0131n 5\u2019inci maddesinde belirtilen;<\/p>\n\t\t\t\t\t\t\t\t\t<ul><li>\u0130lgili ki\u015finin temel hak ve \u00f6zg\u00fcrl\u00fcklerine zarar vermemek kayd\u0131yla, veri sorumlusunun me\u015fru menfaatleri i\u00e7in veri i\u015flenmesinin zorunlu olmas\u0131<\/li><\/ul>\n\t\t\t\t\t\t\t\t\t<p>hukuki sebeplerine dayan\u0131larak i\u015flenmektedir.<\/p>\n\t\t\t\t\t\t\t\t\t<\/td>\n\t\t\t\t\t\t\t\t\t<\/tr>\n\t\t\t\t\t\t\t\t\t<tr>\n\t\t\t\t\t\t\t\t\t<td class=\"renk\">Ki\u015fisel Verileri Toplama Y\u00f6ntemleri<\/td>\n\t\t\t\t\t\t\t\t\t<td>Yukar\u0131da belirtilen ki\u015fisel verileriniz bas\u0131l\u0131 ve elektronik formlar vas\u0131tas\u0131yla veya bir toplant\u0131ya veya etkinli\u011fe kat\u0131l\u0131m s\u0131ras\u0131nda veya sosyal medya hesaplar\u0131 \u00fczerinden toplanmaktad\u0131r.<\/td>\n\t\t\t\t\t\t\t\t\t<\/tr>\n\t\t\t\t\t\t\t\t\t<\/tbody>\n\t\t\t\t\t\t\t\t\t<\/table>\n\t\t\t\t\t\t\t\t\t\n\t\t\t\t\t\t\t\t\t<table class=\"kvkkTablo\">\n\t\t\t\t\t\t\t\t\t<thead>\n\t\t\t\t\t\t\t\t\t<th colspan=\"2\">\u00d6zl\u00fck Bilgileri<\/th>\n\t\t\t\t\t\t\t\t\t<\/thead>\n\t\t\t\t\t\t\t\t\t<tbody>\n\t\t\t\t\t\t\t\t\t<tr>\n\t\t\t\t\t\t\t\t\t<td class=\"renk\">\u0130\u015flenen Ki\u015fisel Veriler<\/td>\n\t\t\t\t\t\t\t\t\t<td class=\"renk\">Ki\u015fisel Veri \u0130\u015fleme Ama\u00e7lar\u0131<\/td>\n\t\t\t\t\t\t\t\t\t<\/tr>\n\t\t\t\t\t\t\t\t\t<tr>\n\t\t\t\t\t\t\t\t\t<td>\n\t\t\t\t\t\t\t\t\t<ul>\n\t\t\t\t\t\t\t\t\t<li>\u00d6zge\u00e7mi\u015f Bilgileri<\/li>\n\t\t\t\t\t\t\t\t\t<li>Pozisyon\/Unvan Bilgisi<\/li>\n\t\t\t\t\t\t\t\t\t<\/ul>\n\t\t\t\t\t\t\t\t\t<\/td>\n\t\t\t\t\t\t\t\t\t<td>Faaliyetlerin Mevzuata Uygun Y\u00fcr\u00fct\u00fclmesi, \u0130\u015f S\u00fcreklili\u011finin Sa\u011flanmas\u0131 Faaliyetlerinin Y\u00fcr\u00fct\u00fclmesi, \u0130\u015f Faaliyetlerinin Y\u00fcr\u00fct\u00fclmesi\/Denetimi, Firma\/\u00dcr\u00fcn\/Hizmetlere Ba\u011fl\u0131l\u0131k S\u00fcre\u00e7lerinin Y\u00fcr\u00fct\u00fclmesi, \u0130leti\u015fim Faaliyetlerinin Y\u00fcr\u00fct\u00fclmesi, M\u00fc\u015fteri \u0130li\u015fkileri Y\u00f6netimi S\u00fcre\u00e7lerinin Y\u00fcr\u00fct\u00fclmesi, M\u00fc\u015fteri Memnuniyetine Y\u00f6nelik Aktivitelerin Y\u00fcr\u00fct\u00fclmesi, Organizasyon Ve Etkinlik Y\u00f6netimi, Talep\/\u015eikayetlerin Takibi, Mal\/Hizmet Sat\u0131\u015f S\u00fcre\u00e7lerinin Y\u00fcr\u00fct\u00fclmesi, S\u00f6zle\u015fme S\u00fcre\u00e7lerinin Y\u00fcr\u00fct\u00fclmesi, Yetkili Ki\u015fi, Kurum Ve Kurulu\u015flara Bilgi Verilmesi<\/td>\n\t\t\t\t\t\t\t\t\t<\/tr>\n\t\t\t\t\t\t\t\t\t<tr>\n\t\t\t\t\t\t\t\t\t<td class=\"renk\">Ki\u015fisel Verilerin \u0130\u015flenmesinin Hukuki Sebepleri<\/td>\n\t\t\t\t\t\t\t\t\t<td>\n\t\t\t\t\t\t\t\t\t<p>Ki\u015fisel verileriniz, Ekol taraf\u0131ndan yukar\u0131da say\u0131lan ama\u00e7lar\u0131n ger\u00e7ekle\u015ftirilmesi do\u011frultusunda, ba\u015fta KVKK\u2019n\u0131n 5\u2019inci maddesinde belirtilen;<\/p>\n\t\t\t\t\t\t\t\t\t<ul><li>\u0130lgili ki\u015finin temel hak ve \u00f6zg\u00fcrl\u00fcklerine zarar vermemek kayd\u0131yla, veri sorumlusunun me\u015fru menfaatleri i\u00e7in veri i\u015flenmesinin zorunlu olmas\u0131<\/li><\/ul>\n\t\t\t\t\t\t\t\t\t<p>hukuki sebeplerine dayan\u0131larak i\u015flenmektedir.<\/p>\n\t\t\t\t\t\t\t\t\t<\/td>\n\t\t\t\t\t\t\t\t\t<\/tr>\n\t\t\t\t\t\t\t\t\t<tr>\n\t\t\t\t\t\t\t\t\t<td class=\"renk\">Ki\u015fisel Verileri Toplama Y\u00f6ntemleri<\/td>\n\t\t\t\t\t\t\t\t\t<td>Yukar\u0131da belirtilen ki\u015fisel verileriniz bas\u0131l\u0131 ve elektronik formlar vas\u0131tas\u0131yla veya bir toplant\u0131ya veya etkinli\u011fe kat\u0131l\u0131m s\u0131ras\u0131nda veya sosyal medya hesaplar\u0131 \u00fczerinden toplanmaktad\u0131r.<\/td>\n\t\t\t\t\t\t\t\t\t<\/tbody>\n\t\t\t\t\t\t\t\t\t<\/table>\n\t\t\t\t\t\t\t\t\t\n\t\t\t\t\t\t\t\t\t<table class=\"kvkkTablo\">\n\t\t\t\t\t\t\t\t\t<thead>\n\t\t\t\t\t\t\t\t\t<th colspan=\"2\">G\u00f6rsel ve \u0130\u015fitsel Kay\u0131t Bilgileri<\/th>\n\t\t\t\t\t\t\t\t\t<\/thead>\n\t\t\t\t\t\t\t\t\t<tbody>\n\t\t\t\t\t\t\t\t\t<tr>\n\t\t\t\t\t\t\t\t\t<td class=\"renk\">\u0130\u015flenen Ki\u015fisel Veriler<\/td>\n\t\t\t\t\t\t\t\t\t<td class=\"renk\">Ki\u015fisel Veri \u0130\u015fleme Ama\u00e7lar\u0131<\/td>\n\t\t\t\t\t\t\t\t\t<\/tr>\n\t\t\t\t\t\t\t\t\t<tr>\n\t\t\t\t\t\t\t\t\t<td>\n\t\t\t\t\t\t\t\t\t<ul>\n\t\t\t\t\t\t\t\t\t<li>\u0130\u015fitsel Kay\u0131tlar<\/li>\n\t\t\t\t\t\t\t\t\t<li>G\u00f6rsel Kay\u0131tlar<\/li>\n\t\t\t\t\t\t\t\t\t<\/ul>\n\t\t\t\t\t\t\t\t\t<\/td>\n\t\t\t\t\t\t\t\t\t<td>Firma\/\u00dcr\u00fcn\/Hizmetlere Ba\u011fl\u0131l\u0131k S\u00fcre\u00e7lerinin Y\u00fcr\u00fct\u00fclmesi, \u0130leti\u015fim Faaliyetlerinin Y\u00fcr\u00fct\u00fclmesi, M\u00fc\u015fteri \u0130li\u015fkileri Y\u00f6netimi S\u00fcre\u00e7lerinin Y\u00fcr\u00fct\u00fclmesi, M\u00fc\u015fteri Memnuniyetine Y\u00f6nelik Aktivitelerin Y\u00fcr\u00fct\u00fclmesi, Talep\/\u015eikayetlerin Takibi<\/td>\n\t\t\t\t\t\t\t\t\t<\/tr>\n\t\t\t\t\t\t\t\t\t<tr>\n\t\t\t\t\t\t\t\t\t<td class=\"renk\">Ki\u015fisel Verilerin \u0130\u015flenmesinin Hukuki Sebepleri<\/td>\n\t\t\t\t\t\t\t\t\t<td>\n\t\t\t\t\t\t\t\t\t<p>Ki\u015fisel verileriniz, Ekol taraf\u0131ndan yukar\u0131da say\u0131lan ama\u00e7lar\u0131n ger\u00e7ekle\u015ftirilmesi do\u011frultusunda, ba\u015fta KVKK\u2019n\u0131n 5\u2019inci maddesinde belirtilen;<\/p>\n\t\t\t\t\t\t\t\t\t<ul><li>\u0130lgili ki\u015finin temel hak ve \u00f6zg\u00fcrl\u00fcklerine zarar vermemek kayd\u0131yla, veri sorumlusunun me\u015fru menfaatleri i\u00e7in veri i\u015flenmesinin zorunlu olmas\u0131<\/li><\/ul>\n\t\t\t\t\t\t\t\t\t<p>hukuki sebeplerine dayan\u0131larak i\u015flenmektedir.<\/p>\n\t\t\t\t\t\t\t\t\t<\/tr>\n\t\t\t\t\t\t\t\t\t<tr>\n\t\t\t\t\t\t\t\t\t<td class=\"renk\">Ki\u015fisel Verileri Toplama Y\u00f6ntemleri<\/td>\n\t\t\t\t\t\t\t\t\t<td>Yukar\u0131da belirtilen ki\u015fisel verileriniz bas\u0131l\u0131 ve elektronik formlar vas\u0131tas\u0131yla veya bir toplant\u0131ya veya etkinli\u011fe kat\u0131l\u0131m s\u0131ras\u0131nda veya sosyal medya hesaplar\u0131 \u00fczerinden toplanmaktad\u0131r.<\/td>\n\t\t\t\t\t\t\t\t\t<\/tr>\n\t\t\t\t\t\t\t\t\t<\/tbody>\n\t\t\t\t\t\t\t\t\t<\/table>\n\t\t\t\t\t\t\t\t\t\n\t\t\t\t\t\t\t\t\t<table class=\"kvkkTablo\">\n\t\t\t\t\t\t\t\t\t<thead>\n\t\t\t\t\t\t\t\t\t<th colspan=\"2\">\u0130\u015flem G\u00fcvenli\u011fi Bilgileri<\/th>\n\t\t\t\t\t\t\t\t\t<\/thead>\n\t\t\t\t\t\t\t\t\t<tbody>\n\t\t\t\t\t\t\t\t\t<tr>\n\t\t\t\t\t\t\t\t\t<td class=\"renk\">\u0130\u015flenen Ki\u015fisel Veriler<\/td>\n\t\t\t\t\t\t\t\t\t<td class=\"renk\">Ki\u015fisel Veri \u0130\u015fleme Ama\u00e7lar\u0131<\/td>\n\t\t\t\t\t\t\t\t\t<\/tr>\n\t\t\t\t\t\t\t\t\t<tr>\n\t\t\t\t\t\t\t\t\t<td>\n\t\t\t\t\t\t\t\t\t<ul>\n\t\t\t\t\t\t\t\t\t<li>IP Adresi<\/li>\n\t\t\t\t\t\t\t\t\t<li>Browser Bilgisi<\/li>\n\t\t\t\t\t\t\t\t\t<\/ul>\n\t\t\t\t\t\t\t\t\t<\/td>\n\t\t\t\t\t\t\t\t\t<td>Firma\/\u00dcr\u00fcn\/Hizmetlere Ba\u011fl\u0131l\u0131k S\u00fcre\u00e7lerinin Y\u00fcr\u00fct\u00fclmesi, \u0130leti\u015fim Faaliyetlerinin Y\u00fcr\u00fct\u00fclmesi, M\u00fc\u015fteri \u0130li\u015fkileri Y\u00f6netimi S\u00fcre\u00e7lerinin Y\u00fcr\u00fct\u00fclmesi, M\u00fc\u015fteri Memnuniyetine Y\u00f6nelik Aktivitelerin Y\u00fcr\u00fct\u00fclmesi, Talep \/ \u015eikayetlerin Takibi<\/td>\n\t\t\t\t\t\t\t\t\t<\/tr>\n\t\t\t\t\t\t\t\t\t<tr>\n\t\t\t\t\t\t\t\t\t<td class=\"renk\">Ki\u015fisel Verilerin \u0130\u015flenmesinin Hukuki Sebepleri<\/td>\n\t\t\t\t\t\t\t\t\t<td>\n\t\t\t\t\t\t\t\t\t<p>Ki\u015fisel verileriniz, Ekol taraf\u0131ndan yukar\u0131da say\u0131lan ama\u00e7lar\u0131n ger\u00e7ekle\u015ftirilmesi do\u011frultusunda, ba\u015fta KVKK\u2019n\u0131n 5\u2019inci maddesinde belirtilen;<\/p>\n\t\t\t\t\t\t\t\t\t<ul><li>\u0130lgili ki\u015finin temel hak ve \u00f6zg\u00fcrl\u00fcklerine zarar vermemek kayd\u0131yla, veri sorumlusunun me\u015fru menfaatleri i\u00e7in veri i\u015flenmesinin zorunlu olmas\u0131,<\/li><\/ul>\n\t\t\t\t\t\t\t\t\t<p>hukuki sebeplerine dayan\u0131larak i\u015flenmektedir.<\/p>\n\t\t\t\t\t\t\t\t\t<\/td>\n\t\t\t\t\t\t\t\t\t<\/tr>\n\t\t\t\t\t\t\t\t\t<tr>\n\t\t\t\t\t\t\t\t\t<td class=\"renk\">Ki\u015fisel Verileri Toplama Y\u00f6ntemleri<\/td>\n\t\t\t\t\t\t\t\t\t<td>Verileriniz elektronik formlar vas\u0131tas\u0131yla toplanmaktad\u0131r.<\/td>\n\t\t\t\t\t\t\t\t\t<\/tr>\n\t\t\t\t\t\t\t\t\t<\/tbody>\n\t\t\t\t\t\t\t\t\t<\/table>\n\t\t\t\t\t\t\t\t\t\n\t\t\t\t\t\t\t\t\t<\/div>\n\t\t\t\t\t\t\t\t\t<\/li>\n\t\t\t\t\t\t\t\t\t<li><a href=\"#potansiyel-musteri-amac\">Ki\u015fisel Verileriniz Kimlere ve Hangi Ama\u00e7larla Aktar\u0131labilecektir?<\/a>\n\t\t\t\t\t\t\t\t\t<div>\n\t\t\t\t\t\t\t\t\t<p>Ki\u015fisel verileriniz,<\/p>\n\t\t\t\t\t\t\t\t\t<ul>\n\t\t\t\t\t\t\t\t\t<li>Organizasyon ve etkinlik y\u00f6netimi, m\u00fc\u015fteri ili\u015fkileri y\u00f6netimi s\u00fcre\u00e7lerinin y\u00fcr\u00fct\u00fclmesi, i\u015f faaliyetlerinin y\u00fcr\u00fct\u00fclmesi ama\u00e7lar\u0131yla <strong>\u0130\u015ftirakler ve Ba\u011fl\u0131 Ortakl\u0131klar<\/strong>\u2019\u0131m\u0131za,<\/li>\n\t\t\t\t\t\t\t\t\t<li>Yasal d\u00fczenlemenin \u00f6ng\u00f6rd\u00fc\u011f\u00fc kapsamda, faaliyetlerin mevzuata uygun y\u00fcr\u00fct\u00fclmesi, yetkili ki\u015fi, kurum ve kurulu\u015flara bilgi verilmesi ama\u00e7lar\u0131yla <strong>Yetkili Kamu Kurum ve Kurulu\u015flar\u0131<\/strong>\u2019na<\/li>\n\t\t\t\t\t\t\t\t\t<li>\u0130\u015f faaliyetlerinin y\u00fcr\u00fct\u00fclmesi, organizasyon ve etkinlik y\u00f6netimi ama\u00e7lar\u0131yla <strong>Ger\u00e7ek Ki\u015filer veya \u00d6zel Hukuk T\u00fczel Ki\u015fileri<\/strong>\u2019ne,<\/li>\n\t\t\t\t\t\t\t\t\t<\/ul>\n\t\t\t\t\t\t\t\t\t<p>aktar\u0131labilecektir.<\/p>\n\t\t\t\t\t\t\t\t\t<p>EKOL Lojistik A.\u015e. olarak, faaliyetimizin yurt d\u0131\u015f\u0131 dahil lojistik hizmetlerini kapsamas\u0131 nedeniyle verinizin i\u015flendi\u011fi s\u00fcre\u00e7 yurt d\u0131\u015f\u0131 ba\u011flant\u0131l\u0131 ise i\u015f faaliyetlerimizin ve personelimizin yurt d\u0131\u015f\u0131 g\u00f6revlendirmeleri ve e\u011fitim faaliyetlerinin y\u00fcr\u00fct\u00fclmesi amac\u0131 ile gerekli teknik ve idari tedbirleri alarak, bu ki\u015filerle ve s\u00fcre\u00e7lerle s\u0131n\u0131rl\u0131 veriler Kanun\u2019daki kurallara uygun olarak yurt d\u0131\u015f\u0131ndaki i\u015ftirakler, ba\u011fl\u0131 ortakl\u0131klar, alt y\u00fckleniciler ve tedarik\u00e7iler ile ilgili \u00fclkedeki mevzuat zorunluluklar\u0131 durumunda yabanc\u0131 kamu kurum ve kurulu\u015flar\u0131 ile payla\u015f\u0131labilecektir.<\/p>\n\t\t\t\t\t\t\t\t\t<\/div>\n\t\t\t\t\t\t\t\t\t<\/li>\n\t\t\t\t\t\t\t\t\t<li><a href=\"#potansiyel-musteri-sure\">Ki\u015fisel Verileriniz Ne Kadar S\u00fcre ile Saklan\u0131r?<\/a>\n\t\t\t\t\t\t\t\t\t<div>\n\t\t\t\t\t\t\t\t\t<p>Ki\u015fisel verileriniz, kanunda veya ilgili mevzuatta verinin saklanmas\u0131 i\u00e7in bir s\u00fcre belirlenmi\u015fse, s\u00f6z konusu veri en az bu s\u00fcre kadar saklanmak zorundad\u0131r. Kanunda veya ilgili mevzuatta bir s\u00fcre \u00f6ng\u00f6r\u00fclmemi\u015fse; i\u015flenme ama\u00e7lar\u0131yla ba\u011flant\u0131l\u0131, s\u0131n\u0131rl\u0131 ve \u00f6l\u00e7\u00fcl\u00fc olmak kayd\u0131yla belirlenen makul s\u00fcrelerce saklanmaktad\u0131r.<\/p>\n\t\t\t\t\t\t\t\t\t<\/div>\n\t\t\t\t\t\t\t\t\t<\/li>\n\t\t\t\t\t\t\t\t\t<li><a href=\"#potansiyel-musteri-haklar\">\u0130lgili Ki\u015fi Olarak Haklar\u0131n\u0131z Nelerdir?<\/a>\n\t\t\t\t\t\t\t\t\t<div>\n\t\t\t\t\t\t\t\t\t<p>KVKK ve ilgili mevzuat kapsam\u0131nda ki\u015fisel verilerinize ili\u015fkin olarak;<\/p>\n\t\t\t\t\t\t\t\t\t<ul>\n\t\t\t\t\t\t\t\t\t<li>Ki\u015fisel verilerinizin i\u015flenip i\u015flenmedi\u011fini \u00f6\u011frenme,<\/li>\n\t\t\t\t\t\t\t\t\t<li>Ki\u015fisel verileriniz i\u015flenmi\u015fse buna ili\u015fkin bilgi talep etme,<\/li>\n\t\t\t\t\t\t\t\t\t<li>Ki\u015fisel verilerin i\u015flenme amac\u0131n\u0131 ve bunlar\u0131n amac\u0131na uygun kullan\u0131l\u0131p kullan\u0131lmad\u0131\u011f\u0131n\u0131 \u00f6\u011frenme,<\/li>\n\t\t\t\t\t\t\t\t\t<li>Yurt i\u00e7inde veya yurt d\u0131\u015f\u0131nda ki\u015fisel verilerinizin aktar\u0131ld\u0131\u011f\u0131 \u00fc\u00e7\u00fcnc\u00fc ki\u015fileri bilme,<\/li>\n\t\t\t\t\t\t\t\t\t<li>Ki\u015fisel verilerinizin eksik veya yanl\u0131\u015f i\u015flenmi\u015f olmas\u0131 halinde bunlar\u0131n d\u00fczeltilmesini isteme,<\/li>\n\t\t\t\t\t\t\t\t\t<li>KVKK mevzuat\u0131nda \u00f6ng\u00f6r\u00fclen \u015fartlar \u00e7er\u00e7evesinde ki\u015fisel verilerinizin silinmesini veya yok edilmesini isteme,<\/li>\n\t\t\t\t\t\t\t\t\t<li>Eksik veya yanl\u0131\u015f verilerin d\u00fczeltilmesi ile ki\u015fisel verilerinizin silinmesi veya yok edilmesini talep etti\u011finizde, bu durumun ki\u015fisel verilerinizi aktard\u0131\u011f\u0131m\u0131z \u00fc\u00e7\u00fcnc\u00fc ki\u015filere bildirilmesini isteme,<\/li>\n\t\t\t\t\t\t\t\t\t<li>Ki\u015fisel verilerin kanuna ayk\u0131r\u0131 olarak i\u015flenmesi sebebiyle zarara u\u011framan\u0131z halinde bu zarar\u0131n giderilmesini talep etme<\/li>\n\t\t\t\t\t\t\t\t\t<\/ul>\n\t\t\t\t\t\t\t\t\t<p>haklar\u0131na sahipsiniz.<\/p>\n\t\t\t\t\t\t\t\t\t<\/div>\n\t\t\t\t\t\t\t\t\t<\/li>\n\t\t\t\t\t\t\t\t\t<li><a href=\"#potansiyel-musteri-hak-kullanimi\">Haklar\u0131n\u0131z\u0131 Nas\u0131l Kullanabilirsiniz?<\/a>\n\t\t\t\t\t\t\t\t\t<div>\n\t\t\t\t\t\t\t\t\t<p>Ki\u015fisel verileriniz ile ilgili ba\u015fvuru ve taleplerinizi dilerseniz <a href=\"https:\/\/drive.google.com\/file\/d\/13kfIIT1cLCG1M-kSDrpjFzAFh5W0vyco\/preview\" target=\"_blank\">\u0130lgili Ki\u015fi Ba\u015fvuru Formu<\/a> arac\u0131l\u0131\u011f\u0131yla;<\/p>\n\t\t\t\t\t\t\t\t\t<ul>\n\t\t\t\t\t\t\t\t\t<li>Islak imzal\u0131 ve kimlik fotokopisi ile  Ey\u00fcp Sultan, Mehmet Akif Cd. No:3\/A 34885 Sancaktepe\/\u0130stanbul adresine g\u00f6ndererek,<\/li>\n\t\t\t\t\t\t\t\t\t<li>Ge\u00e7erli bir kimlik belgesi ile birlikte Ekol Lojistik A.\u015e.\u2019ye bizzat ba\u015fvurarak,<\/li>\n\t\t\t\t\t\t\t\t\t<li>Mobil imza veya g\u00fcvenli elektronik imza ile imzalay\u0131p <a href=\"mailto:kvkk@ekol.com\">kvkk@ekol.com<\/a> adresine e-posta g\u00f6nderilerek,<\/li>\n\t\t\t\t\t\t\t\t\t<li>Kay\u0131tl\u0131 elektronik posta (KEP) adresi ve g\u00fcvenli elektronik imza ya da mobil imza kullanmak suretiyle <a href=\"mailto:ekol@hs03.kep.tr\">ekol@hs03.kep.tr<\/a> kay\u0131tl\u0131 elektronik posta adresimize g\u00f6ndererek,<\/li>\n\t\t\t\t\t\t\t\t\t<\/ul>\n\t\t\t\t\t\t\t\t\t<p>Ekol Lojistik A.\u015e.\u2019ye iletebilirsiniz.<\/p>\n\t\t\t\t\t\t\t\t\t<p>Veri Sorumlusuna Ba\u015fvuru Usul ve Esaslar\u0131 Hakk\u0131nda Tebli\u011f uyar\u0131nca, \u0130lgili Ki\u015fi\u2019nin, ba\u015fvurusunda isim, soyisim, ba\u015fvuru yaz\u0131l\u0131 ise imza, T.C. kimlik numaras\u0131 (ba\u015fvuruda bulunan ki\u015finin yabanc\u0131 olmas\u0131 halinde uyru\u011fu, pasaport numaras\u0131 veya varsa kimlik numaras\u0131), tebligata esas yerle\u015fim yeri veya i\u015f yeri adresi, varsa bildirime esas elektronik posta adresi, telefon numaras\u0131 ve faks numaras\u0131 ile talep konusuna dair bilgilerin bulunmas\u0131 zorunludur.<\/p>\n\t\t\t\t\t\t\t\t\t<p>\u0130lgili Ki\u015fi, yukar\u0131da belirtilen haklar\u0131 kullanmak i\u00e7in yapaca\u011f\u0131 ve kullanmay\u0131 talep etti\u011fi hakka ili\u015fkin a\u00e7\u0131klamalar\u0131 i\u00e7eren ba\u015fvuruda talep edilen hususu a\u00e7\u0131k ve anla\u015f\u0131l\u0131r \u015fekilde belirtmelidir. Ba\u015fvuruya ili\u015fkin bilgi ve belgelerin ba\u015fvuruya eklenmesi gerekmektedir.<\/p>\n\t\t\t\t\t\t\t\t\t<p>Talep konusunun ba\u015fvuran\u0131n \u015fahs\u0131 ile ilgili olmas\u0131 gerekmekle birlikte, ba\u015fkas\u0131 ad\u0131na hareket ediliyor ise ba\u015fvuruyu yapan\u0131n bu konuda \u00f6zel olarak yetkili olmas\u0131 ve bu yetkinin belgelendirilmesi (vek\u00e2letname) gerekmektedir. Ayr\u0131ca ba\u015fvurunun kimlik ve adres bilgilerini i\u00e7ermesi ve ba\u015fvuruya kimli\u011fi do\u011frulay\u0131c\u0131 belgelerin eklenmesi gerekmektedir.<\/p>\n\t\t\t\t\t\t\t\t\t<p>Yetkisiz \u00fc\u00e7\u00fcnc\u00fc ki\u015filerin ba\u015fkas\u0131 ad\u0131na yapt\u0131\u011f\u0131 talepler de\u011ferlendirmeye al\u0131nmayacakt\u0131r.<\/p>\n\t\t\t\t\t\t\t\t\t<\/div>\n\t\t\t\t\t\t\t\t\t<\/li>\n\t\t\t\t\t\t\t\t\t<li><a href=\"#potansiyel-musteri-cevap\">Ki\u015fisel Verilerinizin \u0130\u015flenmesine \u0130li\u015fkin Talepleriniz Ne Kadar S\u00fcrede Cevaplan\u0131r?<\/a>\n\t\t\t\t\t\t\t\t\t<div>\n\t\t\t\t\t\t\t\t\t<p>Ki\u015fisel verilerinize ili\u015fkin hak talepleriniz de\u011ferlendirilerek, bize ula\u015ft\u0131\u011f\u0131 tarihten itibaren en ge\u00e7 30 g\u00fcn i\u00e7erisinde cevaplan\u0131r. Ba\u015fvurunuzun olumsuz de\u011ferlendirilmesi halinde gerek\u00e7eli ret sebepleri ba\u015fvuruda belirtti\u011finiz adrese elektronik posta veya posta yolu ba\u015fta olmak \u00fczere <a href=\"https:\/\/drive.google.com\/file\/d\/13kfIIT1cLCG1M-kSDrpjFzAFh5W0vyco\/preview\" target=\"_blank\">\u0130lgili Ki\u015fi Ba\u015fvuru Formu<\/a>\u2019nda se\u00e7ilen usullerinden biri ile g\u00f6nderilir.<\/p>\n\t\t\t\t\t\t\t\t\t<\/div>\n\t\t\t\t\t\t\t\t\t<\/li>\n\t\t\t\t\t\t\t\t\t<\/ul>\n\t\t\t\t\t\t\t\t<\/li>\n\n\n\t\t\t\t\t\t\t\t\t<li><a href=\"#potansiyel-tedarikci-calisani-aydinlatma\">Ekol Lojistik A.\u015e. Potansiyel Tedarik\u00e7i \u00c7al\u0131\u015fan\u0131 Ayd\u0131nlatma Metni<\/a>\n\t\t\t\t\t\t\t\t\t<ul>\n\t\t\t\t\t\t\t\t\t<p style=\"font-weight:bold;text-align:center;padding-top:10px;\">K\u0130\u015e\u0130SEL VER\u0130LER\u0130N \u0130\u015eLENMES\u0130NE \u0130L\u0130\u015eK\u0130N<br \/>POTANS\u0130YEL TEDAR\u0130K\u00c7\u0130 \u00c7ALI\u015eANI AYDINLATMA METN\u0130<\/p>\n\t\t\t\t\t\t\t\t\t<p><strong>Veri Sorumlusu: Ekol Lojistik A.\u015e.<\/strong><br \/>Ey\u00fcp Sultan, Mehmet Akif Cd. No:3\/A 34885 Sancaktepe\/\u0130stanbul<\/p>\n\t\t\t\t\t\t\t\t\t<p>Ekol Lojistik A.\u015e. (bundan sonra \u201c<strong>Ekol<\/strong>\u201d olarak an\u0131lacakt\u0131r.) olarak; ki\u015fisel verilerinizi 6698 say\u0131l\u0131 Ki\u015fisel Verilerin Korunmas\u0131 Kanunu (\u201c<strong>KVKK<\/strong>\u201d) ve ilgili mevzuat ve yasal d\u00fczenlemelerden kaynaklanan faaliyetleri \u00e7er\u00e7evesinde ki\u015fisel verilerinizin i\u015flenmesi, saklanmas\u0131 ve aktar\u0131lmas\u0131 ile ilgili siz potansiyel tedarik\u00e7i \u00e7al\u0131\u015fanlar\u0131m\u0131z\u0131 bilgilendirmek amac\u0131yla i\u015fbu ayd\u0131nlatma metnini haz\u0131rlad\u0131k.<\/p>\n\t\t\t\t\t\t\t\t\t<li><a href=\"#potansiyel-tedarikci-calisani-amac\">Hangi Ki\u015fisel Verileriniz \u0130\u015flenmekte ve Ki\u015fisel Verilerinizin \u0130\u015flenme Ama\u00e7lar\u0131 Nelerdir?<\/a>\n\t\t\t\t\t\t\t\t\t<div>\n\t\t\t\t\t\t\t\t\t<p>Faaliyetlerimiz ve istihdam ama\u00e7lar\u0131m\u0131z kapsam\u0131nda siz potansiyel tedarik\u00e7i \u00e7al\u0131\u015fanlar\u0131m\u0131z\u0131n a\u015fa\u011f\u0131da yer alan verilerini toplamaktay\u0131z:<\/p>\n\t\t\t\t\t\t\t\t\t\n\t\t\t\t\t\t\t\t\t<table class=\"kvkkTablo\">\n\t\t\t\t\t\t\t\t\t<thead>\n\t\t\t\t\t\t\t\t\t<th colspan=\"2\">Kimlik Bilgileri<\/th>\n\t\t\t\t\t\t\t\t\t<\/thead>\n\t\t\t\t\t\t\t\t\t<tbody>\n\t\t\t\t\t\t\t\t\t<tr>\n\t\t\t\t\t\t\t\t\t<td class=\"renk\">\u0130\u015flenen Ki\u015fisel Veriler<\/td>\n\t\t\t\t\t\t\t\t\t<td class=\"renk\">Ki\u015fisel Veri \u0130\u015fleme Ama\u00e7lar\u0131<\/td>\n\t\t\t\t\t\t\t\t\t<\/tr>\n\t\t\t\t\t\t\t\t\t<tr>\n\t\t\t\t\t\t\t\t\t<td>\n\t\t\t\t\t\t\t\t\t<ul>\n\t\t\t\t\t\t\t\t\t<li>Ad<\/li>\n\t\t\t\t\t\t\t\t\t<li>Soyad<\/li>\n\t\t\t\t\t\t\t\t\t<li>TC Kimlik Numaras\u0131<\/li>\n\t\t\t\t\t\t\t\t\t<li>\u0130mza<\/li>\n\t\t\t\t\t\t\t\t\t<\/ul>\n\t\t\t\t\t\t\t\t\t<\/td>\n\t\t\t\t\t\t\t\t\t<td>\u0130\u015f Faaliyetlerinin Y\u00fcr\u00fct\u00fclmesi\/Denetimi, Mal\/Hizmet Sat\u0131n Al\u0131m S\u00fcre\u00e7lerinin Y\u00fcr\u00fct\u00fclmesi, S\u00f6zle\u015fme S\u00fcre\u00e7lerinin Y\u00fcr\u00fct\u00fclmesi, Tedarik Zinciri Y\u00f6netimi S\u00fcre\u00e7lerinin Y\u00fcr\u00fct\u00fclmesi<\/td>\n\t\t\t\t\t\t\t\t\t<\/tr>\n\t\t\t\t\t\t\t\t\t<tr>\n\t\t\t\t\t\t\t\t\t<td class=\"renk\">Ki\u015fisel Verilerin \u0130\u015flenmesinin Hukuki Sebepleri<\/td>\n\t\t\t\t\t\t\t\t\t<td>\n\t\t\t\t\t\t\t\t\t<p>Ki\u015fisel verileriniz, Ekol taraf\u0131ndan yukar\u0131da say\u0131lan ama\u00e7lar\u0131n ger\u00e7ekle\u015ftirilmesi do\u011frultusunda, ba\u015fta KVKK\u2019n\u0131n 5\u2019inci maddesinde belirtilen;<\/p>\n\t\t\t\t\t\t\t\t\t<ul><li>\u0130lgili ki\u015finin temel hak ve \u00f6zg\u00fcrl\u00fcklerine zarar vermemek kayd\u0131yla, veri sorumlusunun me\u015fru menfaatleri i\u00e7in veri i\u015flenmesinin zorunlu olmas\u0131<\/li><\/ul>\n\t\t\t\t\t\t\t\t\t<p>hukuki sebeplerine dayan\u0131larak i\u015flenmektedir.<\/p>\n\t\t\t\t\t\t\t\t\t<\/td>\n\t\t\t\t\t\t\t\t\t<\/tr>\n\t\t\t\t\t\t\t\t\t<tr>\n\t\t\t\t\t\t\t\t\t<td class=\"renk\">Ki\u015fisel Verileri Toplama Y\u00f6ntemleri<\/td>\n\t\t\t\t\t\t\t\t\t<td>Yukar\u0131da belirtilen ki\u015fisel verileriniz bas\u0131l\u0131 ve elektronik formlar vas\u0131tas\u0131yla toplanmaktad\u0131r.<\/td>\n\t\t\t\t\t\t\t\t\t<\/tr>\n\t\t\t\t\t\t\t\t\t<\/tbody>\n\t\t\t\t\t\t\t\t\t<\/table>\n\t\t\t\t\t\t\t\t\t\n\t\t\t\t\t\t\t\t\t<table class=\"kvkkTablo\">\n\t\t\t\t\t\t\t\t\t<thead>\n\t\t\t\t\t\t\t\t\t<th colspan=\"2\">\u0130leti\u015fim Bilgileri<\/th>\n\t\t\t\t\t\t\t\t\t<\/thead>\n\t\t\t\t\t\t\t\t\t<tbody>\n\t\t\t\t\t\t\t\t\t<tr>\n\t\t\t\t\t\t\t\t\t<td class=\"renk\">\u0130\u015flenen Ki\u015fisel Veriler<\/td>\n\t\t\t\t\t\t\t\t\t<td class=\"renk\">Ki\u015fisel Veri \u0130\u015fleme Ama\u00e7lar\u0131<\/td>\n\t\t\t\t\t\t\t\t\t<\/tr>\n\t\t\t\t\t\t\t\t\t<tr>\n\t\t\t\t\t\t\t\t\t<td>\n\t\t\t\t\t\t\t\t\t<ul>\n\t\t\t\t\t\t\t\t\t<li>E-Posta<\/li>\n\t\t\t\t\t\t\t\t\t<li>\u0130\u015f Telefonu Numaras\u0131<\/li>\n\t\t\t\t\t\t\t\t\t<li>Cep Telefonu Numaras\u0131<\/li>\n\t\t\t\t\t\t\t\t\t<li>\u0130\u015f Yeri Adresi<\/li>\n\t\t\t\t\t\t\t\t\t<li>\u0130\u015f Yeri \u0130smi\/Unvan\u0131<\/li>\n\t\t\t\t\t\t\t\t\t<\/ul>\n\t\t\t\t\t\t\t\t\t<\/td>\n\t\t\t\t\t\t\t\t\t<td>\u0130\u015f Faaliyetlerinin Y\u00fcr\u00fct\u00fclmesi\/Denetimi, Mal\/Hizmet Sat\u0131n Al\u0131m S\u00fcre\u00e7lerinin Y\u00fcr\u00fct\u00fclmesi, S\u00f6zle\u015fme S\u00fcre\u00e7lerinin Y\u00fcr\u00fct\u00fclmesi, Tedarik Zinciri Y\u00f6netimi S\u00fcre\u00e7lerinin Y\u00fcr\u00fct\u00fclmesi<\/td>\n\t\t\t\t\t\t\t\t\t<\/tr>\n\t\t\t\t\t\t\t\t\t<tr>\n\t\t\t\t\t\t\t\t\t<td class=\"renk\">Ki\u015fisel Verilerin \u0130\u015flenmesinin Hukuki Sebepleri<\/td>\n\t\t\t\t\t\t\t\t\t<td>\n\t\t\t\t\t\t\t\t\t<p>Ki\u015fisel verileriniz, Ekol taraf\u0131ndan yukar\u0131da say\u0131lan ama\u00e7lar\u0131n ger\u00e7ekle\u015ftirilmesi do\u011frultusunda, ba\u015fta KVKK\u2019n\u0131n 5\u2019inci maddesinde belirtilen;<\/p>\n\t\t\t\t\t\t\t\t\t<ul><li>\u0130lgili ki\u015finin temel hak ve \u00f6zg\u00fcrl\u00fcklerine zarar vermemek kayd\u0131yla, veri sorumlusunun me\u015fru menfaatleri i\u00e7in veri i\u015flenmesinin zorunlu olmas\u0131<\/li><\/ul>\n\t\t\t\t\t\t\t\t\t<p>hukuki sebeplerine dayan\u0131larak i\u015flenmektedir.<\/p>\n\t\t\t\t\t\t\t\t\t<\/td>\n\t\t\t\t\t\t\t\t\t<\/tr>\n\t\t\t\t\t\t\t\t\t<tr>\n\t\t\t\t\t\t\t\t\t<td class=\"renk\">Ki\u015fisel Verileri Toplama Y\u00f6ntemleri<\/td>\n\t\t\t\t\t\t\t\t\t<td>Yukar\u0131da belirtilen ki\u015fisel verileriniz bas\u0131l\u0131 ve elektronik formlar vas\u0131tas\u0131yla toplanmaktad\u0131r.<\/td>\n\t\t\t\t\t\t\t\t\t<\/tr>\n\t\t\t\t\t\t\t\t\t<\/tbody>\n\t\t\t\t\t\t\t\t\t<\/table>\n\t\t\t\t\t\t\t\t\t\n\t\t\t\t\t\t\t\t\t<table class=\"kvkkTablo\">\n\t\t\t\t\t\t\t\t\t<thead>\n\t\t\t\t\t\t\t\t\t<th colspan=\"2\">\u00d6zl\u00fck Bilgileri<\/th>\n\t\t\t\t\t\t\t\t\t<\/thead>\n\t\t\t\t\t\t\t\t\t<tbody>\n\t\t\t\t\t\t\t\t\t<tr>\n\t\t\t\t\t\t\t\t\t<td class=\"renk\">\u0130\u015flenen Ki\u015fisel Veriler<\/td>\n\t\t\t\t\t\t\t\t\t<td class=\"renk\">Ki\u015fisel Veri \u0130\u015fleme Ama\u00e7lar\u0131<\/td>\n\t\t\t\t\t\t\t\t\t<\/tr>\n\t\t\t\t\t\t\t\t\t<tr>\n\t\t\t\t\t\t\t\t\t<td>\n\t\t\t\t\t\t\t\t\t<ul>\n\t\t\t\t\t\t\t\t\t<li>Pozisyon\/Unvan Bilgileri<\/li>\n\t\t\t\t\t\t\t\t\t<\/ul>\n\t\t\t\t\t\t\t\t\t<\/td>\n\t\t\t\t\t\t\t\t\t<td>\u0130\u015f Faaliyetlerinin Y\u00fcr\u00fct\u00fclmesi\/Denetimi, Mal\/Hizmet Sat\u0131n Al\u0131m S\u00fcre\u00e7lerinin Y\u00fcr\u00fct\u00fclmesi, S\u00f6zle\u015fme S\u00fcre\u00e7lerinin Y\u00fcr\u00fct\u00fclmesi, Tedarik Zinciri Y\u00f6netimi S\u00fcre\u00e7lerinin Y\u00fcr\u00fct\u00fclmesi<\/td>\n\t\t\t\t\t\t\t\t\t<\/tr>\n\t\t\t\t\t\t\t\t\t<tr>\n\t\t\t\t\t\t\t\t\t<td class=\"renk\">Ki\u015fisel Verilerin \u0130\u015flenmesinin Hukuki Sebepleri<\/td>\n\t\t\t\t\t\t\t\t\t<td>\n\t\t\t\t\t\t\t\t\t<p>Ki\u015fisel verileriniz, Ekol taraf\u0131ndan yukar\u0131da say\u0131lan ama\u00e7lar\u0131n ger\u00e7ekle\u015ftirilmesi do\u011frultusunda, ba\u015fta KVKK\u2019n\u0131n 5\u2019inci maddesinde belirtilen;<\/p>\n\t\t\t\t\t\t\t\t\t<ul><li>\u0130lgili ki\u015finin temel hak ve \u00f6zg\u00fcrl\u00fcklerine zarar vermemek kayd\u0131yla, veri sorumlusunun me\u015fru menfaatleri i\u00e7in veri i\u015flenmesinin zorunlu olmas\u0131<\/li><\/ul>\n\t\t\t\t\t\t\t\t\t<p>hukuki sebeplerine dayan\u0131larak i\u015flenmektedir.<\/p>\n\t\t\t\t\t\t\t\t\t<\/td>\n\t\t\t\t\t\t\t\t\t<\/tr>\n\t\t\t\t\t\t\t\t\t<tr>\n\t\t\t\t\t\t\t\t\t<td class=\"renk\">Ki\u015fisel Verileri Toplama Y\u00f6ntemleri<\/td>\n\t\t\t\t\t\t\t\t\t<td>Yukar\u0131da belirtilen ki\u015fisel verileriniz bas\u0131l\u0131 ve elektronik formlar vas\u0131tas\u0131yla toplanmaktad\u0131r.<\/td>\n\t\t\t\t\t\t\t\t\t<\/tr>\n\t\t\t\t\t\t\t\t\t<\/tbody>\n\t\t\t\t\t\t\t\t\t<\/table>\n\t\t\t\t\t\t\t\t\t\n\t\t\t\t\t\t\t\t\t<\/div>\n\t\t\t\t\t\t\t\t\t<\/li>\n\t\t\t\t\t\t\t\t\t<li><a href=\"#potansiyel-tedarikci-calisani-amaclarla\">Ki\u015fisel Verileriniz Kimlere ve Hangi Ama\u00e7larla Aktar\u0131labilecektir?<\/a>\n\t\t\t\t\t\t\t\t\t<div>\n\t\t\t\t\t\t\t\t\t<p>Ki\u015fisel verileriniz,<\/p>\n\t\t\t\t\t\t\t\t\t<ul>\n\t\t\t\t\t\t\t\t\t<li>Mal\/hizmet sat\u0131n al\u0131m s\u00fcre\u00e7lerinin y\u00fcr\u00fct\u00fclmesi, s\u00f6zle\u015fme s\u00fcre\u00e7lerinin y\u00fcr\u00fct\u00fclmesi, tedarik zinciri y\u00f6netimi s\u00fcre\u00e7lerinin y\u00fcr\u00fct\u00fclmesi ama\u00e7lar\u0131yla <strong>\u0130\u015ftirakler ve Ba\u011fl\u0131 Ortakl\u0131klar<\/strong>\u2019\u0131m\u0131za,<\/li>\n\t\t\t\t\t\t\t\t\t<li>Yasal d\u00fczenlemenin \u00f6ng\u00f6rd\u00fc\u011f\u00fc kapsamda, i\u015f faaliyetlerinin y\u00fcr\u00fct\u00fclmesi\/denetimi amac\u0131yla <strong>Yetkili Kamu Kurum ve Kurulu\u015flar\u0131<\/strong>\u2019na<\/li>\n\t\t\t\t\t\t\t\t\t<\/ul>\n\t\t\t\t\t\t\t\t\t<p>aktar\u0131labilecektir.<\/p>\n\t\t\t\t\t\t\t\t\t<p>EKOL Lojistik A.\u015e. olarak, faaliyetimizin yurt d\u0131\u015f\u0131 dahil lojistik hizmetlerini kapsamas\u0131 nedeniyle verinizin i\u015flendi\u011fi s\u00fcre\u00e7 yurt d\u0131\u015f\u0131 ba\u011flant\u0131l\u0131 ise i\u015f faaliyetlerimizin ve personelimizin yurt d\u0131\u015f\u0131 g\u00f6revlendirmeleri ve e\u011fitim faaliyetlerinin y\u00fcr\u00fct\u00fclmesi amac\u0131 ile gerekli teknik ve idari tedbirleri alarak, bu ki\u015filerle ve s\u00fcre\u00e7lerle s\u0131n\u0131rl\u0131 veriler Kanun\u2019daki kurallara uygun olarak yurt d\u0131\u015f\u0131ndaki i\u015ftirakler, ba\u011fl\u0131 ortakl\u0131klar, alt y\u00fckleniciler ve tedarik\u00e7iler ile ilgili \u00fclkedeki mevzuat zorunluluklar\u0131 durumunda yabanc\u0131 kamu kurum ve kurulu\u015flar\u0131 ile payla\u015f\u0131labilecektir.<\/p>\n\t\t\t\t\t\t\t\t\t<\/div>\n\t\t\t\t\t\t\t\t\t<\/li>\n\t\t\t\t\t\t\t\t\t\n\t\t\t\t\t\t\t\t\t<li><a href=\"#potansiyel-tedarikci-calisani-sure\">Ki\u015fisel Verileriniz Ne Kadar S\u00fcre ile Saklan\u0131r?<\/a>\n\t\t\t\t\t\t\t\t\t<div>\n\t\t\t\t\t\t\t\t\t<p>Ki\u015fisel verileriniz, kanunda veya ilgili mevzuatta verinin saklanmas\u0131 i\u00e7in bir s\u00fcre belirlenmi\u015fse, s\u00f6z konusu veri en az bu s\u00fcre kadar saklanmak zorundad\u0131r. Kanunda veya ilgili mevzuatta bir s\u00fcre \u00f6ng\u00f6r\u00fclmemi\u015fse; i\u015flenme ama\u00e7lar\u0131yla ba\u011flant\u0131l\u0131, s\u0131n\u0131rl\u0131 ve \u00f6l\u00e7\u00fcl\u00fc olmak kayd\u0131yla belirlenen makul s\u00fcrelerce saklanmaktad\u0131r.<\/p>\n\t\t\t\t\t\t\t\t\t<\/div>\n\t\t\t\t\t\t\t\t\t<\/li>\n\t\t\t\t\t\t\t\t\t\n\t\t\t\t\t\t\t\t\t<li><a href=\"#potansiyel-tedarikci-calisani-haklar\">\u0130lgili Ki\u015fi Olarak Haklar\u0131n\u0131z Nelerdir?<\/a>\n\t\t\t\t\t\t\t\t\t<div>\n\t\t\t\t\t\t\t\t\t<p>KVKK ve ilgili mevzuat kapsam\u0131nda ki\u015fisel verilerinize ili\u015fkin olarak;<\/p>\n\t\t\t\t\t\t\t\t\t<ul>\n\t\t\t\t\t\t\t\t\t<li>Ki\u015fisel verilerinizin i\u015flenip i\u015flenmedi\u011fini \u00f6\u011frenme,<\/li>\n\t\t\t\t\t\t\t\t\t<li>Ki\u015fisel verileriniz i\u015flenmi\u015fse buna ili\u015fkin bilgi talep etme,<\/li>\n\t\t\t\t\t\t\t\t\t<li>Ki\u015fisel verilerin i\u015flenme amac\u0131n\u0131 ve bunlar\u0131n amac\u0131na uygun kullan\u0131l\u0131p kullan\u0131lmad\u0131\u011f\u0131n\u0131 \u00f6\u011frenme,<\/li>\n\t\t\t\t\t\t\t\t\t<li>Yurt i\u00e7inde veya yurt d\u0131\u015f\u0131nda ki\u015fisel verilerinizin aktar\u0131ld\u0131\u011f\u0131 \u00fc\u00e7\u00fcnc\u00fc ki\u015fileri bilme,<\/li>\n\t\t\t\t\t\t\t\t\t<li>Ki\u015fisel verilerinizin eksik veya yanl\u0131\u015f i\u015flenmi\u015f olmas\u0131 halinde bunlar\u0131n d\u00fczeltilmesini isteme,<\/li>\n\t\t\t\t\t\t\t\t\t<li>KVKK mevzuat\u0131nda \u00f6ng\u00f6r\u00fclen \u015fartlar \u00e7er\u00e7evesinde ki\u015fisel verilerinizin silinmesini veya yok edilmesini isteme,<\/li>\n\t\t\t\t\t\t\t\t\t<li>Eksik veya yanl\u0131\u015f verilerin d\u00fczeltilmesi ile ki\u015fisel verilerinizin silinmesi veya yok edilmesini talep etti\u011finizde, bu durumun ki\u015fisel verilerinizi aktard\u0131\u011f\u0131m\u0131z \u00fc\u00e7\u00fcnc\u00fc ki\u015filere bildirilmesini isteme,<\/li>\n\t\t\t\t\t\t\t\t\t<li>Ki\u015fisel verilerin kanuna ayk\u0131r\u0131 olarak i\u015flenmesi sebebiyle zarara u\u011framan\u0131z halinde bu zarar\u0131n giderilmesini talep etme<\/li>\n\t\t\t\t\t\t\t\t\t<\/ul>\n\t\t\t\t\t\t\t\t\t<p>haklar\u0131na sahipsiniz.<\/p>\n\t\t\t\t\t\t\t\t\t<\/div>\n\t\t\t\t\t\t\t\t\t<\/li>\n\t\t\t\t\t\t\t\t\t\n\t\t\t\t\t\t\t\t\t<li><a href=\"#potansiyel-tedarikci-calisani-nasil\">Haklar\u0131n\u0131z\u0131 Nas\u0131l Kullanabilirsiniz?<\/a>\n\t\t\t\t\t\t\t\t\t<div>\n\t\t\t\t\t\t\t\t\t<p>Ki\u015fisel verileriniz ile ilgili ba\u015fvuru ve taleplerinizi dilerseniz <a href=\"https:\/\/drive.google.com\/file\/d\/13kfIIT1cLCG1M-kSDrpjFzAFh5W0vyco\/preview\" target=\"_blank\">\u0130lgili Ki\u015fi Ba\u015fvuru Formu<\/a> arac\u0131l\u0131\u011f\u0131yla;<\/p>\n\t\t\t\t\t\t\t\t\t<ul>\n\t\t\t\t\t\t\t\t\t<li>Islak imzal\u0131 ve kimlik fotokopisi ile  Ey\u00fcp Sultan, Mehmet Akif Cd. No:3\/A 34885 Sancaktepe\/\u0130stanbul adresine g\u00f6ndererek,<\/li>\n\t\t\t\t\t\t\t\t\t<li>Ge\u00e7erli bir kimlik belgesi ile birlikte Ekol Lojistik A.\u015e.\u2019ye bizzat ba\u015fvurarak,<\/li>\n\t\t\t\t\t\t\t\t\t<li>Mobil imza veya g\u00fcvenli elektronik imza ile imzalay\u0131p <a href=\"mailto:kvkk@ekol.com\">kvkk@ekol.com<\/a> adresine e-posta g\u00f6nderilerek,<\/li>\n\t\t\t\t\t\t\t\t\t<li>Kay\u0131tl\u0131 elektronik posta (KEP) adresi ve g\u00fcvenli elektronik imza ya da mobil imza kullanmak suretiyle <a href=\"mailto:ekol@hs03.kep.tr\">ekol@hs03.kep.tr<\/a> kay\u0131tl\u0131 elektronik posta adresimize g\u00f6ndererek,<\/li>\n\t\t\t\t\t\t\t\t\t<\/ul>\n\t\t\t\t\t\t\t\t\t<p>Ekol Lojistik A.\u015e.\u2019ye iletebilirsiniz.<\/p>\n\t\t\t\t\t\t\t\t\t<p>Veri Sorumlusuna Ba\u015fvuru Usul ve Esaslar\u0131 Hakk\u0131nda Tebli\u011f uyar\u0131nca, \u0130lgili Ki\u015fi\u2019nin, ba\u015fvurusunda isim, soyisim, ba\u015fvuru yaz\u0131l\u0131 ise imza, T.C. kimlik numaras\u0131 (ba\u015fvuruda bulunan ki\u015finin yabanc\u0131 olmas\u0131 halinde uyru\u011fu, pasaport numaras\u0131 veya varsa kimlik numaras\u0131), tebligata esas yerle\u015fim yeri veya i\u015f yeri adresi, varsa bildirime esas elektronik posta adresi, telefon numaras\u0131 ve faks numaras\u0131 ile talep konusuna dair bilgilerin bulunmas\u0131 zorunludur.<\/p>\n\t\t\t\t\t\t\t\t\t<p>\u0130lgili Ki\u015fi, yukar\u0131da belirtilen haklar\u0131 kullanmak i\u00e7in yapaca\u011f\u0131 ve kullanmay\u0131 talep etti\u011fi hakka ili\u015fkin a\u00e7\u0131klamalar\u0131 i\u00e7eren ba\u015fvuruda talep edilen hususu a\u00e7\u0131k ve anla\u015f\u0131l\u0131r \u015fekilde belirtmelidir. Ba\u015fvuruya ili\u015fkin bilgi ve belgelerin ba\u015fvuruya eklenmesi gerekmektedir.<\/p>\n\t\t\t\t\t\t\t\t\t<p>Talep konusunun ba\u015fvuran\u0131n \u015fahs\u0131 ile ilgili olmas\u0131 gerekmekle birlikte, ba\u015fkas\u0131 ad\u0131na hareket ediliyor ise ba\u015fvuruyu yapan\u0131n bu konuda \u00f6zel olarak yetkili olmas\u0131 ve bu yetkinin belgelendirilmesi (vek\u00e2letname) gerekmektedir. Ayr\u0131ca ba\u015fvurunun kimlik ve adres bilgilerini i\u00e7ermesi ve ba\u015fvuruya kimli\u011fi do\u011frulay\u0131c\u0131 belgelerin eklenmesi gerekmektedir.<\/p>\n\t\t\t\t\t\t\t\t\t<p>Yetkisiz \u00fc\u00e7\u00fcnc\u00fc ki\u015filerin ba\u015fkas\u0131 ad\u0131na yapt\u0131\u011f\u0131 talepler de\u011ferlendirmeye al\u0131nmayacakt\u0131r.<\/p>\n\t\t\t\t\t\t\t\t\t<\/div>\n\t\t\t\t\t\t\t\t\t<\/li>\n\t\t\t\t\t\t\t\t\t\n\t\t\t\t\t\t\t\t\t<li><a href=\"#potansiyel-tedarikci-calisani-cevap\">Ki\u015fisel Verilerinizin \u0130\u015flenmesine \u0130li\u015fkin Talepleriniz Ne Kadar S\u00fcrede Cevaplan\u0131r?<\/a>\n\t\t\t\t\t\t\t\t\t<div>\n\t\t\t\t\t\t\t\t\t<p>Ki\u015fisel verilerinize ili\u015fkin hak talepleriniz de\u011ferlendirilerek, bize ula\u015ft\u0131\u011f\u0131 tarihten itibaren en ge\u00e7 30 g\u00fcn i\u00e7erisinde cevaplan\u0131r. Ba\u015fvurunuzun olumsuz de\u011ferlendirilmesi halinde gerek\u00e7eli ret sebepleri ba\u015fvuruda belirtti\u011finiz adrese elektronik posta veya posta yolu ba\u015fta olmak \u00fczere <a href=\"https:\/\/drive.google.com\/file\/d\/13kfIIT1cLCG1M-kSDrpjFzAFh5W0vyco\/preview\" target=\"_blank\">\u0130lgili Ki\u015fi Ba\u015fvuru Formu<\/a>\u2019nda se\u00e7ilen usullerinden biri ile g\u00f6nderilir.<\/p>\n\t\t\t\t\t\t\t\t\t<\/div>\n\t\t\t\t\t\t\t\t\t<\/li>\n\t\t\t\t\t\t\t\t\t<\/ul>\n\t\t\t\t\t\t\t\t\t\n\t\t\t\t\t\t\t\t<\/li>\n\t\t\t\t\t\t\t\t<li><a href=\"#potansiyel-tedarikci-yetkilisi-aydinlatma\">Ekol Lojistik A.\u015e. Potansiyel Tedarik\u00e7i Yetkilisi Ayd\u0131nlatma Metni<\/a>\n\t\t\t\t\t\t\t\t\t<ul>\n\t\t\t\t\t\t\t\t\t<p style=\"text-align:center;font-weight:bold;padding-top:10px;\">K\u0130\u015e\u0130SEL VER\u0130LER\u0130N \u0130\u015eLENMES\u0130NE \u0130L\u0130\u015eK\u0130N<br \/>POTANS\u0130YEL TEDAR\u0130K\u00c7\u0130 YETK\u0130L\u0130S\u0130 AYDINLATMA METN\u0130<\/p>\n\t\t\t\t\t\t\t\t\t<p><strong>Veri Sorumlusu: Ekol Lojistik A.\u015e.<\/strong><br \/>Ey\u00fcp Sultan, Mehmet Akif Cd. No:3\/A 34885 Sancaktepe\/\u0130stanbul<\/p>\n\t\t\t\t\t\t\t\t\t<p>Ekol Lojistik A.\u015e. (bundan sonra \u201c<strong>Ekol<\/strong>\u201d olarak an\u0131lacakt\u0131r.) olarak; ki\u015fisel verilerinizi 6698 say\u0131l\u0131 Ki\u015fisel Verilerin Korunmas\u0131 Kanunu (\u201c<strong>KVKK<\/strong>\u201d) ve ilgili mevzuat ve yasal d\u00fczenlemelerden kaynaklanan faaliyetleri \u00e7er\u00e7evesinde ki\u015fisel verilerinizin i\u015flenmesi, saklanmas\u0131 ve aktar\u0131lmas\u0131 ile ilgili siz potansiyel tedarik\u00e7i yetkililerimizi bilgilendirmek amac\u0131yla i\u015fbu ayd\u0131nlatma metnini haz\u0131rlad\u0131k.<\/p>\n\t\t\t\t\t\t\t\t\t<li><a href=\"#potansiyel-tedarikci-yetkilisi-amac\">Hangi Ki\u015fisel Verileriniz \u0130\u015flenmekte ve Ki\u015fisel Verilerinizin \u0130\u015flenme Ama\u00e7lar\u0131 Nelerdir?<\/a>\n\t\t\t\t\t\t\t\t\t<div>\n\t\t\t\t\t\t\t\t\t<p>Faaliyetlerimiz ve istihdam ama\u00e7lar\u0131m\u0131z kapsam\u0131nda siz potansiyel tedarik\u00e7i yetkililerimizin a\u015fa\u011f\u0131da yer alan verilerini toplamaktay\u0131z:<\/p>\n\t\t\t\t\t\t\t\t\t\n\t\t\t\t\t\t\t\t\t<table class=\"kvkkTablo\">\n\t\t\t\t\t\t\t\t\t<thead>\n\t\t\t\t\t\t\t\t\t<th colspan=\"2\">Kimlik Bilgileri<\/th>\n\t\t\t\t\t\t\t\t\t<\/thead>\n\t\t\t\t\t\t\t\t\t<tbody>\n\t\t\t\t\t\t\t\t\t<tr>\n\t\t\t\t\t\t\t\t\t<td class=\"renk\">\u0130\u015flenen Ki\u015fisel Veriler<\/td>\n\t\t\t\t\t\t\t\t\t<td class=\"renk\">Ki\u015fisel Veri \u0130\u015fleme Ama\u00e7lar\u0131<\/td>\n\t\t\t\t\t\t\t\t\t<\/tr>\n\t\t\t\t\t\t\t\t\t<tr>\n\t\t\t\t\t\t\t\t\t<td>\n\t\t\t\t\t\t\t\t\t<ul>\n\t\t\t\t\t\t\t\t\t<li>Ad<\/li>\n\t\t\t\t\t\t\t\t\t<li>Soyad<\/li>\n\t\t\t\t\t\t\t\t\t<li>T.C. Kimlik Numaras\u0131<\/li>\n\t\t\t\t\t\t\t\t\t<li>Vergi Kimlik Numaras\u0131<\/li>\n\t\t\t\t\t\t\t\t\t<li>\u0130mza<\/li>\n\t\t\t\t\t\t\t\t\t<li>\u0130mza Sirk\u00fcleri<\/li>\n\t\t\t\t\t\t\t\t\t<li>Faaliyet Belgesi<\/li>\n\t\t\t\t\t\t\t\t\t<\/ul>\n\t\t\t\t\t\t\t\t\t<\/td>\n\t\t\t\t\t\t\t\t\t<td>\u0130\u015f Faaliyetlerinin Y\u00fcr\u00fct\u00fclmesi\/Denetimi, Mal\/Hizmet Sat\u0131n Al\u0131m S\u00fcre\u00e7lerinin Y\u00fcr\u00fct\u00fclmesi, S\u00f6zle\u015fme S\u00fcre\u00e7lerinin Y\u00fcr\u00fct\u00fclmesi, Tedarik Zinciri Y\u00f6netimi S\u00fcre\u00e7lerinin Y\u00fcr\u00fct\u00fclmesi<\/td>\n\t\t\t\t\t\t\t\t\t<\/tr>\n\t\t\t\t\t\t\t\t\t<tr>\n\t\t\t\t\t\t\t\t\t<td class=\"renk\">Ki\u015fisel Verilerin \u0130\u015flenmesinin Hukuki Sebepleri<\/td>\n\t\t\t\t\t\t\t\t\t<td>\n\t\t\t\t\t\t\t\t\t<p>Ki\u015fisel verileriniz, Ekol taraf\u0131ndan yukar\u0131da say\u0131lan ama\u00e7lar\u0131n ger\u00e7ekle\u015ftirilmesi do\u011frultusunda, ba\u015fta KVKK\u2019n\u0131n 5\u2019inci maddesinde belirtilen;<\/p>\n\t\t\t\t\t\t\t\t\t<ul><li>\u0130lgili ki\u015finin temel hak ve \u00f6zg\u00fcrl\u00fcklerine zarar vermemek kayd\u0131yla, veri sorumlusunun me\u015fru menfaatleri i\u00e7in veri i\u015flenmesinin zorunlu olmas\u0131<\/li><\/ul>\n\t\t\t\t\t\t\t\t\t<p>hukuki sebeplerine dayan\u0131larak i\u015flenmektedir.<\/p>\n\t\t\t\t\t\t\t\t\t<\/td>\n\t\t\t\t\t\t\t\t\t<\/tr>\n\t\t\t\t\t\t\t\t\t<tr>\n\t\t\t\t\t\t\t\t\t<td class=\"renk\">Ki\u015fisel Verileri Toplama Y\u00f6ntemleri<\/td>\n\t\t\t\t\t\t\t\t\t<td>Yukar\u0131da belirtilen ki\u015fisel verileriniz bas\u0131l\u0131 ve elektronik formlar vas\u0131tas\u0131yla toplanmaktad\u0131r.<\/td>\n\t\t\t\t\t\t\t\t\t<\/tr>\n\t\t\t\t\t\t\t\t\t<\/tbody>\n\t\t\t\t\t\t\t\t\t<\/table>\n\t\t\t\t\t\t\t\t\t\n\t\t\t\t\t\t\t\t\t<table class=\"kvkkTablo\">\n\t\t\t\t\t\t\t\t\t<thead>\n\t\t\t\t\t\t\t\t\t<th colspan=\"2\">\u0130leti\u015fim Bilgileri<\/th>\n\t\t\t\t\t\t\t\t\t<\/thead>\n\t\t\t\t\t\t\t\t\t<tbody>\n\t\t\t\t\t\t\t\t\t<tr>\n\t\t\t\t\t\t\t\t\t<td class=\"renk\">\u0130\u015flenen Ki\u015fisel Veriler<\/td>\n\t\t\t\t\t\t\t\t\t<td class=\"renk\">Ki\u015fisel Veri \u0130\u015fleme Ama\u00e7lar\u0131<\/td>\n\t\t\t\t\t\t\t\t\t<\/tr>\n\t\t\t\t\t\t\t\t\t<tr>\n\t\t\t\t\t\t\t\t\t<td>\n\t\t\t\t\t\t\t\t\t<ul>\n\t\t\t\t\t\t\t\t\t<li>E-Posta<\/li>\n\t\t\t\t\t\t\t\t\t<li>\u0130\u015f Telefonu Numaras\u0131<\/li>\n\t\t\t\t\t\t\t\t\t<li>Cep Telefonu Numaras\u0131<\/li>\n\t\t\t\t\t\t\t\t\t<li>\u0130\u015f Yeri Adresi<\/li>\n\t\t\t\t\t\t\t\t\t<li>\u0130\u015f Yeri \u0130smi\/Unvan\u0131<\/li>\n\t\t\t\t\t\t\t\t\t<\/ul>\n\t\t\t\t\t\t\t\t\t<\/td>\n\t\t\t\t\t\t\t\t\t<td>\u0130\u015f Faaliyetlerinin Y\u00fcr\u00fct\u00fclmesi\/Denetimi, Mal\/Hizmet Sat\u0131n Al\u0131m S\u00fcre\u00e7lerinin Y\u00fcr\u00fct\u00fclmesi, S\u00f6zle\u015fme S\u00fcre\u00e7lerinin Y\u00fcr\u00fct\u00fclmesi, Tedarik Zinciri Y\u00f6netimi S\u00fcre\u00e7lerinin Y\u00fcr\u00fct\u00fclmesi<\/td>\n\t\t\t\t\t\t\t\t\t<\/tr>\n\t\t\t\t\t\t\t\t\t<tr>\n\t\t\t\t\t\t\t\t\t<td class=\"renk\">Ki\u015fisel Verilerin \u0130\u015flenmesinin Hukuki Sebepleri<\/td>\n\t\t\t\t\t\t\t\t\t<td>\n\t\t\t\t\t\t\t\t\t<p>Ki\u015fisel verileriniz, Ekol taraf\u0131ndan yukar\u0131da say\u0131lan ama\u00e7lar\u0131n ger\u00e7ekle\u015ftirilmesi do\u011frultusunda, ba\u015fta KVKK\u2019n\u0131n 5\u2019inci maddesinde belirtilen;<\/p>\n\t\t\t\t\t\t\t\t\t<ul><li>\u0130lgili ki\u015finin temel hak ve \u00f6zg\u00fcrl\u00fcklerine zarar vermemek kayd\u0131yla, veri sorumlusunun me\u015fru menfaatleri i\u00e7in veri i\u015flenmesinin zorunlu olmas\u0131<\/li><\/ul>\n\t\t\t\t\t\t\t\t\t<p>hukuki sebeplerine dayan\u0131larak i\u015flenmektedir.<\/p>\n\t\t\t\t\t\t\t\t\t<\/td>\n\t\t\t\t\t\t\t\t\t<\/tr>\n\t\t\t\t\t\t\t\t\t<tr>\n\t\t\t\t\t\t\t\t\t<td class=\"renk\">Ki\u015fisel Verileri Toplama Y\u00f6ntemleri<\/td>\n\t\t\t\t\t\t\t\t\t<td>Yukar\u0131da belirtilen ki\u015fisel verileriniz bas\u0131l\u0131 ve elektronik formlar vas\u0131tas\u0131yla toplanmaktad\u0131r.<\/td>\n\t\t\t\t\t\t\t\t\t<\/tr>\n\t\t\t\t\t\t\t\t\t<\/tbody>\n\t\t\t\t\t\t\t\t\t<\/table>\n\t\t\t\t\t\t\t\t\t\n\t\t\t\t\t\t\t\t\t<table class=\"kvkkTablo\">\n\t\t\t\t\t\t\t\t\t<thead>\n\t\t\t\t\t\t\t\t\t<th colspan=\"2\">\u00d6zl\u00fck Bilgileri<\/th>\n\t\t\t\t\t\t\t\t\t<\/thead>\n\t\t\t\t\t\t\t\t\t<tbody>\n\t\t\t\t\t\t\t\t\t<tr>\n\t\t\t\t\t\t\t\t\t<td class=\"renk\">\u0130\u015flenen Ki\u015fisel Veriler<\/td>\n\t\t\t\t\t\t\t\t\t<td class=\"renk\">Ki\u015fisel Veri \u0130\u015fleme Ama\u00e7lar\u0131<\/td>\n\t\t\t\t\t\t\t\t\t<\/tr>\n\t\t\t\t\t\t\t\t\t<tr>\n\t\t\t\t\t\t\t\t\t<td>\n\t\t\t\t\t\t\t\t\t<ul>\n\t\t\t\t\t\t\t\t\t<li>Pozisyon\/Unvan Bilgileri<\/li>\n\t\t\t\t\t\t\t\t\t<li>Referans Bilgileri<\/li>\n\t\t\t\t\t\t\t\t\t<\/td>\n\t\t\t\t\t\t\t\t\t<td>\u0130\u015f Faaliyetlerinin Y\u00fcr\u00fct\u00fclmesi\/Denetimi, Mal\/Hizmet Sat\u0131n Al\u0131m S\u00fcre\u00e7lerinin Y\u00fcr\u00fct\u00fclmesi, S\u00f6zle\u015fme S\u00fcre\u00e7lerinin Y\u00fcr\u00fct\u00fclmesi, Tedarik Zinciri Y\u00f6netimi S\u00fcre\u00e7lerinin Y\u00fcr\u00fct\u00fclmesi<\/td>\n\t\t\t\t\t\t\t\t\t<\/tr>\n\t\t\t\t\t\t\t\t\t<tr>\n\t\t\t\t\t\t\t\t\t<td class=\"renk\">Ki\u015fisel Verilerin \u0130\u015flenmesinin Hukuki Sebepleri<\/td>\n\t\t\t\t\t\t\t\t\t<td>\n\t\t\t\t\t\t\t\t\t<p>Ki\u015fisel verileriniz, Ekol taraf\u0131ndan yukar\u0131da say\u0131lan ama\u00e7lar\u0131n ger\u00e7ekle\u015ftirilmesi do\u011frultusunda, ba\u015fta KVKK\u2019n\u0131n 5\u2019inci maddesinde belirtilen;<\/p>\n\t\t\t\t\t\t\t\t\t<ul><li>\u0130lgili ki\u015finin temel hak ve \u00f6zg\u00fcrl\u00fcklerine zarar vermemek kayd\u0131yla, veri sorumlusunun me\u015fru menfaatleri i\u00e7in veri i\u015flenmesinin zorunlu olmas<\/li><\/ul>\n\t\t\t\t\t\t\t\t\t<p>hukuki sebeplerine dayan\u0131larak i\u015flenmektedir.<\/p>\n\t\t\t\t\t\t\t\t\t<\/td>\n\t\t\t\t\t\t\t\t\t<\/tr>\n\t\t\t\t\t\t\t\t\t<tr>\n\t\t\t\t\t\t\t\t\t<td class=\"renk\">Ki\u015fisel Verileri Toplama Y\u00f6ntemleri<\/td>\n\t\t\t\t\t\t\t\t\t<td>Yukar\u0131da belirtilen ki\u015fisel verileriniz bas\u0131l\u0131 ve elektronik formlar vas\u0131tas\u0131yla toplanmaktad\u0131r.<\/td>\n\t\t\t\t\t\t\t\t\t<\/tr>\n\t\t\t\t\t\t\t\t\t<\/tbody>\n\t\t\t\t\t\t\t\t\t<\/table>\n\t\t\t\t\t\t\t\t\t\n\t\t\t\t\t\t\t\t\t<table class=\"kvkkTablo\">\n\t\t\t\t\t\t\t\t\t<thead>\n\t\t\t\t\t\t\t\t\t<th colspan=\"2\">Finans Bilgileri<\/th>\n\t\t\t\t\t\t\t\t\t<\/thead>\n\t\t\t\t\t\t\t\t\t<tbody>\n\t\t\t\t\t\t\t\t\t<tr>\n\t\t\t\t\t\t\t\t\t<td class=\"renk\">\u0130\u015flenen Ki\u015fisel Veriler<\/td>\n\t\t\t\t\t\t\t\t\t<td class=\"renk\">Ki\u015fisel Veri \u0130\u015fleme Ama\u00e7lar\u0131<\/td>\n\t\t\t\t\t\t\t\t\t<\/tr>\n\t\t\t\t\t\t\t\t\t<tr>\n\t\t\t\t\t\t\t\t\t<td>\n\t\t\t\t\t\t\t\t\t<ul>\n\t\t\t\t\t\t\t\t\t<li>Banka Hesap Bilgileri<\/li>\n\t\t\t\t\t\t\t\t\t<li>Gelir Bilgileri<\/li>\n\t\t\t\t\t\t\t\t\t<\/ul>\n\t\t\t\t\t\t\t\t\t<\/td>\n\t\t\t\t\t\t\t\t\t<td>\u0130\u015f Faaliyetlerinin Y\u00fcr\u00fct\u00fclmesi\/Denetimi, Mal\/Hizmet Sat\u0131n Al\u0131m S\u00fcre\u00e7lerinin Y\u00fcr\u00fct\u00fclmesi, S\u00f6zle\u015fme S\u00fcre\u00e7lerinin Y\u00fcr\u00fct\u00fclmesi, Tedarik Zinciri Y\u00f6netimi S\u00fcre\u00e7lerinin Y\u00fcr\u00fct\u00fclmesi<\/td>\n\t\t\t\t\t\t\t\t\t<\/tr>\n\t\t\t\t\t\t\t\t\t<tr>\n\t\t\t\t\t\t\t\t\t<td class=\"renk\">Ki\u015fisel Verilerin \u0130\u015flenmesinin Hukuki Sebepleri<\/td>\n\t\t\t\t\t\t\t\t\t<td>\n\t\t\t\t\t\t\t\t\t<p>Ki\u015fisel verileriniz, Ekol taraf\u0131ndan yukar\u0131da say\u0131lan ama\u00e7lar\u0131n ger\u00e7ekle\u015ftirilmesi do\u011frultusunda, ba\u015fta KVKK\u2019n\u0131n 5\u2019inci maddesinde belirtilen; <\/p>\n\t\t\t\t\t\t\t\t\t<ul><li>\u0130lgili ki\u015finin temel hak ve \u00f6zg\u00fcrl\u00fcklerine zarar vermemek kayd\u0131yla, veri sorumlusunun me\u015fru menfaatleri i\u00e7in veri i\u015flenmesinin zorunlu olmas\u0131<\/li><\/ul>\n\t\t\t\t\t\t\t\t\t<p>hukuki sebeplerine dayan\u0131larak i\u015flenmektedir.<\/p>\n\t\t\t\t\t\t\t\t\t<\/td>\n\t\t\t\t\t\t\t\t\t<\/tr>\n\t\t\t\t\t\t\t\t\t<tr>\n\t\t\t\t\t\t\t\t\t<td class=\"renk\">Ki\u015fisel Verileri Toplama Y\u00f6ntemleri<\/td>\n\t\t\t\t\t\t\t\t\t<td>Yukar\u0131da belirtilen ki\u015fisel verileriniz bas\u0131l\u0131 ve elektronik formlar vas\u0131tas\u0131yla toplanmaktad\u0131r.<\/td>\n\t\t\t\t\t\t\t\t\t<\/tr>\n\t\t\t\t\t\t\t\t\t<\/tbody>\n\t\t\t\t\t\t\t\t\t<\/table>\n\t\t\t\t\t\t\t\t\t\n\t\t\t\t\t\t\t\t\t<table class=\"kvkkTablo\">\n\t\t\t\t\t\t\t\t\t<thead>\n\t\t\t\t\t\t\t\t\t<th colspan=\"2\">Mesleki Deneyim Bilgileri<\/th>\n\t\t\t\t\t\t\t\t\t<\/thead>\n\t\t\t\t\t\t\t\t\t<tbody>\n\t\t\t\t\t\t\t\t\t<tr>\n\t\t\t\t\t\t\t\t\t<td class=\"renk\">\u0130\u015flenen Ki\u015fisel Veriler<\/td>\n\t\t\t\t\t\t\t\t\t<td class=\"renk\">Ki\u015fisel Veri \u0130\u015fleme Ama\u00e7lar\u0131<\/td>\n\t\t\t\t\t\t\t\t\t<\/tr>\n\t\t\t\t\t\t\t\t\t<tr>\n\t\t\t\t\t\t\t\t\t<td><ul><li>Sertifikalar<\/li><\/ul><\/td>\n\t\t\t\t\t\t\t\t\t<td>\u0130\u015f Faaliyetlerinin Y\u00fcr\u00fct\u00fclmesi\/Denetimi, Mal\/Hizmet Sat\u0131n Al\u0131m S\u00fcre\u00e7lerinin Y\u00fcr\u00fct\u00fclmesi, S\u00f6zle\u015fme S\u00fcre\u00e7lerinin Y\u00fcr\u00fct\u00fclmesi, Tedarik Zinciri Y\u00f6netimi S\u00fcre\u00e7lerinin Y\u00fcr\u00fct\u00fclmesi<\/td>\n\t\t\t\t\t\t\t\t\t<\/tr>\n\t\t\t\t\t\t\t\t\t<tr>\n\t\t\t\t\t\t\t\t\t<td class=\"renk\">Ki\u015fisel Verilerin \u0130\u015flenmesinin Hukuki Sebepleri<\/td>\n\t\t\t\t\t\t\t\t\t<td>\n\t\t\t\t\t\t\t\t\t<p>Ki\u015fisel verileriniz, Ekol taraf\u0131ndan yukar\u0131da say\u0131lan ama\u00e7lar\u0131n ger\u00e7ekle\u015ftirilmesi do\u011frultusunda, ba\u015fta KVKK\u2019n\u0131n 5\u2019inci maddesinde belirtilen;<\/p>\n\t\t\t\t\t\t\t\t\t<ul><li>\u0130lgili ki\u015finin temel hak ve \u00f6zg\u00fcrl\u00fcklerine zarar vermemek kayd\u0131yla, veri sorumlusunun me\u015fru menfaatleri i\u00e7in veri i\u015flenmesinin zorunlu olmas\u0131<\/li><\/ul>\n\t\t\t\t\t\t\t\t\t<p>hukuki sebeplerine dayan\u0131larak i\u015flenmektedir.<\/p>\n\t\t\t\t\t\t\t\t\t<\/td>\n\t\t\t\t\t\t\t\t\t<\/tr>\n\t\t\t\t\t\t\t\t\t<tr>\n\t\t\t\t\t\t\t\t\t<td class=\"renk\">Ki\u015fisel Verileri Toplama Y\u00f6ntemleri<\/td>\n\t\t\t\t\t\t\t\t\t<td>Yukar\u0131da belirtilen ki\u015fisel verileriniz bas\u0131l\u0131 ve elektronik formlar vas\u0131tas\u0131yla toplanmaktad\u0131r.<\/td>\n\t\t\t\t\t\t\t\t\t<\/tr>\n\t\t\t\t\t\t\t\t\t<\/tbody>\n\t\t\t\t\t\t\t\t\t<\/table>\n\t\t\t\t\t\t\t\t\t\n\t\t\t\t\t\t\t\t\t<\/div>\n\t\t\t\t\t\t\t\t\t<\/li>\n\t\t\t\t\t\t\t\t\t\n\t\t\t\t\t\t\t\t\t<li><a href=\"#potansiyel-tedarikci-yetkilisi-akarim\">Ki\u015fisel Verileriniz Kimlere ve Hangi Ama\u00e7larla Aktar\u0131labilecektir?<\/a>\n\t\t\t\t\t\t\t\t\t<div>\n\t\t\t\t\t\t\t\t\t<p>Ki\u015fisel verileriniz,<\/p>\n\t\t\t\t\t\t\t\t\t<ul>\n\t\t\t\t\t\t\t\t\t<li>Mal\/hizmet sat\u0131n al\u0131m s\u00fcre\u00e7lerinin y\u00fcr\u00fct\u00fclmesi, s\u00f6zle\u015fme s\u00fcre\u00e7lerinin y\u00fcr\u00fct\u00fclmesi, tedarik zinciri y\u00f6netimi s\u00fcre\u00e7lerinin y\u00fcr\u00fct\u00fclmesi ama\u00e7lar\u0131yla <strong>\u0130\u015ftirakler ve Ba\u011fl\u0131 Ortakl\u0131klar<\/strong>\u2019\u0131m\u0131za,<\/li>\n\t\t\t\t\t\t\t\t\t<li>Yasal d\u00fczenlemenin \u00f6ng\u00f6rd\u00fc\u011f\u00fc kapsamda, i\u015f faaliyetlerinin y\u00fcr\u00fct\u00fclmesi\/denetimi amac\u0131yla <strong>Yetkili Kamu Kurum ve Kurulu\u015flar\u0131<\/strong>\u2019na<\/li>\n\t\t\t\t\t\t\t\t\t<\/ul>\n\t\t\t\t\t\t\t\t\t<p>aktar\u0131labilecektir.<\/p>\n\t\t\t\t\t\t\t\t\t<p>EKOL Lojistik A.\u015e. olarak, faaliyetimizin yurt d\u0131\u015f\u0131 dahil lojistik hizmetlerini kapsamas\u0131 nedeniyle verinizin i\u015flendi\u011fi s\u00fcre\u00e7 yurt d\u0131\u015f\u0131 ba\u011flant\u0131l\u0131 ise i\u015f faaliyetlerimizin ve personelimizin yurt d\u0131\u015f\u0131 g\u00f6revlendirmeleri ve e\u011fitim faaliyetlerinin y\u00fcr\u00fct\u00fclmesi amac\u0131 ile gerekli teknik ve idari tedbirleri alarak, bu ki\u015filerle ve s\u00fcre\u00e7lerle s\u0131n\u0131rl\u0131 veriler Kanun\u2019daki kurallara uygun olarak yurt d\u0131\u015f\u0131ndaki i\u015ftirakler, ba\u011fl\u0131 ortakl\u0131klar, alt y\u00fckleniciler ve tedarik\u00e7iler ile ilgili \u00fclkedeki mevzuat zorunluluklar\u0131 durumunda yabanc\u0131 kamu kurum ve kurulu\u015flar\u0131 ile payla\u015f\u0131labilecektir.<\/p>\n\t\t\t\t\t\t\t\t\t<\/div>\n\t\t\t\t\t\t\t\t\t<\/li>\n\t\t\t\t\t\t\t\t\t\n\t\t\t\t\t\t\t\t\t<li><a href=\"#potansiyel-tedarikci-yetkilisi-sure\">Ki\u015fisel Verileriniz Ne Kadar S\u00fcre ile Saklan\u0131r?<\/a>\n\t\t\t\t\t\t\t\t\t<div>\n\t\t\t\t\t\t\t\t\t<p>Ki\u015fisel verileriniz, kanunda veya ilgili mevzuatta verinin saklanmas\u0131 i\u00e7in bir s\u00fcre belirlenmi\u015fse, s\u00f6z konusu veri en az bu s\u00fcre kadar saklanmak zorundad\u0131r. Kanunda veya ilgili mevzuatta bir s\u00fcre \u00f6ng\u00f6r\u00fclmemi\u015fse; i\u015flenme ama\u00e7lar\u0131yla ba\u011flant\u0131l\u0131, s\u0131n\u0131rl\u0131 ve \u00f6l\u00e7\u00fcl\u00fc olmak kayd\u0131yla belirlenen makul s\u00fcrelerce saklanmaktad\u0131r.<\/p>\n\t\t\t\t\t\t\t\t\t<\/div>\n\t\t\t\t\t\t\t\t\t<\/li>\n\t\t\t\t\t\t\t\t\t\n\t\t\t\t\t\t\t\t\t<li><a href=\"#potansiyel-tedarikci-yetkilisi-haklar\">\u0130lgili Ki\u015fi Olarak Haklar\u0131n\u0131z Nelerdir?<\/a>\n\t\t\t\t\t\t\t\t\t<div>\n\t\t\t\t\t\t\t\t\t<p>KVKK ve ilgili mevzuat kapsam\u0131nda ki\u015fisel verilerinize ili\u015fkin olarak;<\/p>\n\t\t\t\t\t\t\t\t\t<ul>\n\t\t\t\t\t\t\t\t\t<li>Ki\u015fisel verilerinizin i\u015flenip i\u015flenmedi\u011fini \u00f6\u011frenme,<\/li>\n\t\t\t\t\t\t\t\t\t<li>Ki\u015fisel verileriniz i\u015flenmi\u015fse buna ili\u015fkin bilgi talep etme,<\/li>\n\t\t\t\t\t\t\t\t\t<li>Ki\u015fisel verilerin i\u015flenme amac\u0131n\u0131 ve bunlar\u0131n amac\u0131na uygun kullan\u0131l\u0131p kullan\u0131lmad\u0131\u011f\u0131n\u0131 \u00f6\u011frenme,<\/li>\n\t\t\t\t\t\t\t\t\t<li>Yurt i\u00e7inde veya yurt d\u0131\u015f\u0131nda ki\u015fisel verilerinizin aktar\u0131ld\u0131\u011f\u0131 \u00fc\u00e7\u00fcnc\u00fc ki\u015fileri bilme,<\/li>\n\t\t\t\t\t\t\t\t\t<li>Ki\u015fisel verilerinizin eksik veya yanl\u0131\u015f i\u015flenmi\u015f olmas\u0131 halinde bunlar\u0131n d\u00fczeltilmesini isteme,<\/li>\n\t\t\t\t\t\t\t\t\t<li>KVKK mevzuat\u0131nda \u00f6ng\u00f6r\u00fclen \u015fartlar \u00e7er\u00e7evesinde ki\u015fisel verilerinizin silinmesini veya yok edilmesini isteme,<\/li>\n\t\t\t\t\t\t\t\t\t<li>Eksik veya yanl\u0131\u015f verilerin d\u00fczeltilmesi ile ki\u015fisel verilerinizin silinmesi veya yok edilmesini talep etti\u011finizde, bu durumun ki\u015fisel verilerinizi aktard\u0131\u011f\u0131m\u0131z \u00fc\u00e7\u00fcnc\u00fc ki\u015filere bildirilmesini isteme,<\/li>\n\t\t\t\t\t\t\t\t\t<li>Ki\u015fisel verilerin kanuna ayk\u0131r\u0131 olarak i\u015flenmesi sebebiyle zarara u\u011framan\u0131z halinde bu zarar\u0131n giderilmesini talep etme<\/li>\n\t\t\t\t\t\t\t\t\t<\/ul>\n\t\t\t\t\t\t\t\t\t<p>haklar\u0131na sahipsiniz.<\/p>\n\t\t\t\t\t\t\t\t\t<\/div>\n\t\t\t\t\t\t\t\t\t<\/li>\n\t\t\t\t\t\t\t\t\t\n\t\t\t\t\t\t\t\t\t<li><a href=\"#potansiyel-tedarikci-yetkilisi-kullanim\">Haklar\u0131n\u0131z\u0131 Nas\u0131l Kullanabilirsiniz?<\/a>\n\t\t\t\t\t\t\t\t\t<div>\n\t\t\t\t\t\t\t\t\t<p>Ki\u015fisel verileriniz ile ilgili ba\u015fvuru ve taleplerinizi dilerseniz <a href=\"https:\/\/drive.google.com\/file\/d\/13kfIIT1cLCG1M-kSDrpjFzAFh5W0vyco\/preview\" target=\"_blank\">\u0130lgili Ki\u015fi Ba\u015fvuru Formu<\/a> arac\u0131l\u0131\u011f\u0131yla;<\/p>\n\t\t\t\t\t\t\t\t\t<ul>\n\t\t\t\t\t\t\t\t\t<li>Islak imzal\u0131 ve kimlik fotokopisi ile Ey\u00fcp Sultan, Mehmet Akif Cd. No:3\/A 34885 Sancaktepe\/\u0130stanbul adresine g\u00f6ndererek,<\/li>\n\t\t\t\t\t\t\t\t\t<li>Ge\u00e7erli bir kimlik belgesi ile birlikte Ekol Lojistik A.\u015e.\u2019ye bizzat ba\u015fvurarak, <\/li>\n\t\t\t\t\t\t\t\t\t<li>Mobil imza veya g\u00fcvenli elektronik imza ile imzalay\u0131p <a href=\"mailto:kvkk@ekol.com\">kvkk@ekol.com<\/a> adresine e-posta g\u00f6nderilerek,<\/li>\n\t\t\t\t\t\t\t\t\t<li>Kay\u0131tl\u0131 elektronik posta (KEP) adresi ve g\u00fcvenli elektronik imza ya da mobil imza kullanmak suretiyle <a href=\"mailto:ekol@hs03.kep.tr\">ekol@hs03.kep.tr<\/a> kay\u0131tl\u0131 elektronik posta adresimize g\u00f6ndererek,<\/li>\n\t\t\t\t\t\t\t\t\t<\/ul>\n\t\t\t\t\t\t\t\t\t<p>Ekol Lojistik A.\u015e.\u2019ye iletebilirsiniz.<\/p>\n\t\t\t\t\t\t\t\t\t<p>Veri Sorumlusuna Ba\u015fvuru Usul ve Esaslar\u0131 Hakk\u0131nda Tebli\u011f uyar\u0131nca, \u0130lgili Ki\u015fi\u2019nin, ba\u015fvurusunda isim, soyisim, ba\u015fvuru yaz\u0131l\u0131 ise imza, T.C. kimlik numaras\u0131 (ba\u015fvuruda bulunan ki\u015finin yabanc\u0131 olmas\u0131 halinde uyru\u011fu, pasaport numaras\u0131 veya varsa kimlik numaras\u0131), tebligata esas yerle\u015fim yeri veya i\u015f yeri adresi, varsa bildirime esas elektronik posta adresi, telefon numaras\u0131 ve faks numaras\u0131 ile talep konusuna dair bilgilerin bulunmas\u0131 zorunludur.<\/p>\n\t\t\t\t\t\t\t\t\t<p>\u0130lgili Ki\u015fi, yukar\u0131da belirtilen haklar\u0131 kullanmak i\u00e7in yapaca\u011f\u0131 ve kullanmay\u0131 talep etti\u011fi hakka ili\u015fkin a\u00e7\u0131klamalar\u0131 i\u00e7eren ba\u015fvuruda talep edilen hususu a\u00e7\u0131k ve anla\u015f\u0131l\u0131r \u015fekilde belirtmelidir. Ba\u015fvuruya ili\u015fkin bilgi ve belgelerin ba\u015fvuruya eklenmesi gerekmektedir.<\/p>\n\t\t\t\t\t\t\t\t\t<p>Talep konusunun ba\u015fvuran\u0131n \u015fahs\u0131 ile ilgili olmas\u0131 gerekmekle birlikte, ba\u015fkas\u0131 ad\u0131na hareket ediliyor ise ba\u015fvuruyu yapan\u0131n bu konuda \u00f6zel olarak yetkili olmas\u0131 ve bu yetkinin belgelendirilmesi (vek\u00e2letname) gerekmektedir. Ayr\u0131ca ba\u015fvurunun kimlik ve adres bilgilerini i\u00e7ermesi ve ba\u015fvuruya kimli\u011fi do\u011frulay\u0131c\u0131 belgelerin eklenmesi gerekmektedir.<\/p>\n\t\t\t\t\t\t\t\t\t<p>Yetkisiz \u00fc\u00e7\u00fcnc\u00fc ki\u015filerin ba\u015fkas\u0131 ad\u0131na yapt\u0131\u011f\u0131 talepler de\u011ferlendirmeye al\u0131nmayacakt\u0131r.<\/p>\n\t\t\t\t\t\t\t\t\t<\/div>\n\t\t\t\t\t\t\t\t\t<\/li>\n\t\t\t\t\t\t\t\t\t\n\t\t\t\t\t\t\t\t\t<li><a href=\"#potansiyel-tedarikci-yetkilisi-cevap\">Ki\u015fisel Verilerinizin \u0130\u015flenmesine \u0130li\u015fkin Talepleriniz Ne Kadar S\u00fcrede Cevaplan\u0131r?<\/a>\n\t\t\t\t\t\t\t\t\t<div>\n\t\t\t\t\t\t\t\t\t<p>Ki\u015fisel verilerinize ili\u015fkin hak talepleriniz de\u011ferlendirilerek, bize ula\u015ft\u0131\u011f\u0131 tarihten itibaren en ge\u00e7 30 g\u00fcn i\u00e7erisinde cevaplan\u0131r. Ba\u015fvurunuzun olumsuz de\u011ferlendirilmesi halinde gerek\u00e7eli ret sebepleri ba\u015fvuruda belirtti\u011finiz adrese elektronik posta veya posta yolu ba\u015fta olmak \u00fczere <a href=\"https:\/\/drive.google.com\/file\/d\/13kfIIT1cLCG1M-kSDrpjFzAFh5W0vyco\/preview\" target=\"_blank\">\u0130lgili Ki\u015fi Ba\u015fvuru Formu<\/a>\u2019nda se\u00e7ilen usullerinden biri ile g\u00f6nderilir.<\/p>\n\t\t\t\t\t\t\t\t\t<\/div>\n\t\t\t\t\t\t\t\t\t<\/li>\n\t\t\t\t\t\t\t\t\t<\/ul>\n\t\t\t\t\t\t\t\t<\/li>\n\n\n\n\n\n\n\n<li>\n\t\t\t\t\t\t\t\t\t<a href=\"#altyuklenici\">Ekol Lojistik A.\u015e. Alt Y\u00fcklenici \u00c7al\u0131\u015fan\u0131 Ayd\u0131nlatma Metni<\/a>\n\t\t\t\t\t\t\t\t\t<ul>\n<li>\n<p style=\"text-align: center; font-weight: bold; padding-top: 10px;\">K\u0130\u015e\u0130SEL VER\u0130LER\u0130N \u0130\u015eLENMES\u0130NE \u0130L\u0130\u015eK\u0130N<br \/>ALT Y&Uuml;KLEN\u0130C\u0130 &Ccedil;ALI\u015eANI AYDINLATMA METN\u0130<\/p>\n<p><strong>Veri Sorumlusu: Ekol Lojistik A.\u015e.<\/strong><br \/>Ey\u00fcp Sultan, Mehmet Akif Cd. No:3\/A 34885 Sancaktepe\/\u0130stanbul<\/p>\n<p>Ekol Lojistik A.\u015e. (bundan sonra &ldquo;Ekol&rdquo; olarak an\u0131lacakt\u0131r.) olarak; ki\u015fisel verilerinizi 6698 say\u0131l\u0131 Ki\u015fisel Verilerin Korunmas\u0131 Kanunu (&ldquo;KVKK&rdquo;) ve ilgili mevzuat ve yasal d&uuml;zenlemelerden kaynaklanan faaliyetleri &ccedil;er&ccedil;evesinde ki\u015fisel verilerinizin i\u015flenmesi, saklanmas\u0131 ve aktar\u0131lmas\u0131 ile ilgili siz m&uuml;\u015fteri tedarik&ccedil;ilerini bilgilendirmek amac\u0131yla i\u015fbu ayd\u0131nlatma metnini haz\u0131rlad\u0131k.<\/p>\n<a href=\"#altyuklenici-amac\">Hangi Ki\u015fisel Verileriniz \u0130\u015flenmekte ve Ki\u015fisel Verilerinizin \u0130\u015flenme Ama&ccedil;lar\u0131 Nelerdir?<\/a>\n<div>\n<p>Faaliyetlerimiz ve istihdam ama&ccedil;lar\u0131m\u0131z kapsam\u0131nda siz potansiyel tedarik&ccedil;ilerimizin a\u015fa\u011f\u0131da yer alan verilerini toplamaktay\u0131z:<\/p>\n<table class=\"kvkkTablo\">\n<tbody>\n<tr>\n<td colspan=\"2\">\n<p><strong>Kimlik Bilgileri<\/strong><\/p>\n<\/td>\n<\/tr>\n<tr>\n<td>\n<p><strong>\u0130\u015flenen Ki\u015fisel Veriler<\/strong><\/p>\n<\/td>\n<td>\n<p><strong>Ki\u015fisel Veri \u0130\u015fleme Ama&ccedil;lar\u0131<\/strong><\/p>\n<\/td>\n<\/tr>\n<tr>\n<td>\n<ul>\n<li style=\"font-weight: 400;\"><span style=\"font-weight: 400;\">Ad<\/span><\/li>\n<li style=\"font-weight: 400;\"><span style=\"font-weight: 400;\">Soyad<\/span><\/li>\n<li style=\"font-weight: 400;\"><span style=\"font-weight: 400;\">T.C. Kimlik Numaras\u0131<\/span><\/li>\n<li style=\"font-weight: 400;\"><span style=\"font-weight: 400;\">\u0130mza<\/span><\/li>\n<li style=\"font-weight: 400;\"><span style=\"font-weight: 400;\">Vergi Kimlik Numaras\u0131<\/span><\/li>\n<li style=\"font-weight: 400;\"><span style=\"font-weight: 400;\">\u0130mza Sirk&uuml;leri<\/span><\/li>\n<li style=\"font-weight: 400;\"><span style=\"font-weight: 400;\">Faaliyet Belgesi<\/span><\/li>\n<li style=\"font-weight: 400;\"><span style=\"font-weight: 400;\">Yabanc\u0131 Kimlik Numaras\u0131<\/span><\/li>\n<li style=\"font-weight: 400;\"><span style=\"font-weight: 400;\">Ara&ccedil; Plaka Bilgisi<\/span><\/li>\n<li style=\"font-weight: 400;\"><span style=\"font-weight: 400;\">Pasaport Numaras\u0131<\/span><\/li>\n<li style=\"font-weight: 400;\"><span style=\"font-weight: 400;\">Ehliyet Numaras\u0131<\/span><\/li>\n<li style=\"font-weight: 400;\"><span style=\"font-weight: 400;\">Ruhsat Numaras\u0131<\/span><\/li>\n<li style=\"font-weight: 400;\"><span style=\"font-weight: 400;\">Uyruk<\/span><\/li>\n<li style=\"font-weight: 400;\"><span style=\"font-weight: 400;\">Foto\u011fraf<\/span><\/li>\n<li style=\"font-weight: 400;\"><span style=\"font-weight: 400;\">Vekaletname Fotokopisi<\/span><\/li>\n<\/ul>\n<\/td>\n<td>\n<p><span style=\"font-weight: 400;\">&Ccedil;al\u0131\u015fanlar \u0130&ccedil;in \u0130\u015f Akdi Ve Mevzuattan Kaynakl\u0131 Y&uuml;k&uuml;ml&uuml;l&uuml;klerin Yerine Getirilmesi, Faaliyetlerin Mevzuata Uygun Y&uuml;r&uuml;t&uuml;lmesi, \u0130\u015f Faaliyetlerinin Y&uuml;r&uuml;t&uuml;lmesi\/Denetimi, Mal\/Hizmet Sat\u0131n Al\u0131m S&uuml;re&ccedil;lerinin Y&uuml;r&uuml;t&uuml;lmesi, S&ouml;zle\u015fme S&uuml;re&ccedil;lerinin Y&uuml;r&uuml;t&uuml;lmesi, Tedarik Zinciri Y&ouml;netimi S&uuml;re&ccedil;lerinin Y&uuml;r&uuml;t&uuml;lmesi, Fiziksel Mekan G&uuml;venli\u011finin Temini, Ta\u015f\u0131n\u0131r Mal Ve Kaynaklar\u0131n G&uuml;venli\u011finin Temini, Veri Sorumlusu Operasyonlar\u0131n\u0131n G&uuml;venli\u011finin Temini, Ziyaret&ccedil;i Kay\u0131tlar\u0131n\u0131n Olu\u015fturulmas\u0131 Ve Takibi, Finans Ve Muhasebe \u0130\u015flerinin Y&uuml;r&uuml;t&uuml;lmesi, Yat\u0131r\u0131m S&uuml;re&ccedil;lerinin Y&uuml;r&uuml;t&uuml;lmesi, Lojistik Faaliyetlerinin Y&uuml;r&uuml;t&uuml;lmesi, Mal\/Hizmet &Uuml;retim Ve Operasyon S&uuml;re&ccedil;lerinin Y&uuml;r&uuml;t&uuml;lmesi, Yetkili Ki\u015fi, Kurum Ve Kurulu\u015flara Bilgi Verilmesi, Hukuk \u0130\u015flerinin Takibi Ve Y&uuml;r&uuml;t&uuml;lmesi<\/span><\/p>\n<\/td>\n<\/tr>\n<tr>\n<td>\n<p><strong>Ki\u015fisel Verilerin \u0130\u015flenmesinin Hukuki Sebepleri<\/strong><\/p>\n<\/td>\n<td>\n<p><span style=\"font-weight: 400;\">Ki\u015fisel verileriniz, Ekol taraf\u0131ndan yukar\u0131da say\u0131lan ama&ccedil;lar\u0131n ger&ccedil;ekle\u015ftirilmesi do\u011frultusunda, ba\u015fta KVKK&rsquo;n\u0131n 5&rsquo;inci maddesinde belirtilen;&nbsp;<\/span><\/p>\n<ul>\n<li style=\"font-weight: 400;\"><span style=\"font-weight: 400;\">Kanunlarda a&ccedil;\u0131k&ccedil;a &ouml;ng&ouml;r&uuml;lmesi,<\/span><\/li>\n<li style=\"font-weight: 400;\"><span style=\"font-weight: 400;\">Bir s&ouml;zle\u015fmenin kurulmas\u0131 veya ifas\u0131yla do\u011frudan do\u011fruya ilgili olmas\u0131 kayd\u0131yla, s&ouml;zle\u015fmenin taraflar\u0131na ait ki\u015fisel verilerin i\u015flenmesinin gerekli olmas\u0131,<\/span><\/li>\n<li style=\"font-weight: 400;\"><span style=\"font-weight: 400;\">Veri sorumlusunun hukuki y&uuml;k&uuml;ml&uuml;l&uuml;\u011f&uuml;n&uuml; yerine getirebilmesi i&ccedil;in zorunlu olmas\u0131,<\/span><\/li>\n<li style=\"font-weight: 400;\"><span style=\"font-weight: 400;\">\u0130lgili ki\u015finin temel hak ve &ouml;zg&uuml;rl&uuml;klerine zarar vermemek kayd\u0131yla, veri sorumlusunun me\u015fru menfaatleri i&ccedil;in veri i\u015flenmesinin zorunlu olmas\u0131<\/span><\/li>\n<\/ul>\n<p><span style=\"font-weight: 400;\">hukuki sebeplerine dayan\u0131larak i\u015flenmektedir.<\/span><\/p>\n<\/td>\n<\/tr>\n<tr>\n<td>\n<p><strong>Ki\u015fisel Verileri Toplama Y&ouml;ntemleri<\/strong><\/p>\n<\/td>\n<td>\n<p><span style=\"font-weight: 400;\">Yukar\u0131da belirtilen ki\u015fisel verileriniz vekaletnameler, s&ouml;zle\u015fmeler, bas\u0131l\u0131 ve elektronik formlar vas\u0131tas\u0131yla toplanmaktad\u0131r.&nbsp;<\/span><\/p>\n<\/td>\n<\/tr>\n<\/tbody>\n<\/table>\n<p>&nbsp;<\/p>\n<table class=\"kvkkTablo\">\n<tbody>\n<tr>\n<td colspan=\"2\">\n<p><strong>\u0130leti\u015fim Bilgileri<\/strong><\/p>\n<\/td>\n<\/tr>\n<tr>\n<td>\n<p><strong>\u0130\u015flenen Ki\u015fisel Veriler<\/strong><\/p>\n<\/td>\n<td>\n<p><strong>Ki\u015fisel Veri \u0130\u015fleme Ama&ccedil;lar\u0131<\/strong><\/p>\n<\/td>\n<\/tr>\n<tr>\n<td>\n<ul>\n<li style=\"font-weight: 400;\"><span style=\"font-weight: 400;\">E-Posta Adresi<\/span><\/li>\n<li style=\"font-weight: 400;\"><span style=\"font-weight: 400;\">Cep Telefonu&nbsp; Numaras\u0131<\/span><\/li>\n<li style=\"font-weight: 400;\"><span style=\"font-weight: 400;\">\u0130\u015f Yeri \u0130smi\/Unvan\u0131<\/span><\/li>\n<li style=\"font-weight: 400;\"><span style=\"font-weight: 400;\">\u0130\u015f Yeri Adresi<\/span><\/li>\n<li style=\"font-weight: 400;\"><span style=\"font-weight: 400;\">\u0130\u015f Telefonu Numaras\u0131<\/span><\/li>\n<li style=\"font-weight: 400;\"><span style=\"font-weight: 400;\">Faks Numaras\u0131<\/span><\/li>\n<li style=\"font-weight: 400;\"><span style=\"font-weight: 400;\">KEP Adresi<\/span><\/li>\n<\/ul>\n<\/td>\n<td>\n<p><span style=\"font-weight: 400;\">&Ccedil;al\u0131\u015fanlar \u0130&ccedil;in \u0130\u015f Akdi Ve Mevzuattan Kaynakl\u0131 Y&uuml;k&uuml;ml&uuml;l&uuml;klerin Yerine Getirilmesi, Faaliyetlerin Mevzuata Uygun Y&uuml;r&uuml;t&uuml;lmesi, \u0130\u015f Faaliyetlerinin Y&uuml;r&uuml;t&uuml;lmesi\/Denetimi, Mal\/Hizmet Sat\u0131n Al\u0131m S&uuml;re&ccedil;lerinin Y&uuml;r&uuml;t&uuml;lmesi, S&ouml;zle\u015fme S&uuml;re&ccedil;lerinin Y&uuml;r&uuml;t&uuml;lmesi, Tedarik Zinciri Y&ouml;netimi S&uuml;re&ccedil;lerinin Y&uuml;r&uuml;t&uuml;lmesi, Fiziksel Mekan G&uuml;venli\u011finin Temini, Ta\u015f\u0131n\u0131r Mal Ve Kaynaklar\u0131n G&uuml;venli\u011finin Temini, Veri Sorumlusu Operasyonlar\u0131n\u0131n G&uuml;venli\u011finin Temini, Ziyaret&ccedil;i Kay\u0131tlar\u0131n\u0131n Olu\u015fturulmas\u0131 Ve Takibi, Finans Ve Muhasebe \u0130\u015flerinin Y&uuml;r&uuml;t&uuml;lmesi, Yat\u0131r\u0131m S&uuml;re&ccedil;lerinin Y&uuml;r&uuml;t&uuml;lmesi, Lojistik Faaliyetlerinin Y&uuml;r&uuml;t&uuml;lmesi, Mal\/Hizmet &Uuml;retim Ve Operasyon S&uuml;re&ccedil;lerinin Y&uuml;r&uuml;t&uuml;lmesi, Yetkili Ki\u015fi, Kurum Ve Kurulu\u015flara Bilgi Verilmesi<\/span><\/p>\n<\/td>\n<\/tr>\n<tr>\n<td>\n<p><strong>Ki\u015fisel Verilerin \u0130\u015flenmesinin Hukuki Sebepleri<\/strong><\/p>\n<\/td>\n<td>\n<p><span style=\"font-weight: 400;\">Ki\u015fisel verileriniz, Ekol taraf\u0131ndan yukar\u0131da say\u0131lan ama&ccedil;lar\u0131n ger&ccedil;ekle\u015ftirilmesi do\u011frultusunda, ba\u015fta KVKK&rsquo;n\u0131n 5&rsquo;inci maddesinde belirtilen;&nbsp;<\/span><\/p>\n<ul>\n<li style=\"font-weight: 400;\"><span style=\"font-weight: 400;\">Kanunlarda a&ccedil;\u0131k&ccedil;a &ouml;ng&ouml;r&uuml;lmesi,<\/span><\/li>\n<li style=\"font-weight: 400;\"><span style=\"font-weight: 400;\">Bir s&ouml;zle\u015fmenin kurulmas\u0131 veya ifas\u0131yla do\u011frudan do\u011fruya ilgili olmas\u0131 kayd\u0131yla, s&ouml;zle\u015fmenin taraflar\u0131na ait ki\u015fisel verilerin i\u015flenmesinin gerekli olmas\u0131,<\/span><\/li>\n<li style=\"font-weight: 400;\"><span style=\"font-weight: 400;\">Veri sorumlusunun hukuki y&uuml;k&uuml;ml&uuml;l&uuml;\u011f&uuml;n&uuml; yerine getirebilmesi i&ccedil;in zorunlu olmas\u0131,<\/span><\/li>\n<li style=\"font-weight: 400;\"><span style=\"font-weight: 400;\">\u0130lgili ki\u015finin temel hak ve &ouml;zg&uuml;rl&uuml;klerine zarar vermemek kayd\u0131yla, veri sorumlusunun me\u015fru menfaatleri i&ccedil;in veri i\u015flenmesinin zorunlu olmas\u0131<\/span><\/li>\n<\/ul>\n<p><span style=\"font-weight: 400;\">hukuki sebeplerine dayan\u0131larak i\u015flenmektedir.<\/span><\/p>\n<\/td>\n<\/tr>\n<tr>\n<td>\n<p><strong>Ki\u015fisel Verileri Toplama Y&ouml;ntemleri<\/strong><\/p>\n<\/td>\n<td>\n<p><span style=\"font-weight: 400;\">Yukar\u0131da belirtilen ki\u015fisel verileriniz bas\u0131l\u0131 ve elektronik formlar vas\u0131tas\u0131yla toplanmaktad\u0131r.<\/span><\/p>\n<\/td>\n<\/tr>\n<\/tbody>\n<\/table>\n<p>&nbsp;<\/p>\n<table class=\"kvkkTablo\">\n<tbody>\n<tr>\n<td colspan=\"2\">\n<p><strong>&Ouml;zl&uuml;k Bilgileri<\/strong><\/p>\n<\/td>\n<\/tr>\n<tr>\n<td>\n<p><strong>\u0130\u015flenen Ki\u015fisel Veriler<\/strong><\/p>\n<\/td>\n<td>\n<p><strong>Ki\u015fisel Veri \u0130\u015fleme Ama&ccedil;lar\u0131<\/strong><\/p>\n<\/td>\n<\/tr>\n<tr>\n<td>\n<ul>\n<li style=\"font-weight: 400;\"><span style=\"font-weight: 400;\">Pozisyon\/Unvan Bilgisi<\/span><\/li>\n<li style=\"font-weight: 400;\"><span style=\"font-weight: 400;\">Referans Bilgisi<\/span><\/li>\n<\/ul>\n<\/td>\n<td>\n<p><span style=\"font-weight: 400;\">&Ccedil;al\u0131\u015fanlar \u0130&ccedil;in \u0130\u015f Akdi Ve Mevzuattan Kaynakl\u0131 Y&uuml;k&uuml;ml&uuml;l&uuml;klerin Yerine Getirilmesi, Faaliyetlerin Mevzuata Uygun Y&uuml;r&uuml;t&uuml;lmesi, \u0130\u015f Faaliyetlerinin Y&uuml;r&uuml;t&uuml;lmesi\/Denetimi, Mal\/Hizmet Sat\u0131n Al\u0131m S&uuml;re&ccedil;lerinin Y&uuml;r&uuml;t&uuml;lmesi, S&ouml;zle\u015fme S&uuml;re&ccedil;lerinin Y&uuml;r&uuml;t&uuml;lmesi, Tedarik Zinciri Y&ouml;netimi S&uuml;re&ccedil;lerinin Y&uuml;r&uuml;t&uuml;lmesi, Fiziksel Mekan G&uuml;venli\u011finin Temini, Ta\u015f\u0131n\u0131r Mal Ve Kaynaklar\u0131n G&uuml;venli\u011finin Temini, Veri Sorumlusu Operasyonlar\u0131n\u0131n G&uuml;venli\u011finin Temini, Ziyaret&ccedil;i Kay\u0131tlar\u0131n\u0131n Olu\u015fturulmas\u0131 Ve Takibi, Finans Ve Muhasebe \u0130\u015flerinin Y&uuml;r&uuml;t&uuml;lmesi, Yat\u0131r\u0131m S&uuml;re&ccedil;lerinin Y&uuml;r&uuml;t&uuml;lmesi, Lojistik Faaliyetlerinin Y&uuml;r&uuml;t&uuml;lmesi, Mal\/Hizmet &Uuml;retim Ve Operasyon S&uuml;re&ccedil;lerinin Y&uuml;r&uuml;t&uuml;lmesi, Yetkili Ki\u015fi, Kurum Ve Kurulu\u015flara Bilgi Verilmesi, Hukuk \u0130\u015flerinin Takibi Ve Y&uuml;r&uuml;t&uuml;lmesi<\/span><\/p>\n<\/td>\n<\/tr>\n<tr>\n<td>\n<p><strong>Ki\u015fisel Verilerin \u0130\u015flenmesinin Hukuki Sebepleri<\/strong><\/p>\n<\/td>\n<td>\n<p><span style=\"font-weight: 400;\">Ki\u015fisel verileriniz, Ekol taraf\u0131ndan yukar\u0131da say\u0131lan ama&ccedil;lar\u0131n ger&ccedil;ekle\u015ftirilmesi do\u011frultusunda, ba\u015fta KVKK&rsquo;n\u0131n 5&rsquo;inci maddesinde belirtilen;&nbsp;<\/span><\/p>\n<ul>\n<li style=\"font-weight: 400;\"><span style=\"font-weight: 400;\">Kanunlarda a&ccedil;\u0131k&ccedil;a &ouml;ng&ouml;r&uuml;lmesi,<\/span><\/li>\n<li style=\"font-weight: 400;\"><span style=\"font-weight: 400;\">Bir s&ouml;zle\u015fmenin kurulmas\u0131 veya ifas\u0131yla do\u011frudan do\u011fruya ilgili olmas\u0131 kayd\u0131yla, s&ouml;zle\u015fmenin taraflar\u0131na ait ki\u015fisel verilerin i\u015flenmesinin gerekli olmas\u0131,<\/span><\/li>\n<li style=\"font-weight: 400;\"><span style=\"font-weight: 400;\">Veri sorumlusunun hukuki y&uuml;k&uuml;ml&uuml;l&uuml;\u011f&uuml;n&uuml; yerine getirebilmesi i&ccedil;in zorunlu olmas\u0131,<\/span><\/li>\n<li style=\"font-weight: 400;\"><span style=\"font-weight: 400;\">\u0130lgili ki\u015finin temel hak ve &ouml;zg&uuml;rl&uuml;klerine zarar vermemek kayd\u0131yla, veri sorumlusunun me\u015fru menfaatleri i&ccedil;in veri i\u015flenmesinin zorunlu olmas\u0131<\/span><\/li>\n<\/ul>\n<p><span style=\"font-weight: 400;\">hukuki sebeplerine dayan\u0131larak i\u015flenmektedir.<\/span><\/p>\n<\/td>\n<\/tr>\n<tr>\n<td>\n<p><strong>Ki\u015fisel Verileri Toplama Y&ouml;ntemleri<\/strong><\/p>\n<\/td>\n<td>\n<p><span style=\"font-weight: 400;\">Yukar\u0131da belirtilen ki\u015fisel verileriniz vekaletnameler, s&ouml;zle\u015fmeler, bas\u0131l\u0131 ve elektronik formlar vas\u0131tas\u0131yla toplanmaktad\u0131r.<\/span><\/p>\n<\/td>\n<\/tr>\n<\/tbody>\n<\/table>\n<p><br \/><br \/><\/p>\n<table class=\"kvkkTablo\">\n<tbody>\n<tr>\n<td colspan=\"2\">\n<p><strong>Finans Bilgileri<\/strong><\/p>\n<\/td>\n<\/tr>\n<tr>\n<td>\n<p><strong>\u0130\u015flenen Ki\u015fisel Veriler<\/strong><\/p>\n<\/td>\n<td>\n<p><strong>Ki\u015fisel Veri \u0130\u015fleme Ama&ccedil;lar\u0131<\/strong><\/p>\n<\/td>\n<\/tr>\n<tr>\n<td>\n<ul>\n<li style=\"font-weight: 400;\"><span style=\"font-weight: 400;\">Banka Hesap Bilgileri<\/span><\/li>\n<li style=\"font-weight: 400;\"><span style=\"font-weight: 400;\">Gelir Bilgileri<\/span><\/li>\n<\/ul>\n<\/td>\n<td>\n<p><span style=\"font-weight: 400;\">\u0130\u015f Faaliyetlerinin Y&uuml;r&uuml;t&uuml;lmesi\/Denetimi, Mal\/Hizmet Sat\u0131n Al\u0131m S&uuml;re&ccedil;lerinin Y&uuml;r&uuml;t&uuml;lmesi, S&ouml;zle\u015fme S&uuml;re&ccedil;lerinin Y&uuml;r&uuml;t&uuml;lmesi, Tedarik Zinciri Y&ouml;netimi S&uuml;re&ccedil;lerinin Y&uuml;r&uuml;t&uuml;lmesi, Finans ve Muhasebe \u0130\u015flerinin Y&uuml;r&uuml;t&uuml;lmesi, Faaliyetlerin Mevzuata Uygun Y&uuml;r&uuml;t&uuml;lmesi, Yat\u0131r\u0131m S&uuml;re&ccedil;lerinin Y&uuml;r&uuml;t&uuml;lmesi<\/span><\/p>\n<\/td>\n<\/tr>\n<tr>\n<td>\n<p><strong>Ki\u015fisel Verilerin \u0130\u015flenmesinin Hukuki Sebepleri<\/strong><\/p>\n<\/td>\n<td>\n<p><span style=\"font-weight: 400;\">Ki\u015fisel verileriniz, Ekol taraf\u0131ndan yukar\u0131da say\u0131lan ama&ccedil;lar\u0131n ger&ccedil;ekle\u015ftirilmesi do\u011frultusunda, ba\u015fta KVKK&rsquo;n\u0131n 5&rsquo;inci maddesinde belirtilen;&nbsp;<\/span><\/p>\n<ul>\n<li style=\"font-weight: 400;\"><span style=\"font-weight: 400;\">Kanunlarda a&ccedil;\u0131k&ccedil;a &ouml;ng&ouml;r&uuml;lmesi,<\/span><\/li>\n<li style=\"font-weight: 400;\"><span style=\"font-weight: 400;\">Veri sorumlusunun hukuki y&uuml;k&uuml;ml&uuml;l&uuml;\u011f&uuml;n&uuml; yerine getirebilmesi i&ccedil;in zorunlu olmas\u0131,<\/span><\/li>\n<li style=\"font-weight: 400;\"><span style=\"font-weight: 400;\">Bir s&ouml;zle\u015fmenin kurulmas\u0131 veya ifas\u0131yla do\u011frudan do\u011fruya ilgili olmas\u0131 kayd\u0131yla, s&ouml;zle\u015fmenin taraflar\u0131na ait ki\u015fisel verilerin i\u015flenmesinin gerekli olmas\u0131,<\/span><\/li>\n<\/ul>\n<p><span style=\"font-weight: 400;\">hukuki sebeplerine dayan\u0131larak i\u015flenmektedir.<\/span><\/p>\n<\/td>\n<\/tr>\n<tr>\n<td>\n<p><strong>Ki\u015fisel Verileri Toplama Y&ouml;ntemleri<\/strong><\/p>\n<\/td>\n<td>\n<p><span style=\"font-weight: 400;\">Yukar\u0131da belirtilen ki\u015fisel verileriniz s&ouml;zle\u015fmeler, vekaletnameler, bas\u0131l\u0131 ve elektronik formlar vas\u0131tas\u0131yla toplanmaktad\u0131r.<\/span><\/p>\n<\/td>\n<\/tr>\n<\/tbody>\n<\/table>\n<p><br \/><br \/><\/p>\n<table class=\"kvkkTablo\">\n<tbody>\n<tr>\n<td colspan=\"2\">\n<p><strong>M&uuml;\u015fteri \u0130\u015flem Bilgileri<\/strong><\/p>\n<\/td>\n<\/tr>\n<tr>\n<td>\n<p><strong>\u0130\u015flenen Ki\u015fisel Veriler<\/strong><\/p>\n<\/td>\n<td>\n<p><strong>Ki\u015fisel Veri \u0130\u015fleme Ama&ccedil;lar\u0131<\/strong><\/p>\n<\/td>\n<\/tr>\n<tr>\n<td>\n<ul>\n<li style=\"font-weight: 400;\"><span style=\"font-weight: 400;\">Fatura, Senet, &Ccedil;ek Bilgileri<\/span><\/li>\n<li style=\"font-weight: 400;\"><span style=\"font-weight: 400;\">Sipari\u015f Bilgisi<\/span><\/li>\n<li style=\"font-weight: 400;\"><span style=\"font-weight: 400;\">Talep Bilgisi<\/span><\/li>\n<\/ul>\n<\/td>\n<td>\n<p><span style=\"font-weight: 400;\">Finans ve Muhasebe \u0130\u015flerinin Y&uuml;r&uuml;t&uuml;lmesi, Faaliyetlerin Mevzuata&nbsp; Uygun Y&uuml;r&uuml;t&uuml;lmesi, Yat\u0131r\u0131m S&uuml;re&ccedil;lerinin Y&uuml;r&uuml;t&uuml;lmesi<\/span><\/p>\n<\/td>\n<\/tr>\n<tr>\n<td>\n<p><strong>Ki\u015fisel Verilerin \u0130\u015flenmesinin Hukuki Sebepleri<\/strong><\/p>\n<\/td>\n<td>\n<p><span style=\"font-weight: 400;\">Ki\u015fisel verileriniz, Ekol taraf\u0131ndan yukar\u0131da say\u0131lan ama&ccedil;lar\u0131n ger&ccedil;ekle\u015ftirilmesi do\u011frultusunda, ba\u015fta KVKK&rsquo;n\u0131n 5&rsquo;inci maddesinde belirtilen;&nbsp;<\/span><\/p>\n<ul>\n<li style=\"font-weight: 400;\"><span style=\"font-weight: 400;\">Kanunlarda a&ccedil;\u0131k&ccedil;a &ouml;ng&ouml;r&uuml;lmesi,<\/span><\/li>\n<li style=\"font-weight: 400;\"><span style=\"font-weight: 400;\">Veri sorumlusunun hukuki y&uuml;k&uuml;ml&uuml;l&uuml;\u011f&uuml;n&uuml; yerine getirebilmesi i&ccedil;in zorunlu olmas\u0131,<\/span><\/li>\n<li style=\"font-weight: 400;\"><span style=\"font-weight: 400;\">Bir s&ouml;zle\u015fmenin kurulmas\u0131 veya ifas\u0131yla do\u011frudan do\u011fruya ilgili olmas\u0131 kayd\u0131yla, s&ouml;zle\u015fmenin taraflar\u0131na ait ki\u015fisel verilerin i\u015flenmesinin gerekli olmas\u0131,<\/span><\/li>\n<\/ul>\n<p><span style=\"font-weight: 400;\">hukuki sebeplerine dayan\u0131larak i\u015flenmektedir.<\/span><\/p>\n<\/td>\n<\/tr>\n<tr>\n<td>\n<p><strong>Ki\u015fisel Verileri Toplama Y&ouml;ntemleri<\/strong><\/p>\n<\/td>\n<td>\n<p><span style=\"font-weight: 400;\">Yukar\u0131da belirtilen ki\u015fisel verileriniz s&ouml;zle\u015fmeler, vekaletnameler, bas\u0131l\u0131 ve elektronik formlar vas\u0131tas\u0131yla toplanmaktad\u0131r.<\/span><\/p>\n<\/td>\n<\/tr>\n<\/tbody>\n<\/table>\n<p><br \/><br \/><\/p>\n<table class=\"kvkkTablo\">\n<tbody>\n<tr>\n<td colspan=\"2\">\n<p><strong>Mesleki Deneyim Bilgileri<\/strong><\/p>\n<\/td>\n<\/tr>\n<tr>\n<td>\n<p><strong>\u0130\u015flenen Ki\u015fisel Veriler<\/strong><\/p>\n<\/td>\n<td>\n<p><strong>Ki\u015fisel Veri \u0130\u015fleme Ama&ccedil;lar\u0131<\/strong><\/p>\n<\/td>\n<\/tr>\n<tr>\n<td>\n<ul>\n<li style=\"font-weight: 400;\"><span style=\"font-weight: 400;\">Sertifikalar<\/span><\/li>\n<\/ul>\n<\/td>\n<td>\n<p><span style=\"font-weight: 400;\">\u0130\u015f Faaliyetlerinin Y&uuml;r&uuml;t&uuml;lmesi\/Denetimi, Mal\/Hizmet Sat\u0131n Al\u0131m S&uuml;re&ccedil;lerinin Y&uuml;r&uuml;t&uuml;lmesi, S&ouml;zle\u015fme S&uuml;re&ccedil;lerinin Y&uuml;r&uuml;t&uuml;lmesi, Tedarik Zinciri Y&ouml;netimi S&uuml;re&ccedil;lerinin Y&uuml;r&uuml;t&uuml;lmesi<\/span><\/p>\n<\/td>\n<\/tr>\n<tr>\n<td>\n<p><strong>Ki\u015fisel Verilerin \u0130\u015flenmesinin Hukuki Sebepleri<\/strong><\/p>\n<\/td>\n<td>\n<p><span style=\"font-weight: 400;\">Ki\u015fisel verileriniz, Ekol taraf\u0131ndan yukar\u0131da say\u0131lan ama&ccedil;lar\u0131n ger&ccedil;ekle\u015ftirilmesi do\u011frultusunda, ba\u015fta KVKK&rsquo;n\u0131n 5&rsquo;inci maddesinde belirtilen;&nbsp;<\/span><\/p>\n<ul>\n<li style=\"font-weight: 400;\"><span style=\"font-weight: 400;\">Bir s&ouml;zle\u015fmenin kurulmas\u0131 veya ifas\u0131yla do\u011frudan do\u011fruya ilgili olmas\u0131 kayd\u0131yla, s&ouml;zle\u015fmenin taraflar\u0131na ait ki\u015fisel verilerin i\u015flenmesinin gerekli olmas\u0131,<\/span><\/li>\n<li style=\"font-weight: 400;\"><span style=\"font-weight: 400;\">Veri sorumlusunun hukuki y&uuml;k&uuml;ml&uuml;l&uuml;\u011f&uuml;n&uuml; yerine getirebilmesi i&ccedil;in zorunlu olmas\u0131,<\/span><\/li>\n<\/ul>\n<p><span style=\"font-weight: 400;\">hukuki sebeplerine dayan\u0131larak i\u015flenmektedir.<\/span><\/p>\n<\/td>\n<\/tr>\n<tr>\n<td>\n<p><strong>Ki\u015fisel Verileri Toplama Y&ouml;ntemleri<\/strong><\/p>\n<\/td>\n<td>\n<p><span style=\"font-weight: 400;\">Yukar\u0131da belirtilen ki\u015fisel verileriniz bas\u0131l\u0131 ve elektronik formlar vas\u0131tas\u0131yla toplanmaktad\u0131r.<\/span><\/p>\n<\/td>\n<\/tr>\n<\/tbody>\n<\/table>\n<p>&nbsp;<\/p>\n<table class=\"kvkkTablo\">\n<tbody>\n<tr>\n<td colspan=\"2\">\n<p><strong>G&ouml;rsel ve \u0130\u015fitsel Kay\u0131t Bilgileri<\/strong><\/p>\n<\/td>\n<\/tr>\n<tr>\n<td>\n<p><strong>\u0130\u015flenen Ki\u015fisel Veriler<\/strong><\/p>\n<\/td>\n<td>\n<p><strong>Ki\u015fisel Veri \u0130\u015fleme Ama&ccedil;lar\u0131<\/strong><\/p>\n<\/td>\n<\/tr>\n<tr>\n<td>\n<ul>\n<li style=\"font-weight: 400;\"><span style=\"font-weight: 400;\">G&ouml;rsel Kay\u0131tlar<\/span><\/li>\n<\/ul>\n<\/td>\n<td>\n<p><span style=\"font-weight: 400;\">Fiziksel Mekan G&uuml;venli\u011finin Temini, Ta\u015f\u0131n\u0131r Mal Ve Kaynaklar\u0131n G&uuml;venli\u011finin Temini, Veri Sorumlusu Operasyonlar\u0131n\u0131n G&uuml;venli\u011finin Temini, Ziyaret&ccedil;i Kay\u0131tlar\u0131n\u0131n Olu\u015fturulmas\u0131 Ve Takibi<\/span><\/p>\n<\/td>\n<\/tr>\n<tr>\n<td>\n<p><strong>Ki\u015fisel Verilerin \u0130\u015flenmesinin Hukuki Sebepleri<\/strong><\/p>\n<\/td>\n<td>\n<p><span style=\"font-weight: 400;\">Ki\u015fisel verileriniz, Ekol taraf\u0131ndan yukar\u0131da say\u0131lan ama&ccedil;lar\u0131n ger&ccedil;ekle\u015ftirilmesi do\u011frultusunda, ba\u015fta KVKK&rsquo;n\u0131n 5&rsquo;inci maddesinde belirtilen;&nbsp;<\/span><\/p>\n<ul>\n<li style=\"font-weight: 400;\"><span style=\"font-weight: 400;\">Bir s&ouml;zle\u015fmenin kurulmas\u0131 veya ifas\u0131yla do\u011frudan do\u011fruya ilgili olmas\u0131 kayd\u0131yla, s&ouml;zle\u015fmenin taraflar\u0131na ait ki\u015fisel verilerin i\u015flenmesinin gerekli olmas\u0131,<\/span><\/li>\n<li style=\"font-weight: 400;\"><span style=\"font-weight: 400;\">Veri sorumlusunun hukuki y&uuml;k&uuml;ml&uuml;l&uuml;\u011f&uuml;n&uuml; yerine getirebilmesi i&ccedil;in zorunlu olmas\u0131,<\/span><\/li>\n<li style=\"font-weight: 400;\"><span style=\"font-weight: 400;\">\u0130lgili ki\u015finin temel hak ve &ouml;zg&uuml;rl&uuml;klerine zarar vermemek kayd\u0131yla, veri sorumlusunun me\u015fru menfaatleri i&ccedil;in veri i\u015flenmesinin zorunlu olmas\u0131<\/span><\/li>\n<\/ul>\n<p><span style=\"font-weight: 400;\">hukuki sebeplerine dayan\u0131larak i\u015flenmektedir.<\/span><\/p>\n<\/td>\n<\/tr>\n<tr>\n<td>\n<p><strong>Ki\u015fisel Verileri Toplama Y&ouml;ntemleri<\/strong><\/p>\n<\/td>\n<td>\n<p><span style=\"font-weight: 400;\">Yukar\u0131da belirtilen ki\u015fisel verileriniz bas\u0131l\u0131 ve elektronik formlar ile CCTV Kay\u0131tlar\u0131 vas\u0131tas\u0131yla toplanmaktad\u0131r.<\/span><\/p>\n<\/td>\n<\/tr>\n<\/tbody>\n<\/table>\n<p>&nbsp;<\/p>\n<table class=\"kvkkTablo\">\n<tbody>\n<tr>\n<td colspan=\"2\">\n<p><strong>Fiziksel Mekan G&uuml;venli\u011fi Bilgileri<\/strong><\/p>\n<\/td>\n<\/tr>\n<tr>\n<td>\n<p><strong>\u0130\u015flenen Ki\u015fisel Veriler<\/strong><\/p>\n<\/td>\n<td>\n<p><strong>Ki\u015fisel Veri \u0130\u015fleme Ama&ccedil;lar\u0131<\/strong><\/p>\n<\/td>\n<\/tr>\n<tr>\n<td>\n<ul>\n<li style=\"font-weight: 400;\"><span style=\"font-weight: 400;\">CCTV Kay\u0131t Bilgileri<\/span><\/li>\n<\/ul>\n<\/td>\n<td>\n<p><span style=\"font-weight: 400;\">Fiziksel Mekan G&uuml;venli\u011finin Temini, Ta\u015f\u0131n\u0131r Mal Ve Kaynaklar\u0131n G&uuml;venli\u011finin Temini, Veri Sorumlusu Operasyonlar\u0131n\u0131n G&uuml;venli\u011finin Temini, Ziyaret&ccedil;i Kay\u0131tlar\u0131n\u0131n Olu\u015fturulmas\u0131 Ve Takibi<\/span><\/p>\n<\/td>\n<\/tr>\n<tr>\n<td>\n<p><strong>Ki\u015fisel Verilerin \u0130\u015flenmesinin Hukuki Sebepleri<\/strong><\/p>\n<\/td>\n<td>\n<p><span style=\"font-weight: 400;\">Ki\u015fisel verileriniz, Ekol taraf\u0131ndan yukar\u0131da say\u0131lan ama&ccedil;lar\u0131n ger&ccedil;ekle\u015ftirilmesi do\u011frultusunda, ba\u015fta KVKK&rsquo;n\u0131n 5&rsquo;inci maddesinde belirtilen;&nbsp;<\/span><\/p>\n<ul>\n<li style=\"font-weight: 400;\"><span style=\"font-weight: 400;\">Bir s&ouml;zle\u015fmenin kurulmas\u0131 veya ifas\u0131yla do\u011frudan do\u011fruya ilgili olmas\u0131 kayd\u0131yla, s&ouml;zle\u015fmenin taraflar\u0131na ait ki\u015fisel verilerin i\u015flenmesinin gerekli olmas\u0131,<\/span><\/li>\n<li style=\"font-weight: 400;\"><span style=\"font-weight: 400;\">Veri sorumlusunun hukuki y&uuml;k&uuml;ml&uuml;l&uuml;\u011f&uuml;n&uuml; yerine getirebilmesi i&ccedil;in zorunlu olmas\u0131,<\/span><\/li>\n<li style=\"font-weight: 400;\"><span style=\"font-weight: 400;\">\u0130lgili ki\u015finin temel hak ve &ouml;zg&uuml;rl&uuml;klerine zarar vermemek kayd\u0131yla, veri sorumlusunun me\u015fru menfaatleri i&ccedil;in veri i\u015flenmesinin zorunlu olmas\u0131<\/span><\/li>\n<\/ul>\n<p><span style=\"font-weight: 400;\">hukuki sebeplerine dayan\u0131larak i\u015flenmektedir.<\/span><\/p>\n<\/td>\n<\/tr>\n<tr>\n<td>\n<p><strong>Ki\u015fisel Verileri Toplama Y&ouml;ntemleri<\/strong><\/p>\n<\/td>\n<td>\n<p><span style=\"font-weight: 400;\">Yukar\u0131da belirtilen ki\u015fisel verileriniz bas\u0131l\u0131 ve elektronik formlar ile CCTV Kay\u0131tlar\u0131 vas\u0131tas\u0131yla toplanmaktad\u0131r.<\/span><\/p>\n<\/td>\n<\/tr>\n<\/tbody>\n<\/table>\n<p>&nbsp;<\/p>\n<table class=\"kvkkTablo\">\n<tbody>\n<tr>\n<td colspan=\"2\">\n<p><strong>Hukuki \u0130\u015flem Bilgileri<\/strong><\/p>\n<\/td>\n<\/tr>\n<tr>\n<td>\n<p><strong>\u0130\u015flenen Ki\u015fisel Veriler<\/strong><\/p>\n<\/td>\n<td>\n<p><strong>Ki\u015fisel Veri \u0130\u015fleme Ama&ccedil;lar\u0131<\/strong><\/p>\n<\/td>\n<\/tr>\n<tr>\n<td>\n<ul>\n<li style=\"font-weight: 400;\"><span style=\"font-weight: 400;\">Adli Makamlarla Yaz\u0131\u015fmalardaki Bilgiler<\/span><\/li>\n<li style=\"font-weight: 400;\"><span style=\"font-weight: 400;\">\u0130dari Makamlarla Yaz\u0131\u015fmalardaki Bilgiler<\/span><\/li>\n<li style=\"font-weight: 400;\"><span style=\"font-weight: 400;\">Dava Dosyas\u0131ndaki Bilgiler<\/span><\/li>\n<li style=\"font-weight: 400;\"><span style=\"font-weight: 400;\">Haciz vb. \u0130lgili Kay\u0131tlar<\/span><\/li>\n<li style=\"font-weight: 400;\"><span style=\"font-weight: 400;\">\u0130htarname\/\u0130hbarname Kapsam\u0131ndaki Bilgiler<\/span><\/li>\n<li style=\"font-weight: 400;\"><span style=\"font-weight: 400;\">S&ouml;zle\u015fme Bilgisi<\/span><\/li>\n<\/ul>\n<\/td>\n<td>\n<p><span style=\"font-weight: 400;\">Faaliyetlerin Mevzuata Uygun Y&uuml;r&uuml;t&uuml;lmesi, Hukuk \u0130\u015flerinin Takibi Ve Y&uuml;r&uuml;t&uuml;lmesi, S&ouml;zle\u015fme S&uuml;re&ccedil;lerinin Y&uuml;r&uuml;t&uuml;lmesi, Yetkili Ki\u015fi, Kurum Ve Kurulu\u015flara Bilgi Verilmesi<\/span><\/p>\n<\/td>\n<\/tr>\n<tr>\n<td>\n<p><strong>Ki\u015fisel Verilerin \u0130\u015flenmesinin Hukuki Sebepleri<\/strong><\/p>\n<\/td>\n<td>\n<p><span style=\"font-weight: 400;\">Ki\u015fisel verileriniz, Ekol taraf\u0131ndan yukar\u0131da say\u0131lan ama&ccedil;lar\u0131n ger&ccedil;ekle\u015ftirilmesi do\u011frultusunda, ba\u015fta KVKK&rsquo;n\u0131n 5&rsquo;inci maddesinde belirtilen;&nbsp;<\/span><\/p>\n<ul>\n<li style=\"font-weight: 400;\"><span style=\"font-weight: 400;\">Veri sorumlusunun hukuki y&uuml;k&uuml;ml&uuml;l&uuml;\u011f&uuml;n&uuml; yerine getirebilmesi i&ccedil;in zorunlu olmas\u0131,<\/span><\/li>\n<li style=\"font-weight: 400;\"><span style=\"font-weight: 400;\">\u0130lgili ki\u015finin temel hak ve &ouml;zg&uuml;rl&uuml;klerine zarar vermemek kayd\u0131yla, veri sorumlusunun me\u015fru menfaatleri i&ccedil;in veri i\u015flenmesinin zorunlu olmas\u0131,<\/span><\/li>\n<\/ul>\n<p><span style=\"font-weight: 400;\">hukuki sebeplerine dayan\u0131larak i\u015flenmektedir.<\/span><\/p>\n<\/td>\n<\/tr>\n<tr>\n<td>\n<p><strong>Ki\u015fisel Verileri Toplama Y&ouml;ntemleri<\/strong><\/p>\n<\/td>\n<td>\n<p><span style=\"font-weight: 400;\">Verileriniz bas\u0131l\u0131 ve elektronik formlar, vekaletnameler ve s&ouml;zle\u015fmeler vas\u0131tas\u0131yla toplanmaktad\u0131r.<\/span><\/p>\n<\/td>\n<\/tr>\n<\/tbody>\n<\/table>\n<p>&nbsp;<\/p>\n<table class=\"kvkkTablo\">\n<tbody>\n<tr>\n<td colspan=\"2\">\n<p><strong>\u0130\u015flem G&uuml;venli\u011fi Bilgileri<\/strong><\/p>\n<\/td>\n<\/tr>\n<tr>\n<td>\n<p><strong>\u0130\u015flenen Ki\u015fisel Veriler<\/strong><\/p>\n<\/td>\n<td>\n<p><strong>Ki\u015fisel Veri \u0130\u015fleme Ama&ccedil;lar\u0131<\/strong><\/p>\n<\/td>\n<\/tr>\n<tr>\n<td>\n<ul>\n<li style=\"font-weight: 400;\"><span style=\"font-weight: 400;\">&Ccedil;\u0131k\u0131\u015f IP<\/span><\/li>\n<li style=\"font-weight: 400;\"><span style=\"font-weight: 400;\">Var\u0131\u015f IP&nbsp;<\/span><\/li>\n<li style=\"font-weight: 400;\"><span style=\"font-weight: 400;\">Tarih\/Saat&nbsp;<\/span><\/li>\n<li style=\"font-weight: 400;\"><span style=\"font-weight: 400;\">Trafik Bilgisi<\/span><\/li>\n<li style=\"font-weight: 400;\"><span style=\"font-weight: 400;\">Port No<\/span><\/li>\n<li style=\"font-weight: 400;\"><span style=\"font-weight: 400;\">Kullan\u0131c\u0131 Ad\u0131<\/span><\/li>\n<\/ul>\n<\/td>\n<td>\n<p><span style=\"font-weight: 400;\">Bilgi G&uuml;venli\u011fi S&uuml;re&ccedil;lerinin Y&uuml;r&uuml;t&uuml;lmesi, Faaliyetlerin Mevzuata Uygun Y&uuml;r&uuml;t&uuml;lmesi, Yetkili Ki\u015fi, Kurum ve Kurulu\u015flara Bilgi Verilmesi<\/span><\/p>\n<\/td>\n<\/tr>\n<tr>\n<td>\n<p><strong>Ki\u015fisel Verilerin \u0130\u015flenmesinin Hukuki Sebepleri<\/strong><\/p>\n<\/td>\n<td>\n<p><span style=\"font-weight: 400;\">Ki\u015fisel verileriniz, Ekol taraf\u0131ndan yukar\u0131da say\u0131lan ama&ccedil;lar\u0131n ger&ccedil;ekle\u015ftirilmesi do\u011frultusunda, ba\u015fta KVKK&rsquo;n\u0131n 5&rsquo;inci maddesinde belirtilen;&nbsp;<\/span><\/p>\n<ul>\n<li style=\"font-weight: 400;\"><span style=\"font-weight: 400;\">\u0130lgili ki\u015finin temel hak ve &ouml;zg&uuml;rl&uuml;klerine zarar vermemek kayd\u0131yla, veri sorumlusunun me\u015fru menfaatleri i&ccedil;in veri i\u015flenmesinin zorunlu olmas\u0131,<\/span><\/li>\n<\/ul>\n<p><span style=\"font-weight: 400;\">hukuki sebeplerine dayan\u0131larak i\u015flenmektedir.<\/span><\/p>\n<\/td>\n<\/tr>\n<tr>\n<td>\n<p><strong>Ki\u015fisel Verileri Toplama Y&ouml;ntemleri<\/strong><\/p>\n<\/td>\n<td>\n<p><span style=\"font-weight: 400;\">Verileriniz elektronik sistemler vas\u0131tas\u0131yla toplanmaktad\u0131r.<\/span><\/p>\n<\/td>\n<\/tr>\n<\/tbody>\n<\/table>\n<\/div>\n<\/li>\n<li><\/li>\n<li><a href=\"#musteri-tedariksici-amac\">Ki\u015fisel Verileriniz Kimlere ve Hangi Ama&ccedil;larla Aktar\u0131labilecektir?<\/a>\n<div>\n<p>Ki\u015fisel verileriniz,<\/p>\n<ul>\n<li style=\"font-weight: 400;\"><span style=\"font-weight: 400;\">S&ouml;zle\u015fme s&uuml;re&ccedil;lerinin y&uuml;r&uuml;t&uuml;lmesi, finans ve muhasebe i\u015flerinin y&uuml;r&uuml;t&uuml;lmesi, yat\u0131r\u0131m s&uuml;re&ccedil;lerinin y&uuml;r&uuml;t&uuml;lmesi, mal\/hizmet &uuml;retim ve operasyon s&uuml;re&ccedil;lerinin y&uuml;r&uuml;t&uuml;lmesi ama&ccedil;lar\u0131yla <\/span><strong>\u0130\u015ftirakler ve Ba\u011fl\u0131 Ortakl\u0131klar&rsquo;\u0131m\u0131za<\/strong><span style=\"font-weight: 400;\">,&nbsp;<\/span><\/li>\n<\/ul>\n<ul>\n<li style=\"font-weight: 400;\"><span style=\"font-weight: 400;\">Yasal d&uuml;zenlemenin &ouml;ng&ouml;rd&uuml;\u011f&uuml; kapsamda, faaliyetlerin mevzuata uygun y&uuml;r&uuml;t&uuml;lmesi, yetkili ki\u015fi, kurum ve kurulu\u015flara bilgi verilmesi, &ccedil;al\u0131\u015fanlar i&ccedil;in i\u015f akdi ve mevzuattan kaynakl\u0131 y&uuml;k&uuml;ml&uuml;l&uuml;klerin yerine getirilmesi ama&ccedil;lar\u0131yla <\/span><strong>Yetkili Kamu Kurum ve Kurulu\u015flar\u0131&rsquo;na,<\/strong><\/li>\n<\/ul>\n<ul>\n<li style=\"font-weight: 400;\"><span style=\"font-weight: 400;\">\u0130\u015f faaliyetlerinin y&uuml;r&uuml;t&uuml;lmesi&nbsp; amac\u0131yla <\/span><strong>Tedarik&ccedil;iler&rsquo;imize<\/strong><span style=\"font-weight: 400;\">,<\/span><\/li>\n<li style=\"font-weight: 400;\"><span style=\"font-weight: 400;\">Finans ve muhasebe i\u015flerinin y&uuml;r&uuml;t&uuml;lmesi, i\u015f faaliyetlerinin y&uuml;r&uuml;t&uuml;lmesi ama&ccedil;lar\u0131yla&nbsp; <strong>Ger&ccedil;ek Ki\u015filer veya &Ouml;zel Hukuk T&uuml;zel Ki\u015fileri&rsquo;ne,<\/strong><\/span><\/li>\n<\/ul>\n<p>aktar\u0131labilecektir.<\/p>\n<p><span style=\"font-weight: 400;\">EKOL Lojistik A.\u015e. olarak, faaliyetimizin yurt d\u0131\u015f\u0131 dahil lojistik hizmetlerini kapsamas\u0131 nedeniyle verinizin i\u015flendi\u011fi s&uuml;re&ccedil; yurt d\u0131\u015f\u0131 ba\u011flant\u0131l\u0131 ise i\u015f faaliyetlerimizin ve personelimizin yurt d\u0131\u015f\u0131 g&ouml;revlendirmeleri ve e\u011fitim faaliyetlerinin y&uuml;r&uuml;t&uuml;lmesi amac\u0131 ile gerekli teknik ve idari tedbirleri alarak, bu ki\u015filerle ve s&uuml;re&ccedil;lerle s\u0131n\u0131rl\u0131 veriler Kanun&rsquo;daki kurallara uygun olarak yurt d\u0131\u015f\u0131ndaki i\u015ftirakler, ba\u011fl\u0131 ortakl\u0131klar, alt y&uuml;kleniciler ve tedarik&ccedil;iler ile ilgili &uuml;lkedeki mevzuat zorunluluklar\u0131 durumunda yabanc\u0131 kamu kurum ve kurulu\u015flar\u0131 ile payla\u015f\u0131labilecektir.<\/span><\/p>\n<\/div>\n<\/li>\n<li><a href=\"#musteri-tedariksici-sure\">Ki\u015fisel Verileriniz Ne Kadar S&uuml;re ile Saklan\u0131r?<\/a>\n<div>\n<p><span style=\"font-weight: 400;\">Ki\u015fisel verileriniz, kanunda veya ilgili mevzuatta verinin saklanmas\u0131 i&ccedil;in bir s&uuml;re belirlenmi\u015fse, s&ouml;z konusu veri en az bu s&uuml;re kadar saklanmak zorundad\u0131r. Kanunda veya ilgili mevzuatta bir s&uuml;re &ouml;ng&ouml;r&uuml;lmemi\u015fse; i\u015flenme ama&ccedil;lar\u0131yla ba\u011flant\u0131l\u0131, s\u0131n\u0131rl\u0131 ve &ouml;l&ccedil;&uuml;l&uuml; olmak kayd\u0131yla belirlenen makul s&uuml;relerce saklanmaktad\u0131r.<\/span><\/p>\n<\/div>\n<\/li>\n\t\t\t\t\t\t\t\t<li><a href=\"#kisi-haklar\">\u0130lgili Ki\u015fi Olarak Haklar\u0131n\u0131z Nelerdir?<\/a>\n\t\t\t\t\t\t\t\t<div>\n\t\t\t\t\t\t\t\t<p>KVKK ve ilgili mevzuat kapsam\u0131nda ki\u015fisel verilerinize ili\u015fkin olarak;<\/p>\n\t\t\t\t\t\t\t\t<ul>\n\t\t\t\t\t\t\t\t<li>Ki\u015fisel verilerinizin i\u015flenip i\u015flenmedi\u011fini \u00f6\u011frenme,<\/li>\n\t\t\t\t\t\t\t\t<li>Ki\u015fisel verileriniz i\u015flenmi\u015fse buna ili\u015fkin bilgi talep etme,<\/li>\n\t\t\t\t\t\t\t\t<li>Ki\u015fisel verilerin i\u015flenme amac\u0131n\u0131 ve bunlar\u0131n amac\u0131na uygun kullan\u0131l\u0131p kullan\u0131lmad\u0131\u011f\u0131n\u0131 \u00f6\u011frenme,<\/li>\n\t\t\t\t\t\t\t\t<li>Yurt i\u00e7inde veya yurt d\u0131\u015f\u0131nda ki\u015fisel verilerinizin aktar\u0131ld\u0131\u011f\u0131 \u00fc\u00e7\u00fcnc\u00fc ki\u015fileri bilme,<\/li>\n\t\t\t\t\t\t\t\t<li>Ki\u015fisel verilerinizin eksik veya yanl\u0131\u015f i\u015flenmi\u015f olmas\u0131 halinde bunlar\u0131n d\u00fczeltilmesini isteme,<\/li>\n\t\t\t\t\t\t\t\t<li>KVKK mevzuat\u0131nda \u00f6ng\u00f6r\u00fclen \u015fartlar \u00e7er\u00e7evesinde ki\u015fisel verilerinizin silinmesini veya yok edilmesini isteme,<\/li>\n\t\t\t\t\t\t\t\t<li>Eksik veya yanl\u0131\u015f verilerin d\u00fczeltilmesi ile ki\u015fisel verilerinizin silinmesi veya yok edilmesini talep etti\u011finizde, bu durumun ki\u015fisel verilerinizi aktard\u0131\u011f\u0131m\u0131z \u00fc\u00e7\u00fcnc\u00fc ki\u015filere bildirilmesini isteme,<\/li>\n\t\t\t\t\t\t\t\t<li>Ki\u015fisel verilerin kanuna ayk\u0131r\u0131 olarak i\u015flenmesi sebebiyle zarara u\u011framan\u0131z halinde bu zarar\u0131n giderilmesini talep etme<\/li>\n\t\t\t\t\t\t\t\t<\/ul>\n\t\t\t\t\t\t\t\t<p>haklar\u0131na sahipsiniz.<\/p>\n\t\t\t\t\t\t\t\t<\/div>\n\t\t\t\t\t\t\t\t<\/li>\n<li><a href=\"#musteri-tedarikcisi-hak-kullanimi\">Haklar\u0131n\u0131z\u0131 Nas\u0131l Kullanabilirsiniz?<\/a>\n<div>\n<p>Ki\u015fisel verileriniz ile ilgili ba\u015fvuru ve taleplerinizi dilerseniz <a href=\"https:\/\/drive.google.com\/file\/d\/13kfIIT1cLCG1M-kSDrpjFzAFh5W0vyco\/preview\" target=\"_blank\" rel=\"noopener\">\u0130lgili Ki\u015fi Ba\u015fvuru Formu<\/a> arac\u0131l\u0131\u011f\u0131yla;<\/p>\n<ul>\n<li>Islak imzal\u0131 ve kimlik fotokopisi ile Ey\u00fcp Sultan, Mehmet Akif Cd. No:3\/A 34885 Sancaktepe\/\u0130stanbul adresine g&ouml;ndererek,<\/li>\n<li>Ge&ccedil;erli bir kimlik belgesi ile birlikte Ekol Lojistik A.\u015e.&rsquo;ye bizzat ba\u015fvurarak,<\/li>\n<li>Mobil imza veya g&uuml;venli elektronik imza ile imzalay\u0131p <a href=\"mailto:kvkk@ekol.com\">kvkk@ekol.com<\/a> adresine e-posta g&ouml;nderilerek,<\/li>\n<li>Kay\u0131tl\u0131 elektronik posta (KEP) adresi ve g&uuml;venli elektronik imza ya da mobil imza kullanmak suretiyle <a href=\"mailto:ekol@hs03.kep.tr\">ekol@hs03.kep.tr<\/a> kay\u0131tl\u0131 elektronik posta adresimize g&ouml;ndererek,<\/li>\n<\/ul>\n<p>Ekol Lojistik A.\u015e.&rsquo;ye iletebilirsiniz.<\/p>\n<p>Veri Sorumlusuna Ba\u015fvuru Usul ve Esaslar\u0131 Hakk\u0131nda Tebli\u011f uyar\u0131nca, \u0130lgili Ki\u015fi&rsquo;nin, ba\u015fvurusunda isim, soyisim, ba\u015fvuru yaz\u0131l\u0131 ise imza, T.C. kimlik numaras\u0131 (ba\u015fvuruda bulunan ki\u015finin yabanc\u0131 olmas\u0131 halinde uyru\u011fu, pasaport numaras\u0131 veya varsa kimlik numaras\u0131), tebligata esas yerle\u015fim yeri veya i\u015f yeri adresi, varsa bildirime esas elektronik posta adresi, telefon numaras\u0131 ve faks numaras\u0131 ile talep konusuna dair bilgilerin bulunmas\u0131 zorunludur.<\/p>\n<p>\u0130lgili Ki\u015fi, yukar\u0131da belirtilen haklar\u0131 kullanmak i&ccedil;in yapaca\u011f\u0131 ve kullanmay\u0131 talep etti\u011fi hakka ili\u015fkin a&ccedil;\u0131klamalar\u0131 i&ccedil;eren ba\u015fvuruda talep edilen hususu a&ccedil;\u0131k ve anla\u015f\u0131l\u0131r \u015fekilde belirtmelidir. Ba\u015fvuruya ili\u015fkin bilgi ve belgelerin ba\u015fvuruya eklenmesi gerekmektedir.<\/p>\n<p>Talep konusunun ba\u015fvuran\u0131n \u015fahs\u0131 ile ilgili olmas\u0131 gerekmekle birlikte, ba\u015fkas\u0131 ad\u0131na hareket ediliyor ise ba\u015fvuruyu yapan\u0131n bu konuda &ouml;zel olarak yetkili olmas\u0131 ve bu yetkinin belgelendirilmesi (vek&acirc;letname) gerekmektedir. Ayr\u0131ca ba\u015fvurunun kimlik ve adres bilgilerini i&ccedil;ermesi ve ba\u015fvuruya kimli\u011fi do\u011frulay\u0131c\u0131 belgelerin eklenmesi gerekmektedir.<\/p>\n<p>Yetkisiz &uuml;&ccedil;&uuml;nc&uuml; ki\u015filerin ba\u015fkas\u0131 ad\u0131na yapt\u0131\u011f\u0131 talepler de\u011ferlendirmeye al\u0131nmayacakt\u0131r.<\/p>\n<\/div>\n<\/li>\n<li><a href=\"#musteri-tedarikcisi-cevap\">Ki\u015fisel Verilerinizin \u0130\u015flenmesine \u0130li\u015fkin Talepleriniz Ne Kadar S&uuml;rede Cevaplan\u0131r?<\/a>\n<div>\n<p>Ki\u015fisel verilerinize ili\u015fkin hak talepleriniz de\u011ferlendirilerek, bize ula\u015ft\u0131\u011f\u0131 tarihten itibaren en ge&ccedil; 30 g&uuml;n i&ccedil;erisinde cevaplan\u0131r. Ba\u015fvurunuzun olumsuz de\u011ferlendirilmesi halinde gerek&ccedil;eli ret sebepleri ba\u015fvuruda belirtti\u011finiz adrese elektronik posta veya posta yolu ba\u015fta olmak &uuml;zere <a href=\"https:\/\/drive.google.com\/file\/d\/13kfIIT1cLCG1M-kSDrpjFzAFh5W0vyco\/preview\" target=\"_blank\" rel=\"noopener\">\u0130lgili Ki\u015fi Ba\u015fvuru Formu<\/a>&rsquo;nda se&ccedil;ilen usullerinden biri ile g&ouml;nderilir.<\/p>\n<\/div>\n<\/li>\n<\/ul>\n<\/li>\n<li><\/li>\n\n\n\n\n\n\t\t\t\t\t\t\t\t\n\t\t\t\t\t\t\t\t\n\t\t\t\t\t\t\t\t<li><a href=\"#hakem-aydinlatma\">Ekol Lojistik A.\u015e. Hakem Ayd\u0131nlatma Metni<\/a>\n\t\t\t\t\t\t\t\t<ul>\n\t\t\t\t\t\t\t\t<p style=\"padding-top:10px;text-align:center;font-weight:bold\">K\u0130\u015e\u0130SEL VER\u0130LER\u0130N \u0130\u015eLENMES\u0130NE \u0130L\u0130\u015eK\u0130N<br \/>HAKEM AYDINLATMA METN\u0130<\/p>\n\t\t\t\t\t\t\t\t<p><strong>Veri Sorumlusu: Ekol Lojistik A.\u015e.<\/strong><br \/>Ey\u00fcp Sultan, Mehmet Akif Cd. No:3\/A 34885 Sancaktepe\/\u0130stanbul<\/p>\n\t\t\t\t\t\t\t\t<p>Ekol Lojistik A.\u015e. (bundan sonra \u201c<strong>Ekol<\/strong>\u201d olarak an\u0131lacakt\u0131r.) olarak; ki\u015fisel verilerinizi 6698 say\u0131l\u0131 Ki\u015fisel Verilerin Korunmas\u0131 Kanunu (\u201c<strong>KVKK<\/strong>\u201d) ve ilgili mevzuat ve yasal d\u00fczenlemelerden kaynaklanan faaliyetleri \u00e7er\u00e7evesinde ki\u015fisel verilerinizin i\u015flenmesi, saklanmas\u0131 ve aktar\u0131lmas\u0131 ile ilgili siz hakemleri bilgilendirmek amac\u0131yla i\u015fbu ayd\u0131nlatma metnini haz\u0131rlad\u0131k.<\/p>\n\t\t\t\t\t\t\t\t<li><a href=\"#hakem-aydinlatma-amac\">Hangi Ki\u015fisel Verileriniz \u0130\u015flenmekte ve Ki\u015fisel Verilerinizin \u0130\u015flenme Ama\u00e7lar\u0131 Nelerdir?<\/a>\n\t\t\t\t\t\t\t\t<div>\n\t\t\t\t\t\t\t\t<p>Faaliyetlerimiz ve istihdam ama\u00e7lar\u0131m\u0131z kapsam\u0131nda siz hakemlerin a\u015fa\u011f\u0131da yer alan verilerini toplamaktay\u0131z:<\/p>\n\t\t\t\t\t\t\t\t\n\t\t\t\t\t\t\t\t<table class=\"kvkkTablo\">\n\t\t\t\t\t\t\t\t<thead>\n\t\t\t\t\t\t\t\t<th colspan=\"2\">Kimlik Bilgileri<\/th>\n\t\t\t\t\t\t\t\t<\/thead>\n\t\t\t\t\t\t\t\t<tbody>\n\t\t\t\t\t\t\t\t<tr>\n\t\t\t\t\t\t\t\t<td class=\"renk\">\u0130\u015flenen Ki\u015fisel Veriler<\/td>\n\t\t\t\t\t\t\t\t<td class=\"renk\">Ki\u015fisel Veri \u0130\u015fleme Ama\u00e7lar\u0131<\/td>\n\t\t\t\t\t\t\t\t<\/tr>\n\t\t\t\t\t\t\t\t<tr>\n\t\t\t\t\t\t\t\t<td><ul><li>Ad<\/li><li>Soyad<\/li><\/ul><\/td>\n\t\t\t\t\t\t\t\t<td>\u0130\u015f Faaliyetlerinin Y\u00fcr\u00fct\u00fclmesi\/Denetimi, Faaliyetlerin Mevzuata Uygun Y\u00fcr\u00fct\u00fclmesi<\/td>\n\t\t\t\t\t\t\t\t<\/tr>\n\t\t\t\t\t\t\t\t<tr>\n\t\t\t\t\t\t\t\t<td class=\"renk\">Ki\u015fisel Verilerin \u0130\u015flenmesinin Hukuki Sebepleri<\/td>\n\t\t\t\t\t\t\t\t<td>\n\t\t\t\t\t\t\t\t<p>Ki\u015fisel verileriniz, Ekol taraf\u0131ndan yukar\u0131da say\u0131lan ama\u00e7lar\u0131n ger\u00e7ekle\u015ftirilmesi do\u011frultusunda, ba\u015fta KVKK\u2019n\u0131n 5\u2019inci maddesinde belirtilen;<\/p>\n\t\t\t\t\t\t\t\t<ul>\n\t\t\t\t\t\t\t\t<li>Kanunlarda a\u00e7\u0131k\u00e7a \u00f6ng\u00f6r\u00fclmesi,<\/li>\n\t\t\t\t\t\t\t\t<li>Veri sorumlusunun hukuki y\u00fck\u00fcml\u00fcl\u00fc\u011f\u00fcn\u00fc yerine getirebilmesi i\u00e7in zorunlu olmas\u0131<\/li>\n\t\t\t\t\t\t\t\t<li>Bir s\u00f6zle\u015fmenin kurulmas\u0131 veya ifas\u0131yla do\u011frudan do\u011fruya ilgili olmas\u0131 kayd\u0131yla, s\u00f6zle\u015fmenin taraflar\u0131na ait ki\u015fisel verilerin i\u015flenmesinin gerekli olmas\u0131,<\/li>\n\t\t\t\t\t\t\t\t<\/ul>\n\t\t\t\t\t\t\t\t<p>hukuki sebeplerine dayan\u0131larak i\u015flenmektedir.<\/p>\n\t\t\t\t\t\t\t\t<\/td>\n\t\t\t\t\t\t\t\t<\/tr>\n\t\t\t\t\t\t\t\t<tr>\n\t\t\t\t\t\t\t\t<td class=\"renk\">Ki\u015fisel Verileri Toplama Y\u00f6ntemleri<\/td>\n\t\t\t\t\t\t\t\t<td>Yukar\u0131da belirtilen ki\u015fisel verileriniz bas\u0131l\u0131 ve elektronik formlar vas\u0131tas\u0131yla toplanmaktad\u0131r.<\/td>\n\t\t\t\t\t\t\t\t<\/tr>\n\t\t\t\t\t\t\t\t<\/tbody>\n\t\t\t\t\t\t\t\t<\/table>\n\t\t\t\t\t\t\t\t\n\t\t\t\t\t\t\t\t<table class=\"kvkkTablo\">\n\t\t\t\t\t\t\t\t<thead>\n\t\t\t\t\t\t\t\t<th colspan=\"2\">\u0130leti\u015fim Bilgileri<\/th>\n\t\t\t\t\t\t\t\t<\/thead>\n\t\t\t\t\t\t\t\t<tbody>\n\t\t\t\t\t\t\t\t<tr>\n\t\t\t\t\t\t\t\t<td class=\"renk\">\u0130\u015flenen Ki\u015fisel Veriler<\/td>\n\t\t\t\t\t\t\t\t<td class=\"renk\">Ki\u015fisel Veri \u0130\u015fleme Ama\u00e7lar\u0131<\/td>\n\t\t\t\t\t\t\t\t<\/tr>\n\t\t\t\t\t\t\t\t<tr>\n\t\t\t\t\t\t\t\t<td>\n\t\t\t\t\t\t\t\t<ul>\n\t\t\t\t\t\t\t\t<li>E-Posta<\/li>\n\t\t\t\t\t\t\t\t<li>\u0130\u015f Telefonu Numaras\u0131<\/li>\n\t\t\t\t\t\t\t\t<li>\u0130\u015f Yeri Adresi<\/li>\n\t\t\t\t\t\t\t\t<li>\u0130\u015f Yeri \u0130smi\/Unvan\u0131<\/li>\n\t\t\t\t\t\t\t\t<li>Cep Telefonu Numaras\u0131<\/li>\n\t\t\t\t\t\t\t\t<\/ul>\n\t\t\t\t\t\t\t\t<\/td>\n\t\t\t\t\t\t\t\t<td>\u0130\u015f Faaliyetlerinin Y\u00fcr\u00fct\u00fclmesi\/Denetimi, Faaliyetlerin Mevzuata Uygun Y\u00fcr\u00fct\u00fclmesi<\/td>\n\t\t\t\t\t\t\t\t<\/tr>\n\t\t\t\t\t\t\t\t<tr>\n\t\t\t\t\t\t\t\t<td class=\"renk\">Ki\u015fisel Verilerin \u0130\u015flenmesinin Hukuki Sebepleri<\/td>\n\t\t\t\t\t\t\t\t<td>\n\t\t\t\t\t\t\t\t<p>Ki\u015fisel verileriniz, Ekol taraf\u0131ndan yukar\u0131da say\u0131lan ama\u00e7lar\u0131n ger\u00e7ekle\u015ftirilmesi do\u011frultusunda, ba\u015fta KVKK\u2019n\u0131n 5\u2019inci maddesinde belirtilen; <\/p>\n\t\t\t\t\t\t\t\t<ul>\n\t\t\t\t\t\t\t\t<li>Kanunlarda a\u00e7\u0131k\u00e7a \u00f6ng\u00f6r\u00fclmesi,<\/li>\n\t\t\t\t\t\t\t\t<li>Veri sorumlusunun hukuki y\u00fck\u00fcml\u00fcl\u00fc\u011f\u00fcn\u00fc yerine getirebilmesi i\u00e7in zorunlu olmas\u0131<\/li>\n\t\t\t\t\t\t\t\t<li>Bir s\u00f6zle\u015fmenin kurulmas\u0131 veya ifas\u0131yla do\u011frudan do\u011fruya ilgili olmas\u0131 kayd\u0131yla, s\u00f6zle\u015fmenin taraflar\u0131na ait ki\u015fisel verilerin i\u015flenmesinin gerekli olmas\u0131,<\/li>\n\t\t\t\t\t\t\t\t<\/ul>\n\t\t\t\t\t\t\t\t<p>hukuki sebeplerine dayan\u0131larak i\u015flenmektedir.<\/p>\n\t\t\t\t\t\t\t\t<\/td>\n\t\t\t\t\t\t\t\t<\/tr>\n\t\t\t\t\t\t\t\t<tr>\n\t\t\t\t\t\t\t\t<td class=\"renk\">Ki\u015fisel Verileri Toplama Y\u00f6ntemleri<\/td>\n\t\t\t\t\t\t\t\t<td>Yukar\u0131da belirtilen ki\u015fisel verileriniz bas\u0131l\u0131 ve elektronik formlar vas\u0131tas\u0131yla toplanmaktad\u0131r.<\/td>\n\t\t\t\t\t\t\t\t<\/tr>\n\t\t\t\t\t\t\t\t<\/tbody>\n\t\t\t\t\t\t\t\t<\/table>\n\t\t\t\t\t\t\t\t\n\t\t\t\t\t\t\t\t<table class=\"kvkkTablo\">\n\t\t\t\t\t\t\t\t<thead>\n\t\t\t\t\t\t\t\t<th colspan=\"2\">\u00d6zl\u00fck Bilgileri<\/th>\n\t\t\t\t\t\t\t\t<\/thead>\n\t\t\t\t\t\t\t\t<tbody>\n\t\t\t\t\t\t\t\t<tr>\n\t\t\t\t\t\t\t\t<td class=\"renk\">\u0130\u015flenen Ki\u015fisel Veriler<\/td>\n\t\t\t\t\t\t\t\t<td class=\"renk\">Ki\u015fisel Veri \u0130\u015fleme Ama\u00e7lar\u0131<\/td>\n\t\t\t\t\t\t\t\t<\/tr>\n\t\t\t\t\t\t\t\t<tr>\n\t\t\t\t\t\t\t\t<td><ul><li>Pozisyon\/Unvan Bilgisi<\/li><\/ul><\/td>\n\t\t\t\t\t\t\t\t<td>\u0130\u015f Faaliyetlerinin Y\u00fcr\u00fct\u00fclmesi\/Denetimi, Faaliyetlerin Mevzuata Uygun Y\u00fcr\u00fct\u00fclmesi<\/td>\n\t\t\t\t\t\t\t\t<\/tr>\n\t\t\t\t\t\t\t\t<tr>\n\t\t\t\t\t\t\t\t<td class=\"renk\">Ki\u015fisel Verilerin \u0130\u015flenmesinin Hukuki Sebepleri<\/td>\n\t\t\t\t\t\t\t\t<td>\n\t\t\t\t\t\t\t\t<p>Ki\u015fisel verileriniz, Ekol taraf\u0131ndan yukar\u0131da say\u0131lan ama\u00e7lar\u0131n ger\u00e7ekle\u015ftirilmesi do\u011frultusunda, ba\u015fta KVKK\u2019n\u0131n 5\u2019inci maddesinde belirtilen; <\/p>\n\t\t\t\t\t\t\t\t<ul>\n\t\t\t\t\t\t\t\t<li>Kanunlarda a\u00e7\u0131k\u00e7a \u00f6ng\u00f6r\u00fclmesi,<\/li>\n\t\t\t\t\t\t\t\t<li>Veri sorumlusunun hukuki y\u00fck\u00fcml\u00fcl\u00fc\u011f\u00fcn\u00fc yerine getirebilmesi i\u00e7in zorunlu olmas\u0131<\/li>\n\t\t\t\t\t\t\t\t<li>Bir s\u00f6zle\u015fmenin kurulmas\u0131 veya ifas\u0131yla do\u011frudan do\u011fruya ilgili olmas\u0131 kayd\u0131yla, s\u00f6zle\u015fmenin taraflar\u0131na ait ki\u015fisel verilerin i\u015flenmesinin gerekli olmas\u0131,<\/li>\n\t\t\t\t\t\t\t\t<\/ul>\n\t\t\t\t\t\t\t\t<p>hukuki sebeplerine dayan\u0131larak i\u015flenmektedir.<\/p>\n\t\t\t\t\t\t\t\t<\/td>\n\t\t\t\t\t\t\t\t<\/tr>\n\t\t\t\t\t\t\t\t<tr>\n\t\t\t\t\t\t\t\t<td class=\"renk\">Ki\u015fisel Verileri Toplama Y\u00f6ntemleri<\/td>\n\t\t\t\t\t\t\t\t<td>Yukar\u0131da belirtilen ki\u015fisel verileriniz bas\u0131l\u0131 ve elektronik formlar vas\u0131tas\u0131yla toplanmaktad\u0131r.<\/td>\n\t\t\t\t\t\t\t\t<\/tr>\n\t\t\t\t\t\t\t\t<\/tbody>\n\t\t\t\t\t\t\t\t<\/table>\n\t\t\t\t\t\t\t\t\n\t\t\t\t\t\t\t\t<table class=\"kvkkTablo\">\n\t\t\t\t\t\t\t\t<thead>\n\t\t\t\t\t\t\t\t<th colspan=\"2\">Hukuki \u0130\u015flem Bilgileri<\/th>\n\t\t\t\t\t\t\t\t<\/thead>\n\t\t\t\t\t\t\t\t<tbody>\n\t\t\t\t\t\t\t\t<tr>\n\t\t\t\t\t\t\t\t<td class=\"renk\">\u0130\u015flenen Ki\u015fisel Veriler<\/td>\n\t\t\t\t\t\t\t\t<td class=\"renk\">Ki\u015fisel Veri \u0130\u015fleme Ama\u00e7lar\u0131<\/td>\n\t\t\t\t\t\t\t\t<\/tr>\n\t\t\t\t\t\t\t\t<tr>\n\t\t\t\t\t\t\t\t<td><ul><li>\u0130dari Makamlarla Yaz\u0131\u015fmalardaki Bilgiler<\/li><\/ul><\/td>\n\t\t\t\t\t\t\t\t<td>\u0130\u015f Faaliyetlerinin Y\u00fcr\u00fct\u00fclmesi\/Denetimi, Faaliyetlerin Mevzuata Uygun Y\u00fcr\u00fct\u00fclmesi<\/td>\n\t\t\t\t\t\t\t\t<\/tr>\n\t\t\t\t\t\t\t\t<tr>\n\t\t\t\t\t\t\t\t<td class=\"renk\">Ki\u015fisel Verilerin \u0130\u015flenmesinin Hukuki Sebepleri<\/td>\n\t\t\t\t\t\t\t\t<td>\n\t\t\t\t\t\t\t\t<p>Ki\u015fisel verileriniz, Ekol taraf\u0131ndan yukar\u0131da say\u0131lan ama\u00e7lar\u0131n ger\u00e7ekle\u015ftirilmesi do\u011frultusunda, ba\u015fta KVKK\u2019n\u0131n 5\u2019inci maddesinde belirtilen; <\/p>\n\t\t\t\t\t\t\t\t<ul>\n\t\t\t\t\t\t\t\t<li>Kanunlarda a\u00e7\u0131k\u00e7a \u00f6ng\u00f6r\u00fclmesi,<\/li>\n\t\t\t\t\t\t\t\t<li>Veri sorumlusunun hukuki y\u00fck\u00fcml\u00fcl\u00fc\u011f\u00fcn\u00fc yerine getirebilmesi i\u00e7in zorunlu olmas\u0131<\/li>\n\t\t\t\t\t\t\t\t<li>Bir s\u00f6zle\u015fmenin kurulmas\u0131 veya ifas\u0131yla do\u011frudan do\u011fruya ilgili olmas\u0131 kayd\u0131yla, s\u00f6zle\u015fmenin taraflar\u0131na ait ki\u015fisel verilerin i\u015flenmesinin gerekli olmas\u0131,<\/li>\n\t\t\t\t\t\t\t\t<\/ul>\n\t\t\t\t\t\t\t\t<p>hukuki sebeplerine dayan\u0131larak i\u015flenmektedir.<\/p>\n\t\t\t\t\t\t\t\t<\/td>\n\t\t\t\t\t\t\t\t<\/tr>\n\t\t\t\t\t\t\t\t<tr>\n\t\t\t\t\t\t\t\t<td class=\"renk\">Ki\u015fisel Verileri Toplama Y\u00f6ntemleri<\/td>\n\t\t\t\t\t\t\t\t<td>Yukar\u0131da belirtilen ki\u015fisel verileriniz bas\u0131l\u0131 ve elektronik formlar vas\u0131tas\u0131yla toplanmaktad\u0131r.<\/td>\n\t\t\t\t\t\t\t\t<\/tr>\n\t\t\t\t\t\t\t\t<\/tbody>\n\t\t\t\t\t\t\t\t<\/table>\n\t\t\t\t\t\t\t\t\n\t\t\t\t\t\t\t\t<\/div>\n\t\t\t\t\t\t\t\t<\/li>\n\t\t\t\t\t\t\t\t<li><a href=\"#hakem-aktarim\">Ki\u015fisel Verileriniz Kimlere ve Hangi Ama\u00e7larla Aktar\u0131labilecektir?<\/a>\n\t\t\t\t\t\t\t\t<div>\n\t\t\t\t\t\t\t\t<p>Ki\u015fisel verileriniz aktar\u0131lmamaktad\u0131r. Yetkili ki\u015fi, kurum ve kurulu\u015flarca talep edilmesi halinde aktar\u0131m yap\u0131labilecektir.<\/p>\n\t\t\t\t\t\t\t\t<\/div>\n\t\t\t\t\t\t\t\t<\/li>\n\t\t\t\t\t\t\t\t<li><a href=\"#hakem-sure\">Ki\u015fisel Verileriniz Ne Kadar S\u00fcre ile Saklan\u0131r?<\/a>\n\t\t\t\t\t\t\t\t<div><p>Ki\u015fisel verileriniz, kanunda veya ilgili mevzuatta verinin saklanmas\u0131 i\u00e7in bir s\u00fcre belirlenmi\u015fse, s\u00f6z konusu veri en az bu s\u00fcre kadar saklanmak zorundad\u0131r. Kanunda veya ilgili mevzuatta bir s\u00fcre \u00f6ng\u00f6r\u00fclmemi\u015fse; i\u015flenme ama\u00e7lar\u0131yla ba\u011flant\u0131l\u0131, s\u0131n\u0131rl\u0131 ve \u00f6l\u00e7\u00fcl\u00fc olmak kayd\u0131yla belirlenen makul s\u00fcrelerce saklanmaktad\u0131r.<\/p><\/div>\n\t\t\t\t\t\t\t\t<\/li>\n\t\t\t\t\t\t\t\t<li><a href=\"#hakem-haklar\">\u0130lgili Ki\u015fi Olarak Haklar\u0131n\u0131z Nelerdir?<\/a>\n\t\t\t\t\t\t\t\t<div>\n\t\t\t\t\t\t\t\t<p>KVKK ve ilgili mevzuat kapsam\u0131nda ki\u015fisel verilerinize ili\u015fkin olarak;<\/p>\n\t\t\t\t\t\t\t\t<ul>\n\t\t\t\t\t\t\t\t<li>Ki\u015fisel verilerinizin i\u015flenip i\u015flenmedi\u011fini \u00f6\u011frenme,<\/li>\n\t\t\t\t\t\t\t\t<li>Ki\u015fisel verileriniz i\u015flenmi\u015fse buna ili\u015fkin bilgi talep etme,<\/li>\n\t\t\t\t\t\t\t\t<li>Ki\u015fisel verilerin i\u015flenme amac\u0131n\u0131 ve bunlar\u0131n amac\u0131na uygun kullan\u0131l\u0131p kullan\u0131lmad\u0131\u011f\u0131n\u0131 \u00f6\u011frenme,<\/li>\n\t\t\t\t\t\t\t\t<li>Yurt i\u00e7inde veya yurt d\u0131\u015f\u0131nda ki\u015fisel verilerinizin aktar\u0131ld\u0131\u011f\u0131 \u00fc\u00e7\u00fcnc\u00fc ki\u015fileri bilme,<\/li>\n\t\t\t\t\t\t\t\t<li>Ki\u015fisel verilerinizin eksik veya yanl\u0131\u015f i\u015flenmi\u015f olmas\u0131 halinde bunlar\u0131n d\u00fczeltilmesini isteme,<\/li>\n\t\t\t\t\t\t\t\t<li>KVKK mevzuat\u0131nda \u00f6ng\u00f6r\u00fclen \u015fartlar \u00e7er\u00e7evesinde ki\u015fisel verilerinizin silinmesini veya yok edilmesini isteme,<\/li>\n\t\t\t\t\t\t\t\t<li>Eksik veya yanl\u0131\u015f verilerin d\u00fczeltilmesi ile ki\u015fisel verilerinizin silinmesi veya yok edilmesini talep etti\u011finizde, bu durumun ki\u015fisel verilerinizi aktard\u0131\u011f\u0131m\u0131z \u00fc\u00e7\u00fcnc\u00fc ki\u015filere bildirilmesini isteme,<\/li>\n\t\t\t\t\t\t\t\t<li>Ki\u015fisel verilerin kanuna ayk\u0131r\u0131 olarak i\u015flenmesi sebebiyle zarara u\u011framan\u0131z halinde bu zarar\u0131n giderilmesini talep etme<\/li>\n\t\t\t\t\t\t\t\t<\/ul>\n\t\t\t\t\t\t\t\t<p>haklar\u0131na sahipsiniz.<\/p>\n\t\t\t\t\t\t\t\t<\/div>\n\t\t\t\t\t\t\t\t<\/li>\n\t\t\t\t\t\t\t\t\n\t\t\t\t\t\t\t\t<li><a href=\"#hakem-hak-kullanim\">Haklar\u0131n\u0131z\u0131 Nas\u0131l Kullanabilirsiniz?<\/a>\n\t\t\t\t\t\t\t\t<div>\n\t\t\t\t\t\t\t\t<p>Ki\u015fisel verileriniz ile ilgili ba\u015fvuru ve taleplerinizi dilerseniz <a href=\"https:\/\/drive.google.com\/file\/d\/13kfIIT1cLCG1M-kSDrpjFzAFh5W0vyco\/preview\" target=\"_blank\">\u0130lgili Ki\u015fi Ba\u015fvuru Formu<\/a> arac\u0131l\u0131\u011f\u0131yla;<\/p>\n\t\t\t\t\t\t\t\t<ul>\n\t\t\t\t\t\t\t\t<li>Islak imzal\u0131 ve kimlik fotokopisi ile Ey\u00fcp Sultan, Mehmet Akif Cd. No:3\/A 34885 Sancaktepe\/\u0130stanbul adresine g\u00f6ndererek,<\/li>\n\t\t\t\t\t\t\t\t<li>Ge\u00e7erli bir kimlik belgesi ile birlikte Ekol Lojistik A.\u015e.\u2019ye bizzat ba\u015fvurarak,<\/li>\n\t\t\t\t\t\t\t\t<li>Mobil imza veya g\u00fcvenli elektronik imza ile imzalay\u0131p <a href=\"mailto:kvkk@ekol.com\">kvkk@ekol.com<\/a> adresine e-posta g\u00f6nderilerek,<\/li>\n\t\t\t\t\t\t\t\t<li>Kay\u0131tl\u0131 elektronik posta (KEP) adresi ve g\u00fcvenli elektronik imza ya da mobil imza kullanmak suretiyle <a href=\"mailto:ekol@hs03.kep.tr\">ekol@hs03.kep.tr<\/a> kay\u0131tl\u0131 elektronik posta adresimize g\u00f6ndererek,<\/li>\n\t\t\t\t\t\t\t\t<\/ul>\n\t\t\t\t\t\t\t\t<p>Ekol Lojistik A.\u015e.'ye iletebilirsiniz.<\/p>\n\t\t\t\t\t\t\t\t<p>Veri Sorumlusuna Ba\u015fvuru Usul ve Esaslar\u0131 Hakk\u0131nda Tebli\u011f uyar\u0131nca, \u0130lgili Ki\u015fi\u2019nin, ba\u015fvurusunda isim, soyisim, ba\u015fvuru yaz\u0131l\u0131 ise imza, T.C. kimlik numaras\u0131 (ba\u015fvuruda bulunan ki\u015finin yabanc\u0131 olmas\u0131 halinde uyru\u011fu, pasaport numaras\u0131 veya varsa kimlik numaras\u0131), tebligata esas yerle\u015fim yeri veya i\u015f yeri adresi, varsa bildirime esas elektronik posta adresi, telefon numaras\u0131 ve faks numaras\u0131 ile talep konusuna dair bilgilerin bulunmas\u0131 zorunludur.<\/p>\n\t\t\t\t\t\t\t\t<p>\u0130lgili Ki\u015fi, yukar\u0131da belirtilen haklar\u0131 kullanmak i\u00e7in yapaca\u011f\u0131 ve kullanmay\u0131 talep etti\u011fi hakka ili\u015fkin a\u00e7\u0131klamalar\u0131 i\u00e7eren ba\u015fvuruda talep edilen hususu a\u00e7\u0131k ve anla\u015f\u0131l\u0131r \u015fekilde belirtmelidir. Ba\u015fvuruya ili\u015fkin bilgi ve belgelerin ba\u015fvuruya eklenmesi gerekmektedir.<\/p>\n\t\t\t\t\t\t\t\t<p>Talep konusunun ba\u015fvuran\u0131n \u015fahs\u0131 ile ilgili olmas\u0131 gerekmekle birlikte, ba\u015fkas\u0131 ad\u0131na hareket ediliyor ise ba\u015fvuruyu yapan\u0131n bu konuda \u00f6zel olarak yetkili olmas\u0131 ve bu yetkinin belgelendirilmesi (vek\u00e2letname) gerekmektedir. Ayr\u0131ca ba\u015fvurunun kimlik ve adres bilgilerini i\u00e7ermesi ve ba\u015fvuruya kimli\u011fi do\u011frulay\u0131c\u0131 belgelerin eklenmesi gerekmektedir.<\/p>\n\t\t\t\t\t\t\t\t<p>Yetkisiz \u00fc\u00e7\u00fcnc\u00fc ki\u015filerin ba\u015fkas\u0131 ad\u0131na yapt\u0131\u011f\u0131 talepler de\u011ferlendirmeye al\u0131nmayacakt\u0131r.<\/p>\n\t\t\t\t\t\t\t\t\n\t\t\t\t\t\t\t\t<\/div>\n\t\t\t\t\t\t\t\t<\/li>\n\t\t\t\t\t\t\t\t<li><a href=\"#hakem-sure\">Ki\u015fisel Verilerinizin \u0130\u015flenmesine \u0130li\u015fkin Talepleriniz Ne Kadar S\u00fcrede Cevaplan\u0131r?<\/a>\n\t\t\t\t\t\t\t\t<div><p>Ki\u015fisel verilerinize ili\u015fkin hak talepleriniz de\u011ferlendirilerek, bize ula\u015ft\u0131\u011f\u0131 tarihten itibaren en ge\u00e7 30 g\u00fcn i\u00e7erisinde cevaplan\u0131r. Ba\u015fvurunuzun olumsuz de\u011ferlendirilmesi halinde gerek\u00e7eli ret sebepleri ba\u015fvuruda belirtti\u011finiz adrese elektronik posta veya posta yolu ba\u015fta olmak \u00fczere <a href=\"https:\/\/drive.google.com\/file\/d\/13kfIIT1cLCG1M-kSDrpjFzAFh5W0vyco\/preview\" target=\"_blank\">\u0130lgili Ki\u015fi Ba\u015fvuru Formu<\/a>'nda se\u00e7ilen usullerinden biri ile g\u00f6nderilir.<\/p><\/div>\n\t\t\t\t\t\t\t\t<\/li>\n\t\t\t\t\t\t\t<\/ul>\n\t\t\t\t\t\t\t<\/li>\n\t\t\t\t\t\t\t\n\t\t\t\t\t\t\t<li><a href=\"#kamu-aydinlatma\">Ekol Lojistik A.\u015e. Kamu G\u00f6revlisi Ayd\u0131nlatma Metni<\/a>\n\t\t\t\t\t\t\t\t<ul>\n\t\t\t\t\t\t\t\t<p style=\"padding-top:10px;text-align:center;font-weight:bold\">K\u0130\u015e\u0130SEL VER\u0130LER\u0130N \u0130\u015eLENMES\u0130NE \u0130L\u0130\u015eK\u0130N<br \/>KAMU G\u00d6REVL\u0130S\u0130 AYDINLATMA METN\u0130<\/p>\n\t\t\t\t\t\t\t\t<p><strong>Veri Sorumlusu: Ekol Lojistik A.\u015e.<\/strong><br \/>Ey\u00fcp Sultan, Mehmet Akif Cd. No:3\/A 34885 Sancaktepe\/\u0130stanbul<\/p>\n\t\t\t\t\t\t\t\t<p>Ekol Lojistik A.\u015e. (bundan sonra \u201c<strong>Ekol<\/strong>\u201d olarak an\u0131lacakt\u0131r.) olarak; ki\u015fisel verilerinizi 6698 say\u0131l\u0131 Ki\u015fisel Verilerin Korunmas\u0131 Kanunu (\u201c<strong>KVKK<\/strong>\u201d) ve ilgili mevzuat ve yasal d\u00fczenlemelerden kaynaklanan faaliyetleri \u00e7er\u00e7evesinde ki\u015fisel verilerinizin i\u015flenmesi, saklanmas\u0131 ve aktar\u0131lmas\u0131 ile ilgili siz hakemleri bilgilendirmek amac\u0131yla i\u015fbu ayd\u0131nlatma metnini haz\u0131rlad\u0131k.<\/p>\n\t\t\t\t\t\t\t\t<li><a href=\"#hakem-aydinlatma-amac\">Hangi Ki\u015fisel Verileriniz \u0130\u015flenmekte ve Ki\u015fisel Verilerinizin \u0130\u015flenme Ama\u00e7lar\u0131 Nelerdir?<\/a>\n\t\t\t\t\t\t\t\t<div>\n\t\t\t\t\t\t\t\t<p>Faaliyetlerimiz ve istihdam ama\u00e7lar\u0131m\u0131z kapsam\u0131nda siz kamu g\u00f6revlilerinin a\u015fa\u011f\u0131da yer alan verilerini toplamaktay\u0131z:<\/p>\n\t\t\t\t\t\t\t\t\n\t\t\t\t\t\t\t\t<table class=\"kvkkTablo\">\n\t\t\t\t\t\t\t\t<thead>\n\t\t\t\t\t\t\t\t<th colspan=\"2\">Kimlik Bilgileri<\/th>\n\t\t\t\t\t\t\t\t<\/thead>\n\t\t\t\t\t\t\t\t<tbody>\n\t\t\t\t\t\t\t\t<tr>\n\t\t\t\t\t\t\t\t<td class=\"renk\">\u0130\u015flenen Ki\u015fisel Veriler<\/td>\n\t\t\t\t\t\t\t\t<td class=\"renk\">Ki\u015fisel Veri \u0130\u015fleme Ama\u00e7lar\u0131<\/td>\n\t\t\t\t\t\t\t\t<\/tr>\n\t\t\t\t\t\t\t\t<tr>\n\t\t\t\t\t\t\t\t<td>\n\t\t\t\t\t\t\t\t<ul>\n\t\t\t\t\t\t\t\t<li>Ad<\/li>\n\t\t\t\t\t\t\t\t<li>Soyad<\/li>\n\t\t\t\t\t\t\t\t<li>Sicil Numaras\u0131<\/li>\n\t\t\t\t\t\t\t\t<li>\u0130mza<\/li>\n\t\t\t\t\t\t\t\t<\/ul>\n\t\t\t\t\t\t\t\t<\/td>\n\t\t\t\t\t\t\t\t<td>\u0130\u015f Faaliyetlerinin Y\u00fcr\u00fct\u00fclmesi\/Denetimi, Mal\/Hizmet \u00dcretim ve Operasyon S\u00fcre\u00e7lerinin Y\u00fcr\u00fct\u00fclmesi, Lojistik Faaliyetlerinin Y\u00fcr\u00fct\u00fclmesi, Faaliyetlerin Mevzuata Uygun Y\u00fcr\u00fct\u00fclmesi<\/td>\n\t\t\t\t\t\t\t\t<\/tr>\n\t\t\t\t\t\t\t\t<tr>\n\t\t\t\t\t\t\t\t<td class=\"renk\">Ki\u015fisel Verilerin \u0130\u015flenmesinin Hukuki Sebepleri<\/td>\n\t\t\t\t\t\t\t\t<td>\n\t\t\t\t\t\t\t\t<p>Ki\u015fisel verileriniz, Ekol taraf\u0131ndan yukar\u0131da say\u0131lan ama\u00e7lar\u0131n ger\u00e7ekle\u015ftirilmesi do\u011frultusunda, ba\u015fta KVKK\u2019n\u0131n 5\u2019inci maddesinde belirtilen;<\/p>\n\t\t\t\t\t\t\t\t<ul>\n\t\t\t\t\t\t\t\t<li>Kanunlarda a\u00e7\u0131k\u00e7a \u00f6ng\u00f6r\u00fclmesi<\/li>\n\t\t\t\t\t\t\t\t<li>Veri sorumlusunun hukuki y\u00fck\u00fcml\u00fcl\u00fc\u011f\u00fcn\u00fc yerine getirebilmesi i\u00e7in zorunlu olmas\u0131<\/li>\n\t\t\t\t\t\t\t\t<li>Bir s\u00f6zle\u015fmenin kurulmas\u0131 veya ifas\u0131yla do\u011frudan do\u011fruya ilgili olmas\u0131 kayd\u0131yla, s\u00f6zle\u015fmenin taraflar\u0131na ait ki\u015fisel verilerin i\u015flenmesinin gerekli olmas\u0131,<\/li>\n\t\t\t\t\t\t\t\t<\/ul>\n\t\t\t\t\t\t\t\t<p>hukuki sebeplerine dayan\u0131larak i\u015flenmektedir.<\/p>\n\t\t\t\t\t\t\t\t<\/td>\n\t\t\t\t\t\t\t\t<\/tr>\n\t\t\t\t\t\t\t\t<tr>\n\t\t\t\t\t\t\t\t<td class=\"renk\">Ki\u015fisel Verileri Toplama Y\u00f6ntemleri<\/td>\n\t\t\t\t\t\t\t\t<td>Yukar\u0131da belirtilen ki\u015fisel verileriniz bas\u0131l\u0131 ve elektronik formlar vas\u0131tas\u0131yla toplanmaktad\u0131r.<\/td>\n\t\t\t\t\t\t\t\t<\/tr>\n\t\t\t\t\t\t\t\t<\/tbody>\n\t\t\t\t\t\t\t\t<\/table>\n\t\t\t\t\t\t\t\t\n\t\t\t\t\t\t\t\t<table class=\"kvkkTablo\">\n\t\t\t\t\t\t\t\t<thead>\n\t\t\t\t\t\t\t\t<th colspan=\"2\">\u0130leti\u015fim Bilgileri<\/th>\n\t\t\t\t\t\t\t\t<\/thead>\n\t\t\t\t\t\t\t\t<tbody>\n\t\t\t\t\t\t\t\t<tr>\n\t\t\t\t\t\t\t\t<td class=\"renk\">\u0130\u015flenen Ki\u015fisel Veriler<\/td>\n\t\t\t\t\t\t\t\t<td class=\"renk\">Ki\u015fisel Veri \u0130\u015fleme Ama\u00e7lar\u0131<\/td>\n\t\t\t\t\t\t\t\t<\/tr>\n\t\t\t\t\t\t\t\t<tr>\n\t\t\t\t\t\t\t\t<td>\n\t\t\t\t\t\t\t\t<ul>\n\t\t\t\t\t\t\t\t<li>E-Posta<\/li>\n\t\t\t\t\t\t\t\t<li>\u0130\u015f Telefonu Numaras\u0131<\/li>\n\t\t\t\t\t\t\t\t<li>\u0130\u015f Yeri Adresi<\/li>\n\t\t\t\t\t\t\t\t<li>\u0130\u015f Yeri \u0130smi\/Unvan\u0131<\/li>\n\t\t\t\t\t\t\t\t<\/ul>\n\t\t\t\t\t\t\t\t<\/td>\n\t\t\t\t\t\t\t\t<td>\u0130\u015f Faaliyetlerinin Y\u00fcr\u00fct\u00fclmesi\/Denetimi, Faaliyetlerin Mevzuata Uygun Y\u00fcr\u00fct\u00fclmesi, \u0130leti\u015fim Faaliyetlerinin Y\u00fcr\u00fct\u00fclmesi<\/td>\n\t\t\t\t\t\t\t\t<\/tr>\n\t\t\t\t\t\t\t\t<tr>\n\t\t\t\t\t\t\t\t<td class=\"renk\">Ki\u015fisel Verilerin \u0130\u015flenmesinin Hukuki Sebepleri<\/td>\n\t\t\t\t\t\t\t\t<td>\n\t\t\t\t\t\t\t\t<p>Ki\u015fisel verileriniz, Ekol taraf\u0131ndan yukar\u0131da say\u0131lan ama\u00e7lar\u0131n ger\u00e7ekle\u015ftirilmesi do\u011frultusunda, ba\u015fta KVKK\u2019n\u0131n 5\u2019inci maddesinde belirtilen;<\/p>\n\t\t\t\t\t\t\t\t<ul>\n\t\t\t\t\t\t\t\t<li>Kanunlarda a\u00e7\u0131k\u00e7a \u00f6ng\u00f6r\u00fclmesi<\/li>\n\t\t\t\t\t\t\t\t<li>Veri sorumlusunun hukuki y\u00fck\u00fcml\u00fcl\u00fc\u011f\u00fcn\u00fc yerine getirebilmesi i\u00e7in zorunlu olmas\u0131<\/li>\n\t\t\t\t\t\t\t\t<li>Bir s\u00f6zle\u015fmenin kurulmas\u0131 veya ifas\u0131yla do\u011frudan do\u011fruya ilgili olmas\u0131 kayd\u0131yla, s\u00f6zle\u015fmenin taraflar\u0131na ait ki\u015fisel verilerin i\u015flenmesinin gerekli olmas\u0131,<\/li>\n\t\t\t\t\t\t\t\t<\/ul>\n\t\t\t\t\t\t\t\t<p>hukuki sebeplerine dayan\u0131larak i\u015flenmektedir.<\/p>\n\t\t\t\t\t\t\t\t<\/td>\n\t\t\t\t\t\t\t\t<\/tr>\n\t\t\t\t\t\t\t\t<tr>\n\t\t\t\t\t\t\t\t<td class=\"renk\">Ki\u015fisel Verileri Toplama Y\u00f6ntemleri<\/td>\n\t\t\t\t\t\t\t\t<td>Yukar\u0131da belirtilen ki\u015fisel verileriniz bas\u0131l\u0131 ve elektronik formlar vas\u0131tas\u0131yla toplanmaktad\u0131r.<\/td>\n\t\t\t\t\t\t\t\t<\/tr>\n\t\t\t\t\t\t\t\t<\/tbody>\n\t\t\t\t\t\t\t\t<\/table>\n\t\t\t\t\t\t\t\t\n\t\t\t\t\t\t\t\t<table class=\"kvkkTablo\">\n\t\t\t\t\t\t\t\t<thead>\n\t\t\t\t\t\t\t\t<th colspan=\"2\">\u00d6zl\u00fck Bilgileri<\/th>\n\t\t\t\t\t\t\t\t<\/thead>\n\t\t\t\t\t\t\t\t<tbody>\n\t\t\t\t\t\t\t\t<tr>\n\t\t\t\t\t\t\t\t<td class=\"renk\">\u0130\u015flenen Ki\u015fisel Veriler<\/td>\n\t\t\t\t\t\t\t\t<td class=\"renk\">Ki\u015fisel Veri \u0130\u015fleme Ama\u00e7lar\u0131<\/td>\n\t\t\t\t\t\t\t\t<\/tr>\n\t\t\t\t\t\t\t\t<tr>\n\t\t\t\t\t\t\t\t<td>\n\t\t\t\t\t\t\t\t<ul><li>Pozisyon\/Unvan Bilgisi<\/li><\/ul>\n\t\t\t\t\t\t\t\t<\/td>\n\t\t\t\t\t\t\t\t<td>\u0130\u015f Faaliyetlerinin Y\u00fcr\u00fct\u00fclmesi\/Denetimi, Mal\/Hizmet \u00dcretim ve Operasyon S\u00fcre\u00e7lerinin Y\u00fcr\u00fct\u00fclmesi, Lojistik Faaliyetlerinin Y\u00fcr\u00fct\u00fclmesi, Faaliyetlerin Mevzuata Uygun Y\u00fcr\u00fct\u00fclmesi<\/td>\n\t\t\t\t\t\t\t\t<\/tr>\n\t\t\t\t\t\t\t\t<tr>\n\t\t\t\t\t\t\t\t<td class=\"renk\">Ki\u015fisel Verilerin \u0130\u015flenmesinin Hukuki Sebepleri<\/td>\n\t\t\t\t\t\t\t\t<td>\n\t\t\t\t\t\t\t\t<p>Ki\u015fisel verileriniz, Ekol taraf\u0131ndan yukar\u0131da say\u0131lan ama\u00e7lar\u0131n ger\u00e7ekle\u015ftirilmesi do\u011frultusunda, ba\u015fta KVKK\u2019n\u0131n 5\u2019inci maddesinde belirtilen;<\/p>\n\t\t\t\t\t\t\t\t<ul>\n\t\t\t\t\t\t\t\t<li>Kanunlarda a\u00e7\u0131k\u00e7a \u00f6ng\u00f6r\u00fclmesi<\/li>\n\t\t\t\t\t\t\t\t<li>Veri sorumlusunun hukuki y\u00fck\u00fcml\u00fcl\u00fc\u011f\u00fcn\u00fc yerine getirebilmesi i\u00e7in zorunlu olmas\u0131<\/li>\n\t\t\t\t\t\t\t\t<li>Bir s\u00f6zle\u015fmenin kurulmas\u0131 veya ifas\u0131yla do\u011frudan do\u011fruya ilgili olmas\u0131 kayd\u0131yla, s\u00f6zle\u015fmenin taraflar\u0131na ait ki\u015fisel verilerin i\u015flenmesinin gerekli olmas\u0131,<\/li>\n\t\t\t\t\t\t\t\t<\/ul>\n\t\t\t\t\t\t\t\t<p>hukuki sebeplerine dayan\u0131larak i\u015flenmektedir.<\/p>\n\t\t\t\t\t\t\t\t<\/td>\n\t\t\t\t\t\t\t\t<\/tr>\n\t\t\t\t\t\t\t\t<tr>\n\t\t\t\t\t\t\t\t<td class=\"renk\">Ki\u015fisel Verileri Toplama Y\u00f6ntemleri<\/td>\n\t\t\t\t\t\t\t\t<td>Yukar\u0131da belirtilen ki\u015fisel verileriniz bas\u0131l\u0131 ve elektronik formlar vas\u0131tas\u0131yla toplanmaktad\u0131r.<\/td>\n\t\t\t\t\t\t\t\t<\/tr>\n\t\t\t\t\t\t\t\t<\/tbody>\n\t\t\t\t\t\t\t\t<\/table>\n\t\t\t\t\t\t\t\t\n\t\t\t\t\t\t\t\t<table class=\"kvkkTablo\">\n\t\t\t\t\t\t\t\t<thead>\n\t\t\t\t\t\t\t\t<th colspan=\"2\">Fiziksel Mekan G\u00fcvenli\u011fi Bilgileri<\/th>\n\t\t\t\t\t\t\t\t<\/thead>\n\t\t\t\t\t\t\t\t<tbody>\n\t\t\t\t\t\t\t\t<tr>\n\t\t\t\t\t\t\t\t<td class=\"renk\">\u0130\u015flenen Ki\u015fisel Veriler<\/td>\n\t\t\t\t\t\t\t\t<td class=\"renk\">Ki\u015fisel Veri \u0130\u015fleme Ama\u00e7lar\u0131<\/td>\n\t\t\t\t\t\t\t\t<\/tr>\n\t\t\t\t\t\t\t\t<tr>\n\t\t\t\t\t\t\t\t<td>\n\t\t\t\t\t\t\t\t<ul><li>CCTV Kay\u0131tlar\u0131<\/li><\/ul>\n\t\t\t\t\t\t\t\t<\/td>\n\t\t\t\t\t\t\t\t<td>\u0130\u015f Faaliyetlerinin Y\u00fcr\u00fct\u00fclmesi\/Denetimi, Mal\/Hizmet \u00dcretim ve Operasyon S\u00fcre\u00e7lerinin Y\u00fcr\u00fct\u00fclmesi, Lojistik Faaliyetlerinin Y\u00fcr\u00fct\u00fclmesi<\/td>\n\t\t\t\t\t\t\t\t<\/tr>\n\t\t\t\t\t\t\t\t<tr>\n\t\t\t\t\t\t\t\t<td class=\"renk\">Ki\u015fisel Verilerin \u0130\u015flenmesinin Hukuki Sebepleri<\/td>\n\t\t\t\t\t\t\t\t<td>\n\t\t\t\t\t\t\t\t<p>Ki\u015fisel verileriniz, Ekol taraf\u0131ndan yukar\u0131da say\u0131lan ama\u00e7lar\u0131n ger\u00e7ekle\u015ftirilmesi do\u011frultusunda, ba\u015fta KVKK\u2019n\u0131n 5\u2019inci maddesinde belirtilen;<\/p>\n\t\t\t\t\t\t\t\t<ul>\n\t\t\t\t\t\t\t\t<li>Kanunlarda a\u00e7\u0131k\u00e7a \u00f6ng\u00f6r\u00fclmesi<\/li>\n\t\t\t\t\t\t\t\t<li>Veri sorumlusunun hukuki y\u00fck\u00fcml\u00fcl\u00fc\u011f\u00fcn\u00fc yerine getirebilmesi i\u00e7in zorunlu olmas\u0131,<\/li>\n\t\t\t\t\t\t\t\t<\/ul>\n\t\t\t\t\t\t\t\t<p>hukuki sebeplerine dayan\u0131larak i\u015flenmektedir.<\/p>\n\t\t\t\t\t\t\t\t<\/td>\n\t\t\t\t\t\t\t\t<\/tr>\n\t\t\t\t\t\t\t\t<tr>\n\t\t\t\t\t\t\t\t<td class=\"renk\">Ki\u015fisel Verileri Toplama Y\u00f6ntemleri<\/td>\n\t\t\t\t\t\t\t\t<td>Yukar\u0131da belirtilen ki\u015fisel verileriniz CCTV Kay\u0131tlar\u0131 vas\u0131tas\u0131yla toplanmaktad\u0131r.<\/td>\n\t\t\t\t\t\t\t\t<\/tr>\n\t\t\t\t\t\t\t\t<\/tbody>\n\t\t\t\t\t\t\t\t<\/table>\n\t\t\t\t\t\t\t\t\n\t\t\t\t\t\t\t\t<table class=\"kvkkTablo\">\n\t\t\t\t\t\t\t\t<thead>\n\t\t\t\t\t\t\t\t<th colspan=\"2\">Hukuki \u0130\u015flem Bilgileri<\/th>\n\t\t\t\t\t\t\t\t<\/thead>\n\t\t\t\t\t\t\t\t<tbody>\n\t\t\t\t\t\t\t\t<tr>\n\t\t\t\t\t\t\t\t<td class=\"renk\">\u0130\u015flenen Ki\u015fisel Veriler<\/td>\n\t\t\t\t\t\t\t\t<td class=\"renk\">Ki\u015fisel Veri \u0130\u015fleme Ama\u00e7lar\u0131<\/td>\n\t\t\t\t\t\t\t\t<\/tr>\n\t\t\t\t\t\t\t\t<tr>\n\t\t\t\t\t\t\t\t<td>\n\t\t\t\t\t\t\t\t<ul><li>\u0130dari Makamlarla Yaz\u0131\u015fmalardaki Bilgiler<\/li><\/ul>\n\t\t\t\t\t\t\t\t<\/td>\n\t\t\t\t\t\t\t\t<td>Faaliyetlerin Mevzuata Uygun Y\u00fcr\u00fct\u00fclmesi<\/td>\n\t\t\t\t\t\t\t\t<\/tr>\n\t\t\t\t\t\t\t\t<tr>\n\t\t\t\t\t\t\t\t<td class=\"renk\">Ki\u015fisel Verilerin \u0130\u015flenmesinin Hukuki Sebepleri<\/td>\n\t\t\t\t\t\t\t\t<td>\n\t\t\t\t\t\t\t\t<p>Ki\u015fisel verileriniz, Ekol taraf\u0131ndan yukar\u0131da say\u0131lan ama\u00e7lar\u0131n ger\u00e7ekle\u015ftirilmesi do\u011frultusunda, ba\u015fta KVKK\u2019n\u0131n 5\u2019inci maddesinde belirtilen;<\/p>\n\t\t\t\t\t\t\t\t<ul>\n\t\t\t\t\t\t\t\t<li>Kanunlarda a\u00e7\u0131k\u00e7a \u00f6ng\u00f6r\u00fclmesi<\/li>\n\t\t\t\t\t\t\t\t<li>Veri sorumlusunun hukuki y\u00fck\u00fcml\u00fcl\u00fc\u011f\u00fcn\u00fc yerine getirebilmesi i\u00e7in zorunlu olmas\u0131,<\/li>\n\t\t\t\t\t\t\t\t<li>Bir s\u00f6zle\u015fmenin kurulmas\u0131 veya ifas\u0131yla do\u011frudan do\u011fruya ilgili olmas\u0131 kayd\u0131yla, s\u00f6zle\u015fmenin taraflar\u0131na ait ki\u015fisel verilerin i\u015flenmesinin gerekli olmas\u0131,<\/li>\n\t\t\t\t\t\t\t\t<\/ul>\n\t\t\t\t\t\t\t\t<p>hukuki sebeplerine dayan\u0131larak i\u015flenmektedir.<\/p>\n\t\t\t\t\t\t\t\t<\/td>\n\t\t\t\t\t\t\t\t<\/tr>\n\t\t\t\t\t\t\t\t<tr>\n\t\t\t\t\t\t\t\t<td class=\"renk\">Ki\u015fisel Verileri Toplama Y\u00f6ntemleri<\/td>\n\t\t\t\t\t\t\t\t<td>Yukar\u0131da belirtilen ki\u015fisel verileriniz bas\u0131l\u0131 ve elektronik vas\u0131tas\u0131yla toplanmaktad\u0131r.<\/td>\n\t\t\t\t\t\t\t\t<\/tr>\n\t\t\t\t\t\t\t\t<\/tbody>\n\t\t\t\t\t\t\t\t<\/table>\n\t\t\t\t\t\t\t\t\n\t\t\t\t\t\t\t\t<\/div>\n\t\t\t\t\t\t\t\t<\/li>\n\t\t\t\t\t\t\t\t\n\t\t\t\t\t\t\t\t<li><a href=\"#kamu-aktarim\">Ki\u015fisel Verileriniz Kimlere ve Hangi Ama\u00e7larla Aktar\u0131labilecektir?<\/a>\n\t\t\t\t\t\t\t\t<div>\n\t\t\t\t\t\t\t\t<p>Ki\u015fisel verileriniz,<\/p>\n\t\t\t\t\t\t\t\t<ul>\n\t\t\t\t\t\t\t\t<li>Faaliyetlerin mevzuata uygun y\u00fcr\u00fct\u00fclmesi, yetkili ki\u015fi kurum ve kurulu\u015flara bilgi verilmesi amac\u0131yla <strong>Yetkili Kamu Kurum ve Kurulu\u015flar\u0131<\/strong>'na<\/li>\n\t\t\t\t\t\t\t\t<li>Mal\/hizmet \u00fcretim ve operasyon s\u00fcre\u00e7lerinin y\u00fcr\u00fct\u00fclmesi, lojistik faaliyetlerinin y\u00fcr\u00fct\u00fclmesi ama\u00e7lar\u0131yla <strong>Tedarik\u00e7iler<\/strong>\u2019imizle,<\/li>\n\t\t\t\t\t\t\t\t<\/ul>\n\t\t\t\t\t\t\t\t<p>aktar\u0131labilecektir.<\/p>\n\t\t\t\t\t\t\t\t<\/div>\n\t\t\t\t\t\t\t\t<\/li>\n\t\t\t\t\t\t\t\t\n\t\t\t\t\t\t\t\t<li><a href=\"#kamu-sure\">Ki\u015fisel Verileriniz Ne Kadar S\u00fcre ile Saklan\u0131r?<\/a>\n\t\t\t\t\t\t\t\t<div>\n\t\t\t\t\t\t\t\t<p>Ki\u015fisel verileriniz, kanunda veya ilgili mevzuatta verinin saklanmas\u0131 i\u00e7in bir s\u00fcre belirlenmi\u015fse, s\u00f6z konusu veri en az bu s\u00fcre kadar saklanmak zorundad\u0131r. Kanunda veya ilgili mevzuatta bir s\u00fcre \u00f6ng\u00f6r\u00fclmemi\u015fse; i\u015flenme ama\u00e7lar\u0131yla ba\u011flant\u0131l\u0131, s\u0131n\u0131rl\u0131 ve \u00f6l\u00e7\u00fcl\u00fc olmak kayd\u0131yla belirlenen makul s\u00fcrelerce saklanmaktad\u0131r.<\/p>\n\t\t\t\t\t\t\t\t<\/div>\n\t\t\t\t\t\t\t\t<\/li>\n\t\t\t\t\t\t\t\t\n\t\t\t\t\t\t\t\t<li><a href=\"#kamu-haklar\">\u0130lgili Ki\u015fi Olarak Haklar\u0131n\u0131z Nelerdir?<\/a>\n\t\t\t\t\t\t\t\t<div>\n\t\t\t\t\t\t\t\t<p>KVKK ve ilgili mevzuat kapsam\u0131nda ki\u015fisel verilerinize ili\u015fkin olarak;<\/p>\n\t\t\t\t\t\t\t\t<ul>\n\t\t\t\t\t\t\t\t<li>Ki\u015fisel verilerinizin i\u015flenip i\u015flenmedi\u011fini \u00f6\u011frenme,<\/li>\n\t\t\t\t\t\t\t\t<li>Ki\u015fisel verileriniz i\u015flenmi\u015fse buna ili\u015fkin bilgi talep etme,<\/li>\n\t\t\t\t\t\t\t\t<li>Ki\u015fisel verilerin i\u015flenme amac\u0131n\u0131 ve bunlar\u0131n amac\u0131na uygun kullan\u0131l\u0131p kullan\u0131lmad\u0131\u011f\u0131n\u0131 \u00f6\u011frenme,<\/li>\n\t\t\t\t\t\t\t\t<li>Yurt i\u00e7inde veya yurt d\u0131\u015f\u0131nda ki\u015fisel verilerinizin aktar\u0131ld\u0131\u011f\u0131 \u00fc\u00e7\u00fcnc\u00fc ki\u015fileri bilme,<\/li>\n\t\t\t\t\t\t\t\t<li>Ki\u015fisel verilerinizin eksik veya yanl\u0131\u015f i\u015flenmi\u015f olmas\u0131 halinde bunlar\u0131n d\u00fczeltilmesini isteme,<\/li>\n\t\t\t\t\t\t\t\t<li>KVKK mevzuat\u0131nda \u00f6ng\u00f6r\u00fclen \u015fartlar \u00e7er\u00e7evesinde ki\u015fisel verilerinizin silinmesini veya yok edilmesini isteme,<\/li>\n\t\t\t\t\t\t\t\t<li>Eksik veya yanl\u0131\u015f verilerin d\u00fczeltilmesi ile ki\u015fisel verilerinizin silinmesi veya yok edilmesini talep etti\u011finizde, bu durumun ki\u015fisel verilerinizi aktard\u0131\u011f\u0131m\u0131z \u00fc\u00e7\u00fcnc\u00fc ki\u015filere bildirilmesini isteme,<\/li>\n\t\t\t\t\t\t\t\t<li>Ki\u015fisel verilerin kanuna ayk\u0131r\u0131 olarak i\u015flenmesi sebebiyle zarara u\u011framan\u0131z halinde bu zarar\u0131n giderilmesini talep etme<\/li>\n\t\t\t\t\t\t\t\t<\/ul>\n\t\t\t\t\t\t\t\t<p>haklar\u0131na sahipsiniz.<\/p>\n\t\t\t\t\t\t\t\t<\/div>\n\t\t\t\t\t\t\t\t<\/li>\n\t\t\t\t\t\t\t\t\n\t\t\t\t\t\t\t\t<li><a href=\"#kamu-hak-kullanim\">Haklar\u0131n\u0131z\u0131 Nas\u0131l Kullanabilirsiniz?<\/a>\n\t\t\t\t\t\t\t\t<div>\n\t\t\t\t\t\t\t\t<p>Ki\u015fisel verileriniz ile ilgili ba\u015fvuru ve taleplerinizi dilerseniz <a href=\"https:\/\/drive.google.com\/file\/d\/13kfIIT1cLCG1M-kSDrpjFzAFh5W0vyco\/preview\" target=\"_blank\">\u0130lgili Ki\u015fi Ba\u015fvuru Formu<\/a> arac\u0131l\u0131\u011f\u0131yla;<\/p>\n\t\t\t\t\t\t\t\t<ul>\n\t\t\t\t\t\t\t\t<li>Islak imzal\u0131 ve kimlik fotokopisi ile Ey\u00fcp Sultan, Mehmet Akif Cd. No:3\/A 34885 Sancaktepe\/\u0130stanbul adresine g\u00f6ndererek,<\/li>\n\t\t\t\t\t\t\t\t<li>Ge\u00e7erli bir kimlik belgesi ile birlikte Ekol Lojistik A.\u015e.\u2019ye bizzat ba\u015fvurarak,<\/li>\n\t\t\t\t\t\t\t\t<li>Mobil imza veya g\u00fcvenli elektronik imza ile imzalay\u0131p <a href=\"mailto:kvkk@ekol.com\">kvkk@ekol.com<\/a> adresine e-posta g\u00f6nderilerek,<\/li>\n\t\t\t\t\t\t\t\t<li>Kay\u0131tl\u0131 elektronik posta (KEP) adresi ve g\u00fcvenli elektronik imza ya da mobil imza kullanmak suretiyle <a href=\"mailto:ekol@hs03.kep.tr\">ekol@hs03.kep.tr<\/a> kay\u0131tl\u0131 elektronik posta adresimize g\u00f6ndererek,<\/li>\n\t\t\t\t\t\t\t\t<\/ul>\n\t\t\t\t\t\t\t\t<p>Ekol Lojistik A.\u015e.\u2019ye iletebilirsiniz.<\/p>\n\t\t\t\t\t\t\t\t<p>Veri Sorumlusuna Ba\u015fvuru Usul ve Esaslar\u0131 Hakk\u0131nda Tebli\u011f uyar\u0131nca, \u0130lgili Ki\u015fi\u2019nin, ba\u015fvurusunda isim, soyisim, ba\u015fvuru yaz\u0131l\u0131 ise imza, T.C. kimlik numaras\u0131 (ba\u015fvuruda bulunan ki\u015finin yabanc\u0131 olmas\u0131 halinde uyru\u011fu, pasaport numaras\u0131 veya varsa kimlik numaras\u0131), tebligata esas yerle\u015fim yeri veya i\u015f yeri adresi, varsa bildirime esas elektronik posta adresi, telefon numaras\u0131 ve faks numaras\u0131 ile talep konusuna dair bilgilerin bulunmas\u0131 zorunludur.<\/p>\n\t\t\t\t\t\t\t\t<p>\u0130lgili Ki\u015fi, yukar\u0131da belirtilen haklar\u0131 kullanmak i\u00e7in yapaca\u011f\u0131 ve kullanmay\u0131 talep etti\u011fi hakka ili\u015fkin a\u00e7\u0131klamalar\u0131 i\u00e7eren ba\u015fvuruda talep edilen hususu a\u00e7\u0131k ve anla\u015f\u0131l\u0131r \u015fekilde belirtmelidir. Ba\u015fvuruya ili\u015fkin bilgi ve belgelerin ba\u015fvuruya eklenmesi gerekmektedir.<\/p>\n\t\t\t\t\t\t\t\t<p>Talep konusunun ba\u015fvuran\u0131n \u015fahs\u0131 ile ilgili olmas\u0131 gerekmekle birlikte, ba\u015fkas\u0131 ad\u0131na hareket ediliyor ise ba\u015fvuruyu yapan\u0131n bu konuda \u00f6zel olarak yetkili olmas\u0131 ve bu yetkinin belgelendirilmesi (vek\u00e2letname) gerekmektedir. Ayr\u0131ca ba\u015fvurunun kimlik ve adres bilgilerini i\u00e7ermesi ve ba\u015fvuruya kimli\u011fi do\u011frulay\u0131c\u0131 belgelerin eklenmesi gerekmektedir.<\/p>\n\t\t\t\t\t\t\t\t<p>Yetkisiz \u00fc\u00e7\u00fcnc\u00fc ki\u015filerin ba\u015fkas\u0131 ad\u0131na yapt\u0131\u011f\u0131 talepler de\u011ferlendirmeye al\u0131nmayacakt\u0131r.<\/p>\n\t\t\t\t\t\t\t\t<\/div>\n\t\t\t\t\t\t\t\t<\/li>\n\t\t\t\t\t\t\t\t\n\t\t\t\t\t\t\t\t<li><a href=\"#kamu-sure\">Ki\u015fisel Verilerinizin \u0130\u015flenmesine \u0130li\u015fkin Talepleriniz Ne Kadar S\u00fcrede Cevaplan\u0131r?<\/a>\n\t\t\t\t\t\t\t\t<div><p>Ki\u015fisel verilerinize ili\u015fkin hak talepleriniz de\u011ferlendirilerek, bize ula\u015ft\u0131\u011f\u0131 tarihten itibaren en ge\u00e7 30 g\u00fcn i\u00e7erisinde cevaplan\u0131r. Ba\u015fvurunuzun olumsuz de\u011ferlendirilmesi halinde gerek\u00e7eli ret sebepleri ba\u015fvuruda belirtti\u011finiz adrese elektronik posta veya posta yolu ba\u015fta olmak \u00fczere <a href=\"https:\/\/drive.google.com\/file\/d\/13kfIIT1cLCG1M-kSDrpjFzAFh5W0vyco\/preview\" target=\"_blank\">\u0130lgili Ki\u015fi Ba\u015fvuru Formu<\/a>\u2019nda se\u00e7ilen usullerinden biri ile g\u00f6nderilir.<\/p><\/div>\n\t\t\t\t\t\t\t\t<\/li>\n\t\t\t\t\t\t\t\t\n\t\t\t\t\t\t\t\t<\/ul>\n\t\t\t\t\t\t\t<\/li>\n\t\t\t\t\t\t\t\n\t\t\t\t\t\t\t<li><a href=\"#kamu-aydinlatma\">Ekol Lojistik A.\u015e. Bildirimde Bulunan 3. Ki\u015fi Ayd\u0131nlatma Metni<\/a>\n\t\t\t\t\t\t\t\t<ul>\n\t\t\t\t\t\t\t\t<p style=\"padding-top:10px;text-align:center;font-weight:bold\">K\u0130\u015e\u0130SEL VER\u0130LER\u0130N \u0130\u015eLENMES\u0130NE \u0130L\u0130\u015eK\u0130N<br \/>B\u0130LD\u0130R\u0130MDE BULUNAN \u00dc\u00c7\u00dcNC\u00dc K\u0130\u015e\u0130LER AYDINLATMA METN\u0130<\/p>\n\t\t\t\t\t\t\t\t<p><strong>Veri Sorumlusu: Ekol Lojistik A.\u015e.<\/strong><br \/>Ey\u00fcp Sultan, Mehmet Akif Cd. No:3\/A 34885 Sancaktepe\/\u0130stanbul<\/p>\n\t\t\t\t\t\t\t\t<p>Ekol Lojistik A.\u015e. (bundan sonra \u201c<strong>Ekol<\/strong>\u201d olarak an\u0131lacakt\u0131r.) olarak; ki\u015fisel verilerinizi 6698 say\u0131l\u0131 Ki\u015fisel Verilerin Korunmas\u0131 Kanunu (\u201c<strong>KVKK<\/strong>\u201d) ve ilgili mevzuat ve yasal d\u00fczenlemelerden kaynaklanan faaliyetleri \u00e7er\u00e7evesinde ki\u015fisel verilerinizin i\u015flenmesi, saklanmas\u0131 ve aktar\u0131lmas\u0131 ile ilgili siz hakemleri bilgilendirmek amac\u0131yla i\u015fbu ayd\u0131nlatma metnini haz\u0131rlad\u0131k.<\/p>\n\t\t\t\t\t\t\t\t<li><a href=\"#hakem-aydinlatma-amac\">Hangi Ki\u015fisel Verileriniz \u0130\u015flenmekte ve Ki\u015fisel Verilerinizin \u0130\u015flenme Ama\u00e7lar\u0131 Nelerdir?<\/a>\n\t\t\t\t\t\t\t\t<div>\n\t\t\t\t\t\t\t\t<p>Faaliyetlerimiz ve istihdam ama\u00e7lar\u0131m\u0131z kapsam\u0131nda siz bildirimde bulunan ki\u015filerin a\u015fa\u011f\u0131da yer alan verilerini toplamaktay\u0131z:<\/p>\n\t\t\t\t\t\t\t\t\n\t\t\t\t\t\t\t\t<table class=\"kvkkTablo\">\n\t\t\t\t\t\t\t\t<thead>\n\t\t\t\t\t\t\t\t<th colspan=\"2\">Kimlik Bilgileri<\/th>\n\t\t\t\t\t\t\t\t<\/thead>\n\t\t\t\t\t\t\t\t<tbody>\n\t\t\t\t\t\t\t\t<tr>\n\t\t\t\t\t\t\t\t<td class=\"renk\">\u0130\u015flenen Ki\u015fisel Veriler<\/td>\n\t\t\t\t\t\t\t\t<td class=\"renk\">Ki\u015fisel Veri \u0130\u015fleme Ama\u00e7lar\u0131<\/td>\n\t\t\t\t\t\t\t\t<\/tr>\n\t\t\t\t\t\t\t\t<tr>\n\t\t\t\t\t\t\t\t<td>\n\t\t\t\t\t\t\t\t<ul>\n\t\t\t\t\t\t\t\t<li>Ad<\/li>\n\t\t\t\t\t\t\t\t<li>Soyad<\/li>\n\t\t\t\t\t\t\t\t<\/ul>\n\t\t\t\t\t\t\t\t<\/td>\n\t\t\t\t\t\t\t\t<td>Firma\/\u00dcr\u00fcn\/Hizmetlere Ba\u011fl\u0131l\u0131k S\u00fcre\u00e7lerinin Y\u00fcr\u00fct\u00fclmesi, \u0130leti\u015fim Faaliyetlerinin Y\u00fcr\u00fct\u00fclmesi, Talep\/\u015eikayetlerin Takibi, Faaliyetlerin Mevzuata Uygun Y\u00fcr\u00fct\u00fclmesi<\/td>\n\t\t\t\t\t\t\t\t<\/tr>\n\t\t\t\t\t\t\t\t<tr>\n\t\t\t\t\t\t\t\t<td class=\"renk\">Ki\u015fisel Verilerin \u0130\u015flenmesinin Hukuki Sebepleri<\/td>\n\t\t\t\t\t\t\t\t<td>\n\t\t\t\t\t\t\t\t<p>Ki\u015fisel verileriniz, Ekol taraf\u0131ndan yukar\u0131da say\u0131lan ama\u00e7lar\u0131n ger\u00e7ekle\u015ftirilmesi do\u011frultusunda, ba\u015fta KVKK\u2019n\u0131n 5\u2019inci maddesinde belirtilen;<\/p>\n\t\t\t\t\t\t\t\t<ul>\n\t\t\t\t\t\t\t\t<li>\u0130lgili ki\u015finin temel hak ve \u00f6zg\u00fcrl\u00fcklerine zarar vermemek kayd\u0131yla, veri sorumlusunun me\u015fru menfaatleri i\u00e7in veri i\u015flenmesinin zorunlu olmas\u0131<\/li>\n\t\t\t\t\t\t\t\t<\/ul>\n\t\t\t\t\t\t\t\t<p>hukuki sebeplerine dayan\u0131larak i\u015flenmektedir.<\/p>\n\t\t\t\t\t\t\t\t<\/td>\n\t\t\t\t\t\t\t\t<\/tr>\n\t\t\t\t\t\t\t\t<tr>\n\t\t\t\t\t\t\t\t<td class=\"renk\">Ki\u015fisel Verileri Toplama Y\u00f6ntemleri<\/td>\n\t\t\t\t\t\t\t\t<td>Yukar\u0131da belirtilen ki\u015fisel verileriniz elektronik formlar vas\u0131tas\u0131yla toplanmaktad\u0131r.<\/td>\n\t\t\t\t\t\t\t\t<\/tr>\n\t\t\t\t\t\t\t\t<\/tbody>\n\t\t\t\t\t\t\t\t<\/table>\n\t\t\t\t\t\t\t\t\n\t\t\t\t\t\t\t\t<table class=\"kvkkTablo\">\n\t\t\t\t\t\t\t\t<thead>\n\t\t\t\t\t\t\t\t<th colspan=\"2\">\u0130leti\u015fim Bilgileri<\/th>\n\t\t\t\t\t\t\t\t<\/thead>\n\t\t\t\t\t\t\t\t<tbody>\n\t\t\t\t\t\t\t\t<tr>\n\t\t\t\t\t\t\t\t<td class=\"renk\">\u0130\u015flenen Ki\u015fisel Veriler<\/td>\n\t\t\t\t\t\t\t\t<td class=\"renk\">Ki\u015fisel Veri \u0130\u015fleme Ama\u00e7lar\u0131<\/td>\n\t\t\t\t\t\t\t\t<\/tr>\n\t\t\t\t\t\t\t\t<tr>\n\t\t\t\t\t\t\t\t<td>\n\t\t\t\t\t\t\t\t<ul>\n\t\t\t\t\t\t\t\t<li>E-Posta<\/li>\n\t\t\t\t\t\t\t\t<li>Ev Telefonu Numaras\u0131<\/li>\n\t\t\t\t\t\t\t\t<li>Cep Telefonu Numaras\u0131<\/li>\n\t\t\t\t\t\t\t\t<li>\u0130\u015f Telefonu Numaras\u0131<\/li>\n\t\t\t\t\t\t\t\t<\/ul>\n\t\t\t\t\t\t\t\t<\/td>\n\t\t\t\t\t\t\t\t<td>Firma\/\u00dcr\u00fcn\/Hizmetlere Ba\u011fl\u0131l\u0131k S\u00fcre\u00e7lerinin Y\u00fcr\u00fct\u00fclmesi, \u0130leti\u015fim Faaliyetlerinin Y\u00fcr\u00fct\u00fclmesi, Talep\/\u015eikayetlerin Takibi, Faaliyetlerin Mevzuata Uygun Y\u00fcr\u00fct\u00fclmesi<\/td>\n\t\t\t\t\t\t\t\t<\/tr>\n\t\t\t\t\t\t\t\t<tr>\n\t\t\t\t\t\t\t\t<td class=\"renk\">Ki\u015fisel Verilerin \u0130\u015flenmesinin Hukuki Sebepleri<\/td>\n\t\t\t\t\t\t\t\t<td>\n\t\t\t\t\t\t\t\t<p>Ki\u015fisel verileriniz, Ekol taraf\u0131ndan yukar\u0131da say\u0131lan ama\u00e7lar\u0131n ger\u00e7ekle\u015ftirilmesi do\u011frultusunda, ba\u015fta KVKK\u2019n\u0131n 5\u2019inci maddesinde belirtilen;<\/p>\n\t\t\t\t\t\t\t\t<ul>\n\t\t\t\t\t\t\t\t<li>\u0130lgili ki\u015finin temel hak ve \u00f6zg\u00fcrl\u00fcklerine zarar vermemek kayd\u0131yla, veri sorumlusunun me\u015fru menfaatleri i\u00e7in veri i\u015flenmesinin zorunlu olmas\u0131<\/li>\n\t\t\t\t\t\t\t\t<\/ul>\n\t\t\t\t\t\t\t\t<p>hukuki sebeplerine dayan\u0131larak i\u015flenmektedir.<\/p>\n\t\t\t\t\t\t\t\t<\/td>\n\t\t\t\t\t\t\t\t<\/tr>\n\t\t\t\t\t\t\t\t<tr>\n\t\t\t\t\t\t\t\t<td class=\"renk\">Ki\u015fisel Verileri Toplama Y\u00f6ntemleri<\/td>\n\t\t\t\t\t\t\t\t<td>Yukar\u0131da belirtilen ki\u015fisel verileriniz elektronik formlar vas\u0131tas\u0131yla toplanmaktad\u0131r.<\/td>\n\t\t\t\t\t\t\t\t<\/tr>\n\t\t\t\t\t\t\t\t<\/tbody>\n\t\t\t\t\t\t\t\t<\/table>\n\t\t\t\t\t\t\t\t\n\t\t\t\t\t\t\t\t<\/div>\n\t\t\t\t\t\t\t\t<\/li>\n\t\t\t\t\t\t\t\t\n\t\t\t\t\t\t\t\t<li><a href=\"#kisi-amac\">Ki\u015fisel Verileriniz Kimlere ve Hangi Ama\u00e7larla Aktar\u0131labilecektir?<\/a>\n\t\t\t\t\t\t\t\t<div>\n\t\t\t\t\t\t\t\t<p>Ki\u015fisel verileriniz,<\/p>\n\t\t\t\t\t\t\t\t<ul><li>Faaliyetlerin mevzuata uygun y\u00fcr\u00fct\u00fclmesi amac\u0131yla Yetkili Kamu Kurum ve Kurulu\u015flar\u0131\u2019na<\/li><\/ul>\n\t\t\t\t\t\t\t\t<p>aktar\u0131labilecektir.<\/p>\n\t\t\t\t\t\t\t\t<p>EKOL Lojistik A.\u015e. olarak, faaliyetimizin yurt d\u0131\u015f\u0131 dahil lojistik hizmetlerini kapsamas\u0131 nedeniyle verinizin i\u015flendi\u011fi s\u00fcre\u00e7 yurt d\u0131\u015f\u0131 ba\u011flant\u0131l\u0131 ise i\u015f faaliyetlerimizin ve personelimizin yurt d\u0131\u015f\u0131 g\u00f6revlendirmeleri ve e\u011fitim faaliyetlerinin y\u00fcr\u00fct\u00fclmesi amac\u0131 ile gerekli teknik ve idari tedbirleri alarak, bu ki\u015filerle ve s\u00fcre\u00e7lerle s\u0131n\u0131rl\u0131 veriler Kanun\u2019daki kurallara uygun olarak yurt d\u0131\u015f\u0131ndaki i\u015ftirakler, ba\u011fl\u0131 ortakl\u0131klar, alt y\u00fckleniciler ve tedarik\u00e7iler ile ilgili \u00fclkedeki mevzuat zorunluluklar\u0131 durumunda yabanc\u0131 kamu kurum ve kurulu\u015flar\u0131 ile payla\u015f\u0131labilecektir.<\/p>\n\t\t\t\t\t\t\t\t<\/div>\n\t\t\t\t\t\t\t\t<\/li>\n\t\t\t\t\t\t\t\t\n\t\t\t\t\t\t\t\t<li><a href=\"#kisi-sure\">Ki\u015fisel Verileriniz Ne Kadar S\u00fcre ile Saklan\u0131r?<\/a>\n\t\t\t\t\t\t\t\t<div><p>Ki\u015fisel verileriniz, kanunda veya ilgili mevzuatta verinin saklanmas\u0131 i\u00e7in bir s\u00fcre belirlenmi\u015fse, s\u00f6z konusu veri en az bu s\u00fcre kadar saklanmak zorundad\u0131r. Kanunda veya ilgili mevzuatta bir s\u00fcre \u00f6ng\u00f6r\u00fclmemi\u015fse; i\u015flenme ama\u00e7lar\u0131yla ba\u011flant\u0131l\u0131, s\u0131n\u0131rl\u0131 ve \u00f6l\u00e7\u00fcl\u00fc olmak kayd\u0131yla belirlenen makul s\u00fcrelerce saklanmaktad\u0131r.<\/p><\/div>\n\t\t\t\t\t\t\t\t<\/li>\n\t\t\t\t\t\t\t\t\n\t\t\t\t\t\t\t\t<li><a href=\"#kisi-haklar\">\u0130lgili Ki\u015fi Olarak Haklar\u0131n\u0131z Nelerdir?<\/a>\n\t\t\t\t\t\t\t\t<div>\n\t\t\t\t\t\t\t\t<p>KVKK ve ilgili mevzuat kapsam\u0131nda ki\u015fisel verilerinize ili\u015fkin olarak;<\/p>\n\t\t\t\t\t\t\t\t<ul>\n\t\t\t\t\t\t\t\t<li>Ki\u015fisel verilerinizin i\u015flenip i\u015flenmedi\u011fini \u00f6\u011frenme,<\/li>\n\t\t\t\t\t\t\t\t<li>Ki\u015fisel verileriniz i\u015flenmi\u015fse buna ili\u015fkin bilgi talep etme,<\/li>\n\t\t\t\t\t\t\t\t<li>Ki\u015fisel verilerin i\u015flenme amac\u0131n\u0131 ve bunlar\u0131n amac\u0131na uygun kullan\u0131l\u0131p kullan\u0131lmad\u0131\u011f\u0131n\u0131 \u00f6\u011frenme,<\/li>\n\t\t\t\t\t\t\t\t<li>Yurt i\u00e7inde veya yurt d\u0131\u015f\u0131nda ki\u015fisel verilerinizin aktar\u0131ld\u0131\u011f\u0131 \u00fc\u00e7\u00fcnc\u00fc ki\u015fileri bilme,<\/li>\n\t\t\t\t\t\t\t\t<li>Ki\u015fisel verilerinizin eksik veya yanl\u0131\u015f i\u015flenmi\u015f olmas\u0131 halinde bunlar\u0131n d\u00fczeltilmesini isteme,<\/li>\n\t\t\t\t\t\t\t\t<li>KVKK mevzuat\u0131nda \u00f6ng\u00f6r\u00fclen \u015fartlar \u00e7er\u00e7evesinde ki\u015fisel verilerinizin silinmesini veya yok edilmesini isteme,<\/li>\n\t\t\t\t\t\t\t\t<li>Eksik veya yanl\u0131\u015f verilerin d\u00fczeltilmesi ile ki\u015fisel verilerinizin silinmesi veya yok edilmesini talep etti\u011finizde, bu durumun ki\u015fisel verilerinizi aktard\u0131\u011f\u0131m\u0131z \u00fc\u00e7\u00fcnc\u00fc ki\u015filere bildirilmesini isteme,<\/li>\n\t\t\t\t\t\t\t\t<li>Ki\u015fisel verilerin kanuna ayk\u0131r\u0131 olarak i\u015flenmesi sebebiyle zarara u\u011framan\u0131z halinde bu zarar\u0131n giderilmesini talep etme<\/li>\n\t\t\t\t\t\t\t\t<\/ul>\n\t\t\t\t\t\t\t\t<p>haklar\u0131na sahipsiniz.<\/p>\n\t\t\t\t\t\t\t\t<\/div>\n\t\t\t\t\t\t\t\t<\/li>\n\t\t\t\t\t\t\t\t\n\t\t\t\t\t\t\t\t<li><a href=\"#kisi-hak-kullanim\">Haklar\u0131n\u0131z\u0131 Nas\u0131l Kullanabilirsiniz?<\/a>\n\t\t\t\t\t\t\t\t<div>\n\t\t\t\t\t\t\t\t<p>Ki\u015fisel verileriniz ile ilgili ba\u015fvuru ve taleplerinizi dilerseniz <a href=\"https:\/\/drive.google.com\/file\/d\/13kfIIT1cLCG1M-kSDrpjFzAFh5W0vyco\/preview\" target=\"_blank\">\u0130lgili Ki\u015fi Ba\u015fvuru Formu<\/a> arac\u0131l\u0131\u011f\u0131yla;<\/p>\n\t\t\t\t\t\t\t\t<ul>\n\t\t\t\t\t\t\t\t<li>Islak imzal\u0131 ve kimlik fotokopisi ile Ey\u00fcp Sultan, Mehmet Akif Cd. No:3\/A 34885 Sancaktepe\/\u0130stanbul adresine g\u00f6ndererek,<\/li>\n\t\t\t\t\t\t\t\t<li>Ge\u00e7erli bir kimlik belgesi ile birlikte Ekol Lojistik A.\u015e.\u2019ye bizzat ba\u015fvurarak,<\/li>\n\t\t\t\t\t\t\t\t<li>Mobil imza veya g\u00fcvenli elektronik imza ile imzalay\u0131p <a href=\"mailto:kvkk@ekol.com\">kvkk@ekol.com<\/a> adresine e-posta g\u00f6nderilerek,<\/li>\n\t\t\t\t\t\t\t\t<li>Kay\u0131tl\u0131 elektronik posta (KEP) adresi ve g\u00fcvenli elektronik imza ya da mobil imza kullanmak suretiyle <a href=\"mailto:ekol@hs03.kep.tr\">ekol@hs03.kep.tr<\/a> kay\u0131tl\u0131 elektronik posta adresimize g\u00f6ndererek,<\/li>\n\t\t\t\t\t\t\t\t<\/ul>\n\t\t\t\t\t\t\t\t<p>Ekol Lojistik A.\u015e.\u2019ye \u2019ye iletebilirsiniz.<\/p>\n\t\t\t\t\t\t\t\t<p>Veri Sorumlusuna Ba\u015fvuru Usul ve Esaslar\u0131 Hakk\u0131nda Tebli\u011f uyar\u0131nca, \u0130lgili Ki\u015fi\u2019nin, ba\u015fvurusunda isim, soyisim, ba\u015fvuru yaz\u0131l\u0131 ise imza, T.C. kimlik numaras\u0131 (ba\u015fvuruda bulunan ki\u015finin yabanc\u0131 olmas\u0131 halinde uyru\u011fu, pasaport numaras\u0131 veya varsa kimlik numaras\u0131), tebligata esas yerle\u015fim yeri veya i\u015f yeri adresi, varsa bildirime esas elektronik posta adresi, telefon numaras\u0131 ve faks numaras\u0131 ile talep konusuna dair bilgilerin bulunmas\u0131 zorunludur.<\/p>\n\t\t\t\t\t\t\t\t<p>\u0130lgili Ki\u015fi, yukar\u0131da belirtilen haklar\u0131 kullanmak i\u00e7in yapaca\u011f\u0131 ve kullanmay\u0131 talep etti\u011fi hakka ili\u015fkin a\u00e7\u0131klamalar\u0131 i\u00e7eren ba\u015fvuruda talep edilen hususu a\u00e7\u0131k ve anla\u015f\u0131l\u0131r \u015fekilde belirtmelidir. Ba\u015fvuruya ili\u015fkin bilgi ve belgelerin ba\u015fvuruya eklenmesi gerekmektedir.<\/p>\n\t\t\t\t\t\t\t\t<p>Talep konusunun ba\u015fvuran\u0131n \u015fahs\u0131 ile ilgili olmas\u0131 gerekmekle birlikte, ba\u015fkas\u0131 ad\u0131na hareket ediliyor ise ba\u015fvuruyu yapan\u0131n bu konuda \u00f6zel olarak yetkili olmas\u0131 ve bu yetkinin belgelendirilmesi (vek\u00e2letname) gerekmektedir. Ayr\u0131ca ba\u015fvurunun kimlik ve adres bilgilerini i\u00e7ermesi ve ba\u015fvuruya kimli\u011fi do\u011frulay\u0131c\u0131 belgelerin eklenmesi gerekmektedir.<\/p>\n\t\t\t\t\t\t\t\t<p>Yetkisiz \u00fc\u00e7\u00fcnc\u00fc ki\u015filerin ba\u015fkas\u0131 ad\u0131na yapt\u0131\u011f\u0131 talepler de\u011ferlendirmeye al\u0131nmayacakt\u0131r.<\/p>\n\t\t\t\t\t\t\t\t<\/div>\n\t\t\t\t\t\t\t\t<\/li>\n\t\t\t\t\t\t\t\t\n\t\t\t\t\t\t\t\t<li><a href=\"#kisi-sure\">Ki\u015fisel Verilerinizin \u0130\u015flenmesine \u0130li\u015fkin Talepleriniz Ne Kadar S\u00fcrede Cevaplan\u0131r?<\/a>\n\t\t\t\t\t\t\t\t<div><p>Ki\u015fisel verilerinize ili\u015fkin hak talepleriniz de\u011ferlendirilerek, bize ula\u015ft\u0131\u011f\u0131 tarihten itibaren en ge\u00e7 30 g\u00fcn i\u00e7erisinde cevaplan\u0131r. Ba\u015fvurunuzun olumsuz de\u011ferlendirilmesi halinde gerek\u00e7eli ret sebepleri ba\u015fvuruda belirtti\u011finiz adrese elektronik posta veya posta yolu ba\u015fta olmak \u00fczere <a href=\"https:\/\/drive.google.com\/file\/d\/13kfIIT1cLCG1M-kSDrpjFzAFh5W0vyco\/preview\" target=\"_blank\">\u0130lgili Ki\u015fi Ba\u015fvuru Formu<\/a>\u2019nda se\u00e7ilen usullerinden biri ile g\u00f6nderilir.<\/p><\/div>\n\t\t\t\t\t\t\t\t<\/li>\n\t\t\t\t\t\t\t\t\n\t\t\t\t\t\t\t\t<\/ul>\n\t\t\t\t\t\t\t<\/li>\n\t\t\t\t\t\t<\/ul>\n\t\t<\/div>\n\t<\/div>\n\n\t\t\t<\/div> \n\t\t<\/div>\n\t<\/div> \n<\/div><\/div>\n\t\t<div id=\"fws_69ee388958756\"  data-column-margin=\"default\" data-midnight=\"dark\"  class=\"wpb_row vc_row-fluid vc_row\"  style=\"padding-top: 0px; padding-bottom: 0px; \"><div class=\"row-bg-wrap\" data-bg-animation=\"none\" data-bg-animation-delay=\"\" data-bg-overlay=\"false\"><div class=\"inner-wrap row-bg-layer\" ><div class=\"row-bg viewport-desktop\"  style=\"\"><\/div><\/div><\/div><div class=\"row_col_wrap_12 col span_12 dark left\">\n\t<div  class=\"vc_col-sm-12 wpb_column column_container vc_column_container col no-extra-padding inherit_tablet inherit_phone \"  data-padding-pos=\"all\" data-has-bg-color=\"false\" data-bg-color=\"\" data-bg-opacity=\"1\" data-animation=\"\" data-delay=\"0\" >\n\t\t<div class=\"vc_column-inner\" >\n\t\t\t<div class=\"wpb_wrapper\">\n\t\t\t\t\n\t<div class=\"wpb_raw_code wpb_raw_html wpb_content_element vc_custom_1624397053328\" >\n\t\t<div class=\"wpb_wrapper\">\n\t\t\t<script src=\"https:\/\/ajax.googleapis.com\/ajax\/libs\/jquery\/3.5.1\/jquery.min.js\"><\/script>\n\t\t<\/div>\n\t<\/div>\n\n\t<div class=\"wpb_raw_code wpb_raw_js\" >\n\t\t<div class=\"wpb_wrapper\">\n\t\t\t<script>\/**\n*\t@name\t\t\t\t\t\t\tAccordion\n*\t@descripton\t\t\t\t\t\tThis Jquery plugin makes creating accordions pain free\n*\t@version\t\t\t\t\t\t1.3\n*\t@requires\t\t\t\t\t\tJquery 1.2.6+\n*\n*\t@author\t\t\t\t\t\t\tJan Jarfalk\n*\t@author-email\t\t\t\t\tjan.jarfalk@unwrongest.com\n*\t@author-website\t\t\t\t\thttp:\/\/www.unwrongest.com\n*\n*\t@licens\t\t\t\t\t\t\tMIT License - http:\/\/www.opensource.org\/licenses\/mit-license.php\n*\/\n\n(function(jQuery){\n     jQuery.fn.extend({  \n         accordion: function() {       \n            return this.each(function() {\n            \t\n            \tvar $ul = $(this);\n            \t\n\t\t\t\tif($ul.data('accordiated'))\n\t\t\t\t\treturn false;\n\t\t\t\t\t\t\t\t\t\t\t\t\t\n\t\t\t\t$.each($ul.find('ul, li>div'), function(){\n\t\t\t\t\t$(this).data('accordiated', true);\n\t\t\t\t\t$(this).hide();\n\t\t\t\t});\n\t\t\t\t\n\t\t\t\t$.each($ul.find('a'), function(){\n\t\t\t\t\t$(this).click(function(e){\n\t\t\t\t\t\tactivate(this);\n\t\t\t\t\t\treturn void(0);\n\t\t\t\t\t});\n\t\t\t\t});\n\t\t\t\t\n\t\t\t\tvar active = (location.hash)?$(this).find('a[href=' + location.hash + ']')[0]:'';\n\n\t\t\t\tif(active){\n\t\t\t\t\tactivate(active, 'toggle');\n\t\t\t\t\t$(active).parents().show();\n\t\t\t\t}\n\t\t\t\t\n\t\t\t\tfunction activate(el,effect){\n\t\t\t\t\t$(el).parent('li').toggleClass('active').siblings().removeClass('active').children('ul, div').slideUp('fast');\n\t\t\t\t\t$(el).siblings('ul, div')[(effect || 'slideToggle')]((!effect)?'fast':null);\n\t\t\t\t}\n\t\t\t\t\n            });\n        } \n    }); \n})(jQuery);<\/script>\n\t\t<\/div>\n\t<\/div>\n\n\t<div class=\"wpb_raw_code wpb_raw_js\" >\n\t\t<div class=\"wpb_wrapper\">\n\t\t\t<script type=\"text\/javascript\">\n\t\t\/\/ <![CDATA[\n\t\t\t\n\t\t$(document).ready(function () {\n\t\t\t$('.accordion').accordion();\n\t\t});\n\t\t\t\t\n\t\t\/\/ ]]>\n\t<\/script>\n\t\t<\/div>\n\t<\/div>\n\n\t\t\t<\/div> \n\t\t<\/div>\n\t<\/div> \n<\/div><\/div>\n","protected":false},"excerpt":{"rendered":"Ki\u015fisel Verilerin \u0130\u015flenmesi Veri Sorumlusu: MEZON LOJ\u0130ST\u0130K A.\u015e. Tatl\u0131su, Pakdil Sk. No:21 D:7 34774 \u00dcmraniye\/\u0130stanbul MEZON Lojistik A.\u015e. (bundan sonra \"Mezon Lojistik\" olarak an\u0131lacakt\u0131r.) olarak 6698 say\u0131l\u0131 Ki\u015fisel Verilerin Korunmas\u0131...","protected":false},"author":1,"featured_media":0,"parent":0,"menu_order":0,"comment_status":"closed","ping_status":"closed","template":"","meta":{"inline_featured_image":false,"footnotes":""},"class_list":["post-69449","page","type-page","status-publish"],"yoast_head":"<!-- This site is optimized with the Yoast SEO Premium plugin v25.6 (Yoast SEO v27.3) - https:\/\/yoast.com\/product\/yoast-seo-premium-wordpress\/ -->\n<title>Ki\u015fisel Verilerin \u0130\u015flenmesi - Mezon Lojistik<\/title>\n<meta name=\"robots\" content=\"index, follow, max-snippet:-1, max-image-preview:large, max-video-preview:-1\" \/>\n<link rel=\"canonical\" href=\"https:\/\/mezonlogistics.com\/uk\/\u043e\u0431\u0440\u043e\u0431\u043a\u0430-\u043f\u0435\u0440\u0441\u043e\u043d\u0430\u043b\u044c\u043d\u0438\u0445-\u0434\u0430\u043d\u0438\u0445\/\" \/>\n<meta property=\"og:locale\" content=\"uk_UA\" \/>\n<meta property=\"og:type\" content=\"article\" \/>\n<meta property=\"og:title\" content=\"Ki\u015fisel Verilerin \u0130\u015flenmesi\" \/>\n<meta property=\"og:url\" content=\"https:\/\/mezonlogistics.com\/uk\/\u043e\u0431\u0440\u043e\u0431\u043a\u0430-\u043f\u0435\u0440\u0441\u043e\u043d\u0430\u043b\u044c\u043d\u0438\u0445-\u0434\u0430\u043d\u0438\u0445\/\" \/>\n<meta property=\"og:site_name\" content=\"Mezon Lojistik\" \/>\n<meta property=\"article:modified_time\" content=\"2025-09-29T14:42:36+00:00\" \/>\n<meta name=\"twitter:card\" content=\"summary_large_image\" \/>\n<script type=\"application\/ld+json\" class=\"yoast-schema-graph\">{\"@context\":\"https:\\\/\\\/schema.org\",\"@graph\":[{\"@type\":\"WebPage\",\"@id\":\"https:\\\/\\\/mezonlogistics.com\\\/kisisel-verilerin-islenmesi\\\/\",\"url\":\"https:\\\/\\\/mezonlogistics.com\\\/kisisel-verilerin-islenmesi\\\/\",\"name\":\"Ki\u015fisel Verilerin \u0130\u015flenmesi - Mezon Lojistik\",\"isPartOf\":{\"@id\":\"\\\/#website\"},\"datePublished\":\"2025-02-12T17:14:05+00:00\",\"dateModified\":\"2025-09-29T14:42:36+00:00\",\"breadcrumb\":{\"@id\":\"https:\\\/\\\/mezonlogistics.com\\\/kisisel-verilerin-islenmesi\\\/#breadcrumb\"},\"inLanguage\":\"uk\",\"potentialAction\":[{\"@type\":\"ReadAction\",\"target\":[\"https:\\\/\\\/mezonlogistics.com\\\/kisisel-verilerin-islenmesi\\\/\"]}]},{\"@type\":\"BreadcrumbList\",\"@id\":\"https:\\\/\\\/mezonlogistics.com\\\/kisisel-verilerin-islenmesi\\\/#breadcrumb\",\"itemListElement\":[{\"@type\":\"ListItem\",\"position\":1,\"name\":\"Home\",\"item\":\"https:\\\/\\\/mezonlogistics.com\\\/\"},{\"@type\":\"ListItem\",\"position\":2,\"name\":\"Ki\u015fisel Verilerin \u0130\u015flenmesi\"}]},{\"@type\":\"WebSite\",\"@id\":\"\\\/#website\",\"url\":\"\\\/\",\"name\":\"Mezon Lojistik\",\"description\":\"Connecting Continents Empowering Trade.\",\"publisher\":{\"@id\":\"\\\/#organization\"},\"potentialAction\":[{\"@type\":\"SearchAction\",\"target\":{\"@type\":\"EntryPoint\",\"urlTemplate\":\"\\\/?s={search_term_string}\"},\"query-input\":{\"@type\":\"PropertyValueSpecification\",\"valueRequired\":true,\"valueName\":\"search_term_string\"}}],\"inLanguage\":\"uk\"},{\"@type\":\"Organization\",\"@id\":\"\\\/#organization\",\"name\":\"Mezon Lojistik\",\"alternateName\":\"Mezon\",\"url\":\"\\\/\",\"logo\":{\"@type\":\"ImageObject\",\"inLanguage\":\"uk\",\"@id\":\"\\\/#\\\/schema\\\/logo\\\/image\\\/\",\"url\":\"https:\\\/\\\/i0.wp.com\\\/mezonlogistics.com\\\/wp-content\\\/uploads\\\/2025\\\/11\\\/mezon_logo_rv.png?fit=2425%2C1016&ssl=1\",\"contentUrl\":\"https:\\\/\\\/i0.wp.com\\\/mezonlogistics.com\\\/wp-content\\\/uploads\\\/2025\\\/11\\\/mezon_logo_rv.png?fit=2425%2C1016&ssl=1\",\"width\":2425,\"height\":1016,\"caption\":\"Mezon Lojistik\"},\"image\":{\"@id\":\"\\\/#\\\/schema\\\/logo\\\/image\\\/\"},\"email\":\"info@mezonlogistics.com\",\"telephone\":\"+90 216 501 0220\",\"legalName\":\"Mezon Lojistik A.\u015e.\",\"foundingDate\":\"1990-01-19\",\"vatID\":\"6201161310\",\"taxID\":\"6201161310\",\"numberOfEmployees\":{\"@type\":\"QuantitativeValue\",\"minValue\":\"5001\",\"maxValue\":\"10000\"}}]}<\/script>\n<!-- \/ Yoast SEO Premium plugin. -->","yoast_head_json":{"title":"\u041e\u0431\u0440\u043e\u0431\u043a\u0430 \u043f\u0435\u0440\u0441\u043e\u043d\u0430\u043b\u044c\u043d\u0438\u0445 \u0434\u0430\u043d\u0438\u0445 - Mezon Logistics","robots":{"index":"index","follow":"follow","max-snippet":"max-snippet:-1","max-image-preview":"max-image-preview:large","max-video-preview":"max-video-preview:-1"},"canonical":"https:\/\/mezonlogistics.com\/uk\/\u043e\u0431\u0440\u043e\u0431\u043a\u0430-\u043f\u0435\u0440\u0441\u043e\u043d\u0430\u043b\u044c\u043d\u0438\u0445-\u0434\u0430\u043d\u0438\u0445\/","og_locale":"uk_UA","og_type":"article","og_title":"Ki\u015fisel Verilerin \u0130\u015flenmesi","og_url":"https:\/\/mezonlogistics.com\/uk\/\u043e\u0431\u0440\u043e\u0431\u043a\u0430-\u043f\u0435\u0440\u0441\u043e\u043d\u0430\u043b\u044c\u043d\u0438\u0445-\u0434\u0430\u043d\u0438\u0445\/","og_site_name":"Mezon Lojistik","article_modified_time":"2025-09-29T14:42:36+00:00","twitter_card":"summary_large_image","schema":{"@context":"https:\/\/schema.org","@graph":[{"@type":"WebPage","@id":"https:\/\/mezonlogistics.com\/kisisel-verilerin-islenmesi\/","url":"https:\/\/mezonlogistics.com\/kisisel-verilerin-islenmesi\/","name":"\u041e\u0431\u0440\u043e\u0431\u043a\u0430 \u043f\u0435\u0440\u0441\u043e\u043d\u0430\u043b\u044c\u043d\u0438\u0445 \u0434\u0430\u043d\u0438\u0445 - Mezon Logistics","isPartOf":{"@id":"\/#website"},"datePublished":"2025-02-12T17:14:05+00:00","dateModified":"2025-09-29T14:42:36+00:00","breadcrumb":{"@id":"https:\/\/mezonlogistics.com\/kisisel-verilerin-islenmesi\/#breadcrumb"},"inLanguage":"uk","potentialAction":[{"@type":"ReadAction","target":["https:\/\/mezonlogistics.com\/kisisel-verilerin-islenmesi\/"]}]},{"@type":"BreadcrumbList","@id":"https:\/\/mezonlogistics.com\/kisisel-verilerin-islenmesi\/#breadcrumb","itemListElement":[{"@type":"ListItem","position":1,"name":"Home","item":"https:\/\/mezonlogistics.com\/"},{"@type":"ListItem","position":2,"name":"Ki\u015fisel Verilerin \u0130\u015flenmesi"}]},{"@type":"WebSite","@id":"\/#website","url":"\/","name":"Mezon Logistics","description":"\u041f\u043e\u0454\u0434\u043d\u0443\u044e\u0447\u0438 \u043a\u043e\u043d\u0442\u0438\u043d\u0435\u043d\u0442\u0438, \u0440\u043e\u0437\u0448\u0438\u0440\u044e\u044e\u0447\u0438 \u043c\u043e\u0436\u043b\u0438\u0432\u043e\u0441\u0442\u0456 \u0442\u043e\u0440\u0433\u0456\u0432\u043b\u0456.","publisher":{"@id":"\/#organization"},"potentialAction":[{"@type":"SearchAction","target":{"@type":"EntryPoint","urlTemplate":"\/?s={search_term_string}"},"query-input":{"@type":"PropertyValueSpecification","valueRequired":true,"valueName":"search_term_string"}}],"inLanguage":"uk"},{"@type":"Organization","@id":"\/#organization","name":"Mezon Logistics","alternateName":"Mezon","url":"\/","logo":{"@type":"ImageObject","inLanguage":"uk","@id":"\/#\/schema\/logo\/image\/","url":"https:\/\/i0.wp.com\/mezonlogistics.com\/wp-content\/uploads\/2025\/11\/mezon_logo_rv.png?fit=2425%2C1016&ssl=1","contentUrl":"https:\/\/i0.wp.com\/mezonlogistics.com\/wp-content\/uploads\/2025\/11\/mezon_logo_rv.png?fit=2425%2C1016&ssl=1","width":2425,"height":1016,"caption":"Mezon Lojistik"},"image":{"@id":"\/#\/schema\/logo\/image\/"},"email":"info@mezonlogistics.com","telephone":"+90 216 501 0220","legalName":"Mezon Lojistik A.\u015e.","foundingDate":"1990-01-19","vatID":"6201161310","taxID":"6201161310","numberOfEmployees":{"@type":"QuantitativeValue","minValue":"5001","maxValue":"10000"}}]}},"jetpack_sharing_enabled":true,"_links":{"self":[{"href":"https:\/\/mezonlogistics.com\/uk\/wp-json\/wp\/v2\/pages\/69449","targetHints":{"allow":["GET"]}}],"collection":[{"href":"https:\/\/mezonlogistics.com\/uk\/wp-json\/wp\/v2\/pages"}],"about":[{"href":"https:\/\/mezonlogistics.com\/uk\/wp-json\/wp\/v2\/types\/page"}],"author":[{"embeddable":true,"href":"https:\/\/mezonlogistics.com\/uk\/wp-json\/wp\/v2\/users\/1"}],"replies":[{"embeddable":true,"href":"https:\/\/mezonlogistics.com\/uk\/wp-json\/wp\/v2\/comments?post=69449"}],"version-history":[{"count":8,"href":"https:\/\/mezonlogistics.com\/uk\/wp-json\/wp\/v2\/pages\/69449\/revisions"}],"predecessor-version":[{"id":75607,"href":"https:\/\/mezonlogistics.com\/uk\/wp-json\/wp\/v2\/pages\/69449\/revisions\/75607"}],"wp:attachment":[{"href":"https:\/\/mezonlogistics.com\/uk\/wp-json\/wp\/v2\/media?parent=69449"}],"curies":[{"name":"wp","href":"https:\/\/api.w.org\/{rel}","templated":true}]}}